{"id":2445,"date":"2023-04-30T17:04:51","date_gmt":"2023-04-30T17:04:51","guid":{"rendered":"https:\/\/theconcilio.org\/nuestras-finanzas\/"},"modified":"2024-01-17T06:50:25","modified_gmt":"2024-01-17T06:50:25","slug":"nuestras-finanzas","status":"publish","type":"page","link":"https:\/\/theconcilio.org\/es\/nuestras-finanzas\/","title":{"rendered":"Nuestras finanzas"},"content":{"rendered":"\t\t<div data-elementor-type=\"wp-page\" data-elementor-id=\"2445\" class=\"elementor elementor-2445 elementor-1287\" data-elementor-post-type=\"page\">\n\t\t\t\t\t\t<section class=\"elementor-section elementor-top-section elementor-element elementor-element-d977da4 elementor-section-boxed elementor-section-height-default elementor-section-height-default\" data-id=\"d977da4\" data-element_type=\"section\" data-e-type=\"section\" data-settings=\"{&quot;background_background&quot;:&quot;classic&quot;}\">\n\t\t\t\t\t\t<div class=\"elementor-container elementor-column-gap-default\">\n\t\t\t\t\t<div class=\"elementor-column elementor-col-100 elementor-top-column elementor-element elementor-element-55b7ee1\" data-id=\"55b7ee1\" data-element_type=\"column\" data-e-type=\"column\">\n\t\t\t<div class=\"elementor-widget-wrap elementor-element-populated\">\n\t\t\t\t\t\t<div class=\"elementor-element elementor-element-e04412d elementor-widget elementor-widget-heading\" data-id=\"e04412d\" data-element_type=\"widget\" data-e-type=\"widget\" data-widget_type=\"heading.default\">\n\t\t\t\t<div class=\"elementor-widget-container\">\n\t\t\t\t\t<h3 class=\"elementor-heading-title elementor-size-default\">NUESTRAS FINANZAS<\/h3>\t\t\t\t<\/div>\n\t\t\t\t<\/div>\n\t\t\t\t\t<\/div>\n\t\t<\/div>\n\t\t\t\t\t<\/div>\n\t\t<\/section>\n\t\t\t\t<section class=\"elementor-section elementor-top-section elementor-element elementor-element-4a83426 elementor-section-height-min-height elementor-section-boxed elementor-section-height-default elementor-section-items-middle\" data-id=\"4a83426\" data-element_type=\"section\" data-e-type=\"section\" data-settings=\"{&quot;background_background&quot;:&quot;classic&quot;}\">\n\t\t\t\t\t\t<div class=\"elementor-container elementor-column-gap-default\">\n\t\t\t\t\t<div class=\"elementor-column elementor-col-50 elementor-top-column elementor-element elementor-element-524b581\" data-id=\"524b581\" data-element_type=\"column\" data-e-type=\"column\">\n\t\t\t<div class=\"elementor-widget-wrap elementor-element-populated\">\n\t\t\t\t\t\t<div class=\"elementor-element elementor-element-676a1cf elementor-widget elementor-widget-heading\" data-id=\"676a1cf\" data-element_type=\"widget\" data-e-type=\"widget\" data-widget_type=\"heading.default\">\n\t\t\t\t<div class=\"elementor-widget-container\">\n\t\t\t\t\t<h3 class=\"elementor-heading-title elementor-size-default\">POL\u00cdTICA DE PRIVACIDAD DEL DONANTE<\/h3>\t\t\t\t<\/div>\n\t\t\t\t<\/div>\n\t\t\t\t<div class=\"elementor-element elementor-element-4d5b72f elementor-widget elementor-widget-heading\" data-id=\"4d5b72f\" data-element_type=\"widget\" data-e-type=\"widget\" data-widget_type=\"heading.default\">\n\t\t\t\t<div class=\"elementor-widget-container\">\n\t\t\t\t\t<p class=\"elementor-heading-title elementor-size-default\">No venderemos, compartiremos ni intercambiaremos los nombres de nuestros donantes ni sus datos personales.\ninformaci\u00f3n personal con ninguna otra entidad, ni enviar\nenv\u00edos postales a nuestros donantes en nombre de otras organizaciones.<\/p>\t\t\t\t<\/div>\n\t\t\t\t<\/div>\n\t\t\t\t\t<\/div>\n\t\t<\/div>\n\t\t\t\t<div class=\"elementor-column elementor-col-50 elementor-top-column elementor-element elementor-element-3fd3322 elementor-hidden-mobile\" data-id=\"3fd3322\" data-element_type=\"column\" data-e-type=\"column\" data-settings=\"{&quot;background_background&quot;:&quot;classic&quot;}\">\n\t\t\t<div class=\"elementor-widget-wrap\">\n\t\t\t\t\t\t\t<\/div>\n\t\t<\/div>\n\t\t\t\t\t<\/div>\n\t\t<\/section>\n\t\t\t\t<section class=\"elementor-section elementor-top-section elementor-element elementor-element-f06f8e5 elementor-section-boxed elementor-section-height-default elementor-section-height-default\" data-id=\"f06f8e5\" data-element_type=\"section\" data-e-type=\"section\">\n\t\t\t\t\t\t<div class=\"elementor-container elementor-column-gap-default\">\n\t\t\t\t\t<div class=\"elementor-column elementor-col-100 elementor-top-column elementor-element elementor-element-466468f\" data-id=\"466468f\" data-element_type=\"column\" data-e-type=\"column\">\n\t\t\t<div class=\"elementor-widget-wrap elementor-element-populated\">\n\t\t\t\t\t\t<div class=\"elementor-element elementor-element-2d6ce13 elementor-widget elementor-widget-heading\" data-id=\"2d6ce13\" data-element_type=\"widget\" data-e-type=\"widget\" data-widget_type=\"heading.default\">\n\t\t\t\t<div class=\"elementor-widget-container\">\n\t\t\t\t\t<p class=\"elementor-heading-title elementor-size-default\">Esta pol\u00edtica se aplica a toda la informaci\u00f3n recibida por The Concilio, tanto en l\u00ednea como fuera de l\u00ednea, en cualquier Plataforma, as\u00ed como a cualquier\ncomunicaciones electr\u00f3nicas, escritas u orales.\u200b<\/p>\t\t\t\t<\/div>\n\t\t\t\t<\/div>\n\t\t\t\t<div class=\"elementor-element elementor-element-bcd8a5a elementor-widget elementor-widget-heading\" data-id=\"bcd8a5a\" data-element_type=\"widget\" data-e-type=\"widget\" data-widget_type=\"heading.default\">\n\t\t\t\t<div class=\"elementor-widget-container\">\n\t\t\t\t\t<p class=\"elementor-heading-title elementor-size-default\">En la medida en que las donaciones se procesen a trav\u00e9s de un proveedor de servicios externo, la informaci\u00f3n de nuestros donantes s\u00f3lo ser\u00e1\nutilizados para los fines necesarios para tramitar la donaci\u00f3n.\u200b<\/p>\t\t\t\t<\/div>\n\t\t\t\t<\/div>\n\t\t\t\t<div class=\"elementor-element elementor-element-c46746a elementor-widget elementor-widget-button\" data-id=\"c46746a\" data-element_type=\"widget\" data-e-type=\"widget\" data-widget_type=\"button.default\">\n\t\t\t\t<div class=\"elementor-widget-container\">\n\t\t\t\t\t\t\t\t\t<div class=\"elementor-button-wrapper\">\n\t\t\t\t\t<a class=\"elementor-button elementor-button-link elementor-size-sm\" href=\"http:\/\/online.flipbuilder.com\/qste\/qjvf\/\" target=\"_blank\">\n\t\t\t\t\t\t<span class=\"elementor-button-content-wrapper\">\n\t\t\t\t\t\t\t\t\t<span class=\"elementor-button-text\">INFORME ANUAL 2021 <\/span>\n\t\t\t\t\t<\/span>\n\t\t\t\t\t<\/a>\n\t\t\t\t<\/div>\n\t\t\t\t\t\t\t\t<\/div>\n\t\t\t\t<\/div>\n\t\t\t\t<div class=\"elementor-element elementor-element-6d52be2 elementor-widget elementor-widget-button\" data-id=\"6d52be2\" data-element_type=\"widget\" data-e-type=\"widget\" data-widget_type=\"button.default\">\n\t\t\t\t<div class=\"elementor-widget-container\">\n\t\t\t\t\t\t\t\t\t<div class=\"elementor-button-wrapper\">\n\t\t\t\t\t<a class=\"elementor-button elementor-button-link elementor-size-sm\" href=\"https:\/\/theconcilio.org\/wp-content\/uploads\/2023\/12\/2022-Exempt-Tax-Return-for-The-Concilio.pdf\" target=\"_blank\">\n\t\t\t\t\t\t<span class=\"elementor-button-content-wrapper\">\n\t\t\t\t\t\t\t\t\t<span class=\"elementor-button-text\">FORMULARIO 990 Fy2022<\/span>\n\t\t\t\t\t<\/span>\n\t\t\t\t\t<\/a>\n\t\t\t\t<\/div>\n\t\t\t\t\t\t\t\t<\/div>\n\t\t\t\t<\/div>\n\t\t\t\t<div class=\"elementor-element elementor-element-b7c1503 elementor-widget elementor-widget-button\" data-id=\"b7c1503\" data-element_type=\"widget\" data-e-type=\"widget\" data-widget_type=\"button.default\">\n\t\t\t\t<div class=\"elementor-widget-container\">\n\t\t\t\t\t\t\t\t\t<div class=\"elementor-button-wrapper\">\n\t\t\t\t\t<a class=\"elementor-button elementor-button-link elementor-size-sm\" href=\"https:\/\/theconcilio.org\/wp-content\/uploads\/2023\/12\/2021-Form-990-1.pdf\" target=\"_blank\">\n\t\t\t\t\t\t<span class=\"elementor-button-content-wrapper\">\n\t\t\t\t\t\t\t\t\t<span class=\"elementor-button-text\">FORMULARIO 990 Fy2021<\/span>\n\t\t\t\t\t<\/span>\n\t\t\t\t\t<\/a>\n\t\t\t\t<\/div>\n\t\t\t\t\t\t\t\t<\/div>\n\t\t\t\t<\/div>\n\t\t\t\t<div class=\"elementor-element elementor-element-9e88288 elementor-widget elementor-widget-button\" data-id=\"9e88288\" data-element_type=\"widget\" data-e-type=\"widget\" data-widget_type=\"button.default\">\n\t\t\t\t<div class=\"elementor-widget-container\">\n\t\t\t\t\t\t\t\t\t<div class=\"elementor-button-wrapper\">\n\t\t\t\t\t<a class=\"elementor-button elementor-button-link elementor-size-sm\" href=\"https:\/\/theconcilio.org\/wp-content\/uploads\/2023\/05\/990FINAL.pdf\" target=\"_blank\">\n\t\t\t\t\t\t<span class=\"elementor-button-content-wrapper\">\n\t\t\t\t\t\t\t\t\t<span class=\"elementor-button-text\">FORMULARIO 990 FY2020<\/span>\n\t\t\t\t\t<\/span>\n\t\t\t\t\t<\/a>\n\t\t\t\t<\/div>\n\t\t\t\t\t\t\t\t<\/div>\n\t\t\t\t<\/div>\n\t\t\t\t<div class=\"elementor-element elementor-element-80e9f35 elementor-widget elementor-widget-button\" data-id=\"80e9f35\" data-element_type=\"widget\" data-e-type=\"widget\" data-widget_type=\"button.default\">\n\t\t\t\t<div class=\"elementor-widget-container\">\n\t\t\t\t\t\t\t\t\t<div class=\"elementor-button-wrapper\">\n\t\t\t\t\t<a class=\"elementor-button elementor-button-link elementor-size-sm\" href=\"https:\/\/theconcilio.org\/wp-content\/uploads\/2023\/12\/2022-Audit-1.pdf\" target=\"_blank\">\n\t\t\t\t\t\t<span class=\"elementor-button-content-wrapper\">\n\t\t\t\t\t\t\t\t\t<span class=\"elementor-button-text\">INFORME AUDITADO FY2022<\/span>\n\t\t\t\t\t<\/span>\n\t\t\t\t\t<\/a>\n\t\t\t\t<\/div>\n\t\t\t\t\t\t\t\t<\/div>\n\t\t\t\t<\/div>\n\t\t\t\t<div class=\"elementor-element elementor-element-7597ecd elementor-widget elementor-widget-button\" data-id=\"7597ecd\" data-element_type=\"widget\" data-e-type=\"widget\" data-widget_type=\"button.default\">\n\t\t\t\t<div class=\"elementor-widget-container\">\n\t\t\t\t\t\t\t\t\t<div class=\"elementor-button-wrapper\">\n\t\t\t\t\t<a class=\"elementor-button elementor-button-link elementor-size-sm\" href=\"https:\/\/theconcilio.org\/wp-content\/uploads\/2023\/12\/2021-Audit-1.pdf\" target=\"_blank\">\n\t\t\t\t\t\t<span class=\"elementor-button-content-wrapper\">\n\t\t\t\t\t\t\t\t\t<span class=\"elementor-button-text\">INFORME AUDITADO FY2021<\/span>\n\t\t\t\t\t<\/span>\n\t\t\t\t\t<\/a>\n\t\t\t\t<\/div>\n\t\t\t\t\t\t\t\t<\/div>\n\t\t\t\t<\/div>\n\t\t\t\t<div class=\"elementor-element elementor-element-c8d9b67 elementor-widget elementor-widget-button\" data-id=\"c8d9b67\" data-element_type=\"widget\" data-e-type=\"widget\" data-widget_type=\"button.default\">\n\t\t\t\t<div class=\"elementor-widget-container\">\n\t\t\t\t\t\t\t\t\t<div class=\"elementor-button-wrapper\">\n\t\t\t\t\t<a class=\"elementor-button elementor-button-link elementor-size-sm\" href=\"https:\/\/theconcilio.org\/wp-content\/uploads\/2023\/05\/AuditReportFINAL.pdf\" target=\"_blank\">\n\t\t\t\t\t\t<span class=\"elementor-button-content-wrapper\">\n\t\t\t\t\t\t\t\t\t<span class=\"elementor-button-text\">INFORME AUDITADO FY2020<\/span>\n\t\t\t\t\t<\/span>\n\t\t\t\t\t<\/a>\n\t\t\t\t<\/div>\n\t\t\t\t\t\t\t\t<\/div>\n\t\t\t\t<\/div>\n\t\t\t\t\t<\/div>\n\t\t<\/div>\n\t\t\t\t\t<\/div>\n\t\t<\/section>\n\t\t\t\t<\/div>\n\t\t","protected":false},"excerpt":{"rendered":"<p>NUESTRAS FINANZAS POL\u00cdTICA DE PRIVACIDAD DEL DONANTE No venderemos, compartiremos ni intercambiaremos los nombres de nuestros donantes ni sus datos personales. informaci\u00f3n personal con ninguna otra entidad, ni enviar env\u00edos postales a nuestros donantes en nombre de otras organizaciones. Esta pol\u00edtica se aplica a toda la informaci\u00f3n recibida por The Concilio, tanto en l\u00ednea como [&hellip;]<\/p>\n","protected":false},"author":2,"featured_media":0,"parent":0,"menu_order":0,"comment_status":"closed","ping_status":"closed","template":"elementor_header_footer","meta":{"_acf_changed":false,"footnotes":""},"class_list":["post-2445","page","type-page","status-publish","hentry"],"acf":[],"yoast_head":"<!-- This site is optimized with the Yoast SEO plugin v27.5 - https:\/\/yoast.com\/product\/yoast-seo-wordpress\/ -->\n<title>Nuestras finanzas -<\/title>\n<meta name=\"robots\" content=\"index, follow, max-snippet:-1, max-image-preview:large, max-video-preview:-1\" \/>\n<link rel=\"canonical\" href=\"https:\/\/theconcilio.org\/our-financials\/\" \/>\n<meta property=\"og:locale\" content=\"es_ES\" \/>\n<meta property=\"og:type\" content=\"article\" \/>\n<meta property=\"og:title\" content=\"Nuestras finanzas -\" \/>\n<meta property=\"og:description\" content=\"NUESTRAS FINANZAS POL\u00cdTICA DE PRIVACIDAD DEL DONANTE No venderemos, compartiremos ni intercambiaremos los nombres de nuestros donantes ni sus datos personales. informaci\u00f3n personal con ninguna otra entidad, ni enviar env\u00edos postales a nuestros donantes en nombre de otras organizaciones. Esta pol\u00edtica se aplica a toda la informaci\u00f3n recibida por The Concilio, tanto en l\u00ednea como [&hellip;]\" \/>\n<meta property=\"og:url\" content=\"https:\/\/theconcilio.org\/our-financials\/\" \/>\n<meta property=\"article:publisher\" content=\"https:\/\/www.facebook.com\/theconcilio\" \/>\n<meta property=\"article:modified_time\" content=\"2024-01-17T06:50:25+00:00\" \/>\n<meta name=\"twitter:card\" content=\"summary_large_image\" \/>\n<meta name=\"twitter:label1\" content=\"Tiempo de lectura\" \/>\n\t<meta name=\"twitter:data1\" content=\"1 minuto\" \/>\n<script type=\"application\/ld+json\" class=\"yoast-schema-graph\">{\"@context\":\"https:\\\/\\\/schema.org\",\"@graph\":[{\"@type\":\"WebPage\",\"@id\":\"https:\\\/\\\/theconcilio.org\\\/our-financials\\\/\",\"url\":\"https:\\\/\\\/theconcilio.org\\\/our-financials\\\/\",\"name\":\"Nuestras finanzas -\",\"isPartOf\":{\"@id\":\"https:\\\/\\\/theconcilio.org\\\/#website\"},\"datePublished\":\"2023-04-30T17:04:51+00:00\",\"dateModified\":\"2024-01-17T06:50:25+00:00\",\"breadcrumb\":{\"@id\":\"https:\\\/\\\/theconcilio.org\\\/our-financials\\\/#breadcrumb\"},\"inLanguage\":\"es\",\"potentialAction\":[{\"@type\":\"ReadAction\",\"target\":[\"https:\\\/\\\/theconcilio.org\\\/our-financials\\\/\"]}]},{\"@type\":\"BreadcrumbList\",\"@id\":\"https:\\\/\\\/theconcilio.org\\\/our-financials\\\/#breadcrumb\",\"itemListElement\":[{\"@type\":\"ListItem\",\"position\":1,\"name\":\"Home\",\"item\":\"https:\\\/\\\/theconcilio.org\\\/es\\\/\"},{\"@type\":\"ListItem\",\"position\":2,\"name\":\"Nuestras finanzas\"}]},{\"@type\":\"WebSite\",\"@id\":\"https:\\\/\\\/theconcilio.org\\\/#website\",\"url\":\"https:\\\/\\\/theconcilio.org\\\/\",\"name\":\"The Concilio\",\"description\":\"\",\"publisher\":{\"@id\":\"https:\\\/\\\/theconcilio.org\\\/#organization\"},\"potentialAction\":[{\"@type\":\"SearchAction\",\"target\":{\"@type\":\"EntryPoint\",\"urlTemplate\":\"https:\\\/\\\/theconcilio.org\\\/?s={search_term_string}\"},\"query-input\":{\"@type\":\"PropertyValueSpecification\",\"valueRequired\":true,\"valueName\":\"search_term_string\"}}],\"inLanguage\":\"es\"},{\"@type\":\"Organization\",\"@id\":\"https:\\\/\\\/theconcilio.org\\\/#organization\",\"name\":\"The Concilio\",\"url\":\"https:\\\/\\\/theconcilio.org\\\/\",\"logo\":{\"@type\":\"ImageObject\",\"inLanguage\":\"es\",\"@id\":\"https:\\\/\\\/theconcilio.org\\\/#\\\/schema\\\/logo\\\/image\\\/\",\"url\":\"https:\\\/\\\/theconcilio.org\\\/wp-content\\\/uploads\\\/2023\\\/05\\\/Stacked_Logo_RGB_transparent_bkgd.jpeg\",\"contentUrl\":\"https:\\\/\\\/theconcilio.org\\\/wp-content\\\/uploads\\\/2023\\\/05\\\/Stacked_Logo_RGB_transparent_bkgd.jpeg\",\"width\":500,\"height\":312,\"caption\":\"The Concilio\"},\"image\":{\"@id\":\"https:\\\/\\\/theconcilio.org\\\/#\\\/schema\\\/logo\\\/image\\\/\"},\"sameAs\":[\"https:\\\/\\\/www.facebook.com\\\/theconcilio\",\"https:\\\/\\\/www.instagram.com\\\/theconcilio\",\"https:\\\/\\\/www.linkedin.com\\\/company\\\/the-concilio\\\/\"]}]}<\/script>\n<!-- \/ Yoast SEO plugin. -->","yoast_head_json":{"title":"Nuestras finanzas -","robots":{"index":"index","follow":"follow","max-snippet":"max-snippet:-1","max-image-preview":"max-image-preview:large","max-video-preview":"max-video-preview:-1"},"canonical":"https:\/\/theconcilio.org\/our-financials\/","og_locale":"es_ES","og_type":"article","og_title":"Nuestras finanzas -","og_description":"NUESTRAS FINANZAS POL\u00cdTICA DE PRIVACIDAD DEL DONANTE No venderemos, compartiremos ni intercambiaremos los nombres de nuestros donantes ni sus datos personales. informaci\u00f3n personal con ninguna otra entidad, ni enviar env\u00edos postales a nuestros donantes en nombre de otras organizaciones. Esta pol\u00edtica se aplica a toda la informaci\u00f3n recibida por The Concilio, tanto en l\u00ednea como [&hellip;]","og_url":"https:\/\/theconcilio.org\/our-financials\/","article_publisher":"https:\/\/www.facebook.com\/theconcilio","article_modified_time":"2024-01-17T06:50:25+00:00","twitter_card":"summary_large_image","twitter_misc":{"Tiempo de lectura":"1 minuto"},"schema":{"@context":"https:\/\/schema.org","@graph":[{"@type":"WebPage","@id":"https:\/\/theconcilio.org\/our-financials\/","url":"https:\/\/theconcilio.org\/our-financials\/","name":"Nuestras finanzas -","isPartOf":{"@id":"https:\/\/theconcilio.org\/#website"},"datePublished":"2023-04-30T17:04:51+00:00","dateModified":"2024-01-17T06:50:25+00:00","breadcrumb":{"@id":"https:\/\/theconcilio.org\/our-financials\/#breadcrumb"},"inLanguage":"es","potentialAction":[{"@type":"ReadAction","target":["https:\/\/theconcilio.org\/our-financials\/"]}]},{"@type":"BreadcrumbList","@id":"https:\/\/theconcilio.org\/our-financials\/#breadcrumb","itemListElement":[{"@type":"ListItem","position":1,"name":"Home","item":"https:\/\/theconcilio.org\/es\/"},{"@type":"ListItem","position":2,"name":"Nuestras finanzas"}]},{"@type":"WebSite","@id":"https:\/\/theconcilio.org\/#website","url":"https:\/\/theconcilio.org\/","name":"The Concilio","description":"","publisher":{"@id":"https:\/\/theconcilio.org\/#organization"},"potentialAction":[{"@type":"SearchAction","target":{"@type":"EntryPoint","urlTemplate":"https:\/\/theconcilio.org\/?s={search_term_string}"},"query-input":{"@type":"PropertyValueSpecification","valueRequired":true,"valueName":"search_term_string"}}],"inLanguage":"es"},{"@type":"Organization","@id":"https:\/\/theconcilio.org\/#organization","name":"The Concilio","url":"https:\/\/theconcilio.org\/","logo":{"@type":"ImageObject","inLanguage":"es","@id":"https:\/\/theconcilio.org\/#\/schema\/logo\/image\/","url":"https:\/\/theconcilio.org\/wp-content\/uploads\/2023\/05\/Stacked_Logo_RGB_transparent_bkgd.jpeg","contentUrl":"https:\/\/theconcilio.org\/wp-content\/uploads\/2023\/05\/Stacked_Logo_RGB_transparent_bkgd.jpeg","width":500,"height":312,"caption":"The Concilio"},"image":{"@id":"https:\/\/theconcilio.org\/#\/schema\/logo\/image\/"},"sameAs":["https:\/\/www.facebook.com\/theconcilio","https:\/\/www.instagram.com\/theconcilio","https:\/\/www.linkedin.com\/company\/the-concilio\/"]}]}},"_links":{"self":[{"href":"https:\/\/theconcilio.org\/es\/wp-json\/wp\/v2\/pages\/2445","targetHints":{"allow":["GET"]}}],"collection":[{"href":"https:\/\/theconcilio.org\/es\/wp-json\/wp\/v2\/pages"}],"about":[{"href":"https:\/\/theconcilio.org\/es\/wp-json\/wp\/v2\/types\/page"}],"author":[{"embeddable":true,"href":"https:\/\/theconcilio.org\/es\/wp-json\/wp\/v2\/users\/2"}],"replies":[{"embeddable":true,"href":"https:\/\/theconcilio.org\/es\/wp-json\/wp\/v2\/comments?post=2445"}],"version-history":[{"count":9,"href":"https:\/\/theconcilio.org\/es\/wp-json\/wp\/v2\/pages\/2445\/revisions"}],"predecessor-version":[{"id":4278,"href":"https:\/\/theconcilio.org\/es\/wp-json\/wp\/v2\/pages\/2445\/revisions\/4278"}],"wp:attachment":[{"href":"https:\/\/theconcilio.org\/es\/wp-json\/wp\/v2\/media?parent=2445"}],"curies":[{"name":"wp","href":"https:\/\/api.w.org\/{rel}","templated":true}]}}