{"id":2448,"date":"2023-04-02T14:27:41","date_gmt":"2023-04-02T14:27:41","guid":{"rendered":"https:\/\/theconcilio.org\/sobre-nosotros\/"},"modified":"2025-05-21T16:53:38","modified_gmt":"2025-05-21T16:53:38","slug":"sobre-nosotros","status":"publish","type":"page","link":"https:\/\/theconcilio.org\/es\/sobre-nosotros\/","title":{"rendered":"QUI\u00c9NES SOMOS"},"content":{"rendered":"\t\t<div data-elementor-type=\"wp-page\" data-elementor-id=\"2448\" class=\"elementor elementor-2448 elementor-174\" data-elementor-post-type=\"page\">\n\t\t\t\t\t\t<section class=\"elementor-section elementor-top-section elementor-element elementor-element-b64e7d4 elementor-section-boxed elementor-section-height-default elementor-section-height-default\" data-id=\"b64e7d4\" data-element_type=\"section\" data-e-type=\"section\" data-settings=\"{&quot;background_background&quot;:&quot;classic&quot;}\">\n\t\t\t\t\t\t<div class=\"elementor-container elementor-column-gap-default\">\n\t\t\t\t\t<div class=\"elementor-column elementor-col-100 elementor-top-column elementor-element elementor-element-2bf16f2\" data-id=\"2bf16f2\" data-element_type=\"column\" data-e-type=\"column\">\n\t\t\t<div class=\"elementor-widget-wrap elementor-element-populated\">\n\t\t\t\t\t\t<div class=\"elementor-element elementor-element-05cdc2a elementor-widget elementor-widget-heading\" data-id=\"05cdc2a\" data-element_type=\"widget\" data-e-type=\"widget\" data-widget_type=\"heading.default\">\n\t\t\t\t<div class=\"elementor-widget-container\">\n\t\t\t\t\t<h3 class=\"elementor-heading-title elementor-size-default\">QUI\u00c9NES SOMOS<\/h3>\t\t\t\t<\/div>\n\t\t\t\t<\/div>\n\t\t\t\t<div class=\"elementor-element elementor-element-eda0d1e elementor-widget elementor-widget-heading\" data-id=\"eda0d1e\" data-element_type=\"widget\" data-e-type=\"widget\" data-widget_type=\"heading.default\">\n\t\t\t\t<div class=\"elementor-widget-container\">\n\t\t\t\t\t<p class=\"elementor-heading-title elementor-size-default\">El Concilio es una organizaci\u00f3n sin fines de lucro 501(c)(3) que ha servido al \u00e1rea del norte de Texas por m\u00e1s de 40 a\u00f1os. Ofrecemos programas y soluciones de alta calidad que impulsan el progreso educativo y socioecon\u00f3mico de las familias latinas.<\/p>\t\t\t\t<\/div>\n\t\t\t\t<\/div>\n\t\t\t\t\t<\/div>\n\t\t<\/div>\n\t\t\t\t\t<\/div>\n\t\t<\/section>\n\t\t\t\t<section class=\"elementor-section elementor-top-section elementor-element elementor-element-86e2a95 elementor-section-height-min-height elementor-section-boxed elementor-section-height-default elementor-section-items-middle\" data-id=\"86e2a95\" data-element_type=\"section\" data-e-type=\"section\" data-settings=\"{&quot;background_background&quot;:&quot;classic&quot;}\">\n\t\t\t\t\t\t<div class=\"elementor-container elementor-column-gap-default\">\n\t\t\t\t\t<div class=\"elementor-column elementor-col-50 elementor-top-column elementor-element elementor-element-52dd358\" data-id=\"52dd358\" data-element_type=\"column\" data-e-type=\"column\">\n\t\t\t<div class=\"elementor-widget-wrap elementor-element-populated\">\n\t\t\t\t\t\t<div class=\"elementor-element elementor-element-ce6be63 elementor-widget elementor-widget-heading\" data-id=\"ce6be63\" data-element_type=\"widget\" data-e-type=\"widget\" data-widget_type=\"heading.default\">\n\t\t\t\t<div class=\"elementor-widget-container\">\n\t\t\t\t\t<h3 class=\"elementor-heading-title elementor-size-default\">MISI\u00d3N<\/h3>\t\t\t\t<\/div>\n\t\t\t\t<\/div>\n\t\t\t\t<div class=\"elementor-element elementor-element-6028eff elementor-widget elementor-widget-heading\" data-id=\"6028eff\" data-element_type=\"widget\" data-e-type=\"widget\" data-widget_type=\"heading.default\">\n\t\t\t\t<div class=\"elementor-widget-container\">\n\t\t\t\t\t<p class=\"elementor-heading-title elementor-size-default\">Nuestra misi\u00f3n es impulsar cambios transformadores a trav\u00e9s de la innovaci\u00f3n y soluciones que fortalezcan a las familias y comunidades.<\/p>\t\t\t\t<\/div>\n\t\t\t\t<\/div>\n\t\t\t\t\t<\/div>\n\t\t<\/div>\n\t\t\t\t<div class=\"elementor-column elementor-col-50 elementor-top-column elementor-element elementor-element-ca839cc\" data-id=\"ca839cc\" data-element_type=\"column\" data-e-type=\"column\" data-settings=\"{&quot;background_background&quot;:&quot;classic&quot;}\">\n\t\t\t<div class=\"elementor-widget-wrap\">\n\t\t\t\t\t\t\t<\/div>\n\t\t<\/div>\n\t\t\t\t\t<\/div>\n\t\t<\/section>\n\t\t\t\t<section class=\"elementor-section elementor-top-section elementor-element elementor-element-8b7b086 elementor-section-boxed elementor-section-height-default elementor-section-height-default\" data-id=\"8b7b086\" data-element_type=\"section\" data-e-type=\"section\">\n\t\t\t\t\t\t<div class=\"elementor-container elementor-column-gap-default\">\n\t\t\t\t\t<div class=\"elementor-column elementor-col-100 elementor-top-column elementor-element elementor-element-48d6b69\" data-id=\"48d6b69\" data-element_type=\"column\" data-e-type=\"column\">\n\t\t\t<div class=\"elementor-widget-wrap elementor-element-populated\">\n\t\t\t\t\t\t<div class=\"elementor-element elementor-element-98fedc9 elementor-widget elementor-widget-heading\" data-id=\"98fedc9\" data-element_type=\"widget\" data-e-type=\"widget\" data-widget_type=\"heading.default\">\n\t\t\t\t<div class=\"elementor-widget-container\">\n\t\t\t\t\t<h5 class=\"elementor-heading-title elementor-size-default\">NUESTRO PRESENTE<\/h5>\t\t\t\t<\/div>\n\t\t\t\t<\/div>\n\t\t\t\t<div class=\"elementor-element elementor-element-655ff05 elementor-widget elementor-widget-heading\" data-id=\"655ff05\" data-element_type=\"widget\" data-e-type=\"widget\" data-widget_type=\"heading.default\">\n\t\t\t\t<div class=\"elementor-widget-container\">\n\t\t\t\t\t<p class=\"elementor-heading-title elementor-size-default\">Desde 1981, El Concilio ha ayudado a familias latinas y de otros or\u00edgenes a desarrollar todo su potencial. A trav\u00e9s de la divulgaci\u00f3n desde la base y de programas de gran impacto, hemos influido en la vida de m\u00e1s de 1.000.000 de personas, ayudando a las familias a acceder a la educaci\u00f3n, la salud y el bienestar, y a las oportunidades econ\u00f3micas.<\/p>\t\t\t\t<\/div>\n\t\t\t\t<\/div>\n\t\t\t\t<div class=\"elementor-element elementor-element-b6c025a elementor-widget elementor-widget-heading\" data-id=\"b6c025a\" data-element_type=\"widget\" data-e-type=\"widget\" data-widget_type=\"heading.default\">\n\t\t\t\t<div class=\"elementor-widget-container\">\n\t\t\t\t\t<p class=\"elementor-heading-title elementor-size-default\">Nuestros programas de participaci\u00f3n de los padres, culturalmente receptivos, han capacitado a m\u00e1s de 20.000 padres y a sus hijos en 28 distritos escolares regionales para forjar un camino hacia los logros acad\u00e9micos y la mejora de la salud para alcanzar todo su potencial. Nuestros programas culturales hacia los padres de familia han empoderado a m\u00e1s de 18,000 familias en 24 distritos escolares regionales para crear un camino de \u00e9xito acad\u00e9mico y buena salud para alcanzar su m\u00e1ximo potencial. Tambi\u00e9n ofrecemos programas y servicios de asesoramiento financiero; intervenci\u00f3n en casos de crisis y asistencia financiera; capacitaci\u00f3n y educaci\u00f3n en competencias culturales; divulgaci\u00f3n y educaci\u00f3n sobre vacunas.<\/p>\t\t\t\t<\/div>\n\t\t\t\t<\/div>\n\t\t\t\t<div class=\"elementor-element elementor-element-3adf3b7 elementor-widget elementor-widget-button\" data-id=\"3adf3b7\" data-element_type=\"widget\" data-e-type=\"widget\" data-widget_type=\"button.default\">\n\t\t\t\t<div class=\"elementor-widget-container\">\n\t\t\t\t\t\t\t\t\t<div class=\"elementor-button-wrapper\">\n\t\t\t\t\t<a class=\"elementor-button elementor-button-link elementor-size-sm\" href=\"https:\/\/theconcilio.org\/es\/mision\/\">\n\t\t\t\t\t\t<span class=\"elementor-button-content-wrapper\">\n\t\t\t\t\t\t\t\t\t<span class=\"elementor-button-text\">M\u00e1s informaci\u00f3n sobre nuestra historia<\/span>\n\t\t\t\t\t<\/span>\n\t\t\t\t\t<\/a>\n\t\t\t\t<\/div>\n\t\t\t\t\t\t\t\t<\/div>\n\t\t\t\t<\/div>\n\t\t\t\t\t<\/div>\n\t\t<\/div>\n\t\t\t\t\t<\/div>\n\t\t<\/section>\n\t\t\t\t<section class=\"elementor-section elementor-top-section elementor-element elementor-element-65c9a0c elementor-section-boxed elementor-section-height-default elementor-section-height-default\" data-id=\"65c9a0c\" data-element_type=\"section\" data-e-type=\"section\">\n\t\t\t\t\t\t<div class=\"elementor-container elementor-column-gap-default\">\n\t\t\t\t\t<div class=\"elementor-column elementor-col-33 elementor-top-column elementor-element elementor-element-ba38bfa\" data-id=\"ba38bfa\" data-element_type=\"column\" data-e-type=\"column\" data-settings=\"{&quot;background_background&quot;:&quot;classic&quot;}\">\n\t\t\t<div class=\"elementor-widget-wrap\">\n\t\t\t\t\t\t\t<\/div>\n\t\t<\/div>\n\t\t\t\t<div class=\"elementor-column elementor-col-33 elementor-top-column elementor-element elementor-element-6fe9374\" data-id=\"6fe9374\" data-element_type=\"column\" data-e-type=\"column\" data-settings=\"{&quot;background_background&quot;:&quot;classic&quot;}\">\n\t\t\t<div class=\"elementor-widget-wrap elementor-element-populated\">\n\t\t\t\t\t\t<div class=\"elementor-element elementor-element-0ebb85a elementor-widget elementor-widget-heading\" data-id=\"0ebb85a\" data-element_type=\"widget\" data-e-type=\"widget\" data-widget_type=\"heading.default\">\n\t\t\t\t<div class=\"elementor-widget-container\">\n\t\t\t\t\t<p class=\"elementor-heading-title elementor-size-default\">Prevemos una vida equitativa para todas y cada una de las familias, para todos y cada uno de los ni\u00f1os.  <\/p>\t\t\t\t<\/div>\n\t\t\t\t<\/div>\n\t\t\t\t\t<\/div>\n\t\t<\/div>\n\t\t\t\t<div class=\"elementor-column elementor-col-33 elementor-top-column elementor-element elementor-element-3030b9f\" data-id=\"3030b9f\" data-element_type=\"column\" data-e-type=\"column\" data-settings=\"{&quot;background_background&quot;:&quot;classic&quot;}\">\n\t\t\t<div class=\"elementor-widget-wrap\">\n\t\t\t\t\t\t\t<\/div>\n\t\t<\/div>\n\t\t\t\t\t<\/div>\n\t\t<\/section>\n\t\t\t\t<section class=\"elementor-section elementor-top-section elementor-element elementor-element-ebc33bb elementor-section-boxed elementor-section-height-default elementor-section-height-default\" data-id=\"ebc33bb\" data-element_type=\"section\" data-e-type=\"section\">\n\t\t\t\t\t\t<div class=\"elementor-container elementor-column-gap-default\">\n\t\t\t\t\t<div class=\"elementor-column elementor-col-100 elementor-top-column elementor-element elementor-element-ea4afbe\" data-id=\"ea4afbe\" data-element_type=\"column\" data-e-type=\"column\">\n\t\t\t<div class=\"elementor-widget-wrap elementor-element-populated\">\n\t\t\t\t\t\t<div class=\"elementor-element elementor-element-30df5c1 elementor-widget elementor-widget-heading\" data-id=\"30df5c1\" data-element_type=\"widget\" data-e-type=\"widget\" data-widget_type=\"heading.default\">\n\t\t\t\t<div class=\"elementor-widget-container\">\n\t\t\t\t\t<h5 class=\"elementor-heading-title elementor-size-default\">NUESTRO FUTURO<\/h5>\t\t\t\t<\/div>\n\t\t\t\t<\/div>\n\t\t\t\t<div class=\"elementor-element elementor-element-09310a8 elementor-widget elementor-widget-heading\" data-id=\"09310a8\" data-element_type=\"widget\" data-e-type=\"widget\" data-widget_type=\"heading.default\">\n\t\t\t\t<div class=\"elementor-widget-container\">\n\t\t\t\t\t<p class=\"elementor-heading-title elementor-size-default\">Seguiremos comprometidos con nuestro principio fundacional: defender a las familias latinas. Trabajaremos para transformar los sistemas que socavan la equidad y mantienen las oportunidades fuera de nuestro alcance. Estaremos al lado de nuestra comunidad latina como defensores y les apoyaremos en los retos sin precedentes a los que se enfrentan hoy para crear un futuro mejor.  <\/p>\t\t\t\t<\/div>\n\t\t\t\t<\/div>\n\t\t\t\t\t<\/div>\n\t\t<\/div>\n\t\t\t\t\t<\/div>\n\t\t<\/section>\n\t\t\t\t<\/div>\n\t\t","protected":false},"excerpt":{"rendered":"<p>QUI\u00c9NES SOMOS El Concilio es una organizaci\u00f3n sin \u00e1nimo de lucro 501(c)(3) que lleva m\u00e1s de 40 a\u00f1os sirviendo al norte de Texas. Ofrecemos programas y soluciones de alto nivel que impulsan el progreso educativo y socioecon\u00f3mico de las familias latinas. MISI\u00d3N Nuestra misi\u00f3n es impulsar cambios transformadores a trav\u00e9s de la innovaci\u00f3n y soluciones [&hellip;]<\/p>\n","protected":false},"author":2,"featured_media":0,"parent":0,"menu_order":0,"comment_status":"closed","ping_status":"closed","template":"elementor_header_footer","meta":{"_acf_changed":false,"footnotes":""},"class_list":["post-2448","page","type-page","status-publish","hentry"],"acf":[],"yoast_head":"<!-- This site is optimized with the Yoast SEO plugin v27.5 - https:\/\/yoast.com\/product\/yoast-seo-wordpress\/ -->\n<title>QUI\u00c9NES SOMOS -<\/title>\n<meta name=\"robots\" content=\"index, follow, max-snippet:-1, max-image-preview:large, max-video-preview:-1\" \/>\n<link rel=\"canonical\" href=\"https:\/\/theconcilio.org\/es\/sobre-nosotros\/\" \/>\n<meta property=\"og:locale\" content=\"es_ES\" \/>\n<meta property=\"og:type\" content=\"article\" \/>\n<meta property=\"og:title\" content=\"QUI\u00c9NES SOMOS -\" \/>\n<meta property=\"og:description\" content=\"QUI\u00c9NES SOMOS El Concilio es una organizaci\u00f3n sin \u00e1nimo de lucro 501(c)(3) que lleva m\u00e1s de 40 a\u00f1os sirviendo al norte de Texas. Ofrecemos programas y soluciones de alto nivel que impulsan el progreso educativo y socioecon\u00f3mico de las familias latinas. MISI\u00d3N Nuestra misi\u00f3n es impulsar cambios transformadores a trav\u00e9s de la innovaci\u00f3n y soluciones [&hellip;]\" \/>\n<meta property=\"og:url\" content=\"https:\/\/theconcilio.org\/es\/sobre-nosotros\/\" \/>\n<meta property=\"article:publisher\" content=\"https:\/\/www.facebook.com\/theconcilio\" \/>\n<meta property=\"article:modified_time\" content=\"2025-05-21T16:53:38+00:00\" \/>\n<meta name=\"twitter:card\" content=\"summary_large_image\" \/>\n<meta name=\"twitter:label1\" content=\"Tiempo de lectura\" \/>\n\t<meta name=\"twitter:data1\" content=\"2 minutos\" \/>\n<script type=\"application\/ld+json\" class=\"yoast-schema-graph\">{\"@context\":\"https:\\\/\\\/schema.org\",\"@graph\":[{\"@type\":\"WebPage\",\"@id\":\"https:\\\/\\\/theconcilio.org\\\/es\\\/sobre-nosotros\\\/\",\"url\":\"https:\\\/\\\/theconcilio.org\\\/es\\\/sobre-nosotros\\\/\",\"name\":\"QUI\u00c9NES SOMOS -\",\"isPartOf\":{\"@id\":\"https:\\\/\\\/theconcilio.org\\\/#website\"},\"datePublished\":\"2023-04-02T14:27:41+00:00\",\"dateModified\":\"2025-05-21T16:53:38+00:00\",\"breadcrumb\":{\"@id\":\"https:\\\/\\\/theconcilio.org\\\/es\\\/sobre-nosotros\\\/#breadcrumb\"},\"inLanguage\":\"es\",\"potentialAction\":[{\"@type\":\"ReadAction\",\"target\":[\"https:\\\/\\\/theconcilio.org\\\/es\\\/sobre-nosotros\\\/\"]}]},{\"@type\":\"BreadcrumbList\",\"@id\":\"https:\\\/\\\/theconcilio.org\\\/es\\\/sobre-nosotros\\\/#breadcrumb\",\"itemListElement\":[{\"@type\":\"ListItem\",\"position\":1,\"name\":\"Home\",\"item\":\"https:\\\/\\\/theconcilio.org\\\/es\\\/\"},{\"@type\":\"ListItem\",\"position\":2,\"name\":\"QUI\u00c9NES SOMOS\"}]},{\"@type\":\"WebSite\",\"@id\":\"https:\\\/\\\/theconcilio.org\\\/#website\",\"url\":\"https:\\\/\\\/theconcilio.org\\\/\",\"name\":\"The Concilio\",\"description\":\"\",\"publisher\":{\"@id\":\"https:\\\/\\\/theconcilio.org\\\/#organization\"},\"potentialAction\":[{\"@type\":\"SearchAction\",\"target\":{\"@type\":\"EntryPoint\",\"urlTemplate\":\"https:\\\/\\\/theconcilio.org\\\/?s={search_term_string}\"},\"query-input\":{\"@type\":\"PropertyValueSpecification\",\"valueRequired\":true,\"valueName\":\"search_term_string\"}}],\"inLanguage\":\"es\"},{\"@type\":\"Organization\",\"@id\":\"https:\\\/\\\/theconcilio.org\\\/#organization\",\"name\":\"The Concilio\",\"url\":\"https:\\\/\\\/theconcilio.org\\\/\",\"logo\":{\"@type\":\"ImageObject\",\"inLanguage\":\"es\",\"@id\":\"https:\\\/\\\/theconcilio.org\\\/#\\\/schema\\\/logo\\\/image\\\/\",\"url\":\"https:\\\/\\\/theconcilio.org\\\/wp-content\\\/uploads\\\/2023\\\/05\\\/Stacked_Logo_RGB_transparent_bkgd.jpeg\",\"contentUrl\":\"https:\\\/\\\/theconcilio.org\\\/wp-content\\\/uploads\\\/2023\\\/05\\\/Stacked_Logo_RGB_transparent_bkgd.jpeg\",\"width\":500,\"height\":312,\"caption\":\"The Concilio\"},\"image\":{\"@id\":\"https:\\\/\\\/theconcilio.org\\\/#\\\/schema\\\/logo\\\/image\\\/\"},\"sameAs\":[\"https:\\\/\\\/www.facebook.com\\\/theconcilio\",\"https:\\\/\\\/www.instagram.com\\\/theconcilio\",\"https:\\\/\\\/www.linkedin.com\\\/company\\\/the-concilio\\\/\"]}]}<\/script>\n<!-- \/ Yoast SEO plugin. -->","yoast_head_json":{"title":"QUI\u00c9NES SOMOS -","robots":{"index":"index","follow":"follow","max-snippet":"max-snippet:-1","max-image-preview":"max-image-preview:large","max-video-preview":"max-video-preview:-1"},"canonical":"https:\/\/theconcilio.org\/es\/sobre-nosotros\/","og_locale":"es_ES","og_type":"article","og_title":"QUI\u00c9NES SOMOS -","og_description":"QUI\u00c9NES SOMOS El Concilio es una organizaci\u00f3n sin \u00e1nimo de lucro 501(c)(3) que lleva m\u00e1s de 40 a\u00f1os sirviendo al norte de Texas. Ofrecemos programas y soluciones de alto nivel que impulsan el progreso educativo y socioecon\u00f3mico de las familias latinas. MISI\u00d3N Nuestra misi\u00f3n es impulsar cambios transformadores a trav\u00e9s de la innovaci\u00f3n y soluciones [&hellip;]","og_url":"https:\/\/theconcilio.org\/es\/sobre-nosotros\/","article_publisher":"https:\/\/www.facebook.com\/theconcilio","article_modified_time":"2025-05-21T16:53:38+00:00","twitter_card":"summary_large_image","twitter_misc":{"Tiempo de lectura":"2 minutos"},"schema":{"@context":"https:\/\/schema.org","@graph":[{"@type":"WebPage","@id":"https:\/\/theconcilio.org\/es\/sobre-nosotros\/","url":"https:\/\/theconcilio.org\/es\/sobre-nosotros\/","name":"QUI\u00c9NES SOMOS -","isPartOf":{"@id":"https:\/\/theconcilio.org\/#website"},"datePublished":"2023-04-02T14:27:41+00:00","dateModified":"2025-05-21T16:53:38+00:00","breadcrumb":{"@id":"https:\/\/theconcilio.org\/es\/sobre-nosotros\/#breadcrumb"},"inLanguage":"es","potentialAction":[{"@type":"ReadAction","target":["https:\/\/theconcilio.org\/es\/sobre-nosotros\/"]}]},{"@type":"BreadcrumbList","@id":"https:\/\/theconcilio.org\/es\/sobre-nosotros\/#breadcrumb","itemListElement":[{"@type":"ListItem","position":1,"name":"Home","item":"https:\/\/theconcilio.org\/es\/"},{"@type":"ListItem","position":2,"name":"QUI\u00c9NES SOMOS"}]},{"@type":"WebSite","@id":"https:\/\/theconcilio.org\/#website","url":"https:\/\/theconcilio.org\/","name":"The Concilio","description":"","publisher":{"@id":"https:\/\/theconcilio.org\/#organization"},"potentialAction":[{"@type":"SearchAction","target":{"@type":"EntryPoint","urlTemplate":"https:\/\/theconcilio.org\/?s={search_term_string}"},"query-input":{"@type":"PropertyValueSpecification","valueRequired":true,"valueName":"search_term_string"}}],"inLanguage":"es"},{"@type":"Organization","@id":"https:\/\/theconcilio.org\/#organization","name":"The Concilio","url":"https:\/\/theconcilio.org\/","logo":{"@type":"ImageObject","inLanguage":"es","@id":"https:\/\/theconcilio.org\/#\/schema\/logo\/image\/","url":"https:\/\/theconcilio.org\/wp-content\/uploads\/2023\/05\/Stacked_Logo_RGB_transparent_bkgd.jpeg","contentUrl":"https:\/\/theconcilio.org\/wp-content\/uploads\/2023\/05\/Stacked_Logo_RGB_transparent_bkgd.jpeg","width":500,"height":312,"caption":"The Concilio"},"image":{"@id":"https:\/\/theconcilio.org\/#\/schema\/logo\/image\/"},"sameAs":["https:\/\/www.facebook.com\/theconcilio","https:\/\/www.instagram.com\/theconcilio","https:\/\/www.linkedin.com\/company\/the-concilio\/"]}]}},"_links":{"self":[{"href":"https:\/\/theconcilio.org\/es\/wp-json\/wp\/v2\/pages\/2448","targetHints":{"allow":["GET"]}}],"collection":[{"href":"https:\/\/theconcilio.org\/es\/wp-json\/wp\/v2\/pages"}],"about":[{"href":"https:\/\/theconcilio.org\/es\/wp-json\/wp\/v2\/types\/page"}],"author":[{"embeddable":true,"href":"https:\/\/theconcilio.org\/es\/wp-json\/wp\/v2\/users\/2"}],"replies":[{"embeddable":true,"href":"https:\/\/theconcilio.org\/es\/wp-json\/wp\/v2\/comments?post=2448"}],"version-history":[{"count":25,"href":"https:\/\/theconcilio.org\/es\/wp-json\/wp\/v2\/pages\/2448\/revisions"}],"predecessor-version":[{"id":7482,"href":"https:\/\/theconcilio.org\/es\/wp-json\/wp\/v2\/pages\/2448\/revisions\/7482"}],"wp:attachment":[{"href":"https:\/\/theconcilio.org\/es\/wp-json\/wp\/v2\/media?parent=2448"}],"curies":[{"name":"wp","href":"https:\/\/api.w.org\/{rel}","templated":true}]}}