{"id":2449,"date":"2023-04-02T14:27:59","date_gmt":"2023-04-02T14:27:59","guid":{"rendered":"https:\/\/theconcilio.org\/mision\/"},"modified":"2025-05-21T16:46:30","modified_gmt":"2025-05-21T16:46:30","slug":"mision","status":"publish","type":"page","link":"https:\/\/theconcilio.org\/es\/mision\/","title":{"rendered":"MISI\u00d3N"},"content":{"rendered":"\t\t<div data-elementor-type=\"wp-page\" data-elementor-id=\"2449\" class=\"elementor elementor-2449 elementor-176\" data-elementor-post-type=\"page\">\n\t\t\t\t\t\t<section class=\"elementor-section elementor-top-section elementor-element elementor-element-0ff070f elementor-section-boxed elementor-section-height-default elementor-section-height-default\" data-id=\"0ff070f\" data-element_type=\"section\" data-e-type=\"section\" data-settings=\"{&quot;background_background&quot;:&quot;classic&quot;}\">\n\t\t\t\t\t\t<div class=\"elementor-container elementor-column-gap-default\">\n\t\t\t\t\t<div class=\"elementor-column elementor-col-100 elementor-top-column elementor-element elementor-element-adb27b8\" data-id=\"adb27b8\" data-element_type=\"column\" data-e-type=\"column\">\n\t\t\t<div class=\"elementor-widget-wrap elementor-element-populated\">\n\t\t\t\t\t\t<div class=\"elementor-element elementor-element-9891747 elementor-widget elementor-widget-heading\" data-id=\"9891747\" data-element_type=\"widget\" data-e-type=\"widget\" data-widget_type=\"heading.default\">\n\t\t\t\t<div class=\"elementor-widget-container\">\n\t\t\t\t\t<h3 class=\"elementor-heading-title elementor-size-default\">MISI\u00d3N<\/h3>\t\t\t\t<\/div>\n\t\t\t\t<\/div>\n\t\t\t\t<div class=\"elementor-element elementor-element-55664ac elementor-widget elementor-widget-heading\" data-id=\"55664ac\" data-element_type=\"widget\" data-e-type=\"widget\" data-widget_type=\"heading.default\">\n\t\t\t\t<div class=\"elementor-widget-container\">\n\t\t\t\t\t<p class=\"elementor-heading-title elementor-size-default\">Nuestra misi\u00f3n es impulsar cambios transformadores a trav\u00e9s de la innovaci\u00f3n y soluciones que fortalezcan a las familias y comunidades.<\/p>\t\t\t\t<\/div>\n\t\t\t\t<\/div>\n\t\t\t\t\t<\/div>\n\t\t<\/div>\n\t\t\t\t\t<\/div>\n\t\t<\/section>\n\t\t\t\t<section class=\"elementor-section elementor-top-section elementor-element elementor-element-4af517d elementor-section-height-min-height elementor-section-boxed elementor-section-height-default elementor-section-items-middle\" data-id=\"4af517d\" data-element_type=\"section\" data-e-type=\"section\" data-settings=\"{&quot;background_background&quot;:&quot;classic&quot;}\">\n\t\t\t\t\t\t<div class=\"elementor-container elementor-column-gap-default\">\n\t\t\t\t\t<div class=\"elementor-column elementor-col-50 elementor-top-column elementor-element elementor-element-3586691\" data-id=\"3586691\" data-element_type=\"column\" data-e-type=\"column\">\n\t\t\t<div class=\"elementor-widget-wrap elementor-element-populated\">\n\t\t\t\t\t\t<div class=\"elementor-element elementor-element-ec107d2 elementor-widget elementor-widget-heading\" data-id=\"ec107d2\" data-element_type=\"widget\" data-e-type=\"widget\" data-widget_type=\"heading.default\">\n\t\t\t\t<div class=\"elementor-widget-container\">\n\t\t\t\t\t<h3 class=\"elementor-heading-title elementor-size-default\">VISI\u00d3N<\/h3>\t\t\t\t<\/div>\n\t\t\t\t<\/div>\n\t\t\t\t<div class=\"elementor-element elementor-element-ac06ece elementor-widget elementor-widget-heading\" data-id=\"ac06ece\" data-element_type=\"widget\" data-e-type=\"widget\" data-widget_type=\"heading.default\">\n\t\t\t\t<div class=\"elementor-widget-container\">\n\t\t\t\t\t<p class=\"elementor-heading-title elementor-size-default\">Nuestra visi\u00f3n es crear caminos donde los latinos redefinan la excelencia, logren el \u00e9xito econ\u00f3mico e inspiren a las pr\u00f3ximas generaciones.<\/p>\t\t\t\t<\/div>\n\t\t\t\t<\/div>\n\t\t\t\t\t<\/div>\n\t\t<\/div>\n\t\t\t\t<div class=\"elementor-column elementor-col-50 elementor-top-column elementor-element elementor-element-f359bf6 elementor-hidden-mobile\" data-id=\"f359bf6\" data-element_type=\"column\" data-e-type=\"column\" data-settings=\"{&quot;background_background&quot;:&quot;classic&quot;}\">\n\t\t\t<div class=\"elementor-widget-wrap\">\n\t\t\t\t\t\t\t<\/div>\n\t\t<\/div>\n\t\t\t\t\t<\/div>\n\t\t<\/section>\n\t\t\t\t<section class=\"elementor-section elementor-top-section elementor-element elementor-element-d13fbaa elementor-section-boxed elementor-section-height-default elementor-section-height-default\" data-id=\"d13fbaa\" data-element_type=\"section\" data-e-type=\"section\" data-settings=\"{&quot;background_background&quot;:&quot;classic&quot;}\">\n\t\t\t\t\t\t<div class=\"elementor-container elementor-column-gap-default\">\n\t\t\t\t\t<div class=\"elementor-column elementor-col-100 elementor-top-column elementor-element elementor-element-49a264e\" data-id=\"49a264e\" data-element_type=\"column\" data-e-type=\"column\">\n\t\t\t<div class=\"elementor-widget-wrap elementor-element-populated\">\n\t\t\t\t\t\t<div class=\"elementor-element elementor-element-799adba elementor-widget elementor-widget-heading\" data-id=\"799adba\" data-element_type=\"widget\" data-e-type=\"widget\" data-widget_type=\"heading.default\">\n\t\t\t\t<div class=\"elementor-widget-container\">\n\t\t\t\t\t<h3 class=\"elementor-heading-title elementor-size-default\">A QUI\u00c9N SERVIMOS<\/h3>\t\t\t\t<\/div>\n\t\t\t\t<\/div>\n\t\t\t\t<div class=\"elementor-element elementor-element-922d5ea elementor-widget elementor-widget-heading\" data-id=\"922d5ea\" data-element_type=\"widget\" data-e-type=\"widget\" data-widget_type=\"heading.default\">\n\t\t\t\t<div class=\"elementor-widget-container\">\n\t\t\t\t\t<p class=\"elementor-heading-title elementor-size-default\">Ayudamos a las familias latinas a construir una base y un futuro brillante para ellos, para sus hijos y las generaciones futuras; adem\u00e1s de otras diversas familias del norte de Texas que comparten sus esperanzas y desaf\u00edos.<\/p>\t\t\t\t<\/div>\n\t\t\t\t<\/div>\n\t\t\t\t\t<\/div>\n\t\t<\/div>\n\t\t\t\t\t<\/div>\n\t\t<\/section>\n\t\t\t\t<section class=\"elementor-section elementor-top-section elementor-element elementor-element-8260d13 elementor-section-content-middle elementor-section-boxed elementor-section-height-default elementor-section-height-default\" data-id=\"8260d13\" data-element_type=\"section\" data-e-type=\"section\">\n\t\t\t\t\t\t<div class=\"elementor-container elementor-column-gap-default\">\n\t\t\t\t\t<div class=\"elementor-column elementor-col-50 elementor-top-column elementor-element elementor-element-03144ae\" data-id=\"03144ae\" data-element_type=\"column\" data-e-type=\"column\">\n\t\t\t<div class=\"elementor-widget-wrap elementor-element-populated\">\n\t\t\t\t\t\t<div class=\"elementor-element elementor-element-f22a86a elementor-widget elementor-widget-heading\" data-id=\"f22a86a\" data-element_type=\"widget\" data-e-type=\"widget\" data-widget_type=\"heading.default\">\n\t\t\t\t<div class=\"elementor-widget-container\">\n\t\t\t\t\t<h2 class=\"elementor-heading-title elementor-size-default\">\u00bfPOR QU\u00c9 ES IMPORTANTE?<\/h2>\t\t\t\t<\/div>\n\t\t\t\t<\/div>\n\t\t\t\t<div class=\"elementor-element elementor-element-774ba4c elementor-widget elementor-widget-heading\" data-id=\"774ba4c\" data-element_type=\"widget\" data-e-type=\"widget\" data-widget_type=\"heading.default\">\n\t\t\t\t<div class=\"elementor-widget-container\">\n\t\t\t\t\t<p class=\"elementor-heading-title elementor-size-default\">Las familias latinas trabajan duro, pero demasiadas se enfrentan a obst\u00e1culos para alcanzar sus sue\u00f1os. Los latinos constituyen una parte signi\ufb01cativa de la poblaci\u00f3n del norte de Texas (entre el 15% y el 41% por condado), por lo que potenciar a las familias latinas fortalece a esta comunidad y aumenta la vitalidad y la salud de toda nuestra regi\u00f3n. <\/p>\t\t\t\t<\/div>\n\t\t\t\t<\/div>\n\t\t\t\t\t<\/div>\n\t\t<\/div>\n\t\t\t\t<div class=\"elementor-column elementor-col-50 elementor-top-column elementor-element elementor-element-a6054aa\" data-id=\"a6054aa\" data-element_type=\"column\" data-e-type=\"column\">\n\t\t\t<div class=\"elementor-widget-wrap elementor-element-populated\">\n\t\t\t\t\t\t<div class=\"elementor-element elementor-element-1cd2374 elementor-widget__width-initial elementor-widget elementor-widget-image\" data-id=\"1cd2374\" data-element_type=\"widget\" data-e-type=\"widget\" data-widget_type=\"image.default\">\n\t\t\t\t<div class=\"elementor-widget-container\">\n\t\t\t\t\t\t\t\t\t\t\t\t\t\t\t<img fetchpriority=\"high\" decoding=\"async\" width=\"1024\" height=\"743\" src=\"https:\/\/theconcilio.org\/wp-content\/uploads\/2023\/04\/Screen-Shot-2023-01-10-at-6.13.44-PM-1024x743.png\" class=\"attachment-large size-large wp-image-2243\" alt=\"\" srcset=\"https:\/\/theconcilio.org\/wp-content\/uploads\/2023\/04\/Screen-Shot-2023-01-10-at-6.13.44-PM-1024x743.png 1024w, https:\/\/theconcilio.org\/wp-content\/uploads\/2023\/04\/Screen-Shot-2023-01-10-at-6.13.44-PM-300x218.png 300w, https:\/\/theconcilio.org\/wp-content\/uploads\/2023\/04\/Screen-Shot-2023-01-10-at-6.13.44-PM-768x558.png 768w, https:\/\/theconcilio.org\/wp-content\/uploads\/2023\/04\/Screen-Shot-2023-01-10-at-6.13.44-PM.png 1482w\" sizes=\"(max-width: 1024px) 100vw, 1024px\" \/>\t\t\t\t\t\t\t\t\t\t\t\t\t\t\t<\/div>\n\t\t\t\t<\/div>\n\t\t\t\t\t<\/div>\n\t\t<\/div>\n\t\t\t\t\t<\/div>\n\t\t<\/section>\n\t\t\t\t<section class=\"elementor-section elementor-top-section elementor-element elementor-element-13cb709 elementor-section-boxed elementor-section-height-default elementor-section-height-default\" data-id=\"13cb709\" data-element_type=\"section\" data-e-type=\"section\">\n\t\t\t\t\t\t<div class=\"elementor-container elementor-column-gap-default\">\n\t\t\t\t\t<div class=\"elementor-column elementor-col-100 elementor-top-column elementor-element elementor-element-2c161a5\" data-id=\"2c161a5\" data-element_type=\"column\" data-e-type=\"column\">\n\t\t\t<div class=\"elementor-widget-wrap elementor-element-populated\">\n\t\t\t\t\t\t<div class=\"elementor-element elementor-element-eec13df elementor-widget elementor-widget-heading\" data-id=\"eec13df\" data-element_type=\"widget\" data-e-type=\"widget\" data-widget_type=\"heading.default\">\n\t\t\t\t<div class=\"elementor-widget-container\">\n\t\t\t\t\t<h2 class=\"elementor-heading-title elementor-size-default\">NUESTRA L\u00cdNEA DE TIEMPO<\/h2>\t\t\t\t<\/div>\n\t\t\t\t<\/div>\n\t\t\t\t\t<\/div>\n\t\t<\/div>\n\t\t\t\t\t<\/div>\n\t\t<\/section>\n\t\t\t\t<div class=\"elementor-section elementor-top-section elementor-element elementor-element-2f9a4ed elementor-section-boxed elementor-section-height-default elementor-section-height-default\" data-id=\"2f9a4ed\" data-element_type=\"section\" data-e-type=\"section\">\n\t\t\t\t\t\t<div class=\"elementor-container elementor-column-gap-default\">\n\t\t\t\t\t<div class=\"elementor-column elementor-col-10 elementor-top-column elementor-element elementor-element-06ed486\" data-id=\"06ed486\" data-element_type=\"column\" data-e-type=\"column\" data-settings=\"{&quot;background_background&quot;:&quot;classic&quot;}\">\n\t\t\t<div class=\"elementor-widget-wrap elementor-element-populated\">\n\t\t\t\t\t\t<div class=\"elementor-element elementor-element-26f50f2 elementor-widget elementor-widget-heading\" data-id=\"26f50f2\" data-element_type=\"widget\" data-e-type=\"widget\" data-widget_type=\"heading.default\">\n\t\t\t\t<div class=\"elementor-widget-container\">\n\t\t\t\t\t<h2 class=\"elementor-heading-title elementor-size-default\">1981<\/h2>\t\t\t\t<\/div>\n\t\t\t\t<\/div>\n\t\t\t\t<div class=\"elementor-element elementor-element-c8239f3 elementor-absolute elementor-widget elementor-widget-heading\" data-id=\"c8239f3\" data-element_type=\"widget\" data-e-type=\"widget\" data-settings=\"{&quot;_position&quot;:&quot;absolute&quot;}\" data-widget_type=\"heading.default\">\n\t\t\t\t<div class=\"elementor-widget-container\">\n\t\t\t\t\t<h2 class=\"elementor-heading-title elementor-size-default\">Fundado como \u201cDallas Concilio of Hispanic Services Organizations\u201d<\/h2>\t\t\t\t<\/div>\n\t\t\t\t<\/div>\n\t\t\t\t\t<\/div>\n\t\t<\/div>\n\t\t\t\t<div class=\"elementor-column elementor-col-10 elementor-top-column elementor-element elementor-element-f2e5864\" data-id=\"f2e5864\" data-element_type=\"column\" data-e-type=\"column\" data-settings=\"{&quot;background_background&quot;:&quot;classic&quot;}\">\n\t\t\t<div class=\"elementor-widget-wrap elementor-element-populated\">\n\t\t\t\t\t\t<div class=\"elementor-element elementor-element-b013ecc elementor-absolute elementor-widget elementor-widget-heading\" data-id=\"b013ecc\" data-element_type=\"widget\" data-e-type=\"widget\" data-settings=\"{&quot;_position&quot;:&quot;absolute&quot;}\" data-widget_type=\"heading.default\">\n\t\t\t\t<div class=\"elementor-widget-container\">\n\t\t\t\t\t<h2 class=\"elementor-heading-title elementor-size-default\">Comenz\u00f3 a brindar servicios de salud directamente a las familias.<\/h2>\t\t\t\t<\/div>\n\t\t\t\t<\/div>\n\t\t\t\t<div class=\"elementor-element elementor-element-2078f1e elementor-widget elementor-widget-heading\" data-id=\"2078f1e\" data-element_type=\"widget\" data-e-type=\"widget\" data-widget_type=\"heading.default\">\n\t\t\t\t<div class=\"elementor-widget-container\">\n\t\t\t\t\t<h2 class=\"elementor-heading-title elementor-size-default\">1993<\/h2>\t\t\t\t<\/div>\n\t\t\t\t<\/div>\n\t\t\t\t\t<\/div>\n\t\t<\/div>\n\t\t\t\t<div class=\"elementor-column elementor-col-10 elementor-top-column elementor-element elementor-element-613eb64\" data-id=\"613eb64\" data-element_type=\"column\" data-e-type=\"column\" data-settings=\"{&quot;background_background&quot;:&quot;classic&quot;}\">\n\t\t\t<div class=\"elementor-widget-wrap elementor-element-populated\">\n\t\t\t\t\t\t<div class=\"elementor-element elementor-element-3171b3a elementor-widget elementor-widget-heading\" data-id=\"3171b3a\" data-element_type=\"widget\" data-e-type=\"widget\" data-widget_type=\"heading.default\">\n\t\t\t\t<div class=\"elementor-widget-container\">\n\t\t\t\t\t<h2 class=\"elementor-heading-title elementor-size-default\">2002<\/h2>\t\t\t\t<\/div>\n\t\t\t\t<\/div>\n\t\t\t\t<div class=\"elementor-element elementor-element-46b0a42 elementor-absolute elementor-widget elementor-widget-heading\" data-id=\"46b0a42\" data-element_type=\"widget\" data-e-type=\"widget\" data-settings=\"{&quot;_position&quot;:&quot;absolute&quot;}\" data-widget_type=\"heading.default\">\n\t\t\t\t<div class=\"elementor-widget-container\">\n\t\t\t\t\t<h2 class=\"elementor-heading-title elementor-size-default\">Lanzamiento del primer programa de participaci\u00f3n de padres de familia con Dallas ISD.<\/h2>\t\t\t\t<\/div>\n\t\t\t\t<\/div>\n\t\t\t\t\t<\/div>\n\t\t<\/div>\n\t\t\t\t<div class=\"elementor-column elementor-col-10 elementor-top-column elementor-element elementor-element-65c9038\" data-id=\"65c9038\" data-element_type=\"column\" data-e-type=\"column\" data-settings=\"{&quot;background_background&quot;:&quot;classic&quot;}\">\n\t\t\t<div class=\"elementor-widget-wrap elementor-element-populated\">\n\t\t\t\t\t\t<div class=\"elementor-element elementor-element-37da432 elementor-absolute elementor-widget elementor-widget-heading\" data-id=\"37da432\" data-element_type=\"widget\" data-e-type=\"widget\" data-settings=\"{&quot;_position&quot;:&quot;absolute&quot;}\" data-widget_type=\"heading.default\">\n\t\t\t\t<div class=\"elementor-widget-container\">\n\t\t\t\t\t<h2 class=\"elementor-heading-title elementor-size-default\">Recaudamos $1,000,000 por primera vez en nuestra historia.<\/h2>\t\t\t\t<\/div>\n\t\t\t\t<\/div>\n\t\t\t\t<div class=\"elementor-element elementor-element-c0ec326 elementor-widget elementor-widget-heading\" data-id=\"c0ec326\" data-element_type=\"widget\" data-e-type=\"widget\" data-widget_type=\"heading.default\">\n\t\t\t\t<div class=\"elementor-widget-container\">\n\t\t\t\t\t<h2 class=\"elementor-heading-title elementor-size-default\">2007<\/h2>\t\t\t\t<\/div>\n\t\t\t\t<\/div>\n\t\t\t\t\t<\/div>\n\t\t<\/div>\n\t\t\t\t<div class=\"elementor-column elementor-col-10 elementor-top-column elementor-element elementor-element-504af80\" data-id=\"504af80\" data-element_type=\"column\" data-e-type=\"column\" data-settings=\"{&quot;background_background&quot;:&quot;classic&quot;}\">\n\t\t\t<div class=\"elementor-widget-wrap elementor-element-populated\">\n\t\t\t\t\t\t<div class=\"elementor-element elementor-element-9cc7c55 elementor-widget elementor-widget-heading\" data-id=\"9cc7c55\" data-element_type=\"widget\" data-e-type=\"widget\" data-widget_type=\"heading.default\">\n\t\t\t\t<div class=\"elementor-widget-container\">\n\t\t\t\t\t<h2 class=\"elementor-heading-title elementor-size-default\">2008<\/h2>\t\t\t\t<\/div>\n\t\t\t\t<\/div>\n\t\t\t\t<div class=\"elementor-element elementor-element-287c1bc elementor-absolute elementor-widget elementor-widget-heading\" data-id=\"287c1bc\" data-element_type=\"widget\" data-e-type=\"widget\" data-settings=\"{&quot;_position&quot;:&quot;absolute&quot;}\" data-widget_type=\"heading.default\">\n\t\t\t\t<div class=\"elementor-widget-container\">\n\t\t\t\t\t<h2 class=\"elementor-heading-title elementor-size-default\">Expandimos nuestros servicios fuera del condado de Dallas.<\/h2>\t\t\t\t<\/div>\n\t\t\t\t<\/div>\n\t\t\t\t\t<\/div>\n\t\t<\/div>\n\t\t\t\t<div class=\"elementor-column elementor-col-10 elementor-top-column elementor-element elementor-element-b150a89\" data-id=\"b150a89\" data-element_type=\"column\" data-e-type=\"column\" data-settings=\"{&quot;background_background&quot;:&quot;classic&quot;}\">\n\t\t\t<div class=\"elementor-widget-wrap elementor-element-populated\">\n\t\t\t\t\t\t<div class=\"elementor-element elementor-element-f454068 elementor-absolute elementor-widget elementor-widget-heading\" data-id=\"f454068\" data-element_type=\"widget\" data-e-type=\"widget\" data-settings=\"{&quot;_position&quot;:&quot;absolute&quot;}\" data-widget_type=\"heading.default\">\n\t\t\t\t<div class=\"elementor-widget-container\">\n\t\t\t\t\t<h2 class=\"elementor-heading-title elementor-size-default\">Cambi\u00f3 el nombre a \"The Concilio\" para permitir un rango geogr\u00e1fico m\u00e1s amplio para servir a las familias fuera de Dallas.<\/h2>\t\t\t\t<\/div>\n\t\t\t\t<\/div>\n\t\t\t\t<div class=\"elementor-element elementor-element-072dd0c elementor-widget elementor-widget-heading\" data-id=\"072dd0c\" data-element_type=\"widget\" data-e-type=\"widget\" data-widget_type=\"heading.default\">\n\t\t\t\t<div class=\"elementor-widget-container\">\n\t\t\t\t\t<h2 class=\"elementor-heading-title elementor-size-default\">2010<\/h2>\t\t\t\t<\/div>\n\t\t\t\t<\/div>\n\t\t\t\t\t<\/div>\n\t\t<\/div>\n\t\t\t\t<div class=\"elementor-column elementor-col-10 elementor-top-column elementor-element elementor-element-5330e97\" data-id=\"5330e97\" data-element_type=\"column\" data-e-type=\"column\" data-settings=\"{&quot;background_background&quot;:&quot;classic&quot;}\">\n\t\t\t<div class=\"elementor-widget-wrap elementor-element-populated\">\n\t\t\t\t\t\t<div class=\"elementor-element elementor-element-53f75c8 elementor-widget elementor-widget-heading\" data-id=\"53f75c8\" data-element_type=\"widget\" data-e-type=\"widget\" data-widget_type=\"heading.default\">\n\t\t\t\t<div class=\"elementor-widget-container\">\n\t\t\t\t\t<h2 class=\"elementor-heading-title elementor-size-default\">2012<\/h2>\t\t\t\t<\/div>\n\t\t\t\t<\/div>\n\t\t\t\t<div class=\"elementor-element elementor-element-41ee743 elementor-absolute elementor-widget elementor-widget-heading\" data-id=\"41ee743\" data-element_type=\"widget\" data-e-type=\"widget\" data-settings=\"{&quot;_position&quot;:&quot;absolute&quot;}\" data-widget_type=\"heading.default\">\n\t\t\t\t<div class=\"elementor-widget-container\">\n\t\t\t\t\t<h2 class=\"elementor-heading-title elementor-size-default\">Se asoci\u00f3 con el DISD\nen la Iniciativa del Primer D\u00eda de Asistencia\ny atendi\u00f3 a m\u00e1s de\n11.000 familias. Se recaudaron\n 2.000.000 $. <\/h2>\t\t\t\t<\/div>\n\t\t\t\t<\/div>\n\t\t\t\t\t<\/div>\n\t\t<\/div>\n\t\t\t\t<div class=\"elementor-column elementor-col-10 elementor-top-column elementor-element elementor-element-bbd5abb\" data-id=\"bbd5abb\" data-element_type=\"column\" data-e-type=\"column\" data-settings=\"{&quot;background_background&quot;:&quot;classic&quot;}\">\n\t\t\t<div class=\"elementor-widget-wrap elementor-element-populated\">\n\t\t\t\t\t\t<div class=\"elementor-element elementor-element-3a2d373 elementor-absolute elementor-widget elementor-widget-heading\" data-id=\"3a2d373\" data-element_type=\"widget\" data-e-type=\"widget\" data-settings=\"{&quot;_position&quot;:&quot;absolute&quot;}\" data-widget_type=\"heading.default\">\n\t\t\t\t<div class=\"elementor-widget-container\">\n\t\t\t\t\t<h2 class=\"elementor-heading-title elementor-size-default\">Celebr\u00f3 40 a\u00f1os\ny recaud\u00f3 3.000.000 $.  <\/h2>\t\t\t\t<\/div>\n\t\t\t\t<\/div>\n\t\t\t\t<div class=\"elementor-element elementor-element-7c6fc67 elementor-widget elementor-widget-heading\" data-id=\"7c6fc67\" data-element_type=\"widget\" data-e-type=\"widget\" data-widget_type=\"heading.default\">\n\t\t\t\t<div class=\"elementor-widget-container\">\n\t\t\t\t\t<h2 class=\"elementor-heading-title elementor-size-default\">2021<\/h2>\t\t\t\t<\/div>\n\t\t\t\t<\/div>\n\t\t\t\t\t<\/div>\n\t\t<\/div>\n\t\t\t\t<div class=\"elementor-column elementor-col-10 elementor-top-column elementor-element elementor-element-0b3cfd1\" data-id=\"0b3cfd1\" data-element_type=\"column\" data-e-type=\"column\" data-settings=\"{&quot;background_background&quot;:&quot;classic&quot;}\">\n\t\t\t<div class=\"elementor-widget-wrap elementor-element-populated\">\n\t\t\t\t\t\t<div class=\"elementor-element elementor-element-b8e8d21 elementor-widget elementor-widget-heading\" data-id=\"b8e8d21\" data-element_type=\"widget\" data-e-type=\"widget\" data-widget_type=\"heading.default\">\n\t\t\t\t<div class=\"elementor-widget-container\">\n\t\t\t\t\t<h2 class=\"elementor-heading-title elementor-size-default\">2022<\/h2>\t\t\t\t<\/div>\n\t\t\t\t<\/div>\n\t\t\t\t<div class=\"elementor-element elementor-element-cf0b4ef elementor-absolute elementor-widget__width-initial elementor-widget elementor-widget-heading\" data-id=\"cf0b4ef\" data-element_type=\"widget\" data-e-type=\"widget\" data-settings=\"{&quot;_position&quot;:&quot;absolute&quot;}\" data-widget_type=\"heading.default\">\n\t\t\t\t<div class=\"elementor-widget-container\">\n\t\t\t\t\t<h2 class=\"elementor-heading-title elementor-size-default\">La I Cumbre sobre el Poder de los Latinos reuni\u00f3 a l\u00edderes de opini\u00f3n de Think Tanks, que abordaron las lagunas en educaci\u00f3n, salud y riqueza. Esto culmin\u00f3 con la publicaci\u00f3n del Informe sobre el Estado de los Latinos el 6 de diciembre. \n<\/h2>\t\t\t\t<\/div>\n\t\t\t\t<\/div>\n\t\t\t\t\t<\/div>\n\t\t<\/div>\n\t\t\t\t<div class=\"elementor-column elementor-col-10 elementor-top-column elementor-element elementor-element-12ba19b\" data-id=\"12ba19b\" data-element_type=\"column\" data-e-type=\"column\" data-settings=\"{&quot;background_background&quot;:&quot;classic&quot;}\">\n\t\t\t<div class=\"elementor-widget-wrap elementor-element-populated\">\n\t\t\t\t\t\t<div class=\"elementor-element elementor-element-62d68de elementor-absolute elementor-widget__width-initial elementor-widget elementor-widget-heading\" data-id=\"62d68de\" data-element_type=\"widget\" data-e-type=\"widget\" data-settings=\"{&quot;_position&quot;:&quot;absolute&quot;}\" data-widget_type=\"heading.default\">\n\t\t\t\t<div class=\"elementor-widget-container\">\n\t\t\t\t\t<h2 class=\"elementor-heading-title elementor-size-default\">Salimos de la pandemia m\u00e1s fuertes que nunca y revitalizados para seguir sirviendo a nuestra comunidad.<\/h2>\t\t\t\t<\/div>\n\t\t\t\t<\/div>\n\t\t\t\t<div class=\"elementor-element elementor-element-8ecbe9f elementor-widget elementor-widget-heading\" data-id=\"8ecbe9f\" data-element_type=\"widget\" data-e-type=\"widget\" data-widget_type=\"heading.default\">\n\t\t\t\t<div class=\"elementor-widget-container\">\n\t\t\t\t\t<h2 class=\"elementor-heading-title elementor-size-default\">2023<\/h2>\t\t\t\t<\/div>\n\t\t\t\t<\/div>\n\t\t\t\t\t<\/div>\n\t\t<\/div>\n\t\t\t\t\t<\/div>\n\t\t<\/div>\n\t\t\t\t<section class=\"elementor-section elementor-top-section elementor-element elementor-element-d24857b elementor-section-boxed elementor-section-height-default elementor-section-height-default\" data-id=\"d24857b\" data-element_type=\"section\" data-e-type=\"section\">\n\t\t\t\t\t\t<div class=\"elementor-container elementor-column-gap-default\">\n\t\t\t\t\t<div class=\"elementor-column elementor-col-33 elementor-top-column elementor-element elementor-element-1807fa8\" data-id=\"1807fa8\" data-element_type=\"column\" data-e-type=\"column\">\n\t\t\t<div class=\"elementor-widget-wrap elementor-element-populated\">\n\t\t\t\t\t\t<div class=\"elementor-element elementor-element-86c9bdd elementor-widget elementor-widget-image\" data-id=\"86c9bdd\" data-element_type=\"widget\" data-e-type=\"widget\" data-widget_type=\"image.default\">\n\t\t\t\t<div class=\"elementor-widget-container\">\n\t\t\t\t\t\t\t\t\t\t\t\t\t\t\t<img decoding=\"async\" width=\"1024\" height=\"683\" src=\"https:\/\/theconcilio.org\/wp-content\/uploads\/2023\/04\/Website-Proofs-7409161-1024x683.jpg\" class=\"attachment-large size-large wp-image-2245\" alt=\"\" srcset=\"https:\/\/theconcilio.org\/wp-content\/uploads\/2023\/04\/Website-Proofs-7409161-1024x683.jpg 1024w, https:\/\/theconcilio.org\/wp-content\/uploads\/2023\/04\/Website-Proofs-7409161-300x200.jpg 300w, https:\/\/theconcilio.org\/wp-content\/uploads\/2023\/04\/Website-Proofs-7409161-768x512.jpg 768w, https:\/\/theconcilio.org\/wp-content\/uploads\/2023\/04\/Website-Proofs-7409161-1536x1024.jpg 1536w, https:\/\/theconcilio.org\/wp-content\/uploads\/2023\/04\/Website-Proofs-7409161.jpg 1731w\" sizes=\"(max-width: 1024px) 100vw, 1024px\" \/>\t\t\t\t\t\t\t\t\t\t\t\t\t\t\t<\/div>\n\t\t\t\t<\/div>\n\t\t\t\t\t<\/div>\n\t\t<\/div>\n\t\t\t\t<div class=\"elementor-column elementor-col-33 elementor-top-column elementor-element elementor-element-7379bba\" data-id=\"7379bba\" data-element_type=\"column\" data-e-type=\"column\">\n\t\t\t<div class=\"elementor-widget-wrap elementor-element-populated\">\n\t\t\t\t\t\t<div class=\"elementor-element elementor-element-f5cf4a2 elementor-widget elementor-widget-image\" data-id=\"f5cf4a2\" data-element_type=\"widget\" data-e-type=\"widget\" data-widget_type=\"image.default\">\n\t\t\t\t<div class=\"elementor-widget-container\">\n\t\t\t\t\t\t\t\t\t\t\t\t\t\t\t<img decoding=\"async\" width=\"1024\" height=\"683\" src=\"https:\/\/theconcilio.org\/wp-content\/uploads\/2023\/04\/Website-Proofs-7408784-1024x683.jpg\" class=\"attachment-large size-large wp-image-2244\" alt=\"\" srcset=\"https:\/\/theconcilio.org\/wp-content\/uploads\/2023\/04\/Website-Proofs-7408784-1024x683.jpg 1024w, https:\/\/theconcilio.org\/wp-content\/uploads\/2023\/04\/Website-Proofs-7408784-300x200.jpg 300w, https:\/\/theconcilio.org\/wp-content\/uploads\/2023\/04\/Website-Proofs-7408784-768x512.jpg 768w, https:\/\/theconcilio.org\/wp-content\/uploads\/2023\/04\/Website-Proofs-7408784-1536x1024.jpg 1536w, https:\/\/theconcilio.org\/wp-content\/uploads\/2023\/04\/Website-Proofs-7408784.jpg 1731w\" sizes=\"(max-width: 1024px) 100vw, 1024px\" \/>\t\t\t\t\t\t\t\t\t\t\t\t\t\t\t<\/div>\n\t\t\t\t<\/div>\n\t\t\t\t\t<\/div>\n\t\t<\/div>\n\t\t\t\t<div class=\"elementor-column elementor-col-33 elementor-top-column elementor-element elementor-element-6f0a80d\" data-id=\"6f0a80d\" data-element_type=\"column\" data-e-type=\"column\">\n\t\t\t<div class=\"elementor-widget-wrap elementor-element-populated\">\n\t\t\t\t\t\t<div class=\"elementor-element elementor-element-ad7a6dd elementor-widget elementor-widget-image\" data-id=\"ad7a6dd\" data-element_type=\"widget\" data-e-type=\"widget\" data-widget_type=\"image.default\">\n\t\t\t\t<div class=\"elementor-widget-container\">\n\t\t\t\t\t\t\t\t\t\t\t\t\t\t\t<img loading=\"lazy\" decoding=\"async\" width=\"1024\" height=\"683\" src=\"https:\/\/theconcilio.org\/wp-content\/uploads\/2023\/04\/Website-Proofs-7409115-1024x683.jpg\" class=\"attachment-large size-large wp-image-2246\" alt=\"\" srcset=\"https:\/\/theconcilio.org\/wp-content\/uploads\/2023\/04\/Website-Proofs-7409115-1024x683.jpg 1024w, https:\/\/theconcilio.org\/wp-content\/uploads\/2023\/04\/Website-Proofs-7409115-300x200.jpg 300w, https:\/\/theconcilio.org\/wp-content\/uploads\/2023\/04\/Website-Proofs-7409115-768x512.jpg 768w, https:\/\/theconcilio.org\/wp-content\/uploads\/2023\/04\/Website-Proofs-7409115-1536x1024.jpg 1536w, https:\/\/theconcilio.org\/wp-content\/uploads\/2023\/04\/Website-Proofs-7409115.jpg 1731w\" sizes=\"(max-width: 1024px) 100vw, 1024px\" \/>\t\t\t\t\t\t\t\t\t\t\t\t\t\t\t<\/div>\n\t\t\t\t<\/div>\n\t\t\t\t\t<\/div>\n\t\t<\/div>\n\t\t\t\t\t<\/div>\n\t\t<\/section>\n\t\t\t\t<\/div>\n\t\t","protected":false},"excerpt":{"rendered":"<p>MISI\u00d3N Nuestra misi\u00f3n es impulsar cambios transformadores a trav\u00e9s de la innovaci\u00f3n y soluciones que fortalezcan a las familias y comunidades. VISI\u00d3N Nuestra visi\u00f3n es crear caminos donde los latinos redefinan la excelencia, logren el \u00e9xito econ\u00f3mico e inspiren a las pr\u00f3ximas generaciones. A QUI\u00c9N SERVIMOS Ayudamos a las familias latinas a construir una base [&hellip;]<\/p>\n","protected":false},"author":2,"featured_media":0,"parent":0,"menu_order":0,"comment_status":"closed","ping_status":"closed","template":"elementor_header_footer","meta":{"_acf_changed":false,"footnotes":""},"class_list":["post-2449","page","type-page","status-publish","hentry"],"acf":[],"yoast_head":"<!-- This site is optimized with the Yoast SEO plugin v27.5 - https:\/\/yoast.com\/product\/yoast-seo-wordpress\/ -->\n<title>MISI\u00d3N -<\/title>\n<meta name=\"robots\" content=\"index, follow, max-snippet:-1, max-image-preview:large, max-video-preview:-1\" \/>\n<link rel=\"canonical\" href=\"https:\/\/theconcilio.org\/es\/mision\/\" \/>\n<meta property=\"og:locale\" content=\"es_ES\" \/>\n<meta property=\"og:type\" content=\"article\" \/>\n<meta property=\"og:title\" content=\"MISI\u00d3N -\" \/>\n<meta property=\"og:description\" content=\"MISI\u00d3N Nuestra misi\u00f3n es impulsar cambios transformadores a trav\u00e9s de la innovaci\u00f3n y soluciones que fortalezcan a las familias y comunidades. VISI\u00d3N Nuestra visi\u00f3n es crear caminos donde los latinos redefinan la excelencia, logren el \u00e9xito econ\u00f3mico e inspiren a las pr\u00f3ximas generaciones. A QUI\u00c9N SERVIMOS Ayudamos a las familias latinas a construir una base [&hellip;]\" \/>\n<meta property=\"og:url\" content=\"https:\/\/theconcilio.org\/es\/mision\/\" \/>\n<meta property=\"article:publisher\" content=\"https:\/\/www.facebook.com\/theconcilio\" \/>\n<meta property=\"article:modified_time\" content=\"2025-05-21T16:46:30+00:00\" \/>\n<meta property=\"og:image\" content=\"https:\/\/theconcilio.org\/wp-content\/uploads\/2023\/04\/Screen-Shot-2023-01-10-at-6.13.44-PM-1024x743.png\" \/>\n\t<meta property=\"og:image:width\" content=\"1024\" \/>\n\t<meta property=\"og:image:height\" content=\"743\" \/>\n\t<meta property=\"og:image:type\" content=\"image\/png\" \/>\n<meta name=\"twitter:card\" content=\"summary_large_image\" \/>\n<meta name=\"twitter:label1\" content=\"Tiempo de lectura\" \/>\n\t<meta name=\"twitter:data1\" content=\"3 minutos\" \/>\n<script type=\"application\/ld+json\" class=\"yoast-schema-graph\">{\"@context\":\"https:\\\/\\\/schema.org\",\"@graph\":[{\"@type\":\"WebPage\",\"@id\":\"https:\\\/\\\/theconcilio.org\\\/es\\\/mision\\\/\",\"url\":\"https:\\\/\\\/theconcilio.org\\\/es\\\/mision\\\/\",\"name\":\"MISI\u00d3N -\",\"isPartOf\":{\"@id\":\"https:\\\/\\\/theconcilio.org\\\/#website\"},\"primaryImageOfPage\":{\"@id\":\"https:\\\/\\\/theconcilio.org\\\/es\\\/mision\\\/#primaryimage\"},\"image\":{\"@id\":\"https:\\\/\\\/theconcilio.org\\\/es\\\/mision\\\/#primaryimage\"},\"thumbnailUrl\":\"https:\\\/\\\/theconcilio.org\\\/wp-content\\\/uploads\\\/2023\\\/04\\\/Screen-Shot-2023-01-10-at-6.13.44-PM-1024x743.png\",\"datePublished\":\"2023-04-02T14:27:59+00:00\",\"dateModified\":\"2025-05-21T16:46:30+00:00\",\"breadcrumb\":{\"@id\":\"https:\\\/\\\/theconcilio.org\\\/es\\\/mision\\\/#breadcrumb\"},\"inLanguage\":\"es\",\"potentialAction\":[{\"@type\":\"ReadAction\",\"target\":[\"https:\\\/\\\/theconcilio.org\\\/es\\\/mision\\\/\"]}]},{\"@type\":\"ImageObject\",\"inLanguage\":\"es\",\"@id\":\"https:\\\/\\\/theconcilio.org\\\/es\\\/mision\\\/#primaryimage\",\"url\":\"https:\\\/\\\/theconcilio.org\\\/wp-content\\\/uploads\\\/2023\\\/04\\\/Screen-Shot-2023-01-10-at-6.13.44-PM-1024x743.png\",\"contentUrl\":\"https:\\\/\\\/theconcilio.org\\\/wp-content\\\/uploads\\\/2023\\\/04\\\/Screen-Shot-2023-01-10-at-6.13.44-PM-1024x743.png\"},{\"@type\":\"BreadcrumbList\",\"@id\":\"https:\\\/\\\/theconcilio.org\\\/es\\\/mision\\\/#breadcrumb\",\"itemListElement\":[{\"@type\":\"ListItem\",\"position\":1,\"name\":\"Home\",\"item\":\"https:\\\/\\\/theconcilio.org\\\/es\\\/\"},{\"@type\":\"ListItem\",\"position\":2,\"name\":\"MISI\u00d3N\"}]},{\"@type\":\"WebSite\",\"@id\":\"https:\\\/\\\/theconcilio.org\\\/#website\",\"url\":\"https:\\\/\\\/theconcilio.org\\\/\",\"name\":\"The Concilio\",\"description\":\"\",\"publisher\":{\"@id\":\"https:\\\/\\\/theconcilio.org\\\/#organization\"},\"potentialAction\":[{\"@type\":\"SearchAction\",\"target\":{\"@type\":\"EntryPoint\",\"urlTemplate\":\"https:\\\/\\\/theconcilio.org\\\/?s={search_term_string}\"},\"query-input\":{\"@type\":\"PropertyValueSpecification\",\"valueRequired\":true,\"valueName\":\"search_term_string\"}}],\"inLanguage\":\"es\"},{\"@type\":\"Organization\",\"@id\":\"https:\\\/\\\/theconcilio.org\\\/#organization\",\"name\":\"The Concilio\",\"url\":\"https:\\\/\\\/theconcilio.org\\\/\",\"logo\":{\"@type\":\"ImageObject\",\"inLanguage\":\"es\",\"@id\":\"https:\\\/\\\/theconcilio.org\\\/#\\\/schema\\\/logo\\\/image\\\/\",\"url\":\"https:\\\/\\\/theconcilio.org\\\/wp-content\\\/uploads\\\/2023\\\/05\\\/Stacked_Logo_RGB_transparent_bkgd.jpeg\",\"contentUrl\":\"https:\\\/\\\/theconcilio.org\\\/wp-content\\\/uploads\\\/2023\\\/05\\\/Stacked_Logo_RGB_transparent_bkgd.jpeg\",\"width\":500,\"height\":312,\"caption\":\"The Concilio\"},\"image\":{\"@id\":\"https:\\\/\\\/theconcilio.org\\\/#\\\/schema\\\/logo\\\/image\\\/\"},\"sameAs\":[\"https:\\\/\\\/www.facebook.com\\\/theconcilio\",\"https:\\\/\\\/www.instagram.com\\\/theconcilio\",\"https:\\\/\\\/www.linkedin.com\\\/company\\\/the-concilio\\\/\"]}]}<\/script>\n<!-- \/ Yoast SEO plugin. -->","yoast_head_json":{"title":"MISI\u00d3N -","robots":{"index":"index","follow":"follow","max-snippet":"max-snippet:-1","max-image-preview":"max-image-preview:large","max-video-preview":"max-video-preview:-1"},"canonical":"https:\/\/theconcilio.org\/es\/mision\/","og_locale":"es_ES","og_type":"article","og_title":"MISI\u00d3N -","og_description":"MISI\u00d3N Nuestra misi\u00f3n es impulsar cambios transformadores a trav\u00e9s de la innovaci\u00f3n y soluciones que fortalezcan a las familias y comunidades. VISI\u00d3N Nuestra visi\u00f3n es crear caminos donde los latinos redefinan la excelencia, logren el \u00e9xito econ\u00f3mico e inspiren a las pr\u00f3ximas generaciones. A QUI\u00c9N SERVIMOS Ayudamos a las familias latinas a construir una base [&hellip;]","og_url":"https:\/\/theconcilio.org\/es\/mision\/","article_publisher":"https:\/\/www.facebook.com\/theconcilio","article_modified_time":"2025-05-21T16:46:30+00:00","og_image":[{"width":1024,"height":743,"url":"https:\/\/theconcilio.org\/wp-content\/uploads\/2023\/04\/Screen-Shot-2023-01-10-at-6.13.44-PM-1024x743.png","type":"image\/png"}],"twitter_card":"summary_large_image","twitter_misc":{"Tiempo de lectura":"3 minutos"},"schema":{"@context":"https:\/\/schema.org","@graph":[{"@type":"WebPage","@id":"https:\/\/theconcilio.org\/es\/mision\/","url":"https:\/\/theconcilio.org\/es\/mision\/","name":"MISI\u00d3N -","isPartOf":{"@id":"https:\/\/theconcilio.org\/#website"},"primaryImageOfPage":{"@id":"https:\/\/theconcilio.org\/es\/mision\/#primaryimage"},"image":{"@id":"https:\/\/theconcilio.org\/es\/mision\/#primaryimage"},"thumbnailUrl":"https:\/\/theconcilio.org\/wp-content\/uploads\/2023\/04\/Screen-Shot-2023-01-10-at-6.13.44-PM-1024x743.png","datePublished":"2023-04-02T14:27:59+00:00","dateModified":"2025-05-21T16:46:30+00:00","breadcrumb":{"@id":"https:\/\/theconcilio.org\/es\/mision\/#breadcrumb"},"inLanguage":"es","potentialAction":[{"@type":"ReadAction","target":["https:\/\/theconcilio.org\/es\/mision\/"]}]},{"@type":"ImageObject","inLanguage":"es","@id":"https:\/\/theconcilio.org\/es\/mision\/#primaryimage","url":"https:\/\/theconcilio.org\/wp-content\/uploads\/2023\/04\/Screen-Shot-2023-01-10-at-6.13.44-PM-1024x743.png","contentUrl":"https:\/\/theconcilio.org\/wp-content\/uploads\/2023\/04\/Screen-Shot-2023-01-10-at-6.13.44-PM-1024x743.png"},{"@type":"BreadcrumbList","@id":"https:\/\/theconcilio.org\/es\/mision\/#breadcrumb","itemListElement":[{"@type":"ListItem","position":1,"name":"Home","item":"https:\/\/theconcilio.org\/es\/"},{"@type":"ListItem","position":2,"name":"MISI\u00d3N"}]},{"@type":"WebSite","@id":"https:\/\/theconcilio.org\/#website","url":"https:\/\/theconcilio.org\/","name":"The Concilio","description":"","publisher":{"@id":"https:\/\/theconcilio.org\/#organization"},"potentialAction":[{"@type":"SearchAction","target":{"@type":"EntryPoint","urlTemplate":"https:\/\/theconcilio.org\/?s={search_term_string}"},"query-input":{"@type":"PropertyValueSpecification","valueRequired":true,"valueName":"search_term_string"}}],"inLanguage":"es"},{"@type":"Organization","@id":"https:\/\/theconcilio.org\/#organization","name":"The Concilio","url":"https:\/\/theconcilio.org\/","logo":{"@type":"ImageObject","inLanguage":"es","@id":"https:\/\/theconcilio.org\/#\/schema\/logo\/image\/","url":"https:\/\/theconcilio.org\/wp-content\/uploads\/2023\/05\/Stacked_Logo_RGB_transparent_bkgd.jpeg","contentUrl":"https:\/\/theconcilio.org\/wp-content\/uploads\/2023\/05\/Stacked_Logo_RGB_transparent_bkgd.jpeg","width":500,"height":312,"caption":"The Concilio"},"image":{"@id":"https:\/\/theconcilio.org\/#\/schema\/logo\/image\/"},"sameAs":["https:\/\/www.facebook.com\/theconcilio","https:\/\/www.instagram.com\/theconcilio","https:\/\/www.linkedin.com\/company\/the-concilio\/"]}]}},"_links":{"self":[{"href":"https:\/\/theconcilio.org\/es\/wp-json\/wp\/v2\/pages\/2449","targetHints":{"allow":["GET"]}}],"collection":[{"href":"https:\/\/theconcilio.org\/es\/wp-json\/wp\/v2\/pages"}],"about":[{"href":"https:\/\/theconcilio.org\/es\/wp-json\/wp\/v2\/types\/page"}],"author":[{"embeddable":true,"href":"https:\/\/theconcilio.org\/es\/wp-json\/wp\/v2\/users\/2"}],"replies":[{"embeddable":true,"href":"https:\/\/theconcilio.org\/es\/wp-json\/wp\/v2\/comments?post=2449"}],"version-history":[{"count":27,"href":"https:\/\/theconcilio.org\/es\/wp-json\/wp\/v2\/pages\/2449\/revisions"}],"predecessor-version":[{"id":7478,"href":"https:\/\/theconcilio.org\/es\/wp-json\/wp\/v2\/pages\/2449\/revisions\/7478"}],"wp:attachment":[{"href":"https:\/\/theconcilio.org\/es\/wp-json\/wp\/v2\/media?parent=2449"}],"curies":[{"name":"wp","href":"https:\/\/api.w.org\/{rel}","templated":true}]}}