{"id":3067,"date":"2023-05-12T07:11:38","date_gmt":"2023-05-12T07:11:38","guid":{"rendered":"https:\/\/theconcilio.org\/asistencia-medica\/"},"modified":"2023-08-20T15:20:09","modified_gmt":"2023-08-20T15:20:09","slug":"asistencia-medica","status":"publish","type":"page","link":"https:\/\/theconcilio.org\/es\/asistencia-medica\/","title":{"rendered":"ASISTENCIA M\u00c9DICA"},"content":{"rendered":"\t\t<div data-elementor-type=\"wp-page\" data-elementor-id=\"3067\" class=\"elementor elementor-3067 elementor-1630\" data-elementor-post-type=\"page\">\n\t\t\t\t\t\t<section class=\"elementor-section elementor-top-section elementor-element elementor-element-24eccfe elementor-section-boxed elementor-section-height-default elementor-section-height-default\" data-id=\"24eccfe\" data-element_type=\"section\" data-e-type=\"section\" data-settings=\"{&quot;background_background&quot;:&quot;classic&quot;}\">\n\t\t\t\t\t\t<div class=\"elementor-container elementor-column-gap-default\">\n\t\t\t\t\t<div class=\"elementor-column elementor-col-100 elementor-top-column elementor-element elementor-element-8d13ef7\" data-id=\"8d13ef7\" data-element_type=\"column\" data-e-type=\"column\">\n\t\t\t<div class=\"elementor-widget-wrap elementor-element-populated\">\n\t\t\t\t\t\t<div class=\"elementor-element elementor-element-fd301ea elementor-widget elementor-widget-heading\" data-id=\"fd301ea\" data-element_type=\"widget\" data-e-type=\"widget\" data-widget_type=\"heading.default\">\n\t\t\t\t<div class=\"elementor-widget-container\">\n\t\t\t\t\t<h3 class=\"elementor-heading-title elementor-size-default\">RECURSOS GENERALES<\/h3>\t\t\t\t<\/div>\n\t\t\t\t<\/div>\n\t\t\t\t<div class=\"elementor-element elementor-element-7387c60 elementor-widget elementor-widget-heading\" data-id=\"7387c60\" data-element_type=\"widget\" data-e-type=\"widget\" data-widget_type=\"heading.default\">\n\t\t\t\t<div class=\"elementor-widget-container\">\n\t\t\t\t\t<p class=\"elementor-heading-title elementor-size-default\">Necesite lo que necesite, le cubrimos las espaldas. Proporcionamos una amplia variedad de recursos a las comunidades a las que servimos para fortalecerles y capacitarles para vivir su mejor vida. Que te echen una mano cuando m\u00e1s lo necesites. \n <\/p>\t\t\t\t<\/div>\n\t\t\t\t<\/div>\n\t\t\t\t\t<\/div>\n\t\t<\/div>\n\t\t\t\t\t<\/div>\n\t\t<\/section>\n\t\t\t\t<section class=\"elementor-section elementor-top-section elementor-element elementor-element-d7878ed program-tab-container elementor-section-boxed elementor-section-height-default elementor-section-height-default\" data-id=\"d7878ed\" data-element_type=\"section\" data-e-type=\"section\">\n\t\t\t\t\t\t<div class=\"elementor-container elementor-column-gap-default\">\n\t\t\t\t\t<div class=\"elementor-column elementor-col-14 elementor-top-column elementor-element elementor-element-ccab162 program-tabs\" data-id=\"ccab162\" data-element_type=\"column\" data-e-type=\"column\" data-settings=\"{&quot;background_background&quot;:&quot;classic&quot;}\" data-tab-value=\"food-needs\">\n\t\t\t<div class=\"elementor-widget-wrap elementor-element-populated\">\n\t\t\t\t\t\t<div class=\"elementor-element elementor-element-000c058 elementor-widget elementor-widget-heading\" data-id=\"000c058\" data-element_type=\"widget\" data-e-type=\"widget\" data-widget_type=\"heading.default\">\n\t\t\t\t<div class=\"elementor-widget-container\">\n\t\t\t\t\t<h2 class=\"elementor-heading-title elementor-size-default\"><a href=\"https:\/\/theconcilio.org\/es\/alimentacion-y-necesidades-basicas\/\">ALIMENTACI\u00d3N Y PRODUCTOS B\u00c1SICOS NECESITA<\/a><\/h2>\t\t\t\t<\/div>\n\t\t\t\t<\/div>\n\t\t\t\t\t<\/div>\n\t\t<\/div>\n\t\t\t\t<div class=\"elementor-column elementor-col-14 elementor-top-column elementor-element elementor-element-41dbf51 program-tabs\" data-id=\"41dbf51\" data-element_type=\"column\" data-e-type=\"column\" data-settings=\"{&quot;background_background&quot;:&quot;classic&quot;}\" data-tab-value=\"rental-assistance\">\n\t\t\t<div class=\"elementor-widget-wrap elementor-element-populated\">\n\t\t\t\t\t\t<div class=\"elementor-element elementor-element-ba8e9df elementor-widget elementor-widget-heading\" data-id=\"ba8e9df\" data-element_type=\"widget\" data-e-type=\"widget\" data-widget_type=\"heading.default\">\n\t\t\t\t<div class=\"elementor-widget-container\">\n\t\t\t\t\t<h2 class=\"elementor-heading-title elementor-size-default\"><a href=\"https:\/\/theconcilio.org\/es\/asistencia-de-renta-y-servicios-publicos\/\">ALQUILER Y SERVICIOS P\u00daBLICOS ASISTENCIA<\/a><\/h2>\t\t\t\t<\/div>\n\t\t\t\t<\/div>\n\t\t\t\t\t<\/div>\n\t\t<\/div>\n\t\t\t\t<div class=\"elementor-column elementor-col-14 elementor-top-column elementor-element elementor-element-2156d1b program-tabs\" data-id=\"2156d1b\" data-element_type=\"column\" data-e-type=\"column\" data-settings=\"{&quot;background_background&quot;:&quot;classic&quot;}\" data-tab-value=\"rental-assistance\">\n\t\t\t<div class=\"elementor-widget-wrap elementor-element-populated\">\n\t\t\t\t\t\t<div class=\"elementor-element elementor-element-2bd8bb6 elementor-widget elementor-widget-heading\" data-id=\"2bd8bb6\" data-element_type=\"widget\" data-e-type=\"widget\" data-widget_type=\"heading.default\">\n\t\t\t\t<div class=\"elementor-widget-container\">\n\t\t\t\t\t<h2 class=\"elementor-heading-title elementor-size-default\"><a href=\"https:\/\/theconcilio.org\/es\/desempleo-y-compensacion-de-trabajadores\/\">DESEMPLEO Y COMPENSACI\u00d3N<\/a><\/h2>\t\t\t\t<\/div>\n\t\t\t\t<\/div>\n\t\t\t\t\t<\/div>\n\t\t<\/div>\n\t\t\t\t<div class=\"elementor-column elementor-col-14 elementor-top-column elementor-element elementor-element-45cc209 program-tabs\" data-id=\"45cc209\" data-element_type=\"column\" data-e-type=\"column\" data-settings=\"{&quot;background_background&quot;:&quot;classic&quot;}\" data-tab-value=\"mental-health\">\n\t\t\t<div class=\"elementor-widget-wrap elementor-element-populated\">\n\t\t\t\t\t\t<div class=\"elementor-element elementor-element-41efe45 elementor-widget elementor-widget-heading\" data-id=\"41efe45\" data-element_type=\"widget\" data-e-type=\"widget\" data-widget_type=\"heading.default\">\n\t\t\t\t<div class=\"elementor-widget-container\">\n\t\t\t\t\t<h2 class=\"elementor-heading-title elementor-size-default\"><a href=\"https:\/\/theconcilio.org\/es\/salud-mental\/\">SALUD MENTAL<\/a><\/h2>\t\t\t\t<\/div>\n\t\t\t\t<\/div>\n\t\t\t\t\t<\/div>\n\t\t<\/div>\n\t\t\t\t<div class=\"elementor-column elementor-col-14 elementor-top-column elementor-element elementor-element-e271cdc program-tabs\" data-id=\"e271cdc\" data-element_type=\"column\" data-e-type=\"column\" data-settings=\"{&quot;background_background&quot;:&quot;classic&quot;}\" data-tab-value=\"domestic-referrals\">\n\t\t\t<div class=\"elementor-widget-wrap elementor-element-populated\">\n\t\t\t\t\t\t<div class=\"elementor-element elementor-element-0879db5 elementor-widget elementor-widget-heading\" data-id=\"0879db5\" data-element_type=\"widget\" data-e-type=\"widget\" data-widget_type=\"heading.default\">\n\t\t\t\t<div class=\"elementor-widget-container\">\n\t\t\t\t\t<h2 class=\"elementor-heading-title elementor-size-default\"><a href=\"https:\/\/theconcilio.org\/es\/violencia-domestica-y-asalto-sexual\/\">VIOLENCIA DOM\u00c9STICA Y AGRESI\u00d3N SEXUAL REFERENCIAS<\/a><\/h2>\t\t\t\t<\/div>\n\t\t\t\t<\/div>\n\t\t\t\t\t<\/div>\n\t\t<\/div>\n\t\t\t\t<div class=\"elementor-column elementor-col-14 elementor-top-column elementor-element elementor-element-26f2579 program-tabs\" data-id=\"26f2579\" data-element_type=\"column\" data-e-type=\"column\" data-settings=\"{&quot;background_background&quot;:&quot;classic&quot;}\" data-tab-value=\"financial-stable\">\n\t\t\t<div class=\"elementor-widget-wrap elementor-element-populated\">\n\t\t\t\t\t\t<div class=\"elementor-element elementor-element-44b826d elementor-widget elementor-widget-heading\" data-id=\"44b826d\" data-element_type=\"widget\" data-e-type=\"widget\" data-widget_type=\"heading.default\">\n\t\t\t\t<div class=\"elementor-widget-container\">\n\t\t\t\t\t<h2 class=\"elementor-heading-title elementor-size-default\"><a href=\"https:\/\/theconcilio.org\/es\/educacion\/\">EDUCACI\u00d3N<\/a><\/h2>\t\t\t\t<\/div>\n\t\t\t\t<\/div>\n\t\t\t\t\t<\/div>\n\t\t<\/div>\n\t\t\t\t<div class=\"elementor-column elementor-col-14 elementor-top-column elementor-element elementor-element-a928939 program-tabs\" data-id=\"a928939\" data-element_type=\"column\" data-e-type=\"column\" data-settings=\"{&quot;background_background&quot;:&quot;classic&quot;}\" data-tab-value=\"financial-empowerment\">\n\t\t\t<div class=\"elementor-widget-wrap elementor-element-populated\">\n\t\t\t\t\t\t<div class=\"elementor-element elementor-element-4927d74 elementor-widget elementor-widget-heading\" data-id=\"4927d74\" data-element_type=\"widget\" data-e-type=\"widget\" data-widget_type=\"heading.default\">\n\t\t\t\t<div class=\"elementor-widget-container\">\n\t\t\t\t\t<h2 class=\"elementor-heading-title elementor-size-default\"><a href=\"https:\/\/theconcilio.org\/es\/asistencia-medica\/\">ASISTENCIA M\u00c9DICA<\/a><\/h2>\t\t\t\t<\/div>\n\t\t\t\t<\/div>\n\t\t\t\t\t<\/div>\n\t\t<\/div>\n\t\t\t\t\t<\/div>\n\t\t<\/section>\n\t\t\t\t<section class=\"elementor-section elementor-top-section elementor-element elementor-element-9ea59db elementor-section-boxed elementor-section-height-default elementor-section-height-default\" data-id=\"9ea59db\" data-element_type=\"section\" data-e-type=\"section\">\n\t\t\t\t\t\t<div class=\"elementor-container elementor-column-gap-default\">\n\t\t\t\t\t<div class=\"elementor-column elementor-col-100 elementor-top-column elementor-element elementor-element-37b065b\" data-id=\"37b065b\" data-element_type=\"column\" data-e-type=\"column\">\n\t\t\t<div class=\"elementor-widget-wrap elementor-element-populated\">\n\t\t\t\t\t\t<div class=\"elementor-element elementor-element-124c940 elementor-widget elementor-widget-spacer\" data-id=\"124c940\" data-element_type=\"widget\" data-e-type=\"widget\" data-widget_type=\"spacer.default\">\n\t\t\t\t<div class=\"elementor-widget-container\">\n\t\t\t\t\t\t\t<div class=\"elementor-spacer\">\n\t\t\t<div class=\"elementor-spacer-inner\"><\/div>\n\t\t<\/div>\n\t\t\t\t\t\t<\/div>\n\t\t\t\t<\/div>\n\t\t\t\t\t<\/div>\n\t\t<\/div>\n\t\t\t\t\t<\/div>\n\t\t<\/section>\n\t\t\t\t<section class=\"elementor-section elementor-top-section elementor-element elementor-element-42fbf26 elementor-section-boxed elementor-section-height-default elementor-section-height-default\" data-id=\"42fbf26\" data-element_type=\"section\" data-e-type=\"section\">\n\t\t\t\t\t\t<div class=\"elementor-container elementor-column-gap-default\">\n\t\t\t\t\t<div class=\"elementor-column elementor-col-100 elementor-top-column elementor-element elementor-element-528b409\" data-id=\"528b409\" data-element_type=\"column\" data-e-type=\"column\">\n\t\t\t<div class=\"elementor-widget-wrap elementor-element-populated\">\n\t\t\t\t\t\t<div class=\"elementor-element elementor-element-38e54d7 elementor-widget elementor-widget-heading\" data-id=\"38e54d7\" data-element_type=\"widget\" data-e-type=\"widget\" data-widget_type=\"heading.default\">\n\t\t\t\t<div class=\"elementor-widget-container\">\n\t\t\t\t\t<h2 class=\"elementor-heading-title elementor-size-default\">MEDICAL CLINICS<\/h2>\t\t\t\t<\/div>\n\t\t\t\t<\/div>\n\t\t\t\t<div class=\"elementor-element elementor-element-8664d69 elementor-widget elementor-widget-heading\" data-id=\"8664d69\" data-element_type=\"widget\" data-e-type=\"widget\" data-widget_type=\"heading.default\">\n\t\t\t\t<div class=\"elementor-widget-container\">\n\t\t\t\t\t<h2 class=\"elementor-heading-title elementor-size-default\">BAYLOR SCOTT Y WHITE CITYSQUARE<\/h2>\t\t\t\t<\/div>\n\t\t\t\t<\/div>\n\t\t\t\t<div class=\"elementor-element elementor-element-4ada1e7 elementor-widget elementor-widget-text-editor\" data-id=\"4ada1e7\" data-element_type=\"widget\" data-e-type=\"widget\" data-widget_type=\"text-editor.default\">\n\t\t\t\t<div class=\"elementor-widget-container\">\n\t\t\t\t\t\t\t\t\t<p><span style=\"color: #0a2240; font-family: Josefin Sans, sans-serif;\"><span style=\"white-space-collapse: preserve;\">Actualmente abierto para visitas f\u00edsicas, es indispensable el uso de mascarilla. Para programar una cita, llame al 972-817-6000, de lunes a viernes de 8 a.m. a 5 p.m. Las visitas virtuales tambi\u00e9n est\u00e1n disponibles.<\/span><\/span><\/p>\t\t\t\t\t\t\t\t<\/div>\n\t\t\t\t<\/div>\n\t\t\t\t<div class=\"elementor-element elementor-element-f62f453 elementor-widget-divider--view-line elementor-widget elementor-widget-divider\" data-id=\"f62f453\" data-element_type=\"widget\" data-e-type=\"widget\" data-widget_type=\"divider.default\">\n\t\t\t\t<div class=\"elementor-widget-container\">\n\t\t\t\t\t\t\t<div class=\"elementor-divider\">\n\t\t\t<span class=\"elementor-divider-separator\">\n\t\t\t\t\t\t<\/span>\n\t\t<\/div>\n\t\t\t\t\t\t<\/div>\n\t\t\t\t<\/div>\n\t\t\t\t<div class=\"elementor-element elementor-element-fc2218d elementor-widget elementor-widget-heading\" data-id=\"fc2218d\" data-element_type=\"widget\" data-e-type=\"widget\" data-widget_type=\"heading.default\">\n\t\t\t\t<div class=\"elementor-widget-container\">\n\t\t\t\t\t<h2 class=\"elementor-heading-title elementor-size-default\">HOSPITAL DE SALUD INFANTIL<\/h2>\t\t\t\t<\/div>\n\t\t\t\t<\/div>\n\t\t\t\t<div class=\"elementor-element elementor-element-f585887 elementor-widget elementor-widget-text-editor\" data-id=\"f585887\" data-element_type=\"widget\" data-e-type=\"widget\" data-widget_type=\"text-editor.default\">\n\t\t\t\t<div class=\"elementor-widget-container\">\n\t\t\t\t\t\t\t\t\t<p><span style=\"color: #0a2240; font-family: 'Josefin Sans'; font-size: 12pt; font-weight: var( --e-global-typography-20b7cb4-font-weight ); letter-spacing: var( --e-global-typography-20b7cb4-letter-spacing ); word-spacing: var( --e-global-typography-20b7cb4-word-spacing );\">Puedes solicitar una cita a trav\u00e9s de <span style=\"text-decoration: underline;\"><a href=\"https:\/\/www.childrens.com\/specialties-services\/request-an-appointment\">este enlace<\/a><\/span> y encontrar informaci\u00f3n sobre revisi\u00f3n virtuales <span style=\"text-decoration: underline;\"><a href=\"https:\/\/www.childrens.com\/covid-19\/for-patient-families\/online-screening\">aqu\u00ed<\/a><\/span>. Tambi\u00e9n puede programar una cita virtual a trav\u00e9s del <span style=\"text-decoration: underline;\"><a href=\"https:\/\/www.childrens.com\/specialties-services\/virtual-care\/virtual-visit\">sitio web<\/a><\/span> de Children&#8217;s Health Hospital. Para asistencia inmediata, llame al 855-269-3557. La atenci\u00f3n est\u00e1 disponible las 24 horas, los 7 d\u00edas de la semana.<\/span><\/p>\t\t\t\t\t\t\t\t<\/div>\n\t\t\t\t<\/div>\n\t\t\t\t<div class=\"elementor-element elementor-element-fded014 elementor-widget-divider--view-line elementor-widget elementor-widget-divider\" data-id=\"fded014\" data-element_type=\"widget\" data-e-type=\"widget\" data-widget_type=\"divider.default\">\n\t\t\t\t<div class=\"elementor-widget-container\">\n\t\t\t\t\t\t\t<div class=\"elementor-divider\">\n\t\t\t<span class=\"elementor-divider-separator\">\n\t\t\t\t\t\t<\/span>\n\t\t<\/div>\n\t\t\t\t\t\t<\/div>\n\t\t\t\t<\/div>\n\t\t\t\t<div class=\"elementor-element elementor-element-6551342 elementor-widget elementor-widget-heading\" data-id=\"6551342\" data-element_type=\"widget\" data-e-type=\"widget\" data-widget_type=\"heading.default\">\n\t\t\t\t<div class=\"elementor-widget-container\">\n\t\t\t\t\t<h2 class=\"elementor-heading-title elementor-size-default\">LIFEPATH SYSTEMS<\/h2>\t\t\t\t<\/div>\n\t\t\t\t<\/div>\n\t\t\t\t<div class=\"elementor-element elementor-element-e4e153b elementor-widget elementor-widget-text-editor\" data-id=\"e4e153b\" data-element_type=\"widget\" data-e-type=\"widget\" data-widget_type=\"text-editor.default\">\n\t\t\t\t<div class=\"elementor-widget-container\">\n\t\t\t\t\t\t\t\t\t<p><span style=\"color: #0a2240; font-family: Josefin Sans, sans-serif;\"><span style=\"white-space-collapse: preserve;\">Ayuda a las personas y sus familias a lidiar con enfermedades mentales, discapacidades intelectuales y retrasos en el desarrollo. Actualmente brinda servicios virtuales. No se necesita seguro. Para obtener informaci\u00f3n sobre la documentaci\u00f3n y programar una cita, llame al 844-544-5939.<\/span><\/span><\/p>\t\t\t\t\t\t\t\t<\/div>\n\t\t\t\t<\/div>\n\t\t\t\t<div class=\"elementor-element elementor-element-0dc0430 elementor-widget-divider--view-line elementor-widget elementor-widget-divider\" data-id=\"0dc0430\" data-element_type=\"widget\" data-e-type=\"widget\" data-widget_type=\"divider.default\">\n\t\t\t\t<div class=\"elementor-widget-container\">\n\t\t\t\t\t\t\t<div class=\"elementor-divider\">\n\t\t\t<span class=\"elementor-divider-separator\">\n\t\t\t\t\t\t<\/span>\n\t\t<\/div>\n\t\t\t\t\t\t<\/div>\n\t\t\t\t<\/div>\n\t\t\t\t<div class=\"elementor-element elementor-element-65a9e36 elementor-widget elementor-widget-heading\" data-id=\"65a9e36\" data-element_type=\"widget\" data-e-type=\"widget\" data-widget_type=\"heading.default\">\n\t\t\t\t<div class=\"elementor-widget-container\">\n\t\t\t\t\t<h2 class=\"elementor-heading-title elementor-size-default\">NORTH TEXAS AREA COMMUNITY HEALTH CENTERS<\/h2>\t\t\t\t<\/div>\n\t\t\t\t<\/div>\n\t\t\t\t<div class=\"elementor-element elementor-element-369c0a0 elementor-widget elementor-widget-text-editor\" data-id=\"369c0a0\" data-element_type=\"widget\" data-e-type=\"widget\" data-widget_type=\"text-editor.default\">\n\t\t\t\t<div class=\"elementor-widget-container\">\n\t\t\t\t\t\t\t\t\t<p><span style=\"color: #0a2240; font-family: Josefin Sans, sans-serif;\"><span style=\"white-space-collapse: preserve;\">Esta pr\u00e1ctica m\u00e9dica familiar que atiende a la comunidad, ofrece una gama completa de servicios de atenci\u00f3n m\u00e9dica y de salud para adultos y ni\u00f1os en las \u00e1reas de Fort Worth y Arlington, incluye citas virtuales. Aceptan la mayor\u00eda de los seguros, incluidos Medicaid, Medicare y CHIP, y tienen un programa de asistencia financiera para quienes no tienen seguro. Personal cl\u00ednico biling\u00fce. Llame al <\/span><\/span><span style=\"color: #0a2240; font-family: 'Josefin Sans', sans-serif; white-space-collapse: preserve;\">817-625-4254<\/span> <span style=\"color: #0a2240; font-family: Josefin Sans, sans-serif;\"><span style=\"white-space-collapse: preserve;\">o visite su <a href=\"https:\/\/ntachc.org\/\"><span style=\"text-decoration: underline;\">sitio web<\/span><\/a><\/span><\/span><span style=\"color: #0a2240; font-family: Josefin Sans, sans-serif;\"><span style=\"white-space-collapse: preserve;\"> para solicitar una cita.<\/span><\/span><\/p>\t\t\t\t\t\t\t\t<\/div>\n\t\t\t\t<\/div>\n\t\t\t\t<div class=\"elementor-element elementor-element-9b9576a elementor-widget-divider--view-line elementor-widget elementor-widget-divider\" data-id=\"9b9576a\" data-element_type=\"widget\" data-e-type=\"widget\" data-widget_type=\"divider.default\">\n\t\t\t\t<div class=\"elementor-widget-container\">\n\t\t\t\t\t\t\t<div class=\"elementor-divider\">\n\t\t\t<span class=\"elementor-divider-separator\">\n\t\t\t\t\t\t<\/span>\n\t\t<\/div>\n\t\t\t\t\t\t<\/div>\n\t\t\t\t<\/div>\n\t\t\t\t<div class=\"elementor-element elementor-element-b5c2e15 elementor-widget elementor-widget-heading\" data-id=\"b5c2e15\" data-element_type=\"widget\" data-e-type=\"widget\" data-widget_type=\"heading.default\">\n\t\t\t\t<div class=\"elementor-widget-container\">\n\t\t\t\t\t<h2 class=\"elementor-heading-title elementor-size-default\">PEDI PLACE<\/h2>\t\t\t\t<\/div>\n\t\t\t\t<\/div>\n\t\t\t\t<div class=\"elementor-element elementor-element-cc47f87 elementor-widget elementor-widget-text-editor\" data-id=\"cc47f87\" data-element_type=\"widget\" data-e-type=\"widget\" data-widget_type=\"text-editor.default\">\n\t\t\t\t<div class=\"elementor-widget-container\">\n\t\t\t\t\t\t\t\t\t<p><span style=\"color: #0a2240; font-family: Josefin Sans, sans-serif;\"><span style=\"white-space-collapse: preserve;\">Atenci\u00f3n m\u00e9dica pedi\u00e1trica sin fines de lucro para ni\u00f1os desde el nacimiento hasta los 18 a\u00f1os que no tienen seguro o que reciben Medicaid o CHIP. Puede llamar al 972-436-7962 o visitar el <a href=\"https:\/\/www.pediplace.org\/\"><span style=\"text-decoration: underline;\">sitio web<\/span><\/a> para programar una cita. <\/span><\/span><\/p>\t\t\t\t\t\t\t\t<\/div>\n\t\t\t\t<\/div>\n\t\t\t\t<div class=\"elementor-element elementor-element-deb4ada elementor-widget-divider--view-line elementor-widget elementor-widget-divider\" data-id=\"deb4ada\" data-element_type=\"widget\" data-e-type=\"widget\" data-widget_type=\"divider.default\">\n\t\t\t\t<div class=\"elementor-widget-container\">\n\t\t\t\t\t\t\t<div class=\"elementor-divider\">\n\t\t\t<span class=\"elementor-divider-separator\">\n\t\t\t\t\t\t<\/span>\n\t\t<\/div>\n\t\t\t\t\t\t<\/div>\n\t\t\t\t<\/div>\n\t\t\t\t<div class=\"elementor-element elementor-element-becd918 elementor-widget elementor-widget-heading\" data-id=\"becd918\" data-element_type=\"widget\" data-e-type=\"widget\" data-widget_type=\"heading.default\">\n\t\t\t\t<div class=\"elementor-widget-container\">\n\t\t\t\t\t<h2 class=\"elementor-heading-title elementor-size-default\">PRIMARY CARE CLINIC OF NORTH TEXAS<\/h2>\t\t\t\t<\/div>\n\t\t\t\t<\/div>\n\t\t\t\t<div class=\"elementor-element elementor-element-06e8a3f elementor-widget elementor-widget-text-editor\" data-id=\"06e8a3f\" data-element_type=\"widget\" data-e-type=\"widget\" data-widget_type=\"text-editor.default\">\n\t\t\t\t<div class=\"elementor-widget-container\">\n\t\t\t\t\t\t\t\t\t<p><span style=\"color: #0a2240; font-family: Josefin Sans, sans-serif;\"><span style=\"white-space-collapse: preserve;\">Las visitas virtuales se realizan a trav\u00e9s de Facetime o por tel\u00e9fono. No se necesita seguro. Cuota de visita de $45 por cita. Llame al 214-378-6005 o visite el <span style=\"text-decoration: underline;\"><a href=\"https:\/\/www.primarycareclinic.org\/services\">sitio web<\/a><\/span> de la Cl\u00ednica de Atenci\u00f3n Primaria para obtener informaci\u00f3n adicional.<\/span><\/span><\/p>\t\t\t\t\t\t\t\t<\/div>\n\t\t\t\t<\/div>\n\t\t\t\t\t<\/div>\n\t\t<\/div>\n\t\t\t\t\t<\/div>\n\t\t<\/section>\n\t\t\t\t<section class=\"elementor-section elementor-top-section elementor-element elementor-element-6ce9919 elementor-section-boxed elementor-section-height-default elementor-section-height-default\" data-id=\"6ce9919\" data-element_type=\"section\" data-e-type=\"section\">\n\t\t\t\t\t\t<div class=\"elementor-container elementor-column-gap-default\">\n\t\t\t\t\t<div class=\"elementor-column elementor-col-100 elementor-top-column elementor-element elementor-element-fdafb04\" data-id=\"fdafb04\" data-element_type=\"column\" data-e-type=\"column\">\n\t\t\t<div class=\"elementor-widget-wrap elementor-element-populated\">\n\t\t\t\t\t\t<div class=\"elementor-element elementor-element-8857763 elementor-widget elementor-widget-spacer\" data-id=\"8857763\" data-element_type=\"widget\" data-e-type=\"widget\" data-widget_type=\"spacer.default\">\n\t\t\t\t<div class=\"elementor-widget-container\">\n\t\t\t\t\t\t\t<div class=\"elementor-spacer\">\n\t\t\t<div class=\"elementor-spacer-inner\"><\/div>\n\t\t<\/div>\n\t\t\t\t\t\t<\/div>\n\t\t\t\t<\/div>\n\t\t\t\t\t<\/div>\n\t\t<\/div>\n\t\t\t\t\t<\/div>\n\t\t<\/section>\n\t\t\t\t<section class=\"elementor-section elementor-top-section elementor-element elementor-element-00b1f97 elementor-section-boxed elementor-section-height-default elementor-section-height-default\" data-id=\"00b1f97\" data-element_type=\"section\" data-e-type=\"section\">\n\t\t\t\t\t\t<div class=\"elementor-container elementor-column-gap-default\">\n\t\t\t\t\t<div class=\"elementor-column elementor-col-100 elementor-top-column elementor-element elementor-element-6ac9de3\" data-id=\"6ac9de3\" data-element_type=\"column\" data-e-type=\"column\">\n\t\t\t<div class=\"elementor-widget-wrap elementor-element-populated\">\n\t\t\t\t\t\t<div class=\"elementor-element elementor-element-02dc08d elementor-widget elementor-widget-heading\" data-id=\"02dc08d\" data-element_type=\"widget\" data-e-type=\"widget\" data-widget_type=\"heading.default\">\n\t\t\t\t<div class=\"elementor-widget-container\">\n\t\t\t\t\t<h2 class=\"elementor-heading-title elementor-size-default\">RECURSOS DE VISI\u00d3N Y DENTALES - CONDADO DE TARRANT<\/h2>\t\t\t\t<\/div>\n\t\t\t\t<\/div>\n\t\t\t\t<div class=\"elementor-element elementor-element-943577f elementor-widget elementor-widget-heading\" data-id=\"943577f\" data-element_type=\"widget\" data-e-type=\"widget\" data-widget_type=\"heading.default\">\n\t\t\t\t<div class=\"elementor-widget-container\">\n\t\t\t\t\t<h2 class=\"elementor-heading-title elementor-size-default\">CUIDADO DE OJOS AVANZADO<\/h2>\t\t\t\t<\/div>\n\t\t\t\t<\/div>\n\t\t\t\t<div class=\"elementor-element elementor-element-15984b0 elementor-widget elementor-widget-text-editor\" data-id=\"15984b0\" data-element_type=\"widget\" data-e-type=\"widget\" data-widget_type=\"text-editor.default\">\n\t\t\t\t<div class=\"elementor-widget-container\">\n\t\t\t\t\t\t\t\t\t<p><span style=\"color: #0a2240; font-family: Josefin Sans, sans-serif;\"><span style=\"white-space-collapse: preserve;\">Ofrece ex\u00e1menes y evaluaciones con cita previa. Se acepta Medicaid. La informaci\u00f3n sobre la ubicaci\u00f3n y la cita se encuentra en el <a href=\"https:\/\/advancedeyekeller.com\/contact-us\"><span style=\"text-decoration: underline;\">sitio web.<\/span><\/a><\/span><\/span><\/p>\t\t\t\t\t\t\t\t<\/div>\n\t\t\t\t<\/div>\n\t\t\t\t<div class=\"elementor-element elementor-element-be81947 elementor-widget-divider--view-line elementor-widget elementor-widget-divider\" data-id=\"be81947\" data-element_type=\"widget\" data-e-type=\"widget\" data-widget_type=\"divider.default\">\n\t\t\t\t<div class=\"elementor-widget-container\">\n\t\t\t\t\t\t\t<div class=\"elementor-divider\">\n\t\t\t<span class=\"elementor-divider-separator\">\n\t\t\t\t\t\t<\/span>\n\t\t<\/div>\n\t\t\t\t\t\t<\/div>\n\t\t\t\t<\/div>\n\t\t\t\t<div class=\"elementor-element elementor-element-6c78998 elementor-widget elementor-widget-heading\" data-id=\"6c78998\" data-element_type=\"widget\" data-e-type=\"widget\" data-widget_type=\"heading.default\">\n\t\t\t\t<div class=\"elementor-widget-container\">\n\t\t\t\t\t<h2 class=\"elementor-heading-title elementor-size-default\">\nCL\u00cdNICA COOK CHILDREN'S HEALTH-ALEXANDER VISION\n<\/h2>\t\t\t\t<\/div>\n\t\t\t\t<\/div>\n\t\t\t\t<div class=\"elementor-element elementor-element-6462e96 elementor-widget elementor-widget-text-editor\" data-id=\"6462e96\" data-element_type=\"widget\" data-e-type=\"widget\" data-widget_type=\"text-editor.default\">\n\t\t\t\t<div class=\"elementor-widget-container\">\n\t\t\t\t\t\t\t\t\t<p><span style=\"color: #0a2240; font-family: Josefin Sans, sans-serif;\"><span style=\"white-space-collapse: preserve;\">Alexander Vision Center ofrece ex\u00e1menes de la vista y lentes gratuitos a ni\u00f1os de bajos ingresos sin seguro. Su regi\u00f3n de servicio incluye los condados de Denton, Hood, Johnson, Parker, Tarrant y Wise. Comun\u00edquese a la cl\u00ednica al 682-885-4499 para conocer los criterios de elegibilidad o visite el <span style=\"text-decoration: underline;\"><a href=\"https:\/\/www.cookchildrens.org\/services\/ophthalmology\">sitio web<\/a><\/span>. <\/span><\/span><\/p>\t\t\t\t\t\t\t\t<\/div>\n\t\t\t\t<\/div>\n\t\t\t\t<div class=\"elementor-element elementor-element-48530a8 elementor-widget-divider--view-line elementor-widget elementor-widget-divider\" data-id=\"48530a8\" data-element_type=\"widget\" data-e-type=\"widget\" data-widget_type=\"divider.default\">\n\t\t\t\t<div class=\"elementor-widget-container\">\n\t\t\t\t\t\t\t<div class=\"elementor-divider\">\n\t\t\t<span class=\"elementor-divider-separator\">\n\t\t\t\t\t\t<\/span>\n\t\t<\/div>\n\t\t\t\t\t\t<\/div>\n\t\t\t\t<\/div>\n\t\t\t\t<div class=\"elementor-element elementor-element-58451ee elementor-widget elementor-widget-heading\" data-id=\"58451ee\" data-element_type=\"widget\" data-e-type=\"widget\" data-widget_type=\"heading.default\">\n\t\t\t\t<div class=\"elementor-widget-container\">\n\t\t\t\t\t<h2 class=\"elementor-heading-title elementor-size-default\">CL\u00cdNICA OFTALMOL\u00d3GICA COMUNITARIA DE FORT WORTH<\/h2>\t\t\t\t<\/div>\n\t\t\t\t<\/div>\n\t\t\t\t<div class=\"elementor-element elementor-element-d4d3f78 elementor-widget elementor-widget-text-editor\" data-id=\"d4d3f78\" data-element_type=\"widget\" data-e-type=\"widget\" data-widget_type=\"text-editor.default\">\n\t\t\t\t<div class=\"elementor-widget-container\">\n\t\t\t\t\t\t\t\t\t<p class=\"MsoNormal\" style=\"margin: 0in; font-size: 12pt; font-family: Calibri, sans-serif; color: #000000; line-height: 15pt; background-image: initial; background-position: initial; background-size: initial; background-repeat: initial; background-attachment: initial; background-origin: initial; background-clip: initial;\"><span style=\"font-family: 'Josefin Sans'; color: #0a2240;\">Servicios para pacientes sin seguro, el bajo costo del servicio es determinado por tu salario. La mayor\u00eda de las personas no pagan m\u00e1s de $35 por el examen. Se aceptan Medicare y Medicaid. Puede hacer clic aqu\u00ed para obtener m\u00e1s informaci\u00f3n.<\/span><\/p>\t\t\t\t\t\t\t\t<\/div>\n\t\t\t\t<\/div>\n\t\t\t\t<div class=\"elementor-element elementor-element-e20616d elementor-widget-divider--view-line elementor-widget elementor-widget-divider\" data-id=\"e20616d\" data-element_type=\"widget\" data-e-type=\"widget\" data-widget_type=\"divider.default\">\n\t\t\t\t<div class=\"elementor-widget-container\">\n\t\t\t\t\t\t\t<div class=\"elementor-divider\">\n\t\t\t<span class=\"elementor-divider-separator\">\n\t\t\t\t\t\t<\/span>\n\t\t<\/div>\n\t\t\t\t\t\t<\/div>\n\t\t\t\t<\/div>\n\t\t\t\t<div class=\"elementor-element elementor-element-9dcf6b5 elementor-widget elementor-widget-heading\" data-id=\"9dcf6b5\" data-element_type=\"widget\" data-e-type=\"widget\" data-widget_type=\"heading.default\">\n\t\t\t\t<div class=\"elementor-widget-container\">\n\t\t\t\t\t<h2 class=\"elementor-heading-title elementor-size-default\">PRIMERA ATENCI\u00d3N OFTALMOL\u00d3GICA DE FORT WORTH<\/h2>\t\t\t\t<\/div>\n\t\t\t\t<\/div>\n\t\t\t\t<div class=\"elementor-element elementor-element-bf7d158 elementor-widget elementor-widget-text-editor\" data-id=\"bf7d158\" data-element_type=\"widget\" data-e-type=\"widget\" data-widget_type=\"text-editor.default\">\n\t\t\t\t<div class=\"elementor-widget-container\">\n\t\t\t\t\t\t\t\t\t<p><span style=\"color: #0a2240; font-family: 'Josefin Sans'; font-size: 12pt; font-weight: var( --e-global-typography-20b7cb4-font-weight ); letter-spacing: var( --e-global-typography-20b7cb4-letter-spacing ); word-spacing: var( --e-global-typography-20b7cb4-word-spacing );\">Realiza atenci\u00f3n oftalmol\u00f3gica m\u00e9dica y de rutina, haz tu cita en l\u00ednea. Se aceptan Medicare y Care Credit. Para obtener m\u00e1s informaci\u00f3n, visite el <span style=\"text-decoration: underline;\"><a href=\"https:\/\/www.dfwi.org\/go\/community-eye-clinc\">sitio web<\/a><\/span>.<\/span><\/p>\t\t\t\t\t\t\t\t<\/div>\n\t\t\t\t<\/div>\n\t\t\t\t<div class=\"elementor-element elementor-element-d07be3e elementor-widget-divider--view-line elementor-widget elementor-widget-divider\" data-id=\"d07be3e\" data-element_type=\"widget\" data-e-type=\"widget\" data-widget_type=\"divider.default\">\n\t\t\t\t<div class=\"elementor-widget-container\">\n\t\t\t\t\t\t\t<div class=\"elementor-divider\">\n\t\t\t<span class=\"elementor-divider-separator\">\n\t\t\t\t\t\t<\/span>\n\t\t<\/div>\n\t\t\t\t\t\t<\/div>\n\t\t\t\t<\/div>\n\t\t\t\t<div class=\"elementor-element elementor-element-0eedd2c elementor-widget elementor-widget-heading\" data-id=\"0eedd2c\" data-element_type=\"widget\" data-e-type=\"widget\" data-widget_type=\"heading.default\">\n\t\t\t\t<div class=\"elementor-widget-container\">\n\t\t\t\t\t<h2 class=\"elementor-heading-title elementor-size-default\"><p style=\"margin: 0in;font-size: 12pt;font-family: Calibri, sans-serif;font-weight: 400;background-image: initial;background-position: initial;background-size: initial;background-repeat: initial;background-attachment: initial\"><b><span style=\"font-size: 13pt\">ASOCIADOS DE OJOS DE FORT WORTH<\/span><\/b><span style=\"font-family: var( --e-global-typography-b1138d1-font-family ), Sans-serif;font-size: var( --e-global-typography-b1138d1-font-size );font-weight: var( --e-global-typography-b1138d1-font-weight );letter-spacing: var( --e-global-typography-b1138d1-letter-spacing )\"><\/span><\/p><\/h2>\t\t\t\t<\/div>\n\t\t\t\t<\/div>\n\t\t\t\t<div class=\"elementor-element elementor-element-b5d6e0d elementor-widget elementor-widget-text-editor\" data-id=\"b5d6e0d\" data-element_type=\"widget\" data-e-type=\"widget\" data-widget_type=\"text-editor.default\">\n\t\t\t\t<div class=\"elementor-widget-container\">\n\t\t\t\t\t\t\t\t\t<p><span style=\"color: #0a2240; font-family: Josefin Sans, sans-serif;\"><span style=\"white-space-collapse: preserve;\">Ofrece ex\u00e1menes de la vista para adultos y ni\u00f1os y prescripci\u00f3n para lentes. Los precios no se especifican en el sitio web, pero puede llamar a la oficina y solicitar estimaciones de precios y m\u00e1s informaci\u00f3n <span style=\"text-decoration: underline;\"><a href=\"https:\/\/www.ranelle.com\/contact-us\/fort-worth-office\/\">aqu\u00ed<\/a><\/span>. Se aceptan varios seguros y Medicare.<\/span><\/span><\/p>\t\t\t\t\t\t\t\t<\/div>\n\t\t\t\t<\/div>\n\t\t\t\t<div class=\"elementor-element elementor-element-023e377 elementor-widget-divider--view-line elementor-widget elementor-widget-divider\" data-id=\"023e377\" data-element_type=\"widget\" data-e-type=\"widget\" data-widget_type=\"divider.default\">\n\t\t\t\t<div class=\"elementor-widget-container\">\n\t\t\t\t\t\t\t<div class=\"elementor-divider\">\n\t\t\t<span class=\"elementor-divider-separator\">\n\t\t\t\t\t\t<\/span>\n\t\t<\/div>\n\t\t\t\t\t\t<\/div>\n\t\t\t\t<\/div>\n\t\t\t\t<div class=\"elementor-element elementor-element-d743f8c elementor-widget elementor-widget-heading\" data-id=\"d743f8c\" data-element_type=\"widget\" data-e-type=\"widget\" data-widget_type=\"heading.default\">\n\t\t\t\t<div class=\"elementor-widget-container\">\n\t\t\t\t\t<h2 class=\"elementor-heading-title elementor-size-default\"><p style=\"margin: 0in;font-size: 12pt;font-family: Calibri, sans-serif;font-weight: 400;background-image: initial;background-position: initial;background-size: initial;background-repeat: initial;background-attachment: initial\"><b><span style=\"font-size: 13pt\">INSTITUTO DE INVESTIGACI\u00d3N DEL OJO DEL NORTE DE TEXAS<\/span><\/b><span style=\"font-family: var( --e-global-typography-b1138d1-font-family ), Sans-serif;font-size: var( --e-global-typography-b1138d1-font-size );font-weight: var( --e-global-typography-b1138d1-font-weight );letter-spacing: var( --e-global-typography-b1138d1-letter-spacing )\"><\/span><\/p><\/h2>\t\t\t\t<\/div>\n\t\t\t\t<\/div>\n\t\t\t\t<div class=\"elementor-element elementor-element-edc5387 elementor-widget elementor-widget-text-editor\" data-id=\"edc5387\" data-element_type=\"widget\" data-e-type=\"widget\" data-widget_type=\"text-editor.default\">\n\t\t\t\t<div class=\"elementor-widget-container\">\n\t\t\t\t\t\t\t\t\t<p><span style=\"color: #0a2240; font-family: Josefin Sans, sans-serif;\"><span style=\"white-space-collapse: preserve;\">Recientemente abri\u00f3 una cl\u00ednica oftalmol\u00f3gica en el quinto piso del edificio Health Pavilion y ofrece servicios m\u00e9dicos de atenci\u00f3n oftalmol\u00f3gica a la comunidad. Hay un programa de descuento disponible para pacientes de bajos ingresos, sin seguro o con seguro insuficiente. El monto del descuento se basar\u00e1 en los ingresos y el tama\u00f1o del hogar. Para obtener m\u00e1s informaci\u00f3n, llame al 817-735-2228 o visite este <span style=\"text-decoration: underline;\"><a href=\"https:\/\/www.unthsc.edu\/north-texas-eye-research-institute\/clinical-services\/\">sitio web<\/a><\/span>. <\/span><\/span><\/p>\t\t\t\t\t\t\t\t<\/div>\n\t\t\t\t<\/div>\n\t\t\t\t\t<\/div>\n\t\t<\/div>\n\t\t\t\t\t<\/div>\n\t\t<\/section>\n\t\t\t\t<section class=\"elementor-section elementor-top-section elementor-element elementor-element-ac7bb51 elementor-section-boxed elementor-section-height-default elementor-section-height-default\" data-id=\"ac7bb51\" data-element_type=\"section\" data-e-type=\"section\">\n\t\t\t\t\t\t<div class=\"elementor-container elementor-column-gap-default\">\n\t\t\t\t\t<div class=\"elementor-column elementor-col-100 elementor-top-column elementor-element elementor-element-8186cd8\" data-id=\"8186cd8\" data-element_type=\"column\" data-e-type=\"column\">\n\t\t\t<div class=\"elementor-widget-wrap elementor-element-populated\">\n\t\t\t\t\t\t<div class=\"elementor-element elementor-element-106676b elementor-widget elementor-widget-spacer\" data-id=\"106676b\" data-element_type=\"widget\" data-e-type=\"widget\" data-widget_type=\"spacer.default\">\n\t\t\t\t<div class=\"elementor-widget-container\">\n\t\t\t\t\t\t\t<div class=\"elementor-spacer\">\n\t\t\t<div class=\"elementor-spacer-inner\"><\/div>\n\t\t<\/div>\n\t\t\t\t\t\t<\/div>\n\t\t\t\t<\/div>\n\t\t\t\t\t<\/div>\n\t\t<\/div>\n\t\t\t\t\t<\/div>\n\t\t<\/section>\n\t\t\t\t<section class=\"elementor-section elementor-top-section elementor-element elementor-element-1a73e6d elementor-section-boxed elementor-section-height-default elementor-section-height-default\" data-id=\"1a73e6d\" data-element_type=\"section\" data-e-type=\"section\">\n\t\t\t\t\t\t<div class=\"elementor-container elementor-column-gap-default\">\n\t\t\t\t\t<div class=\"elementor-column elementor-col-100 elementor-top-column elementor-element elementor-element-0e44444\" data-id=\"0e44444\" data-element_type=\"column\" data-e-type=\"column\">\n\t\t\t<div class=\"elementor-widget-wrap elementor-element-populated\">\n\t\t\t\t\t\t<div class=\"elementor-element elementor-element-92896b0 elementor-widget elementor-widget-heading\" data-id=\"92896b0\" data-element_type=\"widget\" data-e-type=\"widget\" data-widget_type=\"heading.default\">\n\t\t\t\t<div class=\"elementor-widget-container\">\n\t\t\t\t\t<h2 class=\"elementor-heading-title elementor-size-default\">RECURSOS DE VISI\u00d3N Y DENTALES - CONDADO DE DALLAS<\/h2>\t\t\t\t<\/div>\n\t\t\t\t<\/div>\n\t\t\t\t<div class=\"elementor-element elementor-element-a89acc6 elementor-widget elementor-widget-heading\" data-id=\"a89acc6\" data-element_type=\"widget\" data-e-type=\"widget\" data-widget_type=\"heading.default\">\n\t\t\t\t<div class=\"elementor-widget-container\">\n\t\t\t\t\t<h2 class=\"elementor-heading-title elementor-size-default\"><p style=\"margin: 0in;font-size: 12pt;font-family: Calibri, sans-serif;font-weight: 400;background-image: initial;background-position: initial;background-size: initial;background-repeat: initial;background-attachment: initial\"><b><span style=\"font-size: 13pt\">CL\u00cdNICA OFTALMOL\u00d3GICA DE CEDAR SPRINGS<\/span><\/b><span style=\"font-family: var( --e-global-typography-b1138d1-font-family ), Sans-serif;font-size: var( --e-global-typography-b1138d1-font-size );font-weight: var( --e-global-typography-b1138d1-font-weight );letter-spacing: var( --e-global-typography-b1138d1-letter-spacing )\"><\/span><\/p><\/h2>\t\t\t\t<\/div>\n\t\t\t\t<\/div>\n\t\t\t\t<div class=\"elementor-element elementor-element-687f5ca elementor-widget elementor-widget-text-editor\" data-id=\"687f5ca\" data-element_type=\"widget\" data-e-type=\"widget\" data-widget_type=\"text-editor.default\">\n\t\t\t\t<div class=\"elementor-widget-container\">\n\t\t\t\t\t\t\t\t\t<p><span style=\"color: #0a2240; font-family: Josefin Sans, sans-serif;\"><span style=\"white-space-collapse: preserve;\">Ayuda a los pacientes con ex\u00e1menes de la vista y ofrece apoyo financiero, si los gastos no est\u00e1n cubiertos por Medicaid. Puede encontrar m\u00e1s informaci\u00f3n y detalles sobre cualquier precio en el <a href=\"https:\/\/eyecare.opt.uh.edu\/locations\/dallas\/\"><span style=\"text-decoration: underline;\">sitio web<\/span><\/a>. No le pedir\u00e1n ninguna documentaci\u00f3n sobre el estado legal o el estado financiero. <\/span><\/span><\/p>\t\t\t\t\t\t\t\t<\/div>\n\t\t\t\t<\/div>\n\t\t\t\t<div class=\"elementor-element elementor-element-0c5c799 elementor-widget-divider--view-line elementor-widget elementor-widget-divider\" data-id=\"0c5c799\" data-element_type=\"widget\" data-e-type=\"widget\" data-widget_type=\"divider.default\">\n\t\t\t\t<div class=\"elementor-widget-container\">\n\t\t\t\t\t\t\t<div class=\"elementor-divider\">\n\t\t\t<span class=\"elementor-divider-separator\">\n\t\t\t\t\t\t<\/span>\n\t\t<\/div>\n\t\t\t\t\t\t<\/div>\n\t\t\t\t<\/div>\n\t\t\t\t<div class=\"elementor-element elementor-element-636cbc0 elementor-widget elementor-widget-heading\" data-id=\"636cbc0\" data-element_type=\"widget\" data-e-type=\"widget\" data-widget_type=\"heading.default\">\n\t\t\t\t<div class=\"elementor-widget-container\">\n\t\t\t\t\t<h2 class=\"elementor-heading-title elementor-size-default\"><p style=\"margin: 0in;font-size: 12pt;font-family: Calibri, sans-serif;font-weight: 400;background-image: initial;background-position: initial;background-size: initial;background-repeat: initial;background-attachment: initial\"><b><span style=\"font-size: 13pt\">CENTRO PARA LA SALUD DE LA VISI\u00d3N<\/span><\/b><span style=\"font-family: var( --e-global-typography-b1138d1-font-family ), Sans-serif;font-size: var( --e-global-typography-b1138d1-font-size );font-weight: var( --e-global-typography-b1138d1-font-weight );letter-spacing: var( --e-global-typography-b1138d1-letter-spacing )\"><\/span><\/p><\/h2>\t\t\t\t<\/div>\n\t\t\t\t<\/div>\n\t\t\t\t<div class=\"elementor-element elementor-element-4397825 elementor-widget elementor-widget-text-editor\" data-id=\"4397825\" data-element_type=\"widget\" data-e-type=\"widget\" data-widget_type=\"text-editor.default\">\n\t\t\t\t<div class=\"elementor-widget-container\">\n\t\t\t\t\t\t\t\t\t<p><span style=\"color: #0a2240; font-family: Josefin Sans, sans-serif;\"><span style=\"white-space-collapse: preserve;\">Cl\u00ednica oftalmol\u00f3gica sin fines de lucro y de bajo costo que ofrece un examen completo entre otros servicios. Puede acceder al sitio web, horarios, n\u00fameros y ubicaci\u00f3n <span style=\"text-decoration: underline;\"><a href=\"https:\/\/centerforvisionhealth.org\/\">aqu\u00ed<\/a><\/span>. <\/span><\/span><\/p>\t\t\t\t\t\t\t\t<\/div>\n\t\t\t\t<\/div>\n\t\t\t\t<div class=\"elementor-element elementor-element-fb83cbb elementor-widget-divider--view-line elementor-widget elementor-widget-divider\" data-id=\"fb83cbb\" data-element_type=\"widget\" data-e-type=\"widget\" data-widget_type=\"divider.default\">\n\t\t\t\t<div class=\"elementor-widget-container\">\n\t\t\t\t\t\t\t<div class=\"elementor-divider\">\n\t\t\t<span class=\"elementor-divider-separator\">\n\t\t\t\t\t\t<\/span>\n\t\t<\/div>\n\t\t\t\t\t\t<\/div>\n\t\t\t\t<\/div>\n\t\t\t\t<div class=\"elementor-element elementor-element-655e0fb elementor-widget elementor-widget-heading\" data-id=\"655e0fb\" data-element_type=\"widget\" data-e-type=\"widget\" data-widget_type=\"heading.default\">\n\t\t\t\t<div class=\"elementor-widget-container\">\n\t\t\t\t\t<h2 class=\"elementor-heading-title elementor-size-default\">MINISTERIOS COMPARTIDOS DEL NORTE DE DALLAS<\/h2>\t\t\t\t<\/div>\n\t\t\t\t<\/div>\n\t\t\t\t<div class=\"elementor-element elementor-element-50beeb9 elementor-widget elementor-widget-text-editor\" data-id=\"50beeb9\" data-element_type=\"widget\" data-e-type=\"widget\" data-widget_type=\"text-editor.default\">\n\t\t\t\t<div class=\"elementor-widget-container\">\n\t\t\t\t\t\t\t\t\t<p><span style=\"color: #0a2240; font-family: Josefin Sans, sans-serif;\"><span style=\"white-space-collapse: preserve;\">Ofrece servicios dentales, ex\u00e1menes de la vista, lentes y an\u00e1lisis de detecci\u00f3n. El primer, tercer y cuarto jueves de cada mes. Visite el <a href=\"https:\/\/www.ndsm.org\/how-we-help\/wellness\/\"><span style=\"text-decoration: underline;\">sitio web<\/span><\/a> aqu\u00ed para obtener m\u00e1s informaci\u00f3n. <\/span><\/span><\/p>\t\t\t\t\t\t\t\t<\/div>\n\t\t\t\t<\/div>\n\t\t\t\t<div class=\"elementor-element elementor-element-ee1069b elementor-widget-divider--view-line elementor-widget elementor-widget-divider\" data-id=\"ee1069b\" data-element_type=\"widget\" data-e-type=\"widget\" data-widget_type=\"divider.default\">\n\t\t\t\t<div class=\"elementor-widget-container\">\n\t\t\t\t\t\t\t<div class=\"elementor-divider\">\n\t\t\t<span class=\"elementor-divider-separator\">\n\t\t\t\t\t\t<\/span>\n\t\t<\/div>\n\t\t\t\t\t\t<\/div>\n\t\t\t\t<\/div>\n\t\t\t\t<div class=\"elementor-element elementor-element-b6f5b61 elementor-widget elementor-widget-heading\" data-id=\"b6f5b61\" data-element_type=\"widget\" data-e-type=\"widget\" data-widget_type=\"heading.default\">\n\t\t\t\t<div class=\"elementor-widget-container\">\n\t\t\t\t\t<h2 class=\"elementor-heading-title elementor-size-default\"><p style=\"margin: 0in;font-size: 12pt;font-family: Calibri, sans-serif;font-weight: 400;background-image: initial;background-position: initial;background-size: initial;background-repeat: initial;background-attachment: initial\"><b style=\"font-size: 12pt;letter-spacing: var( --e-global-typography-b1138d1-letter-spacing )\"><span style=\"font-size: 13pt\">MINISTERIOS COMPARTIDOS DEL NORTE DE DALLAS<\/span><\/b><span style=\"font-family: var( --e-global-typography-b1138d1-font-family ), Sans-serif;font-size: var( --e-global-typography-b1138d1-font-size );font-weight: var( --e-global-typography-b1138d1-font-weight );letter-spacing: var( --e-global-typography-b1138d1-letter-spacing )\"><\/span><br><\/p><\/h2>\t\t\t\t<\/div>\n\t\t\t\t<\/div>\n\t\t\t\t<div class=\"elementor-element elementor-element-d6c6471 elementor-widget elementor-widget-text-editor\" data-id=\"d6c6471\" data-element_type=\"widget\" data-e-type=\"widget\" data-widget_type=\"text-editor.default\">\n\t\t\t\t<div class=\"elementor-widget-container\">\n\t\t\t\t\t\t\t\t\t<p><span style=\"color: #0a2240; font-family: Josefin Sans, sans-serif;\"><span style=\"white-space-collapse: preserve;\">Ofrece ex\u00e1menes completos de la vista para toda la familia y acepta una variedad de p\u00f3lizas de seguro, incluidas CHIP, Medicare y Medicaid. Puede visitar el <span style=\"text-decoration: underline;\"><a href=\"https:\/\/www.247visionandeyecare.net\/insurance\/\">sitio web<\/a><\/span> para programar una cita y ver otros servicios ofrecidos. <\/span><\/span><\/p>\t\t\t\t\t\t\t\t<\/div>\n\t\t\t\t<\/div>\n\t\t\t\t\t<\/div>\n\t\t<\/div>\n\t\t\t\t\t<\/div>\n\t\t<\/section>\n\t\t\t\t<section class=\"elementor-section elementor-top-section elementor-element elementor-element-178d602 elementor-section-boxed elementor-section-height-default elementor-section-height-default\" data-id=\"178d602\" data-element_type=\"section\" data-e-type=\"section\">\n\t\t\t\t\t\t<div class=\"elementor-container elementor-column-gap-default\">\n\t\t\t\t\t<div class=\"elementor-column elementor-col-100 elementor-top-column elementor-element elementor-element-43c99b8\" data-id=\"43c99b8\" data-element_type=\"column\" data-e-type=\"column\">\n\t\t\t<div class=\"elementor-widget-wrap elementor-element-populated\">\n\t\t\t\t\t\t<div class=\"elementor-element elementor-element-5189ea0 elementor-widget elementor-widget-spacer\" data-id=\"5189ea0\" data-element_type=\"widget\" data-e-type=\"widget\" data-widget_type=\"spacer.default\">\n\t\t\t\t<div class=\"elementor-widget-container\">\n\t\t\t\t\t\t\t<div class=\"elementor-spacer\">\n\t\t\t<div class=\"elementor-spacer-inner\"><\/div>\n\t\t<\/div>\n\t\t\t\t\t\t<\/div>\n\t\t\t\t<\/div>\n\t\t\t\t\t<\/div>\n\t\t<\/div>\n\t\t\t\t\t<\/div>\n\t\t<\/section>\n\t\t\t\t<\/div>\n\t\t","protected":false},"excerpt":{"rendered":"<p>RECURSOS GENERALES Necesite lo que necesite, le cubrimos las espaldas. Proporcionamos una amplia variedad de recursos a las comunidades a las que servimos para fortalecerles y capacitarles para vivir su mejor vida. Que te echen una mano cuando m\u00e1s lo necesites. ALIMENTACI\u00d3N Y PRODUCTOS B\u00c1SICOS NECESITA ALQUILER Y SERVICIOS P\u00daBLICOS ASISTENCIA DESEMPLEO Y COMPENSACI\u00d3N SALUD [&hellip;]<\/p>\n","protected":false},"author":2,"featured_media":0,"parent":0,"menu_order":0,"comment_status":"closed","ping_status":"closed","template":"elementor_header_footer","meta":{"_acf_changed":false,"footnotes":""},"class_list":["post-3067","page","type-page","status-publish","hentry"],"acf":[],"yoast_head":"<!-- This site is optimized with the Yoast SEO plugin v27.5 - https:\/\/yoast.com\/product\/yoast-seo-wordpress\/ -->\n<title>ASISTENCIA M\u00c9DICA -<\/title>\n<meta name=\"robots\" content=\"index, follow, max-snippet:-1, max-image-preview:large, max-video-preview:-1\" \/>\n<link rel=\"canonical\" href=\"https:\/\/theconcilio.org\/medical-care\/\" \/>\n<meta property=\"og:locale\" content=\"es_ES\" \/>\n<meta property=\"og:type\" content=\"article\" \/>\n<meta property=\"og:title\" content=\"ASISTENCIA M\u00c9DICA -\" \/>\n<meta property=\"og:description\" content=\"RECURSOS GENERALES Necesite lo que necesite, le cubrimos las espaldas. Proporcionamos una amplia variedad de recursos a las comunidades a las que servimos para fortalecerles y capacitarles para vivir su mejor vida. Que te echen una mano cuando m\u00e1s lo necesites. ALIMENTACI\u00d3N Y PRODUCTOS B\u00c1SICOS NECESITA ALQUILER Y SERVICIOS P\u00daBLICOS ASISTENCIA DESEMPLEO Y COMPENSACI\u00d3N SALUD [&hellip;]\" \/>\n<meta property=\"og:url\" content=\"https:\/\/theconcilio.org\/medical-care\/\" \/>\n<meta property=\"article:publisher\" content=\"https:\/\/www.facebook.com\/theconcilio\" \/>\n<meta property=\"article:modified_time\" content=\"2023-08-20T15:20:09+00:00\" \/>\n<meta name=\"twitter:card\" content=\"summary_large_image\" \/>\n<meta name=\"twitter:label1\" content=\"Tiempo de lectura\" \/>\n\t<meta name=\"twitter:data1\" content=\"5 minutos\" \/>\n<script type=\"application\/ld+json\" class=\"yoast-schema-graph\">{\"@context\":\"https:\\\/\\\/schema.org\",\"@graph\":[{\"@type\":\"WebPage\",\"@id\":\"https:\\\/\\\/theconcilio.org\\\/medical-care\\\/\",\"url\":\"https:\\\/\\\/theconcilio.org\\\/medical-care\\\/\",\"name\":\"ASISTENCIA M\u00c9DICA -\",\"isPartOf\":{\"@id\":\"https:\\\/\\\/theconcilio.org\\\/#website\"},\"datePublished\":\"2023-05-12T07:11:38+00:00\",\"dateModified\":\"2023-08-20T15:20:09+00:00\",\"breadcrumb\":{\"@id\":\"https:\\\/\\\/theconcilio.org\\\/medical-care\\\/#breadcrumb\"},\"inLanguage\":\"es\",\"potentialAction\":[{\"@type\":\"ReadAction\",\"target\":[\"https:\\\/\\\/theconcilio.org\\\/medical-care\\\/\"]}]},{\"@type\":\"BreadcrumbList\",\"@id\":\"https:\\\/\\\/theconcilio.org\\\/medical-care\\\/#breadcrumb\",\"itemListElement\":[{\"@type\":\"ListItem\",\"position\":1,\"name\":\"Home\",\"item\":\"https:\\\/\\\/theconcilio.org\\\/es\\\/\"},{\"@type\":\"ListItem\",\"position\":2,\"name\":\"ASISTENCIA M\u00c9DICA\"}]},{\"@type\":\"WebSite\",\"@id\":\"https:\\\/\\\/theconcilio.org\\\/#website\",\"url\":\"https:\\\/\\\/theconcilio.org\\\/\",\"name\":\"The Concilio\",\"description\":\"\",\"publisher\":{\"@id\":\"https:\\\/\\\/theconcilio.org\\\/#organization\"},\"potentialAction\":[{\"@type\":\"SearchAction\",\"target\":{\"@type\":\"EntryPoint\",\"urlTemplate\":\"https:\\\/\\\/theconcilio.org\\\/?s={search_term_string}\"},\"query-input\":{\"@type\":\"PropertyValueSpecification\",\"valueRequired\":true,\"valueName\":\"search_term_string\"}}],\"inLanguage\":\"es\"},{\"@type\":\"Organization\",\"@id\":\"https:\\\/\\\/theconcilio.org\\\/#organization\",\"name\":\"The Concilio\",\"url\":\"https:\\\/\\\/theconcilio.org\\\/\",\"logo\":{\"@type\":\"ImageObject\",\"inLanguage\":\"es\",\"@id\":\"https:\\\/\\\/theconcilio.org\\\/#\\\/schema\\\/logo\\\/image\\\/\",\"url\":\"https:\\\/\\\/theconcilio.org\\\/wp-content\\\/uploads\\\/2023\\\/05\\\/Stacked_Logo_RGB_transparent_bkgd.jpeg\",\"contentUrl\":\"https:\\\/\\\/theconcilio.org\\\/wp-content\\\/uploads\\\/2023\\\/05\\\/Stacked_Logo_RGB_transparent_bkgd.jpeg\",\"width\":500,\"height\":312,\"caption\":\"The Concilio\"},\"image\":{\"@id\":\"https:\\\/\\\/theconcilio.org\\\/#\\\/schema\\\/logo\\\/image\\\/\"},\"sameAs\":[\"https:\\\/\\\/www.facebook.com\\\/theconcilio\",\"https:\\\/\\\/www.instagram.com\\\/theconcilio\",\"https:\\\/\\\/www.linkedin.com\\\/company\\\/the-concilio\\\/\"]}]}<\/script>\n<!-- \/ Yoast SEO plugin. -->","yoast_head_json":{"title":"ASISTENCIA M\u00c9DICA -","robots":{"index":"index","follow":"follow","max-snippet":"max-snippet:-1","max-image-preview":"max-image-preview:large","max-video-preview":"max-video-preview:-1"},"canonical":"https:\/\/theconcilio.org\/medical-care\/","og_locale":"es_ES","og_type":"article","og_title":"ASISTENCIA M\u00c9DICA -","og_description":"RECURSOS GENERALES Necesite lo que necesite, le cubrimos las espaldas. Proporcionamos una amplia variedad de recursos a las comunidades a las que servimos para fortalecerles y capacitarles para vivir su mejor vida. Que te echen una mano cuando m\u00e1s lo necesites. ALIMENTACI\u00d3N Y PRODUCTOS B\u00c1SICOS NECESITA ALQUILER Y SERVICIOS P\u00daBLICOS ASISTENCIA DESEMPLEO Y COMPENSACI\u00d3N SALUD [&hellip;]","og_url":"https:\/\/theconcilio.org\/medical-care\/","article_publisher":"https:\/\/www.facebook.com\/theconcilio","article_modified_time":"2023-08-20T15:20:09+00:00","twitter_card":"summary_large_image","twitter_misc":{"Tiempo de lectura":"5 minutos"},"schema":{"@context":"https:\/\/schema.org","@graph":[{"@type":"WebPage","@id":"https:\/\/theconcilio.org\/medical-care\/","url":"https:\/\/theconcilio.org\/medical-care\/","name":"ASISTENCIA M\u00c9DICA -","isPartOf":{"@id":"https:\/\/theconcilio.org\/#website"},"datePublished":"2023-05-12T07:11:38+00:00","dateModified":"2023-08-20T15:20:09+00:00","breadcrumb":{"@id":"https:\/\/theconcilio.org\/medical-care\/#breadcrumb"},"inLanguage":"es","potentialAction":[{"@type":"ReadAction","target":["https:\/\/theconcilio.org\/medical-care\/"]}]},{"@type":"BreadcrumbList","@id":"https:\/\/theconcilio.org\/medical-care\/#breadcrumb","itemListElement":[{"@type":"ListItem","position":1,"name":"Home","item":"https:\/\/theconcilio.org\/es\/"},{"@type":"ListItem","position":2,"name":"ASISTENCIA M\u00c9DICA"}]},{"@type":"WebSite","@id":"https:\/\/theconcilio.org\/#website","url":"https:\/\/theconcilio.org\/","name":"The Concilio","description":"","publisher":{"@id":"https:\/\/theconcilio.org\/#organization"},"potentialAction":[{"@type":"SearchAction","target":{"@type":"EntryPoint","urlTemplate":"https:\/\/theconcilio.org\/?s={search_term_string}"},"query-input":{"@type":"PropertyValueSpecification","valueRequired":true,"valueName":"search_term_string"}}],"inLanguage":"es"},{"@type":"Organization","@id":"https:\/\/theconcilio.org\/#organization","name":"The Concilio","url":"https:\/\/theconcilio.org\/","logo":{"@type":"ImageObject","inLanguage":"es","@id":"https:\/\/theconcilio.org\/#\/schema\/logo\/image\/","url":"https:\/\/theconcilio.org\/wp-content\/uploads\/2023\/05\/Stacked_Logo_RGB_transparent_bkgd.jpeg","contentUrl":"https:\/\/theconcilio.org\/wp-content\/uploads\/2023\/05\/Stacked_Logo_RGB_transparent_bkgd.jpeg","width":500,"height":312,"caption":"The Concilio"},"image":{"@id":"https:\/\/theconcilio.org\/#\/schema\/logo\/image\/"},"sameAs":["https:\/\/www.facebook.com\/theconcilio","https:\/\/www.instagram.com\/theconcilio","https:\/\/www.linkedin.com\/company\/the-concilio\/"]}]}},"_links":{"self":[{"href":"https:\/\/theconcilio.org\/es\/wp-json\/wp\/v2\/pages\/3067","targetHints":{"allow":["GET"]}}],"collection":[{"href":"https:\/\/theconcilio.org\/es\/wp-json\/wp\/v2\/pages"}],"about":[{"href":"https:\/\/theconcilio.org\/es\/wp-json\/wp\/v2\/types\/page"}],"author":[{"embeddable":true,"href":"https:\/\/theconcilio.org\/es\/wp-json\/wp\/v2\/users\/2"}],"replies":[{"embeddable":true,"href":"https:\/\/theconcilio.org\/es\/wp-json\/wp\/v2\/comments?post=3067"}],"version-history":[{"count":38,"href":"https:\/\/theconcilio.org\/es\/wp-json\/wp\/v2\/pages\/3067\/revisions"}],"predecessor-version":[{"id":3754,"href":"https:\/\/theconcilio.org\/es\/wp-json\/wp\/v2\/pages\/3067\/revisions\/3754"}],"wp:attachment":[{"href":"https:\/\/theconcilio.org\/es\/wp-json\/wp\/v2\/media?parent=3067"}],"curies":[{"name":"wp","href":"https:\/\/api.w.org\/{rel}","templated":true}]}}