{"id":3151,"date":"2023-05-12T03:15:34","date_gmt":"2023-05-12T03:15:34","guid":{"rendered":"https:\/\/theconcilio.org\/desempleo-y-compensacion-de-trabajadores\/"},"modified":"2025-07-16T03:16:04","modified_gmt":"2025-07-16T03:16:04","slug":"desempleo-y-compensacion-de-trabajadores","status":"publish","type":"page","link":"https:\/\/theconcilio.org\/es\/desempleo-y-compensacion-de-trabajadores\/","title":{"rendered":"Desempleo y Compensaci\u00f3n de Trabajadores"},"content":{"rendered":"\t\t<div data-elementor-type=\"wp-page\" data-elementor-id=\"3151\" class=\"elementor elementor-3151 elementor-1603\" data-elementor-post-type=\"page\">\n\t\t\t\t\t\t<section class=\"elementor-section elementor-top-section elementor-element elementor-element-157b136 elementor-section-boxed elementor-section-height-default elementor-section-height-default\" data-id=\"157b136\" data-element_type=\"section\" data-e-type=\"section\" data-settings=\"{&quot;background_background&quot;:&quot;classic&quot;}\">\n\t\t\t\t\t\t<div class=\"elementor-container elementor-column-gap-default\">\n\t\t\t\t\t<div class=\"elementor-column elementor-col-100 elementor-top-column elementor-element elementor-element-863b784\" data-id=\"863b784\" data-element_type=\"column\" data-e-type=\"column\">\n\t\t\t<div class=\"elementor-widget-wrap elementor-element-populated\">\n\t\t\t\t\t\t<div class=\"elementor-element elementor-element-9d0bd21 elementor-widget elementor-widget-heading\" data-id=\"9d0bd21\" data-element_type=\"widget\" data-e-type=\"widget\" data-widget_type=\"heading.default\">\n\t\t\t\t<div class=\"elementor-widget-container\">\n\t\t\t\t\t<h3 class=\"elementor-heading-title elementor-size-default\">RECURSOS GENERALES<\/h3>\t\t\t\t<\/div>\n\t\t\t\t<\/div>\n\t\t\t\t<div class=\"elementor-element elementor-element-2e95086 elementor-widget elementor-widget-heading\" data-id=\"2e95086\" data-element_type=\"widget\" data-e-type=\"widget\" data-widget_type=\"heading.default\">\n\t\t\t\t<div class=\"elementor-widget-container\">\n\t\t\t\t\t<p class=\"elementor-heading-title elementor-size-default\">Necesite lo que necesite, le cubrimos las espaldas. Proporcionamos una amplia variedad de recursos a las comunidades a las que servimos para\nfortalecerlas y capacitarlas para vivir su mejor vida. Que te echen una mano cuando m\u00e1s lo necesites.<\/p>\t\t\t\t<\/div>\n\t\t\t\t<\/div>\n\t\t\t\t\t<\/div>\n\t\t<\/div>\n\t\t\t\t\t<\/div>\n\t\t<\/section>\n\t\t\t\t<section class=\"elementor-section elementor-top-section elementor-element elementor-element-e6a081b program-tab-container elementor-section-boxed elementor-section-height-default elementor-section-height-default\" data-id=\"e6a081b\" data-element_type=\"section\" data-e-type=\"section\">\n\t\t\t\t\t\t<div class=\"elementor-container elementor-column-gap-default\">\n\t\t\t\t\t<div class=\"elementor-column elementor-col-16 elementor-top-column elementor-element elementor-element-a948d48 program-tabs\" data-id=\"a948d48\" data-element_type=\"column\" data-e-type=\"column\" data-settings=\"{&quot;background_background&quot;:&quot;classic&quot;}\" data-tab-value=\"food-needs\">\n\t\t\t<div class=\"elementor-widget-wrap elementor-element-populated\">\n\t\t\t\t\t\t<div class=\"elementor-element elementor-element-880fa76 elementor-widget elementor-widget-heading\" data-id=\"880fa76\" data-element_type=\"widget\" data-e-type=\"widget\" data-widget_type=\"heading.default\">\n\t\t\t\t<div class=\"elementor-widget-container\">\n\t\t\t\t\t<h2 class=\"elementor-heading-title elementor-size-default\"><a href=\"https:\/\/theconcilio.org\/es\/alimentacion-y-necesidades-basicas\/\">ALIMENTACI\u00d3N Y PRODUCTOS B\u00c1SICOS NECESITA<\/a><\/h2>\t\t\t\t<\/div>\n\t\t\t\t<\/div>\n\t\t\t\t\t<\/div>\n\t\t<\/div>\n\t\t\t\t<div class=\"elementor-column elementor-col-16 elementor-top-column elementor-element elementor-element-4b80b92 program-tabs\" data-id=\"4b80b92\" data-element_type=\"column\" data-e-type=\"column\" data-settings=\"{&quot;background_background&quot;:&quot;classic&quot;}\" data-tab-value=\"rental-assistance\">\n\t\t\t<div class=\"elementor-widget-wrap elementor-element-populated\">\n\t\t\t\t\t\t<div class=\"elementor-element elementor-element-d95269e elementor-widget elementor-widget-heading\" data-id=\"d95269e\" data-element_type=\"widget\" data-e-type=\"widget\" data-widget_type=\"heading.default\">\n\t\t\t\t<div class=\"elementor-widget-container\">\n\t\t\t\t\t<h2 class=\"elementor-heading-title elementor-size-default\"><a href=\"https:\/\/theconcilio.org\/es\/desempleo-y-compensacion-de-trabajadores\/\">DESEMPLEO Y COMPENSACI\u00d3N<\/a><\/h2>\t\t\t\t<\/div>\n\t\t\t\t<\/div>\n\t\t\t\t\t<\/div>\n\t\t<\/div>\n\t\t\t\t<div class=\"elementor-column elementor-col-16 elementor-top-column elementor-element elementor-element-fcc132d program-tabs\" data-id=\"fcc132d\" data-element_type=\"column\" data-e-type=\"column\" data-settings=\"{&quot;background_background&quot;:&quot;classic&quot;}\" data-tab-value=\"mental-health\">\n\t\t\t<div class=\"elementor-widget-wrap elementor-element-populated\">\n\t\t\t\t\t\t<div class=\"elementor-element elementor-element-719026a elementor-widget elementor-widget-heading\" data-id=\"719026a\" data-element_type=\"widget\" data-e-type=\"widget\" data-widget_type=\"heading.default\">\n\t\t\t\t<div class=\"elementor-widget-container\">\n\t\t\t\t\t<h2 class=\"elementor-heading-title elementor-size-default\"><a href=\"https:\/\/theconcilio.org\/es\/salud-mental\/\">SALUD MENTAL<\/a><\/h2>\t\t\t\t<\/div>\n\t\t\t\t<\/div>\n\t\t\t\t\t<\/div>\n\t\t<\/div>\n\t\t\t\t<div class=\"elementor-column elementor-col-16 elementor-top-column elementor-element elementor-element-8afde20 program-tabs\" data-id=\"8afde20\" data-element_type=\"column\" data-e-type=\"column\" data-settings=\"{&quot;background_background&quot;:&quot;classic&quot;}\" data-tab-value=\"domestic-referrals\">\n\t\t\t<div class=\"elementor-widget-wrap elementor-element-populated\">\n\t\t\t\t\t\t<div class=\"elementor-element elementor-element-f613161 elementor-widget elementor-widget-heading\" data-id=\"f613161\" data-element_type=\"widget\" data-e-type=\"widget\" data-widget_type=\"heading.default\">\n\t\t\t\t<div class=\"elementor-widget-container\">\n\t\t\t\t\t<h2 class=\"elementor-heading-title elementor-size-default\"><a href=\"https:\/\/theconcilio.org\/es\/violencia-domestica-y-asalto-sexual\/\">VIOLENCIA DOM\u00c9STICA Y AGRESI\u00d3N SEXUAL REFERENCIAS<\/a><\/h2>\t\t\t\t<\/div>\n\t\t\t\t<\/div>\n\t\t\t\t\t<\/div>\n\t\t<\/div>\n\t\t\t\t<div class=\"elementor-column elementor-col-16 elementor-top-column elementor-element elementor-element-296320a program-tabs\" data-id=\"296320a\" data-element_type=\"column\" data-e-type=\"column\" data-settings=\"{&quot;background_background&quot;:&quot;classic&quot;}\" data-tab-value=\"financial-stable\">\n\t\t\t<div class=\"elementor-widget-wrap elementor-element-populated\">\n\t\t\t\t\t\t<div class=\"elementor-element elementor-element-c89f782 elementor-widget elementor-widget-heading\" data-id=\"c89f782\" data-element_type=\"widget\" data-e-type=\"widget\" data-widget_type=\"heading.default\">\n\t\t\t\t<div class=\"elementor-widget-container\">\n\t\t\t\t\t<h2 class=\"elementor-heading-title elementor-size-default\"><a href=\"https:\/\/theconcilio.org\/es\/educacion\/\">EDUCACI\u00d3N<\/a><\/h2>\t\t\t\t<\/div>\n\t\t\t\t<\/div>\n\t\t\t\t\t<\/div>\n\t\t<\/div>\n\t\t\t\t<div class=\"elementor-column elementor-col-16 elementor-top-column elementor-element elementor-element-b5be1ea program-tabs\" data-id=\"b5be1ea\" data-element_type=\"column\" data-e-type=\"column\" data-settings=\"{&quot;background_background&quot;:&quot;classic&quot;}\" data-tab-value=\"financial-empowerment\">\n\t\t\t<div class=\"elementor-widget-wrap elementor-element-populated\">\n\t\t\t\t\t\t<div class=\"elementor-element elementor-element-3fcc028 elementor-widget elementor-widget-heading\" data-id=\"3fcc028\" data-element_type=\"widget\" data-e-type=\"widget\" data-widget_type=\"heading.default\">\n\t\t\t\t<div class=\"elementor-widget-container\">\n\t\t\t\t\t<h2 class=\"elementor-heading-title elementor-size-default\"><a href=\"https:\/\/theconcilio.org\/es\/asistencia-medica\/\">ASISTENCIA M\u00c9DICA<\/a><\/h2>\t\t\t\t<\/div>\n\t\t\t\t<\/div>\n\t\t\t\t\t<\/div>\n\t\t<\/div>\n\t\t\t\t\t<\/div>\n\t\t<\/section>\n\t\t\t\t<section class=\"elementor-section elementor-top-section elementor-element elementor-element-ae76926 elementor-section-boxed elementor-section-height-default elementor-section-height-default\" data-id=\"ae76926\" data-element_type=\"section\" data-e-type=\"section\">\n\t\t\t\t\t\t<div class=\"elementor-container elementor-column-gap-default\">\n\t\t\t\t\t<div class=\"elementor-column elementor-col-100 elementor-top-column elementor-element elementor-element-bd24c45 program-tab-content\" data-id=\"bd24c45\" data-element_type=\"column\" data-e-type=\"column\">\n\t\t\t<div class=\"elementor-widget-wrap elementor-element-populated\">\n\t\t\t\t\t\t<div class=\"elementor-element elementor-element-4e07a0b elementor-widget elementor-widget-heading\" data-id=\"4e07a0b\" data-element_type=\"widget\" data-e-type=\"widget\" data-widget_type=\"heading.default\">\n\t\t\t\t<div class=\"elementor-widget-container\">\n\t\t\t\t\t<h2 class=\"elementor-heading-title elementor-size-default\">SOLICITUD DE BENEFICIOS<\/h2>\t\t\t\t<\/div>\n\t\t\t\t<\/div>\n\t\t\t\t<div class=\"elementor-element elementor-element-bfff6e7 elementor-widget elementor-widget-text-editor\" data-id=\"bfff6e7\" data-element_type=\"widget\" data-e-type=\"widget\" data-widget_type=\"text-editor.default\">\n\t\t\t\t<div class=\"elementor-widget-container\">\n\t\t\t\t\t\t\t\t\t<p>La Ley CARES, una ley federal que incluye programas que proporcionan ayuda econ\u00f3mica a personas y familias, expira el 26 de diciembre de 2020. Si<br>solicitaste la ayuda antes del 26 de diciembre de 2020, el gobierno federal te proporcionar\u00e1 ayuda econ\u00f3mica durante un m\u00e1ximo de 39 semanas a partir de la fecha en que<br>presentaste la solicitud. <\/p>\t\t\t\t\t\t\t\t<\/div>\n\t\t\t\t<\/div>\n\t\t\t\t<div class=\"elementor-element elementor-element-7618630 elementor-widget elementor-widget-text-editor\" data-id=\"7618630\" data-element_type=\"widget\" data-e-type=\"widget\" data-widget_type=\"text-editor.default\">\n\t\t\t\t<div class=\"elementor-widget-container\">\n\t\t\t\t\t\t\t\t\t<p>Es posible que la Comisi\u00f3n de la Fuerza Laboral de Texas (TWC) no pague prestaciones por una reclamaci\u00f3n relacionada con la pandemia despu\u00e9s de esta fecha, pero si hay otro programa disponible,<br>la TWC te lo notificar\u00e1.<\/p>\t\t\t\t\t\t\t\t<\/div>\n\t\t\t\t<\/div>\n\t\t\t\t<div class=\"elementor-element elementor-element-8c95e41 elementor-widget elementor-widget-text-editor\" data-id=\"8c95e41\" data-element_type=\"widget\" data-e-type=\"widget\" data-widget_type=\"text-editor.default\">\n\t\t\t\t<div class=\"elementor-widget-container\">\n\t\t\t\t\t\t\t\t\t<p>Todav\u00eda puedes solicitar prestaciones por desempleo a trav\u00e9s del Estado de Texas; sin embargo, estas prestaciones no incluyen la indemnizaci\u00f3n por pandemia<br>proporcionada a trav\u00e9s de la Ley CARES. Visita el sitio web de la TWC <a href=\"https:\/\/www.twc.texas.gov\/programs\/unemployment-benefits\"><span style=\"text-decoration: underline;\">sitio web<\/span><\/a> o llama al 800-939-6631 de 8 de la ma\u00f1ana a 6 de la tarde en d\u00edas laborables para obtener ayuda. El inicio de sesi\u00f3n para solicitar prestaciones de desempleo<br>se puede encontrar aqu\u00ed (ingl\u00e9s y espa\u00f1ol).  <\/p>\t\t\t\t\t\t\t\t<\/div>\n\t\t\t\t<\/div>\n\t\t\t\t<div class=\"elementor-element elementor-element-4855d7d elementor-widget elementor-widget-text-editor\" data-id=\"4855d7d\" data-element_type=\"widget\" data-e-type=\"widget\" data-widget_type=\"text-editor.default\">\n\t\t\t\t<div class=\"elementor-widget-container\">\n\t\t\t\t\t\t\t\t\t<p>Debido al gran volumen de solicitudes de informaci\u00f3n, la Comisi\u00f3n de la Fuerza Laboral de Texas tambi\u00e9n ha puesto en marcha un nuevo Asistente Virtual (actualmente s\u00f3lo en ingl\u00e9s)<br>que puede responder a muchas preguntas autom\u00e1ticamente. Busca la casilla \u00abChatea con nosotros\u00bb en la esquina inferior derecha de la pantalla. <\/p>\t\t\t\t\t\t\t\t<\/div>\n\t\t\t\t<\/div>\n\t\t\t\t<div class=\"elementor-element elementor-element-9c4e177 elementor-widget elementor-widget-heading\" data-id=\"9c4e177\" data-element_type=\"widget\" data-e-type=\"widget\" data-widget_type=\"heading.default\">\n\t\t\t\t<div class=\"elementor-widget-container\">\n\t\t\t\t\t<h2 class=\"elementor-heading-title elementor-size-default\">OPORTUNIDADES DE TRABAJO<\/h2>\t\t\t\t<\/div>\n\t\t\t\t<\/div>\n\t\t\t\t<div class=\"elementor-element elementor-element-cb2ed7b elementor-widget elementor-widget-heading\" data-id=\"cb2ed7b\" data-element_type=\"widget\" data-e-type=\"widget\" data-widget_type=\"heading.default\">\n\t\t\t\t<div class=\"elementor-widget-container\">\n\t\t\t\t\t<h2 class=\"elementor-heading-title elementor-size-default\">Get Shift Done<\/h2>\t\t\t\t<\/div>\n\t\t\t\t<\/div>\n\t\t\t\t<div class=\"elementor-element elementor-element-9a0ca23 elementor-widget elementor-widget-text-editor\" data-id=\"9a0ca23\" data-element_type=\"widget\" data-e-type=\"widget\" data-widget_type=\"text-editor.default\">\n\t\t\t\t<div class=\"elementor-widget-container\">\n\t\t\t\t\t\t\t\t\t<p>Esta organizaci\u00f3n se ha asociado con l\u00edderes del sector de la restauraci\u00f3n del norte de Texas para ofrecer turnos a trabajadores de la restauraci\u00f3n afectados por la pandemia en organizaciones sin \u00e1nimo de lucro del norte de Texas<br>que preparen, monten y repartan comidas con un salario de 10 $\/hora. Para solicitarlo u obtener m\u00e1s informaci\u00f3n, visita su <a href=\"https:\/\/www.getshiftdone.org\/north-texas\/home\"><span style=\"text-decoration: underline;\">sitio web<\/span><\/a>. <\/p>\t\t\t\t\t\t\t\t<\/div>\n\t\t\t\t<\/div>\n\t\t\t\t<div class=\"elementor-element elementor-element-491054f elementor-widget elementor-widget-heading\" data-id=\"491054f\" data-element_type=\"widget\" data-e-type=\"widget\" data-widget_type=\"heading.default\">\n\t\t\t\t<div class=\"elementor-widget-container\">\n\t\t\t\t\t<h2 class=\"elementor-heading-title elementor-size-default\">GOODWILL<\/h2>\t\t\t\t<\/div>\n\t\t\t\t<\/div>\n\t\t\t\t<div class=\"elementor-element elementor-element-5e40afe elementor-widget elementor-widget-text-editor\" data-id=\"5e40afe\" data-element_type=\"widget\" data-e-type=\"widget\" data-widget_type=\"text-editor.default\">\n\t\t\t\t<div class=\"elementor-widget-container\">\n\t\t\t\t\t\t\t\t\t<p>Puedes enviar un correo electr\u00f3nico a Goodwill a <a href=\"jobs@goodwilldallas.org\"><span style=\"text-decoration: underline;\">jobs@goodwilldallas.org<\/span><\/a> con tu nombre, ciudad\/c\u00f3digo postal y n\u00famero de contacto. Un especialista se pondr\u00e1 en contacto contigo para concertar una cita en<br>para los servicios de empleo. Tambi\u00e9n puedes ponerte en contacto con el centro de servicios de Dallas en el 214-638-2800 ext. 185.  <\/p>\t\t\t\t\t\t\t\t<\/div>\n\t\t\t\t<\/div>\n\t\t\t\t<div class=\"elementor-element elementor-element-ca90686 elementor-widget elementor-widget-heading\" data-id=\"ca90686\" data-element_type=\"widget\" data-e-type=\"widget\" data-widget_type=\"heading.default\">\n\t\t\t\t<div class=\"elementor-widget-container\">\n\t\t\t\t\t<h2 class=\"elementor-heading-title elementor-size-default\">SAY YES TO DALLAS<\/h2>\t\t\t\t<\/div>\n\t\t\t\t<\/div>\n\t\t\t\t<div class=\"elementor-element elementor-element-7e8169d elementor-widget elementor-widget-text-editor\" data-id=\"7e8169d\" data-element_type=\"widget\" data-e-type=\"widget\" data-widget_type=\"text-editor.default\">\n\t\t\t\t<div class=\"elementor-widget-container\">\n\t\t\t\t\t\t\t\t\t<p>Este sitio web tiene una lista de oportunidades de empleo para trabajadores desplazados. Visita la <a href=\"https:\/\/sayyestodallas.com\/jobs\/\"><span style=\"text-decoration: underline;\">sitio web<\/span><\/a> para ver por categor\u00edas y encontrar empleos que se adapten a ti. <\/p>\t\t\t\t\t\t\t\t<\/div>\n\t\t\t\t<\/div>\n\t\t\t\t<div class=\"elementor-element elementor-element-f81ad45 elementor-widget elementor-widget-heading\" data-id=\"f81ad45\" data-element_type=\"widget\" data-e-type=\"widget\" data-widget_type=\"heading.default\">\n\t\t\t\t<div class=\"elementor-widget-container\">\n\t\t\t\t\t<h2 class=\"elementor-heading-title elementor-size-default\">WORK IN TEXAS<\/h2>\t\t\t\t<\/div>\n\t\t\t\t<\/div>\n\t\t\t\t<div class=\"elementor-element elementor-element-4ec0eb4 elementor-widget elementor-widget-text-editor\" data-id=\"4ec0eb4\" data-element_type=\"widget\" data-e-type=\"widget\" data-widget_type=\"text-editor.default\">\n\t\t\t\t<div class=\"elementor-widget-container\">\n\t\t\t\t\t\t\t\t\t<p>Este sitio web te ofrece un motor de b\u00fasqueda para consultar diversas ofertas de empleo por palabra clave, ciudad o proximidad (<a href=\"https:\/\/www.workintexas.com\/vosnet\/Default.aspx\"><span style=\"text-decoration: underline;\">Ingl\u00e9s<\/span><\/a> \/ <a href=\"https:\/\/www.workintexas.com\/vosnet\/Default.aspx?enc=KrXBHc1OhrZGzl2XGVPM3g==\"><span style=\"text-decoration: underline;\">espa\u00f1ol<\/span><\/a>).<\/p>\t\t\t\t\t\t\t\t<\/div>\n\t\t\t\t<\/div>\n\t\t\t\t<div class=\"elementor-element elementor-element-37639f9 elementor-widget elementor-widget-heading\" data-id=\"37639f9\" data-element_type=\"widget\" data-e-type=\"widget\" data-widget_type=\"heading.default\">\n\t\t\t\t<div class=\"elementor-widget-container\">\n\t\t\t\t\t<h2 class=\"elementor-heading-title elementor-size-default\">WORKFORCE SOLUTIONS<\/h2>\t\t\t\t<\/div>\n\t\t\t\t<\/div>\n\t\t\t\t<div class=\"elementor-element elementor-element-bd55156 elementor-widget elementor-widget-text-editor\" data-id=\"bd55156\" data-element_type=\"widget\" data-e-type=\"widget\" data-widget_type=\"text-editor.default\">\n\t\t\t\t<div class=\"elementor-widget-container\">\n\t\t\t\t\t\t\t\t\t<p>Workforce Solutions Greater Dallas es un servicio gratuito de b\u00fasqueda de empleo que ayuda a las personas a encontrar trabajo en el \u00e1rea de Dallas. Para buscar una lista de empleos, visita<br>su <a href=\"https:\/\/www.wfsdallas.com\/jobseeker\/\"><span style=\"text-decoration: underline;\">sitio web<\/span><\/a>. <\/p>\t\t\t\t\t\t\t\t<\/div>\n\t\t\t\t<\/div>\n\t\t\t\t<div class=\"elementor-element elementor-element-dfa37b4 elementor-widget elementor-widget-heading\" data-id=\"dfa37b4\" data-element_type=\"widget\" data-e-type=\"widget\" data-widget_type=\"heading.default\">\n\t\t\t\t<div class=\"elementor-widget-container\">\n\t\t\t\t\t<h2 class=\"elementor-heading-title elementor-size-default\">IMMIGRATION CASES &amp; PUBLIC CHARGE<\/h2>\t\t\t\t<\/div>\n\t\t\t\t<\/div>\n\t\t\t\t<div class=\"elementor-element elementor-element-8443a94 elementor-widget elementor-widget-text-editor\" data-id=\"8443a94\" data-element_type=\"widget\" data-e-type=\"widget\" data-widget_type=\"text-editor.default\">\n\t\t\t\t<div class=\"elementor-widget-container\">\n\t\t\t\t\t\t\t\t\t<p>La acusaci\u00f3n p\u00fablica es un motivo de inadmisibilidad. Los motivos de inadmisibilidad son razones por las que se puede denegar a una persona la tarjeta verde, el visado o la admisi\u00f3n en Estados Unidos. <\/p>\t\t\t\t\t\t\t\t<\/div>\n\t\t\t\t<\/div>\n\t\t\t\t<div class=\"elementor-element elementor-element-5ec824d elementor-widget elementor-widget-text-editor\" data-id=\"5ec824d\" data-element_type=\"widget\" data-e-type=\"widget\" data-widget_type=\"text-editor.default\">\n\t\t\t\t<div class=\"elementor-widget-container\">\n\t\t\t\t\t\t\t\t\t<p>Puedes encontrar un an\u00e1lisis m\u00e1s detallado de la norma final sobre la carga p\u00fablica <a href=\"https:\/\/www.federalregister.gov\/documents\/2022\/09\/09\/2022-18867\/public-charge-ground-of-inadmissibility\"><span style=\"text-decoration: underline;\">aqu\u00ed<\/span><\/a>.<\/p>\t\t\t\t\t\t\t\t<\/div>\n\t\t\t\t<\/div>\n\t\t\t\t<div class=\"elementor-element elementor-element-b6cb3ae elementor-widget elementor-widget-text-editor\" data-id=\"b6cb3ae\" data-element_type=\"widget\" data-e-type=\"widget\" data-widget_type=\"text-editor.default\">\n\t\t\t\t<div class=\"elementor-widget-container\">\n\t\t\t\t\t\t\t\t\t<p>Seg\u00fan el estado actual, los trabajadores indocumentados no pueden recibir prestaciones de desempleo, pero los casos que est\u00e1n solicitando la tarjeta verde o que est\u00e1n buscando activamente la residencia permanente a trav\u00e9s de una petici\u00f3n pueden optar a ellas.<\/p>\t\t\t\t\t\t\t\t<\/div>\n\t\t\t\t<\/div>\n\t\t\t\t<div class=\"elementor-element elementor-element-1d18976 elementor-widget elementor-widget-text-editor\" data-id=\"1d18976\" data-element_type=\"widget\" data-e-type=\"widget\" data-widget_type=\"text-editor.default\">\n\t\t\t\t<div class=\"elementor-widget-container\">\n\t\t\t\t\t\t\t\t\t<p>El seguro de desempleo no est\u00e1 entre la lista del gobierno de tipos de prestaciones que convierten a alguien en una carga p\u00fablica potencial, lo que podr\u00eda hacerte inadmisible en los tribunales para tus casos de inmigraci\u00f3n.<\/p>\t\t\t\t\t\t\t\t<\/div>\n\t\t\t\t<\/div>\n\t\t\t\t<div class=\"elementor-element elementor-element-29ae591 elementor-widget elementor-widget-text-editor\" data-id=\"29ae591\" data-element_type=\"widget\" data-e-type=\"widget\" data-widget_type=\"text-editor.default\">\n\t\t\t\t<div class=\"elementor-widget-container\">\n\t\t\t\t\t\t\t\t\t<p>Cases dealing with green card or permanent immigration status are the ones most reviewed for public charge (depending heavily on government benefits).<\/p>\t\t\t\t\t\t\t\t<\/div>\n\t\t\t\t<\/div>\n\t\t\t\t<div class=\"elementor-element elementor-element-b750c4d elementor-widget elementor-widget-text-editor\" data-id=\"b750c4d\" data-element_type=\"widget\" data-e-type=\"widget\" data-widget_type=\"text-editor.default\">\n\t\t\t\t<div class=\"elementor-widget-container\">\n\t\t\t\t\t\t\t\t\t<p>El Servicio de Ciudadan\u00eda e Inmigraci\u00f3n de EE.UU. dice que las personas que presenten los s\u00edntomas del COVID-19 deben buscar ayuda m\u00e9dica y no afectar\u00e1 negativamente a un an\u00e1lisis de carga p\u00fablica.<\/p>\t\t\t\t\t\t\t\t<\/div>\n\t\t\t\t<\/div>\n\t\t\t\t\t<\/div>\n\t\t<\/div>\n\t\t\t\t\t<\/div>\n\t\t<\/section>\n\t\t\t\t<\/div>\n\t\t","protected":false},"excerpt":{"rendered":"<p>RECURSOS GENERALES Necesite lo que necesite, le cubrimos las espaldas. Proporcionamos una amplia variedad de recursos a las comunidades a las que servimos para fortalecerlas y capacitarlas para vivir su mejor vida. Que te echen una mano cuando m\u00e1s lo necesites. ALIMENTACI\u00d3N Y PRODUCTOS B\u00c1SICOS NECESITA DESEMPLEO Y COMPENSACI\u00d3N SALUD MENTAL VIOLENCIA DOM\u00c9STICA Y AGRESI\u00d3N [&hellip;]<\/p>\n","protected":false},"author":2,"featured_media":0,"parent":0,"menu_order":0,"comment_status":"closed","ping_status":"closed","template":"elementor_header_footer","meta":{"_acf_changed":false,"footnotes":""},"class_list":["post-3151","page","type-page","status-publish","hentry"],"acf":[],"yoast_head":"<!-- This site is optimized with the Yoast SEO plugin v27.5 - https:\/\/yoast.com\/product\/yoast-seo-wordpress\/ -->\n<title>Desempleo y Compensaci\u00f3n de Trabajadores -<\/title>\n<meta name=\"robots\" content=\"index, follow, max-snippet:-1, max-image-preview:large, max-video-preview:-1\" \/>\n<link rel=\"canonical\" href=\"https:\/\/theconcilio.org\/es\/desempleo-y-compensacion-de-trabajadores\/\" \/>\n<meta property=\"og:locale\" content=\"es_ES\" \/>\n<meta property=\"og:type\" content=\"article\" \/>\n<meta property=\"og:title\" content=\"Desempleo y Compensaci\u00f3n de Trabajadores -\" \/>\n<meta property=\"og:description\" content=\"RECURSOS GENERALES Necesite lo que necesite, le cubrimos las espaldas. Proporcionamos una amplia variedad de recursos a las comunidades a las que servimos para fortalecerlas y capacitarlas para vivir su mejor vida. Que te echen una mano cuando m\u00e1s lo necesites. ALIMENTACI\u00d3N Y PRODUCTOS B\u00c1SICOS NECESITA DESEMPLEO Y COMPENSACI\u00d3N SALUD MENTAL VIOLENCIA DOM\u00c9STICA Y AGRESI\u00d3N [&hellip;]\" \/>\n<meta property=\"og:url\" content=\"https:\/\/theconcilio.org\/es\/desempleo-y-compensacion-de-trabajadores\/\" \/>\n<meta property=\"article:publisher\" content=\"https:\/\/www.facebook.com\/theconcilio\" \/>\n<meta property=\"article:modified_time\" content=\"2025-07-16T03:16:04+00:00\" \/>\n<meta name=\"twitter:card\" content=\"summary_large_image\" \/>\n<meta name=\"twitter:label1\" content=\"Tiempo de lectura\" \/>\n\t<meta name=\"twitter:data1\" content=\"4 minutos\" \/>\n<script type=\"application\/ld+json\" class=\"yoast-schema-graph\">{\"@context\":\"https:\\\/\\\/schema.org\",\"@graph\":[{\"@type\":\"WebPage\",\"@id\":\"https:\\\/\\\/theconcilio.org\\\/es\\\/desempleo-y-compensacion-de-trabajadores\\\/\",\"url\":\"https:\\\/\\\/theconcilio.org\\\/es\\\/desempleo-y-compensacion-de-trabajadores\\\/\",\"name\":\"Desempleo y Compensaci\u00f3n de Trabajadores -\",\"isPartOf\":{\"@id\":\"https:\\\/\\\/theconcilio.org\\\/#website\"},\"datePublished\":\"2023-05-12T03:15:34+00:00\",\"dateModified\":\"2025-07-16T03:16:04+00:00\",\"breadcrumb\":{\"@id\":\"https:\\\/\\\/theconcilio.org\\\/es\\\/desempleo-y-compensacion-de-trabajadores\\\/#breadcrumb\"},\"inLanguage\":\"es\",\"potentialAction\":[{\"@type\":\"ReadAction\",\"target\":[\"https:\\\/\\\/theconcilio.org\\\/es\\\/desempleo-y-compensacion-de-trabajadores\\\/\"]}]},{\"@type\":\"BreadcrumbList\",\"@id\":\"https:\\\/\\\/theconcilio.org\\\/es\\\/desempleo-y-compensacion-de-trabajadores\\\/#breadcrumb\",\"itemListElement\":[{\"@type\":\"ListItem\",\"position\":1,\"name\":\"Home\",\"item\":\"https:\\\/\\\/theconcilio.org\\\/es\\\/\"},{\"@type\":\"ListItem\",\"position\":2,\"name\":\"Desempleo y Compensaci\u00f3n de Trabajadores\"}]},{\"@type\":\"WebSite\",\"@id\":\"https:\\\/\\\/theconcilio.org\\\/#website\",\"url\":\"https:\\\/\\\/theconcilio.org\\\/\",\"name\":\"The Concilio\",\"description\":\"\",\"publisher\":{\"@id\":\"https:\\\/\\\/theconcilio.org\\\/#organization\"},\"potentialAction\":[{\"@type\":\"SearchAction\",\"target\":{\"@type\":\"EntryPoint\",\"urlTemplate\":\"https:\\\/\\\/theconcilio.org\\\/?s={search_term_string}\"},\"query-input\":{\"@type\":\"PropertyValueSpecification\",\"valueRequired\":true,\"valueName\":\"search_term_string\"}}],\"inLanguage\":\"es\"},{\"@type\":\"Organization\",\"@id\":\"https:\\\/\\\/theconcilio.org\\\/#organization\",\"name\":\"The Concilio\",\"url\":\"https:\\\/\\\/theconcilio.org\\\/\",\"logo\":{\"@type\":\"ImageObject\",\"inLanguage\":\"es\",\"@id\":\"https:\\\/\\\/theconcilio.org\\\/#\\\/schema\\\/logo\\\/image\\\/\",\"url\":\"https:\\\/\\\/theconcilio.org\\\/wp-content\\\/uploads\\\/2023\\\/05\\\/Stacked_Logo_RGB_transparent_bkgd.jpeg\",\"contentUrl\":\"https:\\\/\\\/theconcilio.org\\\/wp-content\\\/uploads\\\/2023\\\/05\\\/Stacked_Logo_RGB_transparent_bkgd.jpeg\",\"width\":500,\"height\":312,\"caption\":\"The Concilio\"},\"image\":{\"@id\":\"https:\\\/\\\/theconcilio.org\\\/#\\\/schema\\\/logo\\\/image\\\/\"},\"sameAs\":[\"https:\\\/\\\/www.facebook.com\\\/theconcilio\",\"https:\\\/\\\/www.instagram.com\\\/theconcilio\",\"https:\\\/\\\/www.linkedin.com\\\/company\\\/the-concilio\\\/\"]}]}<\/script>\n<!-- \/ Yoast SEO plugin. -->","yoast_head_json":{"title":"Desempleo y Compensaci\u00f3n de Trabajadores -","robots":{"index":"index","follow":"follow","max-snippet":"max-snippet:-1","max-image-preview":"max-image-preview:large","max-video-preview":"max-video-preview:-1"},"canonical":"https:\/\/theconcilio.org\/es\/desempleo-y-compensacion-de-trabajadores\/","og_locale":"es_ES","og_type":"article","og_title":"Desempleo y Compensaci\u00f3n de Trabajadores -","og_description":"RECURSOS GENERALES Necesite lo que necesite, le cubrimos las espaldas. Proporcionamos una amplia variedad de recursos a las comunidades a las que servimos para fortalecerlas y capacitarlas para vivir su mejor vida. Que te echen una mano cuando m\u00e1s lo necesites. ALIMENTACI\u00d3N Y PRODUCTOS B\u00c1SICOS NECESITA DESEMPLEO Y COMPENSACI\u00d3N SALUD MENTAL VIOLENCIA DOM\u00c9STICA Y AGRESI\u00d3N [&hellip;]","og_url":"https:\/\/theconcilio.org\/es\/desempleo-y-compensacion-de-trabajadores\/","article_publisher":"https:\/\/www.facebook.com\/theconcilio","article_modified_time":"2025-07-16T03:16:04+00:00","twitter_card":"summary_large_image","twitter_misc":{"Tiempo de lectura":"4 minutos"},"schema":{"@context":"https:\/\/schema.org","@graph":[{"@type":"WebPage","@id":"https:\/\/theconcilio.org\/es\/desempleo-y-compensacion-de-trabajadores\/","url":"https:\/\/theconcilio.org\/es\/desempleo-y-compensacion-de-trabajadores\/","name":"Desempleo y Compensaci\u00f3n de Trabajadores -","isPartOf":{"@id":"https:\/\/theconcilio.org\/#website"},"datePublished":"2023-05-12T03:15:34+00:00","dateModified":"2025-07-16T03:16:04+00:00","breadcrumb":{"@id":"https:\/\/theconcilio.org\/es\/desempleo-y-compensacion-de-trabajadores\/#breadcrumb"},"inLanguage":"es","potentialAction":[{"@type":"ReadAction","target":["https:\/\/theconcilio.org\/es\/desempleo-y-compensacion-de-trabajadores\/"]}]},{"@type":"BreadcrumbList","@id":"https:\/\/theconcilio.org\/es\/desempleo-y-compensacion-de-trabajadores\/#breadcrumb","itemListElement":[{"@type":"ListItem","position":1,"name":"Home","item":"https:\/\/theconcilio.org\/es\/"},{"@type":"ListItem","position":2,"name":"Desempleo y Compensaci\u00f3n de Trabajadores"}]},{"@type":"WebSite","@id":"https:\/\/theconcilio.org\/#website","url":"https:\/\/theconcilio.org\/","name":"The Concilio","description":"","publisher":{"@id":"https:\/\/theconcilio.org\/#organization"},"potentialAction":[{"@type":"SearchAction","target":{"@type":"EntryPoint","urlTemplate":"https:\/\/theconcilio.org\/?s={search_term_string}"},"query-input":{"@type":"PropertyValueSpecification","valueRequired":true,"valueName":"search_term_string"}}],"inLanguage":"es"},{"@type":"Organization","@id":"https:\/\/theconcilio.org\/#organization","name":"The Concilio","url":"https:\/\/theconcilio.org\/","logo":{"@type":"ImageObject","inLanguage":"es","@id":"https:\/\/theconcilio.org\/#\/schema\/logo\/image\/","url":"https:\/\/theconcilio.org\/wp-content\/uploads\/2023\/05\/Stacked_Logo_RGB_transparent_bkgd.jpeg","contentUrl":"https:\/\/theconcilio.org\/wp-content\/uploads\/2023\/05\/Stacked_Logo_RGB_transparent_bkgd.jpeg","width":500,"height":312,"caption":"The Concilio"},"image":{"@id":"https:\/\/theconcilio.org\/#\/schema\/logo\/image\/"},"sameAs":["https:\/\/www.facebook.com\/theconcilio","https:\/\/www.instagram.com\/theconcilio","https:\/\/www.linkedin.com\/company\/the-concilio\/"]}]}},"_links":{"self":[{"href":"https:\/\/theconcilio.org\/es\/wp-json\/wp\/v2\/pages\/3151","targetHints":{"allow":["GET"]}}],"collection":[{"href":"https:\/\/theconcilio.org\/es\/wp-json\/wp\/v2\/pages"}],"about":[{"href":"https:\/\/theconcilio.org\/es\/wp-json\/wp\/v2\/types\/page"}],"author":[{"embeddable":true,"href":"https:\/\/theconcilio.org\/es\/wp-json\/wp\/v2\/users\/2"}],"replies":[{"embeddable":true,"href":"https:\/\/theconcilio.org\/es\/wp-json\/wp\/v2\/comments?post=3151"}],"version-history":[{"count":21,"href":"https:\/\/theconcilio.org\/es\/wp-json\/wp\/v2\/pages\/3151\/revisions"}],"predecessor-version":[{"id":7899,"href":"https:\/\/theconcilio.org\/es\/wp-json\/wp\/v2\/pages\/3151\/revisions\/7899"}],"wp:attachment":[{"href":"https:\/\/theconcilio.org\/es\/wp-json\/wp\/v2\/media?parent=3151"}],"curies":[{"name":"wp","href":"https:\/\/api.w.org\/{rel}","templated":true}]}}