{"id":4601,"date":"2024-02-06T06:59:17","date_gmt":"2024-02-06T06:59:17","guid":{"rendered":"https:\/\/theconcilio.org\/red-de-jovenes-profesionales-latinos\/"},"modified":"2024-03-08T21:01:15","modified_gmt":"2024-03-08T21:01:15","slug":"red-de-jovenes-profesionales-latinos","status":"publish","type":"page","link":"https:\/\/theconcilio.org\/es\/red-de-jovenes-profesionales-latinos\/","title":{"rendered":"Red de j\u00f3venes profesionales latinos"},"content":{"rendered":"\t\t<div data-elementor-type=\"wp-page\" data-elementor-id=\"4601\" class=\"elementor elementor-4601 elementor-4580\" data-elementor-post-type=\"page\">\n\t\t\t\t\t\t<section class=\"elementor-section elementor-top-section elementor-element elementor-element-be0fb9b elementor-section-boxed elementor-section-height-default elementor-section-height-default\" data-id=\"be0fb9b\" data-element_type=\"section\" data-e-type=\"section\">\n\t\t\t\t\t\t<div class=\"elementor-container elementor-column-gap-default\">\n\t\t\t\t\t<div class=\"elementor-column elementor-col-100 elementor-top-column elementor-element elementor-element-acdc2c9\" data-id=\"acdc2c9\" data-element_type=\"column\" data-e-type=\"column\">\n\t\t\t<div class=\"elementor-widget-wrap\">\n\t\t\t\t\t\t\t<\/div>\n\t\t<\/div>\n\t\t\t\t\t<\/div>\n\t\t<\/section>\n\t\t\t\t<section class=\"elementor-section elementor-top-section elementor-element elementor-element-7daeb9a1 elementor-section-boxed elementor-section-height-default elementor-section-height-default\" data-id=\"7daeb9a1\" data-element_type=\"section\" data-e-type=\"section\" data-settings=\"{&quot;background_background&quot;:&quot;classic&quot;}\">\n\t\t\t\t\t\t<div class=\"elementor-container elementor-column-gap-default\">\n\t\t\t\t\t<div class=\"elementor-column elementor-col-100 elementor-top-column elementor-element elementor-element-303702ff\" data-id=\"303702ff\" data-element_type=\"column\" data-e-type=\"column\">\n\t\t\t<div class=\"elementor-widget-wrap elementor-element-populated\">\n\t\t\t\t\t\t<div class=\"elementor-element elementor-element-58f1d5ad elementor-widget elementor-widget-heading\" data-id=\"58f1d5ad\" data-element_type=\"widget\" data-e-type=\"widget\" data-widget_type=\"heading.default\">\n\t\t\t\t<div class=\"elementor-widget-container\">\n\t\t\t\t\t<h3 class=\"elementor-heading-title elementor-size-default\">Red de j\u00f3venes profesionales latinos<\/h3>\t\t\t\t<\/div>\n\t\t\t\t<\/div>\n\t\t\t\t<div class=\"elementor-element elementor-element-4ec83915 elementor-widget elementor-widget-heading\" data-id=\"4ec83915\" data-element_type=\"widget\" data-e-type=\"widget\" data-widget_type=\"heading.default\">\n\t\t\t\t<div class=\"elementor-widget-container\">\n\t\t\t\t\t<p class=\"elementor-heading-title elementor-size-default\">Eventos de networking para j\u00f3venes profesionales latinos con talleres para ayudar a formar futuros l\u00edderes de organizaciones en el \u00e1rea de DFW.<\/p>\t\t\t\t<\/div>\n\t\t\t\t<\/div>\n\t\t\t\t\t<\/div>\n\t\t<\/div>\n\t\t\t\t\t<\/div>\n\t\t<\/section>\n\t\t\t\t<section class=\"elementor-section elementor-top-section elementor-element elementor-element-f3dcc97 elementor-section-boxed elementor-section-height-default elementor-section-height-default\" data-id=\"f3dcc97\" data-element_type=\"section\" data-e-type=\"section\">\n\t\t\t\t\t\t<div class=\"elementor-container elementor-column-gap-default\">\n\t\t\t\t\t<div class=\"elementor-column elementor-col-100 elementor-top-column elementor-element elementor-element-8731a5e\" data-id=\"8731a5e\" data-element_type=\"column\" data-e-type=\"column\">\n\t\t\t<div class=\"elementor-widget-wrap\">\n\t\t\t\t\t\t\t<\/div>\n\t\t<\/div>\n\t\t\t\t\t<\/div>\n\t\t<\/section>\n\t\t\t\t<section class=\"elementor-section elementor-top-section elementor-element elementor-element-69a3ad6a elementor-section-boxed elementor-section-height-default elementor-section-height-default\" data-id=\"69a3ad6a\" data-element_type=\"section\" data-e-type=\"section\">\n\t\t\t\t\t\t<div class=\"elementor-container elementor-column-gap-default\">\n\t\t\t\t\t<div class=\"elementor-column elementor-col-50 elementor-top-column elementor-element elementor-element-7e183562\" data-id=\"7e183562\" data-element_type=\"column\" data-e-type=\"column\">\n\t\t\t<div class=\"elementor-widget-wrap elementor-element-populated\">\n\t\t\t\t\t\t<div class=\"elementor-element elementor-element-753e569e elementor-widget__width-initial elementor-widget elementor-widget-image\" data-id=\"753e569e\" data-element_type=\"widget\" data-e-type=\"widget\" data-widget_type=\"image.default\">\n\t\t\t\t<div class=\"elementor-widget-container\">\n\t\t\t\t\t\t\t\t\t\t\t\t\t\t\t<img fetchpriority=\"high\" decoding=\"async\" width=\"1200\" height=\"630\" src=\"https:\/\/theconcilio.org\/wp-content\/uploads\/2024\/02\/YLPN-March-28-24.png\" class=\"attachment-1536x1536 size-1536x1536 wp-image-4867\" alt=\"\" srcset=\"https:\/\/theconcilio.org\/wp-content\/uploads\/2024\/02\/YLPN-March-28-24.png 1200w, https:\/\/theconcilio.org\/wp-content\/uploads\/2024\/02\/YLPN-March-28-24-300x158.png 300w, https:\/\/theconcilio.org\/wp-content\/uploads\/2024\/02\/YLPN-March-28-24-1024x538.png 1024w, https:\/\/theconcilio.org\/wp-content\/uploads\/2024\/02\/YLPN-March-28-24-768x403.png 768w, https:\/\/theconcilio.org\/wp-content\/uploads\/2024\/02\/YLPN-March-28-24-600x315.png 600w\" sizes=\"(max-width: 1200px) 100vw, 1200px\" \/>\t\t\t\t\t\t\t\t\t\t\t\t\t\t\t<\/div>\n\t\t\t\t<\/div>\n\t\t\t\t\t<\/div>\n\t\t<\/div>\n\t\t\t\t<div class=\"elementor-column elementor-col-50 elementor-top-column elementor-element elementor-element-75971318\" data-id=\"75971318\" data-element_type=\"column\" data-e-type=\"column\">\n\t\t\t<div class=\"elementor-widget-wrap elementor-element-populated\">\n\t\t\t\t\t\t<div class=\"elementor-element elementor-element-76242496 elementor-widget elementor-widget-heading\" data-id=\"76242496\" data-element_type=\"widget\" data-e-type=\"widget\" data-widget_type=\"heading.default\">\n\t\t\t\t<div class=\"elementor-widget-container\">\n\t\t\t\t\t<h2 class=\"elementor-heading-title elementor-size-default\">YLPN<\/h2>\t\t\t\t<\/div>\n\t\t\t\t<\/div>\n\t\t\t\t<div class=\"elementor-element elementor-element-3dcb7178 elementor-widget elementor-widget-text-editor\" data-id=\"3dcb7178\" data-element_type=\"widget\" data-e-type=\"widget\" data-widget_type=\"text-editor.default\">\n\t\t\t\t<div class=\"elementor-widget-container\">\n\t\t\t\t\t\t\t\t\t<p>\u00danase a nosotros en nuestro evento Red de J\u00f3venes Profesionales Latinos: aumento de la educaci\u00f3n financiera, donde j\u00f3venes profesionales latinos del DFW Metroplex se reunir\u00e1n para un d\u00eda de networking y talleres. Este evento empoderador proporciona una plataforma para conectarse, colaborar y obtener informaci\u00f3n valiosa de expertos financieros experimentados, lo que le permitir\u00e1 mejorar sus conocimientos financieros y elevar su red profesional. \u00a1No pierdas esta oportunidad de invertir en tu \u00e9xito futuro!<\/p>\t\t\t\t\t\t\t\t<\/div>\n\t\t\t\t<\/div>\n\t\t\t\t<div class=\"elementor-element elementor-element-e5c9d80 elementor-align-center elementor-widget elementor-widget-button\" data-id=\"e5c9d80\" data-element_type=\"widget\" data-e-type=\"widget\" data-widget_type=\"button.default\">\n\t\t\t\t<div class=\"elementor-widget-container\">\n\t\t\t\t\t\t\t\t\t<div class=\"elementor-button-wrapper\">\n\t\t\t\t\t<a class=\"elementor-button elementor-button-link elementor-size-md\" href=\"\">\n\t\t\t\t\t\t<span class=\"elementor-button-content-wrapper\">\n\t\t\t\t\t\t\t\t\t<span class=\"elementor-button-text\">Reg\u00edstrese aqu\u00ed<\/span>\n\t\t\t\t\t<\/span>\n\t\t\t\t\t<\/a>\n\t\t\t\t<\/div>\n\t\t\t\t\t\t\t\t<\/div>\n\t\t\t\t<\/div>\n\t\t\t\t\t<\/div>\n\t\t<\/div>\n\t\t\t\t\t<\/div>\n\t\t<\/section>\n\t\t\t\t<section class=\"elementor-section elementor-top-section elementor-element elementor-element-734bd9b elementor-section-boxed elementor-section-height-default elementor-section-height-default\" data-id=\"734bd9b\" data-element_type=\"section\" data-e-type=\"section\">\n\t\t\t\t\t\t<div class=\"elementor-container elementor-column-gap-default\">\n\t\t\t\t\t<div class=\"elementor-column elementor-col-100 elementor-top-column elementor-element elementor-element-43d3367\" data-id=\"43d3367\" data-element_type=\"column\" data-e-type=\"column\">\n\t\t\t<div class=\"elementor-widget-wrap elementor-element-populated\">\n\t\t\t\t\t\t<div class=\"elementor-element elementor-element-5036f2fe elementor-widget elementor-widget-gallery\" data-id=\"5036f2fe\" data-element_type=\"widget\" data-e-type=\"widget\" data-settings=\"{&quot;lazyload&quot;:&quot;yes&quot;,&quot;gallery_layout&quot;:&quot;grid&quot;,&quot;columns&quot;:4,&quot;columns_tablet&quot;:2,&quot;columns_mobile&quot;:1,&quot;gap&quot;:{&quot;unit&quot;:&quot;px&quot;,&quot;size&quot;:10,&quot;sizes&quot;:[]},&quot;gap_tablet&quot;:{&quot;unit&quot;:&quot;px&quot;,&quot;size&quot;:10,&quot;sizes&quot;:[]},&quot;gap_mobile&quot;:{&quot;unit&quot;:&quot;px&quot;,&quot;size&quot;:10,&quot;sizes&quot;:[]},&quot;link_to&quot;:&quot;file&quot;,&quot;aspect_ratio&quot;:&quot;3:2&quot;,&quot;overlay_background&quot;:&quot;yes&quot;,&quot;content_hover_animation&quot;:&quot;fade-in&quot;}\" data-widget_type=\"gallery.default\">\n\t\t\t\t<div class=\"elementor-widget-container\">\n\t\t\t\t\t\t\t<div class=\"elementor-gallery__container\">\n\t\t\t\t\t\t\t<a class=\"e-gallery-item elementor-gallery-item elementor-animated-content\" href=\"https:\/\/theconcilio.org\/wp-content\/uploads\/2024\/02\/1Y2A7997.jpeg\" data-elementor-open-lightbox=\"yes\" data-elementor-lightbox-slideshow=\"5036f2fe\" data-elementor-lightbox-title=\"1Y2A7997\" data-e-action-hash=\"#elementor-action%3Aaction%3Dlightbox%26settings%3DeyJpZCI6NDU4MywidXJsIjoiaHR0cHM6XC9cL3RoZWNvbmNpbGlvLm9yZ1wvd3AtY29udGVudFwvdXBsb2Fkc1wvMjAyNFwvMDJcLzFZMkE3OTk3LmpwZWciLCJzbGlkZXNob3ciOiI1MDM2ZjJmZSJ9\">\n\t\t\t\t\t<div class=\"e-gallery-image elementor-gallery-item__image\" data-thumbnail=\"https:\/\/theconcilio.org\/wp-content\/uploads\/2024\/02\/1Y2A7997-300x212.jpeg\" data-width=\"300\" data-height=\"212\" aria-label=\"\" role=\"img\" ><\/div>\n\t\t\t\t\t\t\t\t\t\t\t<div class=\"elementor-gallery-item__overlay\"><\/div>\n\t\t\t\t\t\t\t\t\t\t\t\t\t\t<\/a>\n\t\t\t\t\t\t\t<a class=\"e-gallery-item elementor-gallery-item elementor-animated-content\" href=\"https:\/\/theconcilio.org\/wp-content\/uploads\/2024\/02\/1Y2A8114.jpeg\" data-elementor-open-lightbox=\"yes\" data-elementor-lightbox-slideshow=\"5036f2fe\" data-elementor-lightbox-title=\"1Y2A8114\" data-e-action-hash=\"#elementor-action%3Aaction%3Dlightbox%26settings%3DeyJpZCI6NDU4NSwidXJsIjoiaHR0cHM6XC9cL3RoZWNvbmNpbGlvLm9yZ1wvd3AtY29udGVudFwvdXBsb2Fkc1wvMjAyNFwvMDJcLzFZMkE4MTE0LmpwZWciLCJzbGlkZXNob3ciOiI1MDM2ZjJmZSJ9\">\n\t\t\t\t\t<div class=\"e-gallery-image elementor-gallery-item__image\" data-thumbnail=\"https:\/\/theconcilio.org\/wp-content\/uploads\/2024\/02\/1Y2A8114-300x200.jpeg\" data-width=\"300\" data-height=\"200\" aria-label=\"\" role=\"img\" ><\/div>\n\t\t\t\t\t\t\t\t\t\t\t<div class=\"elementor-gallery-item__overlay\"><\/div>\n\t\t\t\t\t\t\t\t\t\t\t\t\t\t<\/a>\n\t\t\t\t\t\t\t<a class=\"e-gallery-item elementor-gallery-item elementor-animated-content\" href=\"https:\/\/theconcilio.org\/wp-content\/uploads\/2024\/02\/1Y2A8310.jpeg\" data-elementor-open-lightbox=\"yes\" data-elementor-lightbox-slideshow=\"5036f2fe\" data-elementor-lightbox-title=\"1Y2A8310\" data-e-action-hash=\"#elementor-action%3Aaction%3Dlightbox%26settings%3DeyJpZCI6NDU4NywidXJsIjoiaHR0cHM6XC9cL3RoZWNvbmNpbGlvLm9yZ1wvd3AtY29udGVudFwvdXBsb2Fkc1wvMjAyNFwvMDJcLzFZMkE4MzEwLmpwZWciLCJzbGlkZXNob3ciOiI1MDM2ZjJmZSJ9\">\n\t\t\t\t\t<div class=\"e-gallery-image elementor-gallery-item__image\" data-thumbnail=\"https:\/\/theconcilio.org\/wp-content\/uploads\/2024\/02\/1Y2A8310-300x200.jpeg\" data-width=\"300\" data-height=\"200\" aria-label=\"\" role=\"img\" ><\/div>\n\t\t\t\t\t\t\t\t\t\t\t<div class=\"elementor-gallery-item__overlay\"><\/div>\n\t\t\t\t\t\t\t\t\t\t\t\t\t\t<\/a>\n\t\t\t\t\t\t\t<a class=\"e-gallery-item elementor-gallery-item elementor-animated-content\" href=\"https:\/\/theconcilio.org\/wp-content\/uploads\/2024\/02\/1Y2A8377.jpeg\" data-elementor-open-lightbox=\"yes\" data-elementor-lightbox-slideshow=\"5036f2fe\" data-elementor-lightbox-title=\"1Y2A8377\" data-e-action-hash=\"#elementor-action%3Aaction%3Dlightbox%26settings%3DeyJpZCI6NDU4OSwidXJsIjoiaHR0cHM6XC9cL3RoZWNvbmNpbGlvLm9yZ1wvd3AtY29udGVudFwvdXBsb2Fkc1wvMjAyNFwvMDJcLzFZMkE4Mzc3LmpwZWciLCJzbGlkZXNob3ciOiI1MDM2ZjJmZSJ9\">\n\t\t\t\t\t<div class=\"e-gallery-image elementor-gallery-item__image\" data-thumbnail=\"https:\/\/theconcilio.org\/wp-content\/uploads\/2024\/02\/1Y2A8377-300x212.jpeg\" data-width=\"300\" data-height=\"212\" aria-label=\"\" role=\"img\" ><\/div>\n\t\t\t\t\t\t\t\t\t\t\t<div class=\"elementor-gallery-item__overlay\"><\/div>\n\t\t\t\t\t\t\t\t\t\t\t\t\t\t<\/a>\n\t\t\t\t\t\t\t<a class=\"e-gallery-item elementor-gallery-item elementor-animated-content\" href=\"https:\/\/theconcilio.org\/wp-content\/uploads\/2024\/02\/1Y2A8403.jpeg\" data-elementor-open-lightbox=\"yes\" data-elementor-lightbox-slideshow=\"5036f2fe\" data-elementor-lightbox-title=\"1Y2A8403\" data-e-action-hash=\"#elementor-action%3Aaction%3Dlightbox%26settings%3DeyJpZCI6NDU5MSwidXJsIjoiaHR0cHM6XC9cL3RoZWNvbmNpbGlvLm9yZ1wvd3AtY29udGVudFwvdXBsb2Fkc1wvMjAyNFwvMDJcLzFZMkE4NDAzLmpwZWciLCJzbGlkZXNob3ciOiI1MDM2ZjJmZSJ9\">\n\t\t\t\t\t<div class=\"e-gallery-image elementor-gallery-item__image\" data-thumbnail=\"https:\/\/theconcilio.org\/wp-content\/uploads\/2024\/02\/1Y2A8403-300x228.jpeg\" data-width=\"300\" data-height=\"228\" aria-label=\"\" role=\"img\" ><\/div>\n\t\t\t\t\t\t\t\t\t\t\t<div class=\"elementor-gallery-item__overlay\"><\/div>\n\t\t\t\t\t\t\t\t\t\t\t\t\t\t<\/a>\n\t\t\t\t\t\t\t<a class=\"e-gallery-item elementor-gallery-item elementor-animated-content\" href=\"https:\/\/theconcilio.org\/wp-content\/uploads\/2024\/02\/1Y2A8433.jpeg\" data-elementor-open-lightbox=\"yes\" data-elementor-lightbox-slideshow=\"5036f2fe\" data-elementor-lightbox-title=\"1Y2A8433\" data-e-action-hash=\"#elementor-action%3Aaction%3Dlightbox%26settings%3DeyJpZCI6NDU5MywidXJsIjoiaHR0cHM6XC9cL3RoZWNvbmNpbGlvLm9yZ1wvd3AtY29udGVudFwvdXBsb2Fkc1wvMjAyNFwvMDJcLzFZMkE4NDMzLmpwZWciLCJzbGlkZXNob3ciOiI1MDM2ZjJmZSJ9\">\n\t\t\t\t\t<div class=\"e-gallery-image elementor-gallery-item__image\" data-thumbnail=\"https:\/\/theconcilio.org\/wp-content\/uploads\/2024\/02\/1Y2A8433-300x194.jpeg\" data-width=\"300\" data-height=\"194\" aria-label=\"\" role=\"img\" ><\/div>\n\t\t\t\t\t\t\t\t\t\t\t<div class=\"elementor-gallery-item__overlay\"><\/div>\n\t\t\t\t\t\t\t\t\t\t\t\t\t\t<\/a>\n\t\t\t\t\t\t\t<a class=\"e-gallery-item elementor-gallery-item elementor-animated-content\" href=\"https:\/\/theconcilio.org\/wp-content\/uploads\/2024\/02\/1Y2A8483.jpeg\" data-elementor-open-lightbox=\"yes\" data-elementor-lightbox-slideshow=\"5036f2fe\" data-elementor-lightbox-title=\"1Y2A8483\" data-e-action-hash=\"#elementor-action%3Aaction%3Dlightbox%26settings%3DeyJpZCI6NDU5NSwidXJsIjoiaHR0cHM6XC9cL3RoZWNvbmNpbGlvLm9yZ1wvd3AtY29udGVudFwvdXBsb2Fkc1wvMjAyNFwvMDJcLzFZMkE4NDgzLmpwZWciLCJzbGlkZXNob3ciOiI1MDM2ZjJmZSJ9\">\n\t\t\t\t\t<div class=\"e-gallery-image elementor-gallery-item__image\" data-thumbnail=\"https:\/\/theconcilio.org\/wp-content\/uploads\/2024\/02\/1Y2A8483-300x200.jpeg\" data-width=\"300\" data-height=\"200\" aria-label=\"\" role=\"img\" ><\/div>\n\t\t\t\t\t\t\t\t\t\t\t<div class=\"elementor-gallery-item__overlay\"><\/div>\n\t\t\t\t\t\t\t\t\t\t\t\t\t\t<\/a>\n\t\t\t\t\t<\/div>\n\t\t\t\t\t<\/div>\n\t\t\t\t<\/div>\n\t\t\t\t\t<\/div>\n\t\t<\/div>\n\t\t\t\t\t<\/div>\n\t\t<\/section>\n\t\t\t\t<section class=\"elementor-section elementor-top-section elementor-element elementor-element-debe1d0 elementor-section-boxed elementor-section-height-default elementor-section-height-default\" data-id=\"debe1d0\" data-element_type=\"section\" data-e-type=\"section\">\n\t\t\t\t\t\t<div class=\"elementor-container elementor-column-gap-default\">\n\t\t\t\t\t<div class=\"elementor-column elementor-col-100 elementor-top-column elementor-element elementor-element-3abac1b\" data-id=\"3abac1b\" data-element_type=\"column\" data-e-type=\"column\">\n\t\t\t<div class=\"elementor-widget-wrap elementor-element-populated\">\n\t\t\t\t\t\t<div class=\"elementor-element elementor-element-146ea96 elementor-widget elementor-widget-spacer\" data-id=\"146ea96\" data-element_type=\"widget\" data-e-type=\"widget\" data-widget_type=\"spacer.default\">\n\t\t\t\t<div class=\"elementor-widget-container\">\n\t\t\t\t\t\t\t<div class=\"elementor-spacer\">\n\t\t\t<div class=\"elementor-spacer-inner\"><\/div>\n\t\t<\/div>\n\t\t\t\t\t\t<\/div>\n\t\t\t\t<\/div>\n\t\t\t\t\t<\/div>\n\t\t<\/div>\n\t\t\t\t\t<\/div>\n\t\t<\/section>\n\t\t\t\t<section class=\"elementor-section elementor-top-section elementor-element elementor-element-3a3c0c7 elementor-section-boxed elementor-section-height-default elementor-section-height-default\" data-id=\"3a3c0c7\" data-element_type=\"section\" data-e-type=\"section\">\n\t\t\t\t\t\t<div class=\"elementor-container elementor-column-gap-default\">\n\t\t\t\t\t<div class=\"elementor-column elementor-col-100 elementor-top-column elementor-element elementor-element-61f9ee7\" data-id=\"61f9ee7\" data-element_type=\"column\" data-e-type=\"column\">\n\t\t\t<div class=\"elementor-widget-wrap elementor-element-populated\">\n\t\t\t\t\t\t<div class=\"elementor-element elementor-element-bf1302d elementor-widget elementor-widget-heading\" data-id=\"bf1302d\" data-element_type=\"widget\" data-e-type=\"widget\" data-widget_type=\"heading.default\">\n\t\t\t\t<div class=\"elementor-widget-container\">\n\t\t\t\t\t<h2 class=\"elementor-heading-title elementor-size-default\">Red de j\u00f3venes profesionales latinos\n\nFormulario de inter\u00e9s<\/h2>\t\t\t\t<\/div>\n\t\t\t\t<\/div>\n\t\t\t\t<div class=\"elementor-element elementor-element-6192fc7 elementor-widget elementor-widget-heading\" data-id=\"6192fc7\" data-element_type=\"widget\" data-e-type=\"widget\" data-widget_type=\"heading.default\">\n\t\t\t\t<div class=\"elementor-widget-container\">\n\t\t\t\t\t<h3 class=\"elementor-heading-title elementor-size-default\">Rellene el siguiente formulario:<\/h3>\t\t\t\t<\/div>\n\t\t\t\t<\/div>\n\t\t\t\t<div class=\"elementor-element elementor-element-3c10f47 contact-form elementor-widget elementor-widget-shortcode\" data-id=\"3c10f47\" data-element_type=\"widget\" data-e-type=\"widget\" data-widget_type=\"shortcode.default\">\n\t\t\t\t<div class=\"elementor-widget-container\">\n\t\t\t\t\t\t\t<div class=\"elementor-shortcode\">\n<div class=\"wpcf7 no-js\" id=\"wpcf7-f4645-o1\" lang=\"es-ES\" dir=\"ltr\" data-wpcf7-id=\"4645\">\n<div class=\"screen-reader-response\"><p role=\"status\" aria-live=\"polite\" aria-atomic=\"true\"><\/p> <ul><\/ul><\/div>\n<form action=\"\/es\/wp-json\/wp\/v2\/pages\/4601#wpcf7-f4645-o1\" method=\"post\" class=\"wpcf7-form init\" aria-label=\"Formulario de contacto\" novalidate=\"novalidate\" data-status=\"init\">\n<fieldset class=\"hidden-fields-container\"><input type=\"hidden\" name=\"_wpcf7\" value=\"4645\" \/><input type=\"hidden\" name=\"_wpcf7_version\" value=\"6.1.5\" \/><input type=\"hidden\" name=\"_wpcf7_locale\" value=\"es_ES\" \/><input type=\"hidden\" name=\"_wpcf7_unit_tag\" value=\"wpcf7-f4645-o1\" \/><input type=\"hidden\" name=\"_wpcf7_container_post\" value=\"0\" \/><input type=\"hidden\" name=\"_wpcf7_posted_data_hash\" value=\"\" \/>\n<\/fieldset>\n<div class=\"row\">\n\t<div class=\"col\">\n\t\t<p><label>Nombre<\/label><span class=\"wpcf7-form-control-wrap\" data-name=\"first-name\"><input size=\"40\" maxlength=\"400\" class=\"wpcf7-form-control wpcf7-text wpcf7-validates-as-required form-control\" aria-required=\"true\" aria-invalid=\"false\" value=\"\" type=\"text\" name=\"first-name\" \/><\/span>*\n\t\t<\/p>\n\t<\/div>\n\t<div class=\"col\">\n\t\t<p><label>Apellido<\/label><span class=\"wpcf7-form-control-wrap\" data-name=\"last-name\"><input size=\"40\" maxlength=\"400\" class=\"wpcf7-form-control wpcf7-text wpcf7-validates-as-required form-control\" aria-required=\"true\" aria-invalid=\"false\" value=\"\" type=\"text\" name=\"last-name\" \/><\/span>*\n\t\t<\/p>\n\t<\/div>\n<\/div>\n<div class=\"row\">\n\t<div class=\"col\">\n\t\t<p><label>T\u00edtulo<\/label><span class=\"wpcf7-form-control-wrap\" data-name=\"Title\"><input size=\"40\" maxlength=\"400\" class=\"wpcf7-form-control wpcf7-text wpcf7-validates-as-required\" aria-required=\"true\" aria-invalid=\"false\" value=\"\" type=\"text\" name=\"Title\" \/><\/span>*\n\t\t<\/p>\n\t<\/div>\n<\/div>\n<div class=\"row\">\n\t<div class=\"col\">\n\t\t<p><label>Tel\u00e9fono<\/label><span class=\"wpcf7-form-control-wrap\" data-name=\"PhoneNumber\"><input class=\"wpcf7-form-control wpcf7-number wpcf7-validates-as-required wpcf7-validates-as-number\" aria-required=\"true\" aria-invalid=\"false\" value=\"\" type=\"number\" name=\"PhoneNumber\" \/><\/span>*\n\t\t<\/p>\n\t<\/div>\n<\/div>\n<div class=\"row\">\n\t<div class=\"col\">\n\t\t<p><label>Correo electr\u00f3nico<\/label><span class=\"wpcf7-form-control-wrap\" data-name=\"Email\"><input size=\"40\" maxlength=\"400\" class=\"wpcf7-form-control wpcf7-email wpcf7-validates-as-required wpcf7-text wpcf7-validates-as-email\" aria-required=\"true\" aria-invalid=\"false\" value=\"\" type=\"email\" name=\"Email\" \/><\/span>*\n\t\t<\/p>\n\t<\/div>\n\t<div class=\"row\">\n\t\t<div class=\"col\">\n\t\t\t<p><label>MENSAJE<\/label><br \/>\n<span class=\"wpcf7-form-control-wrap\" data-name=\"Message\"><textarea cols=\"40\" rows=\"10\" maxlength=\"2000\" class=\"wpcf7-form-control wpcf7-textarea\" aria-invalid=\"false\" name=\"Message\"><\/textarea><\/span>\n\t\t\t<\/p>\n\t\t<\/div>\n\t\t<div class=\"row\">\n\t\t\t<div class=\"col\">\n\t\t\t\t<p><input class=\"wpcf7-form-control wpcf7-submit has-spinner\" type=\"submit\" value=\"Submit\" \/>\n\t\t\t\t<\/p>\n\t\t\t<\/div>\n\t\t<\/div>\n\t<\/div>\n<\/div><div class=\"wpcf7-response-output\" aria-hidden=\"true\"><\/div>\n<\/form>\n<\/div>\n<\/div>\n\t\t\t\t\t\t<\/div>\n\t\t\t\t<\/div>\n\t\t\t\t\t<\/div>\n\t\t<\/div>\n\t\t\t\t\t<\/div>\n\t\t<\/section>\n\t\t\t\t<section class=\"elementor-section elementor-top-section elementor-element elementor-element-a3a5363 elementor-section-boxed elementor-section-height-default elementor-section-height-default\" data-id=\"a3a5363\" data-element_type=\"section\" data-e-type=\"section\">\n\t\t\t\t\t\t<div class=\"elementor-container elementor-column-gap-default\">\n\t\t\t\t\t<div class=\"elementor-column elementor-col-100 elementor-top-column elementor-element elementor-element-dd67294\" data-id=\"dd67294\" data-element_type=\"column\" data-e-type=\"column\">\n\t\t\t<div class=\"elementor-widget-wrap\">\n\t\t\t\t\t\t\t<\/div>\n\t\t<\/div>\n\t\t\t\t\t<\/div>\n\t\t<\/section>\n\t\t\t\t<\/div>\n\t\t","protected":false},"excerpt":{"rendered":"<p>Red de j\u00f3venes profesionales latinos Eventos de networking para j\u00f3venes profesionales latinos con talleres para ayudar a formar futuros l\u00edderes de organizaciones en el \u00e1rea de DFW. YLPN \u00danase a nosotros en nuestro evento Red de J\u00f3venes Profesionales Latinos: aumento de la educaci\u00f3n financiera, donde j\u00f3venes profesionales latinos del DFW Metroplex se reunir\u00e1n para un [&hellip;]<\/p>\n","protected":false},"author":2,"featured_media":0,"parent":0,"menu_order":0,"comment_status":"closed","ping_status":"closed","template":"elementor_header_footer","meta":{"_acf_changed":false,"footnotes":""},"class_list":["post-4601","page","type-page","status-publish","hentry"],"acf":[],"yoast_head":"<!-- This site is optimized with the Yoast SEO plugin v27.5 - https:\/\/yoast.com\/product\/yoast-seo-wordpress\/ -->\n<title>Red de j\u00f3venes profesionales latinos -<\/title>\n<meta name=\"robots\" content=\"index, follow, max-snippet:-1, max-image-preview:large, max-video-preview:-1\" \/>\n<link rel=\"canonical\" href=\"https:\/\/theconcilio.org\/young-latino-professionals-network\/\" \/>\n<meta property=\"og:locale\" content=\"es_ES\" \/>\n<meta property=\"og:type\" content=\"article\" \/>\n<meta property=\"og:title\" content=\"Red de j\u00f3venes profesionales latinos -\" \/>\n<meta property=\"og:description\" content=\"Red de j\u00f3venes profesionales latinos Eventos de networking para j\u00f3venes profesionales latinos con talleres para ayudar a formar futuros l\u00edderes de organizaciones en el \u00e1rea de DFW. YLPN \u00danase a nosotros en nuestro evento Red de J\u00f3venes Profesionales Latinos: aumento de la educaci\u00f3n financiera, donde j\u00f3venes profesionales latinos del DFW Metroplex se reunir\u00e1n para un [&hellip;]\" \/>\n<meta property=\"og:url\" content=\"https:\/\/theconcilio.org\/young-latino-professionals-network\/\" \/>\n<meta property=\"article:publisher\" content=\"https:\/\/www.facebook.com\/theconcilio\" \/>\n<meta property=\"article:modified_time\" content=\"2024-03-08T21:01:15+00:00\" \/>\n<meta property=\"og:image\" content=\"https:\/\/theconcilio.org\/wp-content\/uploads\/2024\/02\/YLPN-March-28-24.png\" \/>\n<meta name=\"twitter:card\" content=\"summary_large_image\" \/>\n<meta name=\"twitter:label1\" content=\"Tiempo de lectura\" \/>\n\t<meta name=\"twitter:data1\" content=\"1 minuto\" \/>\n<script type=\"application\/ld+json\" class=\"yoast-schema-graph\">{\"@context\":\"https:\\\/\\\/schema.org\",\"@graph\":[{\"@type\":\"WebPage\",\"@id\":\"https:\\\/\\\/theconcilio.org\\\/young-latino-professionals-network\\\/\",\"url\":\"https:\\\/\\\/theconcilio.org\\\/young-latino-professionals-network\\\/\",\"name\":\"Red de j\u00f3venes profesionales latinos -\",\"isPartOf\":{\"@id\":\"https:\\\/\\\/theconcilio.org\\\/#website\"},\"primaryImageOfPage\":{\"@id\":\"https:\\\/\\\/theconcilio.org\\\/young-latino-professionals-network\\\/#primaryimage\"},\"image\":{\"@id\":\"https:\\\/\\\/theconcilio.org\\\/young-latino-professionals-network\\\/#primaryimage\"},\"thumbnailUrl\":\"https:\\\/\\\/theconcilio.org\\\/wp-content\\\/uploads\\\/2024\\\/02\\\/YLPN-March-28-24.png\",\"datePublished\":\"2024-02-06T06:59:17+00:00\",\"dateModified\":\"2024-03-08T21:01:15+00:00\",\"breadcrumb\":{\"@id\":\"https:\\\/\\\/theconcilio.org\\\/young-latino-professionals-network\\\/#breadcrumb\"},\"inLanguage\":\"es\",\"potentialAction\":[{\"@type\":\"ReadAction\",\"target\":[\"https:\\\/\\\/theconcilio.org\\\/young-latino-professionals-network\\\/\"]}]},{\"@type\":\"ImageObject\",\"inLanguage\":\"es\",\"@id\":\"https:\\\/\\\/theconcilio.org\\\/young-latino-professionals-network\\\/#primaryimage\",\"url\":\"https:\\\/\\\/theconcilio.org\\\/wp-content\\\/uploads\\\/2024\\\/02\\\/YLPN-March-28-24.png\",\"contentUrl\":\"https:\\\/\\\/theconcilio.org\\\/wp-content\\\/uploads\\\/2024\\\/02\\\/YLPN-March-28-24.png\"},{\"@type\":\"BreadcrumbList\",\"@id\":\"https:\\\/\\\/theconcilio.org\\\/young-latino-professionals-network\\\/#breadcrumb\",\"itemListElement\":[{\"@type\":\"ListItem\",\"position\":1,\"name\":\"Home\",\"item\":\"https:\\\/\\\/theconcilio.org\\\/es\\\/\"},{\"@type\":\"ListItem\",\"position\":2,\"name\":\"Red de j\u00f3venes profesionales latinos\"}]},{\"@type\":\"WebSite\",\"@id\":\"https:\\\/\\\/theconcilio.org\\\/#website\",\"url\":\"https:\\\/\\\/theconcilio.org\\\/\",\"name\":\"The Concilio\",\"description\":\"\",\"publisher\":{\"@id\":\"https:\\\/\\\/theconcilio.org\\\/#organization\"},\"potentialAction\":[{\"@type\":\"SearchAction\",\"target\":{\"@type\":\"EntryPoint\",\"urlTemplate\":\"https:\\\/\\\/theconcilio.org\\\/?s={search_term_string}\"},\"query-input\":{\"@type\":\"PropertyValueSpecification\",\"valueRequired\":true,\"valueName\":\"search_term_string\"}}],\"inLanguage\":\"es\"},{\"@type\":\"Organization\",\"@id\":\"https:\\\/\\\/theconcilio.org\\\/#organization\",\"name\":\"The Concilio\",\"url\":\"https:\\\/\\\/theconcilio.org\\\/\",\"logo\":{\"@type\":\"ImageObject\",\"inLanguage\":\"es\",\"@id\":\"https:\\\/\\\/theconcilio.org\\\/#\\\/schema\\\/logo\\\/image\\\/\",\"url\":\"https:\\\/\\\/theconcilio.org\\\/wp-content\\\/uploads\\\/2023\\\/05\\\/Stacked_Logo_RGB_transparent_bkgd.jpeg\",\"contentUrl\":\"https:\\\/\\\/theconcilio.org\\\/wp-content\\\/uploads\\\/2023\\\/05\\\/Stacked_Logo_RGB_transparent_bkgd.jpeg\",\"width\":500,\"height\":312,\"caption\":\"The Concilio\"},\"image\":{\"@id\":\"https:\\\/\\\/theconcilio.org\\\/#\\\/schema\\\/logo\\\/image\\\/\"},\"sameAs\":[\"https:\\\/\\\/www.facebook.com\\\/theconcilio\",\"https:\\\/\\\/www.instagram.com\\\/theconcilio\",\"https:\\\/\\\/www.linkedin.com\\\/company\\\/the-concilio\\\/\"]}]}<\/script>\n<!-- \/ Yoast SEO plugin. -->","yoast_head_json":{"title":"Red de j\u00f3venes profesionales latinos -","robots":{"index":"index","follow":"follow","max-snippet":"max-snippet:-1","max-image-preview":"max-image-preview:large","max-video-preview":"max-video-preview:-1"},"canonical":"https:\/\/theconcilio.org\/young-latino-professionals-network\/","og_locale":"es_ES","og_type":"article","og_title":"Red de j\u00f3venes profesionales latinos -","og_description":"Red de j\u00f3venes profesionales latinos Eventos de networking para j\u00f3venes profesionales latinos con talleres para ayudar a formar futuros l\u00edderes de organizaciones en el \u00e1rea de DFW. YLPN \u00danase a nosotros en nuestro evento Red de J\u00f3venes Profesionales Latinos: aumento de la educaci\u00f3n financiera, donde j\u00f3venes profesionales latinos del DFW Metroplex se reunir\u00e1n para un [&hellip;]","og_url":"https:\/\/theconcilio.org\/young-latino-professionals-network\/","article_publisher":"https:\/\/www.facebook.com\/theconcilio","article_modified_time":"2024-03-08T21:01:15+00:00","og_image":[{"url":"https:\/\/theconcilio.org\/wp-content\/uploads\/2024\/02\/YLPN-March-28-24.png","type":"","width":"","height":""}],"twitter_card":"summary_large_image","twitter_misc":{"Tiempo de lectura":"1 minuto"},"schema":{"@context":"https:\/\/schema.org","@graph":[{"@type":"WebPage","@id":"https:\/\/theconcilio.org\/young-latino-professionals-network\/","url":"https:\/\/theconcilio.org\/young-latino-professionals-network\/","name":"Red de j\u00f3venes profesionales latinos -","isPartOf":{"@id":"https:\/\/theconcilio.org\/#website"},"primaryImageOfPage":{"@id":"https:\/\/theconcilio.org\/young-latino-professionals-network\/#primaryimage"},"image":{"@id":"https:\/\/theconcilio.org\/young-latino-professionals-network\/#primaryimage"},"thumbnailUrl":"https:\/\/theconcilio.org\/wp-content\/uploads\/2024\/02\/YLPN-March-28-24.png","datePublished":"2024-02-06T06:59:17+00:00","dateModified":"2024-03-08T21:01:15+00:00","breadcrumb":{"@id":"https:\/\/theconcilio.org\/young-latino-professionals-network\/#breadcrumb"},"inLanguage":"es","potentialAction":[{"@type":"ReadAction","target":["https:\/\/theconcilio.org\/young-latino-professionals-network\/"]}]},{"@type":"ImageObject","inLanguage":"es","@id":"https:\/\/theconcilio.org\/young-latino-professionals-network\/#primaryimage","url":"https:\/\/theconcilio.org\/wp-content\/uploads\/2024\/02\/YLPN-March-28-24.png","contentUrl":"https:\/\/theconcilio.org\/wp-content\/uploads\/2024\/02\/YLPN-March-28-24.png"},{"@type":"BreadcrumbList","@id":"https:\/\/theconcilio.org\/young-latino-professionals-network\/#breadcrumb","itemListElement":[{"@type":"ListItem","position":1,"name":"Home","item":"https:\/\/theconcilio.org\/es\/"},{"@type":"ListItem","position":2,"name":"Red de j\u00f3venes profesionales latinos"}]},{"@type":"WebSite","@id":"https:\/\/theconcilio.org\/#website","url":"https:\/\/theconcilio.org\/","name":"The Concilio","description":"","publisher":{"@id":"https:\/\/theconcilio.org\/#organization"},"potentialAction":[{"@type":"SearchAction","target":{"@type":"EntryPoint","urlTemplate":"https:\/\/theconcilio.org\/?s={search_term_string}"},"query-input":{"@type":"PropertyValueSpecification","valueRequired":true,"valueName":"search_term_string"}}],"inLanguage":"es"},{"@type":"Organization","@id":"https:\/\/theconcilio.org\/#organization","name":"The Concilio","url":"https:\/\/theconcilio.org\/","logo":{"@type":"ImageObject","inLanguage":"es","@id":"https:\/\/theconcilio.org\/#\/schema\/logo\/image\/","url":"https:\/\/theconcilio.org\/wp-content\/uploads\/2023\/05\/Stacked_Logo_RGB_transparent_bkgd.jpeg","contentUrl":"https:\/\/theconcilio.org\/wp-content\/uploads\/2023\/05\/Stacked_Logo_RGB_transparent_bkgd.jpeg","width":500,"height":312,"caption":"The Concilio"},"image":{"@id":"https:\/\/theconcilio.org\/#\/schema\/logo\/image\/"},"sameAs":["https:\/\/www.facebook.com\/theconcilio","https:\/\/www.instagram.com\/theconcilio","https:\/\/www.linkedin.com\/company\/the-concilio\/"]}]}},"_links":{"self":[{"href":"https:\/\/theconcilio.org\/es\/wp-json\/wp\/v2\/pages\/4601","targetHints":{"allow":["GET"]}}],"collection":[{"href":"https:\/\/theconcilio.org\/es\/wp-json\/wp\/v2\/pages"}],"about":[{"href":"https:\/\/theconcilio.org\/es\/wp-json\/wp\/v2\/types\/page"}],"author":[{"embeddable":true,"href":"https:\/\/theconcilio.org\/es\/wp-json\/wp\/v2\/users\/2"}],"replies":[{"embeddable":true,"href":"https:\/\/theconcilio.org\/es\/wp-json\/wp\/v2\/comments?post=4601"}],"version-history":[{"count":7,"href":"https:\/\/theconcilio.org\/es\/wp-json\/wp\/v2\/pages\/4601\/revisions"}],"predecessor-version":[{"id":4882,"href":"https:\/\/theconcilio.org\/es\/wp-json\/wp\/v2\/pages\/4601\/revisions\/4882"}],"wp:attachment":[{"href":"https:\/\/theconcilio.org\/es\/wp-json\/wp\/v2\/media?parent=4601"}],"curies":[{"name":"wp","href":"https:\/\/api.w.org\/{rel}","templated":true}]}}