{"id":5120,"date":"2023-04-12T15:20:42","date_gmt":"2023-04-12T15:20:42","guid":{"rendered":"https:\/\/theconcilio.org\/programas\/"},"modified":"2025-01-08T22:06:11","modified_gmt":"2025-01-08T22:06:11","slug":"programas","status":"publish","type":"page","link":"https:\/\/theconcilio.org\/es\/programas\/","title":{"rendered":"Programas"},"content":{"rendered":"\t\t<div data-elementor-type=\"wp-page\" data-elementor-id=\"5120\" class=\"elementor elementor-5120 elementor-865\" data-elementor-post-type=\"page\">\n\t\t\t\t\t\t<section class=\"elementor-section elementor-top-section elementor-element elementor-element-9ed0818 elementor-section-boxed elementor-section-height-default elementor-section-height-default\" data-id=\"9ed0818\" data-element_type=\"section\" data-e-type=\"section\" data-settings=\"{&quot;background_background&quot;:&quot;classic&quot;}\">\n\t\t\t\t\t\t<div class=\"elementor-container elementor-column-gap-default\">\n\t\t\t\t\t<div class=\"elementor-column elementor-col-100 elementor-top-column elementor-element elementor-element-234f08f\" data-id=\"234f08f\" data-element_type=\"column\" data-e-type=\"column\">\n\t\t\t<div class=\"elementor-widget-wrap elementor-element-populated\">\n\t\t\t\t\t\t<div class=\"elementor-element elementor-element-e0f3d4b elementor-widget elementor-widget-heading\" data-id=\"e0f3d4b\" data-element_type=\"widget\" data-e-type=\"widget\" data-widget_type=\"heading.default\">\n\t\t\t\t<div class=\"elementor-widget-container\">\n\t\t\t\t\t<h3 class=\"elementor-heading-title elementor-size-default\">PROGRAMAS<\/h3>\t\t\t\t<\/div>\n\t\t\t\t<\/div>\n\t\t\t\t<div class=\"elementor-element elementor-element-7ab54b7 elementor-widget elementor-widget-heading\" data-id=\"7ab54b7\" data-element_type=\"widget\" data-e-type=\"widget\" data-widget_type=\"heading.default\">\n\t\t\t\t<div class=\"elementor-widget-container\">\n\t\t\t\t\t<p class=\"elementor-heading-title elementor-size-default\">Al ofrecer una variedad de programas culturalmente sensibles, El Concilio tiene como objetivo ayudar a la comunidad del Norte de Texas a tener \u00e9xito y prosperar en su vida diaria. <\/p>\t\t\t\t<\/div>\n\t\t\t\t<\/div>\n\t\t\t\t<div class=\"elementor-element elementor-element-48ffe19 elementor-widget elementor-widget-html\" data-id=\"48ffe19\" data-element_type=\"widget\" data-e-type=\"widget\" data-widget_type=\"html.default\">\n\t\t\t\t<div class=\"elementor-widget-container\">\n\t\t\t\t\t<script>jQuery(document).ready(function($) {\n      $('.program-tab-container .program-tabs:first-child').addClass('actve');\n      $('.program-tab-content').hide();\n        $('.program-tab-content:first').show();\n      $('.program-tab-container .program-tabs').click(function() {\n            $('.program-tab-container .program-tabs').removeClass('actve');\n            $(this).addClass('actve');\n            let currentTab = $(this).attr('data-tab-value');\n            $('.program-tab-content').hide();\n            $('#'+currentTab).show();\n            return false;\n        });\n\t\t\n\t});\n<\/script><style>.program-tab-container .elementor-widget-container{opacity:0.4;}\n    .program-tab-container .actve .elementor-widget-container{opacity:1;}\n<\/style>\t\t\t\t<\/div>\n\t\t\t\t<\/div>\n\t\t\t\t\t<\/div>\n\t\t<\/div>\n\t\t\t\t\t<\/div>\n\t\t<\/section>\n\t\t\t\t<section class=\"elementor-section elementor-top-section elementor-element elementor-element-1856653 program-tab-container elementor-section-boxed elementor-section-height-default elementor-section-height-default\" data-id=\"1856653\" data-element_type=\"section\" data-e-type=\"section\">\n\t\t\t\t\t\t<div class=\"elementor-container elementor-column-gap-default\">\n\t\t\t\t\t<div class=\"elementor-column elementor-col-33 elementor-top-column elementor-element elementor-element-60808c2 program-tabs\" data-id=\"60808c2\" data-element_type=\"column\" data-e-type=\"column\" data-settings=\"{&quot;background_background&quot;:&quot;classic&quot;}\" data-tab-value=\"parental-engagement\">\n\t\t\t<div class=\"elementor-widget-wrap elementor-element-populated\">\n\t\t\t\t\t\t<div class=\"elementor-element elementor-element-89266d4 elementor-widget elementor-widget-image\" data-id=\"89266d4\" data-element_type=\"widget\" data-e-type=\"widget\" data-widget_type=\"image.default\">\n\t\t\t\t<div class=\"elementor-widget-container\">\n\t\t\t\t\t\t\t\t\t\t\t\t\t\t\t\t<a href=\"https:\/\/theconcilio.org\/es\/compromiso-educacion\/\">\n\t\t\t\t\t\t\t<img decoding=\"async\" width=\"78\" height=\"85\" src=\"https:\/\/theconcilio.org\/wp-content\/uploads\/2023\/04\/parent-engage-icon.png\" class=\"attachment-large size-large wp-image-2309\" alt=\"\" \/>\t\t\t\t\t\t\t\t<\/a>\n\t\t\t\t\t\t\t\t\t\t\t\t\t\t\t<\/div>\n\t\t\t\t<\/div>\n\t\t\t\t<div class=\"elementor-element elementor-element-b1e621b elementor-widget elementor-widget-heading\" data-id=\"b1e621b\" data-element_type=\"widget\" data-e-type=\"widget\" data-widget_type=\"heading.default\">\n\t\t\t\t<div class=\"elementor-widget-container\">\n\t\t\t\t\t<h2 class=\"elementor-heading-title elementor-size-default\">EDUCACI\u00d3N<br><\/h2>\t\t\t\t<\/div>\n\t\t\t\t<\/div>\n\t\t\t\t\t<\/div>\n\t\t<\/div>\n\t\t\t\t<div class=\"elementor-column elementor-col-33 elementor-top-column elementor-element elementor-element-296382b program-tabs\" data-id=\"296382b\" data-element_type=\"column\" data-e-type=\"column\" data-settings=\"{&quot;background_background&quot;:&quot;classic&quot;}\" data-tab-value=\"financial-stable\">\n\t\t\t<div class=\"elementor-widget-wrap elementor-element-populated\">\n\t\t\t\t\t\t<div class=\"elementor-element elementor-element-b41b1b2 elementor-widget elementor-widget-image\" data-id=\"b41b1b2\" data-element_type=\"widget\" data-e-type=\"widget\" data-widget_type=\"image.default\">\n\t\t\t\t<div class=\"elementor-widget-container\">\n\t\t\t\t\t\t\t\t\t\t\t\t\t\t\t<img decoding=\"async\" width=\"81\" height=\"83\" src=\"https:\/\/theconcilio.org\/wp-content\/uploads\/2023\/04\/latino.png\" class=\"attachment-large size-large wp-image-2310\" alt=\"\" \/>\t\t\t\t\t\t\t\t\t\t\t\t\t\t\t<\/div>\n\t\t\t\t<\/div>\n\t\t\t\t<div class=\"elementor-element elementor-element-bee5084 elementor-widget elementor-widget-heading\" data-id=\"bee5084\" data-element_type=\"widget\" data-e-type=\"widget\" data-widget_type=\"heading.default\">\n\t\t\t\t<div class=\"elementor-widget-container\">\n\t\t\t\t\t<h2 class=\"elementor-heading-title elementor-size-default\">INSTITUTO LATINO de ESTRATEGIA<\/h2>\t\t\t\t<\/div>\n\t\t\t\t<\/div>\n\t\t\t\t\t<\/div>\n\t\t<\/div>\n\t\t\t\t<div class=\"elementor-column elementor-col-33 elementor-top-column elementor-element elementor-element-5ec3e49 program-tabs\" data-id=\"5ec3e49\" data-element_type=\"column\" data-e-type=\"column\" data-settings=\"{&quot;background_background&quot;:&quot;classic&quot;}\" data-tab-value=\"community-health\">\n\t\t\t<div class=\"elementor-widget-wrap elementor-element-populated\">\n\t\t\t\t\t\t<div class=\"elementor-element elementor-element-d2e9f72 elementor-widget elementor-widget-image\" data-id=\"d2e9f72\" data-element_type=\"widget\" data-e-type=\"widget\" data-widget_type=\"image.default\">\n\t\t\t\t<div class=\"elementor-widget-container\">\n\t\t\t\t\t\t\t\t\t\t\t\t\t\t\t\t<a href=\"https:\/\/theconcilio.org\/es\/salud-comunitaria\/\">\n\t\t\t\t\t\t\t<img decoding=\"async\" width=\"81\" height=\"80\" src=\"https:\/\/theconcilio.org\/wp-content\/uploads\/2023\/04\/community-health-icon.png\" class=\"attachment-large size-large wp-image-2312\" alt=\"\" \/>\t\t\t\t\t\t\t\t<\/a>\n\t\t\t\t\t\t\t\t\t\t\t\t\t\t\t<\/div>\n\t\t\t\t<\/div>\n\t\t\t\t<div class=\"elementor-element elementor-element-7f2a8de elementor-widget elementor-widget-heading\" data-id=\"7f2a8de\" data-element_type=\"widget\" data-e-type=\"widget\" data-widget_type=\"heading.default\">\n\t\t\t\t<div class=\"elementor-widget-container\">\n\t\t\t\t\t<h2 class=\"elementor-heading-title elementor-size-default\">COMUNIDAD  <br>SALUD<\/h2>\t\t\t\t<\/div>\n\t\t\t\t<\/div>\n\t\t\t\t\t<\/div>\n\t\t<\/div>\n\t\t\t\t\t<\/div>\n\t\t<\/section>\n\t\t\t\t<section class=\"elementor-section elementor-top-section elementor-element elementor-element-c95474e elementor-section-boxed elementor-section-height-default elementor-section-height-default\" data-id=\"c95474e\" data-element_type=\"section\" data-e-type=\"section\">\n\t\t\t\t\t\t<div class=\"elementor-container elementor-column-gap-default\">\n\t\t\t\t\t<div class=\"elementor-column elementor-col-100 elementor-top-column elementor-element elementor-element-35a23b2 program-tab-content\" data-id=\"35a23b2\" data-element_type=\"column\" data-e-type=\"column\" id=\"parental-engagement\">\n\t\t\t<div class=\"elementor-widget-wrap elementor-element-populated\">\n\t\t\t\t\t\t<div class=\"elementor-element elementor-element-90813d5 elementor-widget elementor-widget-heading\" data-id=\"90813d5\" data-element_type=\"widget\" data-e-type=\"widget\" data-widget_type=\"heading.default\">\n\t\t\t\t<div class=\"elementor-widget-container\">\n\t\t\t\t\t<h2 class=\"elementor-heading-title elementor-size-default\">PROGRESO EDUCATIVO  <\/h2>\t\t\t\t<\/div>\n\t\t\t\t<\/div>\n\t\t\t\t<div class=\"elementor-element elementor-element-a6edad3 elementor-widget elementor-widget-heading\" data-id=\"a6edad3\" data-element_type=\"widget\" data-e-type=\"widget\" data-widget_type=\"heading.default\">\n\t\t\t\t<div class=\"elementor-widget-container\">\n\t\t\t\t\t<h2 class=\"elementor-heading-title elementor-size-default\">Nuestros programas, basados en evidencia, son culturalmente sensibles y est\u00e1n dirigidos por facilitadores de confianza, muchos de los cuales participaron en el programa. Los miembros del equipo se dedican a desarrollar confianza y relaciones con las familias para que puedan superar las barreras y construir un mejor futuro para ellos y sus hijos. <\/h2>\t\t\t\t<\/div>\n\t\t\t\t<\/div>\n\t\t\t\t<div class=\"elementor-element elementor-element-5e4c82c elementor-widget elementor-widget-heading\" data-id=\"5e4c82c\" data-element_type=\"widget\" data-e-type=\"widget\" data-widget_type=\"heading.default\">\n\t\t\t\t<div class=\"elementor-widget-container\">\n\t\t\t\t\t<h2 class=\"elementor-heading-title elementor-size-default\">La educaci\u00f3n capacita a la comunidad latina dando a la pr\u00f3xima generaci\u00f3n las herramientas que necesita para triunfar. Fomentamos y apoyamos la participaci\u00f3n de los padres dentro y fuera del aula.  <\/h2>\t\t\t\t<\/div>\n\t\t\t\t<\/div>\n\t\t\t\t<div class=\"elementor-element elementor-element-307d726 elementor-widget elementor-widget-heading\" data-id=\"307d726\" data-element_type=\"widget\" data-e-type=\"widget\" data-widget_type=\"heading.default\">\n\t\t\t\t<div class=\"elementor-widget-container\">\n\t\t\t\t\t<h2 class=\"elementor-heading-title elementor-size-default\"><strong>Pase<\/strong><\/h2>\t\t\t\t<\/div>\n\t\t\t\t<\/div>\n\t\t\t\t<section class=\"elementor-section elementor-inner-section elementor-element elementor-element-65b1d6a elementor-section-boxed elementor-section-height-default elementor-section-height-default\" data-id=\"65b1d6a\" data-element_type=\"section\" data-e-type=\"section\">\n\t\t\t\t\t\t<div class=\"elementor-container elementor-column-gap-default\">\n\t\t\t\t\t<div class=\"elementor-column elementor-col-50 elementor-inner-column elementor-element elementor-element-2795248\" data-id=\"2795248\" data-element_type=\"column\" data-e-type=\"column\">\n\t\t\t<div class=\"elementor-widget-wrap elementor-element-populated\">\n\t\t\t\t\t\t<div class=\"elementor-element elementor-element-be05953 elementor-widget elementor-widget-video\" data-id=\"be05953\" data-element_type=\"widget\" data-e-type=\"widget\" data-settings=\"{&quot;youtube_url&quot;:&quot;https:\\\/\\\/youtu.be\\\/gDpnyXaJYdY&quot;,&quot;video_type&quot;:&quot;youtube&quot;,&quot;controls&quot;:&quot;yes&quot;}\" data-widget_type=\"video.default\">\n\t\t\t\t<div class=\"elementor-widget-container\">\n\t\t\t\t\t\t\t<div class=\"elementor-wrapper elementor-open-inline\">\n\t\t\t<div class=\"elementor-video\"><\/div>\t\t<\/div>\n\t\t\t\t\t\t<\/div>\n\t\t\t\t<\/div>\n\t\t\t\t\t<\/div>\n\t\t<\/div>\n\t\t\t\t<div class=\"elementor-column elementor-col-50 elementor-inner-column elementor-element elementor-element-8f8661f\" data-id=\"8f8661f\" data-element_type=\"column\" data-e-type=\"column\">\n\t\t\t<div class=\"elementor-widget-wrap elementor-element-populated\">\n\t\t\t\t\t\t<div class=\"elementor-element elementor-element-93656af elementor-widget elementor-widget-heading\" data-id=\"93656af\" data-element_type=\"widget\" data-e-type=\"widget\" data-widget_type=\"heading.default\">\n\t\t\t\t<div class=\"elementor-widget-container\">\n\t\t\t\t\t<p class=\"elementor-heading-title elementor-size-default\">The Concilio se asocia con escuelas, distritos y comunidades para ayudar a padres e hijos a prosperar.<\/p>\t\t\t\t<\/div>\n\t\t\t\t<\/div>\n\t\t\t\t<div class=\"elementor-element elementor-element-4f20895 elementor-widget elementor-widget-heading\" data-id=\"4f20895\" data-element_type=\"widget\" data-e-type=\"widget\" data-widget_type=\"heading.default\">\n\t\t\t\t<div class=\"elementor-widget-container\">\n\t\t\t\t\t<p class=\"elementor-heading-title elementor-size-default\">Padres que abogan por la excelencia estudiantil (PASE, por sus siglas en ingl\u00e9s) es un programa de 9 semanas que le ense\u00f1a a los padres de familia c\u00f3mo navegar la tarea, los documentos y otros temas importantes para que puedan desempe\u00f1ar un rol activo en el \u00e9xito acad\u00e9mico de sus hijos. Hemos ayudado a m\u00e1s de 18,000 padres y 32,000 estudiantes a involucrarse m\u00e1s en la educaci\u00f3n de sus hijos. Los estudiantes cuyos padres se graduaron del programa PASE tuvieron un \u00edndice de graduaci\u00f3n de la escuela secundaria del 90.2%, un 7% m\u00e1s alto que el promedio del condado de Dallas. Lo mejor de todo es que el 78% del 90.2% de los estudiantes de PASE que se graduaron de la secundaria continuaron con la preparatoria.   <\/p>\t\t\t\t<\/div>\n\t\t\t\t<\/div>\n\t\t\t\t<div class=\"elementor-element elementor-element-8566da4 elementor-widget elementor-widget-heading\" data-id=\"8566da4\" data-element_type=\"widget\" data-e-type=\"widget\" data-widget_type=\"heading.default\">\n\t\t\t\t<div class=\"elementor-widget-container\">\n\t\t\t\t\t<p class=\"elementor-heading-title elementor-size-default\">PASE prepara a las familias para el \u00e9xito. Las clases se ofrecen en persona para padres de familia de primaria, secundaria y preparatoria. Para servir mejor a todos los padres, ofrecemos nuestro programa en espa\u00f1ol e ingl\u00e9s y ofrecemos sesiones tanto en la ma\u00f1ana como en la noche. Al final del programa, los padres y sus familias participan en una ceremonia de graduaci\u00f3n. Cuando los ni\u00f1os ven a sus padres graduarse, plantan las semillas de un aprecio por la educaci\u00f3n para toda la vida.     <\/p>\t\t\t\t<\/div>\n\t\t\t\t<\/div>\n\t\t\t\t\t<\/div>\n\t\t<\/div>\n\t\t\t\t\t<\/div>\n\t\t<\/section>\n\t\t\t\t<section class=\"elementor-section elementor-inner-section elementor-element elementor-element-5869a88 elementor-section-boxed elementor-section-height-default elementor-section-height-default\" data-id=\"5869a88\" data-element_type=\"section\" data-e-type=\"section\">\n\t\t\t\t\t\t<div class=\"elementor-container elementor-column-gap-default\">\n\t\t\t\t\t<div class=\"elementor-column elementor-col-33 elementor-inner-column elementor-element elementor-element-62e8b9e\" data-id=\"62e8b9e\" data-element_type=\"column\" data-e-type=\"column\" data-settings=\"{&quot;background_background&quot;:&quot;classic&quot;}\">\n\t\t\t<div class=\"elementor-widget-wrap elementor-element-populated\">\n\t\t\t\t\t\t<div class=\"elementor-element elementor-element-2d601d3 elementor-widget elementor-widget-heading\" data-id=\"2d601d3\" data-element_type=\"widget\" data-e-type=\"widget\" data-widget_type=\"heading.default\">\n\t\t\t\t<div class=\"elementor-widget-container\">\n\t\t\t\t\t<p class=\"elementor-heading-title elementor-size-default\">Testimonios: \u201cComo inmigrantes, esperamos lograr el sue\u00f1o que tenemos para nuestros hijos y verlos triunfar en este pa\u00eds. El programa PASE de Concilio nos ense\u00f1\u00f3 la importancia de involucrarnos en la educaci\u00f3n de nuestros hijos. Y hemos visto que nuestro arduo trabajo ha valido la pena. Nuestros hijos mayores se graduaron de la escuela secundaria con honores y uno recibi\u00f3 una beca completa para asistir a la Universidad de Texas en Arlington. Ahora estamos asistiendo a PASE para aprender m\u00e1s y ayudar a nuestro hijo menor a tener \u00e9xito tambi\u00e9n.     <\/p>\t\t\t\t<\/div>\n\t\t\t\t<\/div>\n\t\t\t\t<div class=\"elementor-element elementor-element-925ab55 elementor-widget elementor-widget-heading\" data-id=\"925ab55\" data-element_type=\"widget\" data-e-type=\"widget\" data-widget_type=\"heading.default\">\n\t\t\t\t<div class=\"elementor-widget-container\">\n\t\t\t\t\t<h2 class=\"elementor-heading-title elementor-size-default\">- Juana Rodr\u00edguez y Daniel Pardo<\/h2>\t\t\t\t<\/div>\n\t\t\t\t<\/div>\n\t\t\t\t<div class=\"elementor-element elementor-element-667a41c elementor-widget elementor-widget-button\" data-id=\"667a41c\" data-element_type=\"widget\" data-e-type=\"widget\" data-widget_type=\"button.default\">\n\t\t\t\t<div class=\"elementor-widget-container\">\n\t\t\t\t\t\t\t\t\t<div class=\"elementor-button-wrapper\">\n\t\t\t\t\t<a class=\"elementor-button elementor-button-link elementor-size-sm\" href=\"https:\/\/theconcilio.org\/es\/impacto\/\">\n\t\t\t\t\t\t<span class=\"elementor-button-content-wrapper\">\n\t\t\t\t\t\t\t\t\t<span class=\"elementor-button-text\">M\u00e1s informaci\u00f3n<\/span>\n\t\t\t\t\t<\/span>\n\t\t\t\t\t<\/a>\n\t\t\t\t<\/div>\n\t\t\t\t\t\t\t\t<\/div>\n\t\t\t\t<\/div>\n\t\t\t\t\t<\/div>\n\t\t<\/div>\n\t\t\t\t<div class=\"elementor-column elementor-col-33 elementor-inner-column elementor-element elementor-element-e7d70ed\" data-id=\"e7d70ed\" data-element_type=\"column\" data-e-type=\"column\">\n\t\t\t<div class=\"elementor-widget-wrap elementor-element-populated\">\n\t\t\t\t\t\t<div class=\"elementor-element elementor-element-9da73a9 elementor-widget__width-initial elementor-widget elementor-widget-image\" data-id=\"9da73a9\" data-element_type=\"widget\" data-e-type=\"widget\" data-widget_type=\"image.default\">\n\t\t\t\t<div class=\"elementor-widget-container\">\n\t\t\t\t\t\t\t\t\t\t\t\t\t\t\t<img loading=\"lazy\" decoding=\"async\" width=\"216\" height=\"280\" src=\"https:\/\/theconcilio.org\/wp-content\/uploads\/2023\/04\/pasesample1.jpg\" class=\"attachment-large size-large wp-image-2316\" alt=\"\" \/>\t\t\t\t\t\t\t\t\t\t\t\t\t\t\t<\/div>\n\t\t\t\t<\/div>\n\t\t\t\t\t<\/div>\n\t\t<\/div>\n\t\t\t\t<div class=\"elementor-column elementor-col-33 elementor-inner-column elementor-element elementor-element-c43b0d0\" data-id=\"c43b0d0\" data-element_type=\"column\" data-e-type=\"column\">\n\t\t\t<div class=\"elementor-widget-wrap elementor-element-populated\">\n\t\t\t\t\t\t<div class=\"elementor-element elementor-element-722d48d elementor-widget elementor-widget-image\" data-id=\"722d48d\" data-element_type=\"widget\" data-e-type=\"widget\" data-widget_type=\"image.default\">\n\t\t\t\t<div class=\"elementor-widget-container\">\n\t\t\t\t\t\t\t\t\t\t\t\t\t\t\t<img loading=\"lazy\" decoding=\"async\" width=\"871\" height=\"582\" src=\"https:\/\/theconcilio.org\/wp-content\/uploads\/2023\/04\/Programs-Images_Parental-Engagement-14.jpg\" class=\"attachment-large size-large wp-image-2356\" alt=\"\" srcset=\"https:\/\/theconcilio.org\/wp-content\/uploads\/2023\/04\/Programs-Images_Parental-Engagement-14.jpg 871w, https:\/\/theconcilio.org\/wp-content\/uploads\/2023\/04\/Programs-Images_Parental-Engagement-14-300x200.jpg 300w, https:\/\/theconcilio.org\/wp-content\/uploads\/2023\/04\/Programs-Images_Parental-Engagement-14-768x513.jpg 768w\" sizes=\"(max-width: 871px) 100vw, 871px\" \/>\t\t\t\t\t\t\t\t\t\t\t\t\t\t\t<\/div>\n\t\t\t\t<\/div>\n\t\t\t\t\t<\/div>\n\t\t<\/div>\n\t\t\t\t\t<\/div>\n\t\t<\/section>\n\t\t\t\t<div class=\"elementor-element elementor-element-a80ffc9 elementor-widget elementor-widget-heading\" data-id=\"a80ffc9\" data-element_type=\"widget\" data-e-type=\"widget\" data-widget_type=\"heading.default\">\n\t\t\t\t<div class=\"elementor-widget-container\">\n\t\t\t\t\t<h2 class=\"elementor-heading-title elementor-size-default\">Padres como l\u00edderes (PAL)<\/h2>\t\t\t\t<\/div>\n\t\t\t\t<\/div>\n\t\t\t\t<section class=\"elementor-section elementor-inner-section elementor-element elementor-element-28cee18 elementor-section-boxed elementor-section-height-default elementor-section-height-default\" data-id=\"28cee18\" data-element_type=\"section\" data-e-type=\"section\">\n\t\t\t\t\t\t<div class=\"elementor-container elementor-column-gap-default\">\n\t\t\t\t\t<div class=\"elementor-column elementor-col-50 elementor-inner-column elementor-element elementor-element-e3e83f4\" data-id=\"e3e83f4\" data-element_type=\"column\" data-e-type=\"column\">\n\t\t\t<div class=\"elementor-widget-wrap elementor-element-populated\">\n\t\t\t\t\t\t<div class=\"elementor-element elementor-element-c861a40 elementor-widget elementor-widget-image\" data-id=\"c861a40\" data-element_type=\"widget\" data-e-type=\"widget\" data-widget_type=\"image.default\">\n\t\t\t\t<div class=\"elementor-widget-container\">\n\t\t\t\t\t\t\t\t\t\t\t\t\t\t\t<img loading=\"lazy\" decoding=\"async\" width=\"1024\" height=\"768\" src=\"https:\/\/theconcilio.org\/wp-content\/uploads\/2023\/12\/IMG_2291-1024x768.jpg\" class=\"attachment-large size-large wp-image-3983\" alt=\"\" srcset=\"https:\/\/theconcilio.org\/wp-content\/uploads\/2023\/12\/IMG_2291-1024x768.jpg 1024w, https:\/\/theconcilio.org\/wp-content\/uploads\/2023\/12\/IMG_2291-300x225.jpg 300w, https:\/\/theconcilio.org\/wp-content\/uploads\/2023\/12\/IMG_2291-768x576.jpg 768w, https:\/\/theconcilio.org\/wp-content\/uploads\/2023\/12\/IMG_2291-1536x1152.jpg 1536w, https:\/\/theconcilio.org\/wp-content\/uploads\/2023\/12\/IMG_2291-2048x1536.jpg 2048w, https:\/\/theconcilio.org\/wp-content\/uploads\/2023\/12\/IMG_2291-600x450.jpg 600w\" sizes=\"(max-width: 1024px) 100vw, 1024px\" \/>\t\t\t\t\t\t\t\t\t\t\t\t\t\t\t<\/div>\n\t\t\t\t<\/div>\n\t\t\t\t\t<\/div>\n\t\t<\/div>\n\t\t\t\t<div class=\"elementor-column elementor-col-50 elementor-inner-column elementor-element elementor-element-4ae984c\" data-id=\"4ae984c\" data-element_type=\"column\" data-e-type=\"column\">\n\t\t\t<div class=\"elementor-widget-wrap elementor-element-populated\">\n\t\t\t\t\t\t<div class=\"elementor-element elementor-element-89339c2 elementor-widget elementor-widget-heading\" data-id=\"89339c2\" data-element_type=\"widget\" data-e-type=\"widget\" data-widget_type=\"heading.default\">\n\t\t\t\t<div class=\"elementor-widget-container\">\n\t\t\t\t\t<p class=\"elementor-heading-title elementor-size-default\">El programa Padres como L\u00edderes (Parents as Leaders, PAL, por sus siglas en ingl\u00e9s) de 30 semanas prepara a los padres de familia con ni\u00f1os de 0 a 5 a\u00f1os para el \u00e9xito acad\u00e9mico con: la informaci\u00f3n; recursos y capacitaci\u00f3n necesarios para fomentar habilidades tempranas de alfabetizaci\u00f3n y lectura; habilidades socioemocionales, de lenguaje y motricidad. <\/p>\t\t\t\t<\/div>\n\t\t\t\t<\/div>\n\t\t\t\t<div class=\"elementor-element elementor-element-78646a4 elementor-widget elementor-widget-heading\" data-id=\"78646a4\" data-element_type=\"widget\" data-e-type=\"widget\" data-widget_type=\"heading.default\">\n\t\t\t\t<div class=\"elementor-widget-container\">\n\t\t\t\t\t<p class=\"elementor-heading-title elementor-size-default\">El programa sienta las bases para que los padres est\u00e9n involucrados en la escuela, con los maestros y la comunidad a lo largo de las carreras acad\u00e9micas de sus hijos.<\/p>\t\t\t\t<\/div>\n\t\t\t\t<\/div>\n\t\t\t\t\t<\/div>\n\t\t<\/div>\n\t\t\t\t\t<\/div>\n\t\t<\/section>\n\t\t\t\t<div class=\"elementor-element elementor-element-a6754b2 elementor-widget elementor-widget-heading\" data-id=\"a6754b2\" data-element_type=\"widget\" data-e-type=\"widget\" data-widget_type=\"heading.default\">\n\t\t\t\t<div class=\"elementor-widget-container\">\n\t\t\t\t\t<h2 class=\"elementor-heading-title elementor-size-default\">Inicio LENA<\/h2>\t\t\t\t<\/div>\n\t\t\t\t<\/div>\n\t\t\t\t<section class=\"elementor-section elementor-inner-section elementor-element elementor-element-585ecc2 elementor-section-boxed elementor-section-height-default elementor-section-height-default\" data-id=\"585ecc2\" data-element_type=\"section\" data-e-type=\"section\">\n\t\t\t\t\t\t<div class=\"elementor-container elementor-column-gap-default\">\n\t\t\t\t\t<div class=\"elementor-column elementor-col-50 elementor-inner-column elementor-element elementor-element-b117fca\" data-id=\"b117fca\" data-element_type=\"column\" data-e-type=\"column\">\n\t\t\t<div class=\"elementor-widget-wrap elementor-element-populated\">\n\t\t\t\t\t\t<div class=\"elementor-element elementor-element-828898d elementor-widget elementor-widget-image\" data-id=\"828898d\" data-element_type=\"widget\" data-e-type=\"widget\" data-widget_type=\"image.default\">\n\t\t\t\t<div class=\"elementor-widget-container\">\n\t\t\t\t\t\t\t\t\t\t\t\t\t\t\t<img loading=\"lazy\" decoding=\"async\" width=\"800\" height=\"492\" src=\"https:\/\/theconcilio.org\/wp-content\/uploads\/2023\/04\/Screen-Shot-2023-01-10-at-3.37.24-PM.jpg\" class=\"attachment-large size-large wp-image-2355\" alt=\"\" srcset=\"https:\/\/theconcilio.org\/wp-content\/uploads\/2023\/04\/Screen-Shot-2023-01-10-at-3.37.24-PM.jpg 800w, https:\/\/theconcilio.org\/wp-content\/uploads\/2023\/04\/Screen-Shot-2023-01-10-at-3.37.24-PM-300x185.jpg 300w, https:\/\/theconcilio.org\/wp-content\/uploads\/2023\/04\/Screen-Shot-2023-01-10-at-3.37.24-PM-768x472.jpg 768w\" sizes=\"(max-width: 800px) 100vw, 800px\" \/>\t\t\t\t\t\t\t\t\t\t\t\t\t\t\t<\/div>\n\t\t\t\t<\/div>\n\t\t\t\t\t<\/div>\n\t\t<\/div>\n\t\t\t\t<div class=\"elementor-column elementor-col-50 elementor-inner-column elementor-element elementor-element-e97005b\" data-id=\"e97005b\" data-element_type=\"column\" data-e-type=\"column\">\n\t\t\t<div class=\"elementor-widget-wrap elementor-element-populated\">\n\t\t\t\t\t\t<div class=\"elementor-element elementor-element-978c25f elementor-widget elementor-widget-heading\" data-id=\"978c25f\" data-element_type=\"widget\" data-e-type=\"widget\" data-widget_type=\"heading.default\">\n\t\t\t\t<div class=\"elementor-widget-container\">\n\t\t\t\t\t<p class=\"elementor-heading-title elementor-size-default\">La conversaci\u00f3n interactiva es un factor clave en el desarrollo temprano y saludable del cerebro. <\/p>\t\t\t\t<\/div>\n\t\t\t\t<\/div>\n\t\t\t\t<div class=\"elementor-element elementor-element-ca51eb6 elementor-widget elementor-widget-heading\" data-id=\"ca51eb6\" data-element_type=\"widget\" data-e-type=\"widget\" data-widget_type=\"heading.default\">\n\t\t\t\t<div class=\"elementor-widget-container\">\n\t\t\t\t\t<p class=\"elementor-heading-title elementor-size-default\">Pero a los 4 a\u00f1os, los estudiantes de bajos ingresos est\u00e1n 18 meses por detr\u00e1s de sus compa\u00f1eros m\u00e1s ricos en el desarrollo del lenguaje. Esa brecha todav\u00eda existe a los 10 a\u00f1os y contin\u00faa hasta la escuela secundaria. LENA Start ense\u00f1a a los padres c\u00f3mo aumentar las conversaciones con sus hijos durante los tres primeros a\u00f1os de vida y optimizar el desarrollo del lenguaje.  <\/p>\t\t\t\t<\/div>\n\t\t\t\t<\/div>\n\t\t\t\t\t<\/div>\n\t\t<\/div>\n\t\t\t\t\t<\/div>\n\t\t<\/section>\n\t\t\t\t<section class=\"elementor-section elementor-inner-section elementor-element elementor-element-2ba9d3e elementor-section-boxed elementor-section-height-default elementor-section-height-default\" data-id=\"2ba9d3e\" data-element_type=\"section\" data-e-type=\"section\">\n\t\t\t\t\t\t<div class=\"elementor-container elementor-column-gap-default\">\n\t\t\t\t\t<div class=\"elementor-column elementor-col-33 elementor-inner-column elementor-element elementor-element-6bb39a6\" data-id=\"6bb39a6\" data-element_type=\"column\" data-e-type=\"column\">\n\t\t\t<div class=\"elementor-widget-wrap elementor-element-populated\">\n\t\t\t\t\t\t<div class=\"elementor-element elementor-element-4452ce0 elementor-widget elementor-widget-image\" data-id=\"4452ce0\" data-element_type=\"widget\" data-e-type=\"widget\" data-widget_type=\"image.default\">\n\t\t\t\t<div class=\"elementor-widget-container\">\n\t\t\t\t\t\t\t\t\t\t\t\t\t\t\t<img loading=\"lazy\" decoding=\"async\" width=\"500\" height=\"334\" src=\"https:\/\/theconcilio.org\/wp-content\/uploads\/2023\/04\/Screen-Shot-2023-01-09-at-9.30.19-PM.jpg\" class=\"attachment-large size-large wp-image-2354\" alt=\"\" srcset=\"https:\/\/theconcilio.org\/wp-content\/uploads\/2023\/04\/Screen-Shot-2023-01-09-at-9.30.19-PM.jpg 500w, https:\/\/theconcilio.org\/wp-content\/uploads\/2023\/04\/Screen-Shot-2023-01-09-at-9.30.19-PM-300x200.jpg 300w\" sizes=\"(max-width: 500px) 100vw, 500px\" \/>\t\t\t\t\t\t\t\t\t\t\t\t\t\t\t<\/div>\n\t\t\t\t<\/div>\n\t\t\t\t\t<\/div>\n\t\t<\/div>\n\t\t\t\t<div class=\"elementor-column elementor-col-33 elementor-inner-column elementor-element elementor-element-69124c8\" data-id=\"69124c8\" data-element_type=\"column\" data-e-type=\"column\" data-settings=\"{&quot;background_background&quot;:&quot;classic&quot;}\">\n\t\t\t<div class=\"elementor-widget-wrap elementor-element-populated\">\n\t\t\t\t\t\t<div class=\"elementor-element elementor-element-5a09fae elementor-widget elementor-widget-heading\" data-id=\"5a09fae\" data-element_type=\"widget\" data-e-type=\"widget\" data-widget_type=\"heading.default\">\n\t\t\t\t<div class=\"elementor-widget-container\">\n\t\t\t\t\t<p class=\"elementor-heading-title elementor-size-default\">Con\ufb01dencia y <br>las herramientas para estar <strong>preparados para el jard\u00edn de infancia.<\/strong><\/p>\t\t\t\t<\/div>\n\t\t\t\t<\/div>\n\t\t\t\t\t<\/div>\n\t\t<\/div>\n\t\t\t\t<div class=\"elementor-column elementor-col-33 elementor-inner-column elementor-element elementor-element-67696cb\" data-id=\"67696cb\" data-element_type=\"column\" data-e-type=\"column\">\n\t\t\t<div class=\"elementor-widget-wrap elementor-element-populated\">\n\t\t\t\t\t\t<div class=\"elementor-element elementor-element-60fa9ad elementor-widget elementor-widget-image\" data-id=\"60fa9ad\" data-element_type=\"widget\" data-e-type=\"widget\" data-widget_type=\"image.default\">\n\t\t\t\t<div class=\"elementor-widget-container\">\n\t\t\t\t\t\t\t\t\t\t\t\t\t\t\t<img loading=\"lazy\" decoding=\"async\" width=\"1024\" height=\"644\" src=\"https:\/\/theconcilio.org\/wp-content\/uploads\/2023\/04\/Screen-Shot-2023-01-10-at-3.40.34-PM-1024x644.png\" class=\"attachment-large size-large wp-image-2320\" alt=\"\" srcset=\"https:\/\/theconcilio.org\/wp-content\/uploads\/2023\/04\/Screen-Shot-2023-01-10-at-3.40.34-PM-1024x644.png 1024w, https:\/\/theconcilio.org\/wp-content\/uploads\/2023\/04\/Screen-Shot-2023-01-10-at-3.40.34-PM-300x189.png 300w, https:\/\/theconcilio.org\/wp-content\/uploads\/2023\/04\/Screen-Shot-2023-01-10-at-3.40.34-PM-768x483.png 768w, https:\/\/theconcilio.org\/wp-content\/uploads\/2023\/04\/Screen-Shot-2023-01-10-at-3.40.34-PM-1536x966.png 1536w, https:\/\/theconcilio.org\/wp-content\/uploads\/2023\/04\/Screen-Shot-2023-01-10-at-3.40.34-PM-2048x1288.png 2048w\" sizes=\"(max-width: 1024px) 100vw, 1024px\" \/>\t\t\t\t\t\t\t\t\t\t\t\t\t\t\t<\/div>\n\t\t\t\t<\/div>\n\t\t\t\t\t<\/div>\n\t\t<\/div>\n\t\t\t\t\t<\/div>\n\t\t<\/section>\n\t\t\t\t<div class=\"elementor-element elementor-element-693a66c elementor-widget elementor-widget-heading\" data-id=\"693a66c\" data-element_type=\"widget\" data-e-type=\"widget\" data-widget_type=\"heading.default\">\n\t\t\t\t<div class=\"elementor-widget-container\">\n\t\t\t\t\t<h2 class=\"elementor-heading-title elementor-size-default\">Abriendo Puertas\/Opening Doors<\/h2>\t\t\t\t<\/div>\n\t\t\t\t<\/div>\n\t\t\t\t<section class=\"elementor-section elementor-inner-section elementor-element elementor-element-b236686 elementor-section-boxed elementor-section-height-default elementor-section-height-default\" data-id=\"b236686\" data-element_type=\"section\" data-e-type=\"section\">\n\t\t\t\t\t\t<div class=\"elementor-container elementor-column-gap-default\">\n\t\t\t\t\t<div class=\"elementor-column elementor-col-50 elementor-inner-column elementor-element elementor-element-1d36611\" data-id=\"1d36611\" data-element_type=\"column\" data-e-type=\"column\">\n\t\t\t<div class=\"elementor-widget-wrap elementor-element-populated\">\n\t\t\t\t\t\t<div class=\"elementor-element elementor-element-ff6ac8a elementor-widget elementor-widget-image\" data-id=\"ff6ac8a\" data-element_type=\"widget\" data-e-type=\"widget\" data-widget_type=\"image.default\">\n\t\t\t\t<div class=\"elementor-widget-container\">\n\t\t\t\t\t\t\t\t\t\t\t\t\t\t\t<img loading=\"lazy\" decoding=\"async\" width=\"1024\" height=\"641\" src=\"https:\/\/theconcilio.org\/wp-content\/uploads\/2023\/04\/Screen-Shot-2023-01-10-at-3.36.38-PM-1024x641.png\" class=\"attachment-large size-large wp-image-2321\" alt=\"\" srcset=\"https:\/\/theconcilio.org\/wp-content\/uploads\/2023\/04\/Screen-Shot-2023-01-10-at-3.36.38-PM-1024x641.png 1024w, https:\/\/theconcilio.org\/wp-content\/uploads\/2023\/04\/Screen-Shot-2023-01-10-at-3.36.38-PM-300x188.png 300w, https:\/\/theconcilio.org\/wp-content\/uploads\/2023\/04\/Screen-Shot-2023-01-10-at-3.36.38-PM-768x481.png 768w, https:\/\/theconcilio.org\/wp-content\/uploads\/2023\/04\/Screen-Shot-2023-01-10-at-3.36.38-PM-1536x962.png 1536w, https:\/\/theconcilio.org\/wp-content\/uploads\/2023\/04\/Screen-Shot-2023-01-10-at-3.36.38-PM.png 1756w\" sizes=\"(max-width: 1024px) 100vw, 1024px\" \/>\t\t\t\t\t\t\t\t\t\t\t\t\t\t\t<\/div>\n\t\t\t\t<\/div>\n\t\t\t\t\t<\/div>\n\t\t<\/div>\n\t\t\t\t<div class=\"elementor-column elementor-col-50 elementor-inner-column elementor-element elementor-element-3ba21bb\" data-id=\"3ba21bb\" data-element_type=\"column\" data-e-type=\"column\">\n\t\t\t<div class=\"elementor-widget-wrap elementor-element-populated\">\n\t\t\t\t\t\t<div class=\"elementor-element elementor-element-50ff792 elementor-widget elementor-widget-heading\" data-id=\"50ff792\" data-element_type=\"widget\" data-e-type=\"widget\" data-widget_type=\"heading.default\">\n\t\t\t\t<div class=\"elementor-widget-container\">\n\t\t\t\t\t<p class=\"elementor-heading-title elementor-size-default\">Abriendo Puertas\/Opening Doors es el primer programa integral nacional de capacitaci\u00f3n basado en evidencia, desarrollado por y para padres latinos con ni\u00f1os de 0 a 5 a\u00f1os. <\/p>\t\t\t\t<\/div>\n\t\t\t\t<\/div>\n\t\t\t\t<div class=\"elementor-element elementor-element-edfd7b0 elementor-widget elementor-widget-heading\" data-id=\"edfd7b0\" data-element_type=\"widget\" data-e-type=\"widget\" data-widget_type=\"heading.default\">\n\t\t\t\t<div class=\"elementor-widget-container\">\n\t\t\t\t\t<p class=\"elementor-heading-title elementor-size-default\">Utiliza un enfoque de dos generaciones que coloca a los padres en roles de liderazgo como los primeros maestros de sus hijos junto con pr\u00e1cticas basadas en evidencia para satisfacer las necesidades de los ni\u00f1os peque\u00f1os. En el centro de su dise\u00f1o se encuentra una filosof\u00eda educativa conocida como Educaci\u00f3n Popular. Desarrollado por el educador brasile\u00f1o Paulo Freire, es un enfoque pedag\u00f3gico que crea conexiones entre las experiencias de la vida cotidiana, los problemas sociales m\u00e1s amplios y las acciones que los padres de familia deciden tomar para producir resultados positivos para sus familias. <\/p>\t\t\t\t<\/div>\n\t\t\t\t<\/div>\n\t\t\t\t<div class=\"elementor-element elementor-element-2e4d144 elementor-widget elementor-widget-heading\" data-id=\"2e4d144\" data-element_type=\"widget\" data-e-type=\"widget\" data-widget_type=\"heading.default\">\n\t\t\t\t<div class=\"elementor-widget-container\">\n\t\t\t\t\t<div class=\"elementor-heading-title elementor-size-default\">Minilecciones gratuitas en ingl\u00e9s y espa\u00f1ol para padres de ni\u00f1os peque\u00f1os sobre temas como el desarrollo infantil, la tecnolog\u00eda, la preparaci\u00f3n para la escuela y mucho m\u00e1s. Para acceder a estas lecciones, <\/div>\t\t\t\t<\/div>\n\t\t\t\t<\/div>\n\t\t\t\t<div class=\"elementor-element elementor-element-75be72a elementor-widget elementor-widget-button\" data-id=\"75be72a\" data-element_type=\"widget\" data-e-type=\"widget\" data-widget_type=\"button.default\">\n\t\t\t\t<div class=\"elementor-widget-container\">\n\t\t\t\t\t\t\t\t\t<div class=\"elementor-button-wrapper\">\n\t\t\t\t\t<a class=\"elementor-button elementor-button-link elementor-size-sm\" href=\"#elementor-action%3Aaction%3Dpopup%3Aopen%26settings%3DeyJpZCI6MzU1NywidG9nZ2xlIjpmYWxzZX0%3D\">\n\t\t\t\t\t\t<span class=\"elementor-button-content-wrapper\">\n\t\t\t\t\t\t\t\t\t<span class=\"elementor-button-text\">Haga clic aqu\u00ed<\/span>\n\t\t\t\t\t<\/span>\n\t\t\t\t\t<\/a>\n\t\t\t\t<\/div>\n\t\t\t\t\t\t\t\t<\/div>\n\t\t\t\t<\/div>\n\t\t\t\t\t<\/div>\n\t\t<\/div>\n\t\t\t\t\t<\/div>\n\t\t<\/section>\n\t\t\t\t\t<\/div>\n\t\t<\/div>\n\t\t\t\t\t<\/div>\n\t\t<\/section>\n\t\t\t\t<section class=\"elementor-section elementor-top-section elementor-element elementor-element-fe5ef7b elementor-section-boxed elementor-section-height-default elementor-section-height-default\" data-id=\"fe5ef7b\" data-element_type=\"section\" data-e-type=\"section\">\n\t\t\t\t\t\t<div class=\"elementor-container elementor-column-gap-default\">\n\t\t\t\t\t<div class=\"elementor-column elementor-col-100 elementor-top-column elementor-element elementor-element-9585b23 program-tab-content\" data-id=\"9585b23\" data-element_type=\"column\" data-e-type=\"column\" id=\"latino-capacity\">\n\t\t\t<div class=\"elementor-widget-wrap elementor-element-populated\">\n\t\t\t\t\t\t<div class=\"elementor-element elementor-element-39b5aca elementor-widget elementor-widget-heading\" data-id=\"39b5aca\" data-element_type=\"widget\" data-e-type=\"widget\" data-widget_type=\"heading.default\">\n\t\t\t\t<div class=\"elementor-widget-container\">\n\t\t\t\t\t<h2 class=\"elementor-heading-title elementor-size-default\">DESARROLLO DE CAPACIDADES LATINAS <\/h2>\t\t\t\t<\/div>\n\t\t\t\t<\/div>\n\t\t\t\t<div class=\"elementor-element elementor-element-7d1c43a elementor-widget elementor-widget-heading\" data-id=\"7d1c43a\" data-element_type=\"widget\" data-e-type=\"widget\" data-widget_type=\"heading.default\">\n\t\t\t\t<div class=\"elementor-widget-container\">\n\t\t\t\t\t<h2 class=\"elementor-heading-title elementor-size-default\">Nuestro objetivo es aumentar la inteligencia cultural proporcionando capacitaci\u00f3n, estrategias y recursos basados \u200b\u200ben datos que desarrollen la capacidad en organizaciones que trabajan con poblaciones latinas e hispanas. Capacitamos en estrategias culturalmente sensibles y brindamos recursos para ayudar aquellos que no son latinos a relacionarse de manera respetuosa y activa con latinos, hispanos y sus comunidades.  <\/h2>\t\t\t\t<\/div>\n\t\t\t\t<\/div>\n\t\t\t\t<div class=\"elementor-element elementor-element-9b3bc1b elementor-widget elementor-widget-heading\" data-id=\"9b3bc1b\" data-element_type=\"widget\" data-e-type=\"widget\" data-widget_type=\"heading.default\">\n\t\t\t\t<div class=\"elementor-widget-container\">\n\t\t\t\t\t<h2 class=\"elementor-heading-title elementor-size-default\">Desarrollamos capacidades y promovemos la equidad latina mediante el an\u00e1lisis, la participaci\u00f3n, la defensa y la activaci\u00f3n de las comunidades de DFW y el norte de Texas al:<\/h2>\t\t\t\t<\/div>\n\t\t\t\t<\/div>\n\t\t\t\t<div class=\"elementor-element elementor-element-de215f7 elementor-widget elementor-widget-heading\" data-id=\"de215f7\" data-element_type=\"widget\" data-e-type=\"widget\" data-widget_type=\"heading.default\">\n\t\t\t\t<div class=\"elementor-widget-container\">\n\t\t\t\t\t<div class=\"elementor-heading-title elementor-size-default\"><span class=\"greenhigh\">Analizar<\/span> y agregar datos a trav\u00e9s de investigaciones primarias y secundarias<br>\n<span class=\"greenhigh\">Involucrando a<\/span> la comunidad a trav\u00e9s de nuestro <a href=\"\">\n  <u>Informe sobre el Estado Latino<\/u>\n<\/a> y los <a href=\"\">\n  <u>Blogs de datos<\/u>\n<\/a><br>\n<span class=\"greenhigh\">Abogar<\/span> y capacitar a trav\u00e9s de nuestro Entrenamiento de Competencia Cultural y los J\u00f3venes Profesionales Latinos de Dallas<br>\n<span class=\"greenhigh\">Activar<\/span> a la comunidad a trav\u00e9s de nuestra Serie Think Tank y la Cumbre del Poder de Latinos.<\/div>\t\t\t\t<\/div>\n\t\t\t\t<\/div>\n\t\t\t\t<div class=\"elementor-element elementor-element-9f56d9d elementor-widget elementor-widget-heading\" data-id=\"9f56d9d\" data-element_type=\"widget\" data-e-type=\"widget\" data-widget_type=\"heading.default\">\n\t\t\t\t<div class=\"elementor-widget-container\">\n\t\t\t\t\t<h2 class=\"elementor-heading-title elementor-size-default\">Investigaci\u00f3n<\/h2>\t\t\t\t<\/div>\n\t\t\t\t<\/div>\n\t\t\t\t<section class=\"elementor-section elementor-inner-section elementor-element elementor-element-9e9ae91 elementor-section-boxed elementor-section-height-default elementor-section-height-default\" data-id=\"9e9ae91\" data-element_type=\"section\" data-e-type=\"section\">\n\t\t\t\t\t\t<div class=\"elementor-container elementor-column-gap-default\">\n\t\t\t\t\t<div class=\"elementor-column elementor-col-50 elementor-inner-column elementor-element elementor-element-68467ad\" data-id=\"68467ad\" data-element_type=\"column\" data-e-type=\"column\">\n\t\t\t<div class=\"elementor-widget-wrap elementor-element-populated\">\n\t\t\t\t\t\t<div class=\"elementor-element elementor-element-2b1361b elementor-widget elementor-widget-image\" data-id=\"2b1361b\" data-element_type=\"widget\" data-e-type=\"widget\" data-widget_type=\"image.default\">\n\t\t\t\t<div class=\"elementor-widget-container\">\n\t\t\t\t\t\t\t\t\t\t\t\t\t\t\t<img loading=\"lazy\" decoding=\"async\" width=\"1024\" height=\"796\" src=\"https:\/\/theconcilio.org\/wp-content\/uploads\/2023\/04\/Programs-All_Latino-Capacity-Building-_03-1024x796.jpg\" class=\"attachment-large size-large wp-image-2323\" alt=\"\" srcset=\"https:\/\/theconcilio.org\/wp-content\/uploads\/2023\/04\/Programs-All_Latino-Capacity-Building-_03-1024x796.jpg 1024w, https:\/\/theconcilio.org\/wp-content\/uploads\/2023\/04\/Programs-All_Latino-Capacity-Building-_03-300x233.jpg 300w, https:\/\/theconcilio.org\/wp-content\/uploads\/2023\/04\/Programs-All_Latino-Capacity-Building-_03-768x597.jpg 768w, https:\/\/theconcilio.org\/wp-content\/uploads\/2023\/04\/Programs-All_Latino-Capacity-Building-_03.jpg 1122w\" sizes=\"(max-width: 1024px) 100vw, 1024px\" \/>\t\t\t\t\t\t\t\t\t\t\t\t\t\t\t<\/div>\n\t\t\t\t<\/div>\n\t\t\t\t\t<\/div>\n\t\t<\/div>\n\t\t\t\t<div class=\"elementor-column elementor-col-50 elementor-inner-column elementor-element elementor-element-cfb5e71\" data-id=\"cfb5e71\" data-element_type=\"column\" data-e-type=\"column\">\n\t\t\t<div class=\"elementor-widget-wrap elementor-element-populated\">\n\t\t\t\t\t\t<div class=\"elementor-element elementor-element-c4a5c19 elementor-widget elementor-widget-heading\" data-id=\"c4a5c19\" data-element_type=\"widget\" data-e-type=\"widget\" data-widget_type=\"heading.default\">\n\t\t\t\t<div class=\"elementor-widget-container\">\n\t\t\t\t\t<p class=\"elementor-heading-title elementor-size-default\">Tenemos un programa continuo para analizar y agregar datos sobre temas actuales que afectan a la comunidad latina\/hispana y la poblaci\u00f3n a la que sirve The Concilio. Nuestro objetivo es posicionar a The Concilio como un l\u00edder de opini\u00f3n basada en datos y exponer \u00e1reas que permitan a los tomadores de decisiones planificar y abordar mejor los problemas actuales y previstos para la comunidad latina\/hispana en DFW. <\/p>\t\t\t\t<\/div>\n\t\t\t\t<\/div>\n\t\t\t\t\t<\/div>\n\t\t<\/div>\n\t\t\t\t\t<\/div>\n\t\t<\/section>\n\t\t\t\t<div class=\"elementor-element elementor-element-819c6fc elementor-widget elementor-widget-heading\" data-id=\"819c6fc\" data-element_type=\"widget\" data-e-type=\"widget\" data-widget_type=\"heading.default\">\n\t\t\t\t<div class=\"elementor-widget-container\">\n\t\t\t\t\t<h2 class=\"elementor-heading-title elementor-size-default\">Informe sobre el estado de los latinos<\/h2>\t\t\t\t<\/div>\n\t\t\t\t<\/div>\n\t\t\t\t<section class=\"elementor-section elementor-inner-section elementor-element elementor-element-dbb72d3 elementor-section-boxed elementor-section-height-default elementor-section-height-default\" data-id=\"dbb72d3\" data-element_type=\"section\" data-e-type=\"section\">\n\t\t\t\t\t\t<div class=\"elementor-container elementor-column-gap-default\">\n\t\t\t\t\t<div class=\"elementor-column elementor-col-50 elementor-inner-column elementor-element elementor-element-8a048f2\" data-id=\"8a048f2\" data-element_type=\"column\" data-e-type=\"column\">\n\t\t\t<div class=\"elementor-widget-wrap elementor-element-populated\">\n\t\t\t\t\t\t<div class=\"elementor-element elementor-element-a2b6ade elementor-widget elementor-widget-image\" data-id=\"a2b6ade\" data-element_type=\"widget\" data-e-type=\"widget\" data-widget_type=\"image.default\">\n\t\t\t\t<div class=\"elementor-widget-container\">\n\t\t\t\t\t\t\t\t\t\t\t\t\t\t\t<img loading=\"lazy\" decoding=\"async\" width=\"1024\" height=\"835\" src=\"https:\/\/theconcilio.org\/wp-content\/uploads\/2023\/04\/Programs-All_Latino-Capacity-Building-_07-1024x835.jpg\" class=\"attachment-large size-large wp-image-2324\" alt=\"\" srcset=\"https:\/\/theconcilio.org\/wp-content\/uploads\/2023\/04\/Programs-All_Latino-Capacity-Building-_07-1024x835.jpg 1024w, https:\/\/theconcilio.org\/wp-content\/uploads\/2023\/04\/Programs-All_Latino-Capacity-Building-_07-300x245.jpg 300w, https:\/\/theconcilio.org\/wp-content\/uploads\/2023\/04\/Programs-All_Latino-Capacity-Building-_07-768x626.jpg 768w, https:\/\/theconcilio.org\/wp-content\/uploads\/2023\/04\/Programs-All_Latino-Capacity-Building-_07.jpg 1072w\" sizes=\"(max-width: 1024px) 100vw, 1024px\" \/>\t\t\t\t\t\t\t\t\t\t\t\t\t\t\t<\/div>\n\t\t\t\t<\/div>\n\t\t\t\t\t<\/div>\n\t\t<\/div>\n\t\t\t\t<div class=\"elementor-column elementor-col-50 elementor-inner-column elementor-element elementor-element-f6f6d1b\" data-id=\"f6f6d1b\" data-element_type=\"column\" data-e-type=\"column\">\n\t\t\t<div class=\"elementor-widget-wrap elementor-element-populated\">\n\t\t\t\t\t\t<div class=\"elementor-element elementor-element-8a019db elementor-widget elementor-widget-heading\" data-id=\"8a019db\" data-element_type=\"widget\" data-e-type=\"widget\" data-widget_type=\"heading.default\">\n\t\t\t\t<div class=\"elementor-widget-container\">\n\t\t\t\t\t<p class=\"elementor-heading-title elementor-size-default\">Cada dos a\u00f1os, The Concilio publica el Informe del estado de los latinos para resaltar la realidad de los latinos en nuestra regi\u00f3n e involucrar a la comunidad, los tomadores de decisiones y las organizaciones. Nuestro objetivo es proporcionar datos que puedan informar decisiones, desarrollo de programas y pol\u00edticas para abordar las necesidades en todos esos \u00e1mbitos. Cada dos a\u00f1os publicamos un documento t\u00e9cnico con los resultados de cada a\u00f1o.   <\/p>\t\t\t\t<\/div>\n\t\t\t\t<\/div>\n\t\t\t\t\t<\/div>\n\t\t<\/div>\n\t\t\t\t\t<\/div>\n\t\t<\/section>\n\t\t\t\t<div class=\"elementor-element elementor-element-45a7fb6 elementor-widget elementor-widget-heading\" data-id=\"45a7fb6\" data-element_type=\"widget\" data-e-type=\"widget\" data-widget_type=\"heading.default\">\n\t\t\t\t<div class=\"elementor-widget-container\">\n\t\t\t\t\t<h2 class=\"elementor-heading-title elementor-size-default\">BLOG DE DATOS<\/h2>\t\t\t\t<\/div>\n\t\t\t\t<\/div>\n\t\t\t\t<section class=\"elementor-section elementor-inner-section elementor-element elementor-element-18dcc93 elementor-section-boxed elementor-section-height-default elementor-section-height-default\" data-id=\"18dcc93\" data-element_type=\"section\" data-e-type=\"section\">\n\t\t\t\t\t\t<div class=\"elementor-container elementor-column-gap-default\">\n\t\t\t\t\t<div class=\"elementor-column elementor-col-50 elementor-inner-column elementor-element elementor-element-5adc82e\" data-id=\"5adc82e\" data-element_type=\"column\" data-e-type=\"column\">\n\t\t\t<div class=\"elementor-widget-wrap elementor-element-populated\">\n\t\t\t\t\t\t<div class=\"elementor-element elementor-element-c149134 elementor-widget elementor-widget-image\" data-id=\"c149134\" data-element_type=\"widget\" data-e-type=\"widget\" data-widget_type=\"image.default\">\n\t\t\t\t<div class=\"elementor-widget-container\">\n\t\t\t\t\t\t\t\t\t\t\t\t\t\t\t<img loading=\"lazy\" decoding=\"async\" width=\"1024\" height=\"789\" src=\"https:\/\/theconcilio.org\/wp-content\/uploads\/2023\/04\/Programs-All_Latino-Capacity-Building-_11-1024x789.jpg\" class=\"attachment-large size-large wp-image-2325\" alt=\"\" srcset=\"https:\/\/theconcilio.org\/wp-content\/uploads\/2023\/04\/Programs-All_Latino-Capacity-Building-_11-1024x789.jpg 1024w, https:\/\/theconcilio.org\/wp-content\/uploads\/2023\/04\/Programs-All_Latino-Capacity-Building-_11-300x231.jpg 300w, https:\/\/theconcilio.org\/wp-content\/uploads\/2023\/04\/Programs-All_Latino-Capacity-Building-_11-768x592.jpg 768w, https:\/\/theconcilio.org\/wp-content\/uploads\/2023\/04\/Programs-All_Latino-Capacity-Building-_11.jpg 1122w\" sizes=\"(max-width: 1024px) 100vw, 1024px\" \/>\t\t\t\t\t\t\t\t\t\t\t\t\t\t\t<\/div>\n\t\t\t\t<\/div>\n\t\t\t\t\t<\/div>\n\t\t<\/div>\n\t\t\t\t<div class=\"elementor-column elementor-col-50 elementor-inner-column elementor-element elementor-element-b79c1c0\" data-id=\"b79c1c0\" data-element_type=\"column\" data-e-type=\"column\">\n\t\t\t<div class=\"elementor-widget-wrap elementor-element-populated\">\n\t\t\t\t\t\t<div class=\"elementor-element elementor-element-c530d76 elementor-widget elementor-widget-heading\" data-id=\"c530d76\" data-element_type=\"widget\" data-e-type=\"widget\" data-widget_type=\"heading.default\">\n\t\t\t\t<div class=\"elementor-widget-container\">\n\t\t\t\t\t<p class=\"elementor-heading-title elementor-size-default\">Nuestro blog de datos bimensual se compromete con la comunidad en general, ampl\u00eda el informe y explora temas relevantes y actuales. Nuestro objetivo es proporcionar c\u00e1psulas de datos sobre eventos y temas relevantes para la comunidad latina e hispana.  <\/p>\t\t\t\t<\/div>\n\t\t\t\t<\/div>\n\t\t\t\t\t<\/div>\n\t\t<\/div>\n\t\t\t\t\t<\/div>\n\t\t<\/section>\n\t\t\t\t<div class=\"elementor-element elementor-element-6f981cb elementor-widget elementor-widget-heading\" data-id=\"6f981cb\" data-element_type=\"widget\" data-e-type=\"widget\" data-widget_type=\"heading.default\">\n\t\t\t\t<div class=\"elementor-widget-container\">\n\t\t\t\t\t<h2 class=\"elementor-heading-title elementor-size-default\">FORMACI\u00d3N EN COMPETENCIA CULTURAL<\/h2>\t\t\t\t<\/div>\n\t\t\t\t<\/div>\n\t\t\t\t<section class=\"elementor-section elementor-inner-section elementor-element elementor-element-37d3a82 elementor-section-boxed elementor-section-height-default elementor-section-height-default\" data-id=\"37d3a82\" data-element_type=\"section\" data-e-type=\"section\">\n\t\t\t\t\t\t<div class=\"elementor-container elementor-column-gap-default\">\n\t\t\t\t\t<div class=\"elementor-column elementor-col-50 elementor-inner-column elementor-element elementor-element-0f0de24\" data-id=\"0f0de24\" data-element_type=\"column\" data-e-type=\"column\">\n\t\t\t<div class=\"elementor-widget-wrap elementor-element-populated\">\n\t\t\t\t\t\t<div class=\"elementor-element elementor-element-b3c14b1 elementor-widget elementor-widget-image\" data-id=\"b3c14b1\" data-element_type=\"widget\" data-e-type=\"widget\" data-widget_type=\"image.default\">\n\t\t\t\t<div class=\"elementor-widget-container\">\n\t\t\t\t\t\t\t\t\t\t\t\t\t\t\t<img loading=\"lazy\" decoding=\"async\" width=\"1024\" height=\"798\" src=\"https:\/\/theconcilio.org\/wp-content\/uploads\/2023\/04\/Programs-All_Latino-Capacity-Building-_14-1024x798.jpg\" class=\"attachment-large size-large wp-image-2326\" alt=\"\" srcset=\"https:\/\/theconcilio.org\/wp-content\/uploads\/2023\/04\/Programs-All_Latino-Capacity-Building-_14-1024x798.jpg 1024w, https:\/\/theconcilio.org\/wp-content\/uploads\/2023\/04\/Programs-All_Latino-Capacity-Building-_14-300x234.jpg 300w, https:\/\/theconcilio.org\/wp-content\/uploads\/2023\/04\/Programs-All_Latino-Capacity-Building-_14-768x598.jpg 768w, https:\/\/theconcilio.org\/wp-content\/uploads\/2023\/04\/Programs-All_Latino-Capacity-Building-_14.jpg 1122w\" sizes=\"(max-width: 1024px) 100vw, 1024px\" \/>\t\t\t\t\t\t\t\t\t\t\t\t\t\t\t<\/div>\n\t\t\t\t<\/div>\n\t\t\t\t\t<\/div>\n\t\t<\/div>\n\t\t\t\t<div class=\"elementor-column elementor-col-50 elementor-inner-column elementor-element elementor-element-14f3035\" data-id=\"14f3035\" data-element_type=\"column\" data-e-type=\"column\">\n\t\t\t<div class=\"elementor-widget-wrap elementor-element-populated\">\n\t\t\t\t\t\t<div class=\"elementor-element elementor-element-9821a47 elementor-widget elementor-widget-heading\" data-id=\"9821a47\" data-element_type=\"widget\" data-e-type=\"widget\" data-widget_type=\"heading.default\">\n\t\t\t\t<div class=\"elementor-widget-container\">\n\t\t\t\t\t<p class=\"elementor-heading-title elementor-size-default\">Ofrecemos capacitaci\u00f3n en Competencia Cultural Latina\/Hispana para organizaciones que interact\u00faan con la poblaci\u00f3n latina\/hispana, como poblaci\u00f3n que trabaja, comercializa o es atendida. Nuestro objetivo es dar capacitaci\u00f3n, estrategias y recursos basados \u200b\u200ben datos para crear organizaciones y corporaciones culturalmente m\u00e1s competentes, con un enfoque especial en la educaci\u00f3n, la salud y el avance corporativo. <\/p>\t\t\t\t<\/div>\n\t\t\t\t<\/div>\n\t\t\t\t\t<\/div>\n\t\t<\/div>\n\t\t\t\t\t<\/div>\n\t\t<\/section>\n\t\t\t\t<div class=\"elementor-element elementor-element-c1ac81a elementor-widget elementor-widget-heading\" data-id=\"c1ac81a\" data-element_type=\"widget\" data-e-type=\"widget\" data-widget_type=\"heading.default\">\n\t\t\t\t<div class=\"elementor-widget-container\">\n\t\t\t\t\t<h2 class=\"elementor-heading-title elementor-size-default\">J\u00f3venes Profesionales Latinos de Dallas<\/h2>\t\t\t\t<\/div>\n\t\t\t\t<\/div>\n\t\t\t\t<section class=\"elementor-section elementor-inner-section elementor-element elementor-element-3023d3b elementor-section-boxed elementor-section-height-default elementor-section-height-default\" data-id=\"3023d3b\" data-element_type=\"section\" data-e-type=\"section\">\n\t\t\t\t\t\t<div class=\"elementor-container elementor-column-gap-default\">\n\t\t\t\t\t<div class=\"elementor-column elementor-col-50 elementor-inner-column elementor-element elementor-element-bcac55b\" data-id=\"bcac55b\" data-element_type=\"column\" data-e-type=\"column\">\n\t\t\t<div class=\"elementor-widget-wrap elementor-element-populated\">\n\t\t\t\t\t\t<div class=\"elementor-element elementor-element-76f41df elementor-widget elementor-widget-image\" data-id=\"76f41df\" data-element_type=\"widget\" data-e-type=\"widget\" data-widget_type=\"image.default\">\n\t\t\t\t<div class=\"elementor-widget-container\">\n\t\t\t\t\t\t\t\t\t\t\t\t\t\t\t<img loading=\"lazy\" decoding=\"async\" width=\"1024\" height=\"730\" src=\"https:\/\/theconcilio.org\/wp-content\/uploads\/2023\/04\/Programs-All_Latino-Capacity-Building-_17-1024x730.jpg\" class=\"attachment-large size-large wp-image-2327\" alt=\"\" srcset=\"https:\/\/theconcilio.org\/wp-content\/uploads\/2023\/04\/Programs-All_Latino-Capacity-Building-_17-1024x730.jpg 1024w, https:\/\/theconcilio.org\/wp-content\/uploads\/2023\/04\/Programs-All_Latino-Capacity-Building-_17-300x214.jpg 300w, https:\/\/theconcilio.org\/wp-content\/uploads\/2023\/04\/Programs-All_Latino-Capacity-Building-_17-768x548.jpg 768w, https:\/\/theconcilio.org\/wp-content\/uploads\/2023\/04\/Programs-All_Latino-Capacity-Building-_17.jpg 1122w\" sizes=\"(max-width: 1024px) 100vw, 1024px\" \/>\t\t\t\t\t\t\t\t\t\t\t\t\t\t\t<\/div>\n\t\t\t\t<\/div>\n\t\t\t\t\t<\/div>\n\t\t<\/div>\n\t\t\t\t<div class=\"elementor-column elementor-col-50 elementor-inner-column elementor-element elementor-element-6405155\" data-id=\"6405155\" data-element_type=\"column\" data-e-type=\"column\">\n\t\t\t<div class=\"elementor-widget-wrap elementor-element-populated\">\n\t\t\t\t\t\t<div class=\"elementor-element elementor-element-4762f4a elementor-widget elementor-widget-heading\" data-id=\"4762f4a\" data-element_type=\"widget\" data-e-type=\"widget\" data-widget_type=\"heading.default\">\n\t\t\t\t<div class=\"elementor-widget-container\">\n\t\t\t\t\t<p class=\"elementor-heading-title elementor-size-default\">Este programa brinda un espacio para el desarrollo profesional, acceso a recursos y conexiones aut\u00e9nticas y poderosas para j\u00f3venes profesionales latinos en el norte de Texas para apoyar su crecimiento profesional en el mundo laboral. Esta red de j\u00f3venes profesionales latinos se re\u00fane para el desarrollo profesional y la creaci\u00f3n de redes de 5 a 7 veces al a\u00f1o.  <\/p>\t\t\t\t<\/div>\n\t\t\t\t<\/div>\n\t\t\t\t\t<\/div>\n\t\t<\/div>\n\t\t\t\t\t<\/div>\n\t\t<\/section>\n\t\t\t\t<div class=\"elementor-element elementor-element-a8ef3ae elementor-widget elementor-widget-heading\" data-id=\"a8ef3ae\" data-element_type=\"widget\" data-e-type=\"widget\" data-widget_type=\"heading.default\">\n\t\t\t\t<div class=\"elementor-widget-container\">\n\t\t\t\t\t<h2 class=\"elementor-heading-title elementor-size-default\">Pensando Juntos Serie Think Tank <\/h2>\t\t\t\t<\/div>\n\t\t\t\t<\/div>\n\t\t\t\t<section class=\"elementor-section elementor-inner-section elementor-element elementor-element-ab96ad4 elementor-section-boxed elementor-section-height-default elementor-section-height-default\" data-id=\"ab96ad4\" data-element_type=\"section\" data-e-type=\"section\">\n\t\t\t\t\t\t<div class=\"elementor-container elementor-column-gap-default\">\n\t\t\t\t\t<div class=\"elementor-column elementor-col-50 elementor-inner-column elementor-element elementor-element-341e3f7\" data-id=\"341e3f7\" data-element_type=\"column\" data-e-type=\"column\">\n\t\t\t<div class=\"elementor-widget-wrap elementor-element-populated\">\n\t\t\t\t\t\t<div class=\"elementor-element elementor-element-4b309da elementor-widget elementor-widget-image\" data-id=\"4b309da\" data-element_type=\"widget\" data-e-type=\"widget\" data-widget_type=\"image.default\">\n\t\t\t\t<div class=\"elementor-widget-container\">\n\t\t\t\t\t\t\t\t\t\t\t\t\t\t\t<img loading=\"lazy\" decoding=\"async\" width=\"1024\" height=\"801\" src=\"https:\/\/theconcilio.org\/wp-content\/uploads\/2023\/04\/Programs-All_Latino-Capacity-Building-_20-1024x801.jpg\" class=\"attachment-large size-large wp-image-2328\" alt=\"\" srcset=\"https:\/\/theconcilio.org\/wp-content\/uploads\/2023\/04\/Programs-All_Latino-Capacity-Building-_20-1024x801.jpg 1024w, https:\/\/theconcilio.org\/wp-content\/uploads\/2023\/04\/Programs-All_Latino-Capacity-Building-_20-300x235.jpg 300w, https:\/\/theconcilio.org\/wp-content\/uploads\/2023\/04\/Programs-All_Latino-Capacity-Building-_20-768x600.jpg 768w, https:\/\/theconcilio.org\/wp-content\/uploads\/2023\/04\/Programs-All_Latino-Capacity-Building-_20.jpg 1118w\" sizes=\"(max-width: 1024px) 100vw, 1024px\" \/>\t\t\t\t\t\t\t\t\t\t\t\t\t\t\t<\/div>\n\t\t\t\t<\/div>\n\t\t\t\t\t<\/div>\n\t\t<\/div>\n\t\t\t\t<div class=\"elementor-column elementor-col-50 elementor-inner-column elementor-element elementor-element-7b5de60\" data-id=\"7b5de60\" data-element_type=\"column\" data-e-type=\"column\">\n\t\t\t<div class=\"elementor-widget-wrap elementor-element-populated\">\n\t\t\t\t\t\t<div class=\"elementor-element elementor-element-285e463 elementor-widget elementor-widget-heading\" data-id=\"285e463\" data-element_type=\"widget\" data-e-type=\"widget\" data-widget_type=\"heading.default\">\n\t\t\t\t<div class=\"elementor-widget-container\">\n\t\t\t\t\t<p class=\"elementor-heading-title elementor-size-default\">The Concilio organiza este evento dos veces al a\u00f1o cada primavera y oto\u00f1o. Es un espacio que aborda temas de Educaci\u00f3n, Salud y Riqueza para comentar y analizar los factores que afectan a la poblaci\u00f3n latina en nuestra regi\u00f3n. Nuestro objetivo es convocar a las partes interesadas (objetivo DEI) e impulsar conversaciones que conduzcan a acciones para mejorar DFW y el norte de Texas. Nuestro objetivo es establecer The Concilio como un l\u00edder de pensamiento y organizador colaborativo.   <\/p>\t\t\t\t<\/div>\n\t\t\t\t<\/div>\n\t\t\t\t\t<\/div>\n\t\t<\/div>\n\t\t\t\t\t<\/div>\n\t\t<\/section>\n\t\t\t\t<div class=\"elementor-element elementor-element-755b92a elementor-widget elementor-widget-heading\" data-id=\"755b92a\" data-element_type=\"widget\" data-e-type=\"widget\" data-widget_type=\"heading.default\">\n\t\t\t\t<div class=\"elementor-widget-container\">\n\t\t\t\t\t<h2 class=\"elementor-heading-title elementor-size-default\">Congreso del poder de los latinos <\/h2>\t\t\t\t<\/div>\n\t\t\t\t<\/div>\n\t\t\t\t<section class=\"elementor-section elementor-inner-section elementor-element elementor-element-f621d3a elementor-section-boxed elementor-section-height-default elementor-section-height-default\" data-id=\"f621d3a\" data-element_type=\"section\" data-e-type=\"section\">\n\t\t\t\t\t\t<div class=\"elementor-container elementor-column-gap-default\">\n\t\t\t\t\t<div class=\"elementor-column elementor-col-50 elementor-inner-column elementor-element elementor-element-3e30e9c\" data-id=\"3e30e9c\" data-element_type=\"column\" data-e-type=\"column\">\n\t\t\t<div class=\"elementor-widget-wrap elementor-element-populated\">\n\t\t\t\t\t\t<div class=\"elementor-element elementor-element-2f4081c elementor-widget elementor-widget-image\" data-id=\"2f4081c\" data-element_type=\"widget\" data-e-type=\"widget\" data-widget_type=\"image.default\">\n\t\t\t\t<div class=\"elementor-widget-container\">\n\t\t\t\t\t\t\t\t\t\t\t\t\t\t\t<img loading=\"lazy\" decoding=\"async\" width=\"1024\" height=\"793\" src=\"https:\/\/theconcilio.org\/wp-content\/uploads\/2023\/04\/Programs-All_Latino-Capacity-Building-_23-1024x793.jpg\" class=\"attachment-large size-large wp-image-2329\" alt=\"\" srcset=\"https:\/\/theconcilio.org\/wp-content\/uploads\/2023\/04\/Programs-All_Latino-Capacity-Building-_23-1024x793.jpg 1024w, https:\/\/theconcilio.org\/wp-content\/uploads\/2023\/04\/Programs-All_Latino-Capacity-Building-_23-300x232.jpg 300w, https:\/\/theconcilio.org\/wp-content\/uploads\/2023\/04\/Programs-All_Latino-Capacity-Building-_23-768x595.jpg 768w, https:\/\/theconcilio.org\/wp-content\/uploads\/2023\/04\/Programs-All_Latino-Capacity-Building-_23.jpg 1118w\" sizes=\"(max-width: 1024px) 100vw, 1024px\" \/>\t\t\t\t\t\t\t\t\t\t\t\t\t\t\t<\/div>\n\t\t\t\t<\/div>\n\t\t\t\t\t<\/div>\n\t\t<\/div>\n\t\t\t\t<div class=\"elementor-column elementor-col-50 elementor-inner-column elementor-element elementor-element-032b602\" data-id=\"032b602\" data-element_type=\"column\" data-e-type=\"column\">\n\t\t\t<div class=\"elementor-widget-wrap elementor-element-populated\">\n\t\t\t\t\t\t<div class=\"elementor-element elementor-element-bb29f32 elementor-widget elementor-widget-heading\" data-id=\"bb29f32\" data-element_type=\"widget\" data-e-type=\"widget\" data-widget_type=\"heading.default\">\n\t\t\t\t<div class=\"elementor-widget-container\">\n\t\t\t\t\t<p class=\"elementor-heading-title elementor-size-default\">Este congreso incluye una semana completa de eventos interesantes, oradores de alto perfil y activaciones comunitarias para reunir a las partes interesadas en aprender, idear y comprometerse con el avance de los latinos en DFW y el norte de Texas. Nuestro objetivo es proporcionar un espacio para la cooperaci\u00f3n p\u00fablica\/privada en el norte de Texas a trav\u00e9s de una serie de eventos basados \u200b\u200ben datos, orientados a la acci\u00f3n para aumentar la equidad y el avance de los latinos en nuestra regi\u00f3n y establecer a The Concilio como un l\u00edder de opini\u00f3n y organizador colaborativo. Este congreso se lleva a cabouna vez al a\u00f1o a finales de primavera. Nuestro pr\u00f3ximo congreso Poder de Latinos est\u00e1 programado del 15 al 19 de mayo de 2023.   <\/p>\t\t\t\t<\/div>\n\t\t\t\t<\/div>\n\t\t\t\t<div class=\"elementor-element elementor-element-0e7b24c elementor-widget elementor-widget-heading\" data-id=\"0e7b24c\" data-element_type=\"widget\" data-e-type=\"widget\" data-widget_type=\"heading.default\">\n\t\t\t\t<div class=\"elementor-widget-container\">\n\t\t\t\t\t<div class=\"elementor-heading-title elementor-size-default\">Sesiones del Congreso (ilustrativas):\n<ul>\n<li>Seminario Creando Equidad \u2013 Panel y Think Tanks<\/li>\n<li>Capacitaci\u00f3n Maestra en Competencias Culturales \u2013 Taller en la UTD<\/li>\n<li>Taller y grupo de enfoque de YLPD: Redacci\u00f3n de curr\u00edculums, c\u00f3mo pedir un aumento de sueldo, c\u00f3mo superar los desaf\u00edos en el lugar de trabajo y obtener las herramientas y los recursos necesarios para avanzar en la escala corporativa <\/li>\n<li>Lanzamiento de LMS de capacitaci\u00f3n en competencias culturales para la salud y la educaci\u00f3n <\/li>\n<\/ul><\/div>\t\t\t\t<\/div>\n\t\t\t\t<\/div>\n\t\t\t\t\t<\/div>\n\t\t<\/div>\n\t\t\t\t\t<\/div>\n\t\t<\/section>\n\t\t\t\t<div class=\"elementor-element elementor-element-53b2eb7 elementor-widget elementor-widget-heading\" data-id=\"53b2eb7\" data-element_type=\"widget\" data-e-type=\"widget\" data-widget_type=\"heading.default\">\n\t\t\t\t<div class=\"elementor-widget-container\">\n\t\t\t\t\t<div class=\"elementor-heading-title elementor-size-default\">Si est\u00e1 interesado en el Desarrollo de Capacidades Latinas para usted o su organizaci\u00f3n, comun\u00edquese con Adriana De Urquidi, directora de Desarrollo de Capacidades Latinas DEI, v\u00eda correo electr\u00f3nico: adeurquidi@theconcilio.org para programar una capacitaci\u00f3n.<\/div>\t\t\t\t<\/div>\n\t\t\t\t<\/div>\n\t\t\t\t\t<\/div>\n\t\t<\/div>\n\t\t\t\t\t<\/div>\n\t\t<\/section>\n\t\t\t\t<section class=\"elementor-section elementor-top-section elementor-element elementor-element-3610bd4 elementor-section-boxed elementor-section-height-default elementor-section-height-default\" data-id=\"3610bd4\" data-element_type=\"section\" data-e-type=\"section\">\n\t\t\t\t\t\t<div class=\"elementor-container elementor-column-gap-default\">\n\t\t\t\t\t<div class=\"elementor-column elementor-col-100 elementor-top-column elementor-element elementor-element-4669aae program-tab-content\" data-id=\"4669aae\" data-element_type=\"column\" data-e-type=\"column\" id=\"community-engagement\">\n\t\t\t<div class=\"elementor-widget-wrap elementor-element-populated\">\n\t\t\t\t\t\t<div class=\"elementor-element elementor-element-cebd217 elementor-widget elementor-widget-heading\" data-id=\"cebd217\" data-element_type=\"widget\" data-e-type=\"widget\" data-widget_type=\"heading.default\">\n\t\t\t\t<div class=\"elementor-widget-container\">\n\t\t\t\t\t<h2 class=\"elementor-heading-title elementor-size-default\">COMPROMISO CON LA COMUNIDAD Y DIVULGACI\u00d3N  <\/h2>\t\t\t\t<\/div>\n\t\t\t\t<\/div>\n\t\t\t\t<div class=\"elementor-element elementor-element-9688f03 elementor-widget elementor-widget-heading\" data-id=\"9688f03\" data-element_type=\"widget\" data-e-type=\"widget\" data-widget_type=\"heading.default\">\n\t\t\t\t<div class=\"elementor-widget-container\">\n\t\t\t\t\t<h2 class=\"elementor-heading-title elementor-size-default\">Un individuo es tan fuerte como su comunidad. La participaci\u00f3n comunitaria es una gran parte de c\u00f3mo conectamos a las familias latinas con una amplia gama de recursos. Desde hacer campa\u00f1as hasta difundir informaci\u00f3n y recursos de atenci\u00f3n m\u00e9dica, hacemos que el conocimiento sea accesible para empoderar a la comunidad latina.  <\/h2>\t\t\t\t<\/div>\n\t\t\t\t<\/div>\n\t\t\t\t<section class=\"elementor-section elementor-inner-section elementor-element elementor-element-8699cf0 elementor-section-boxed elementor-section-height-default elementor-section-height-default\" data-id=\"8699cf0\" data-element_type=\"section\" data-e-type=\"section\">\n\t\t\t\t\t\t<div class=\"elementor-container elementor-column-gap-default\">\n\t\t\t\t\t<div class=\"elementor-column elementor-col-33 elementor-inner-column elementor-element elementor-element-cba3af8\" data-id=\"cba3af8\" data-element_type=\"column\" data-e-type=\"column\" data-settings=\"{&quot;background_background&quot;:&quot;classic&quot;}\">\n\t\t\t<div class=\"elementor-widget-wrap elementor-element-populated\">\n\t\t\t\t\t\t<div class=\"elementor-element elementor-element-8901eb8 elementor-widget elementor-widget-heading\" data-id=\"8901eb8\" data-element_type=\"widget\" data-e-type=\"widget\" data-widget_type=\"heading.default\">\n\t\t\t\t<div class=\"elementor-widget-container\">\n\t\t\t\t\t<div class=\"elementor-heading-title elementor-size-default\">The Concilio tiene experiencia en el alcance comunitario y la defensa de la comunidad latina en el norte de Texas. <\/div>\t\t\t\t<\/div>\n\t\t\t\t<\/div>\n\t\t\t\t\t<\/div>\n\t\t<\/div>\n\t\t\t\t<div class=\"elementor-column elementor-col-33 elementor-inner-column elementor-element elementor-element-64020db\" data-id=\"64020db\" data-element_type=\"column\" data-e-type=\"column\">\n\t\t\t<div class=\"elementor-widget-wrap elementor-element-populated\">\n\t\t\t\t\t\t<div class=\"elementor-element elementor-element-960a87b elementor-widget__width-initial elementor-widget elementor-widget-image\" data-id=\"960a87b\" data-element_type=\"widget\" data-e-type=\"widget\" data-widget_type=\"image.default\">\n\t\t\t\t<div class=\"elementor-widget-container\">\n\t\t\t\t\t\t\t\t\t\t\t\t\t\t\t<img loading=\"lazy\" decoding=\"async\" width=\"434\" height=\"582\" src=\"https:\/\/theconcilio.org\/wp-content\/uploads\/2023\/04\/Programs-All_Community-Outreach-Vacunas_03.jpg\" class=\"attachment-large size-large wp-image-2330\" alt=\"\" srcset=\"https:\/\/theconcilio.org\/wp-content\/uploads\/2023\/04\/Programs-All_Community-Outreach-Vacunas_03.jpg 434w, https:\/\/theconcilio.org\/wp-content\/uploads\/2023\/04\/Programs-All_Community-Outreach-Vacunas_03-224x300.jpg 224w\" sizes=\"(max-width: 434px) 100vw, 434px\" \/>\t\t\t\t\t\t\t\t\t\t\t\t\t\t\t<\/div>\n\t\t\t\t<\/div>\n\t\t\t\t\t<\/div>\n\t\t<\/div>\n\t\t\t\t<div class=\"elementor-column elementor-col-33 elementor-inner-column elementor-element elementor-element-a67e90a\" data-id=\"a67e90a\" data-element_type=\"column\" data-e-type=\"column\">\n\t\t\t<div class=\"elementor-widget-wrap elementor-element-populated\">\n\t\t\t\t\t\t<div class=\"elementor-element elementor-element-a8254f3 elementor-widget elementor-widget-image\" data-id=\"a8254f3\" data-element_type=\"widget\" data-e-type=\"widget\" data-widget_type=\"image.default\">\n\t\t\t\t<div class=\"elementor-widget-container\">\n\t\t\t\t\t\t\t\t\t\t\t\t\t\t\t<img loading=\"lazy\" decoding=\"async\" width=\"868\" height=\"578\" src=\"https:\/\/theconcilio.org\/wp-content\/uploads\/2023\/04\/Programs-All_Community-Outreach-Vacunas_06.jpg\" class=\"attachment-large size-large wp-image-2331\" alt=\"\" srcset=\"https:\/\/theconcilio.org\/wp-content\/uploads\/2023\/04\/Programs-All_Community-Outreach-Vacunas_06.jpg 868w, https:\/\/theconcilio.org\/wp-content\/uploads\/2023\/04\/Programs-All_Community-Outreach-Vacunas_06-300x200.jpg 300w, https:\/\/theconcilio.org\/wp-content\/uploads\/2023\/04\/Programs-All_Community-Outreach-Vacunas_06-768x511.jpg 768w\" sizes=\"(max-width: 868px) 100vw, 868px\" \/>\t\t\t\t\t\t\t\t\t\t\t\t\t\t\t<\/div>\n\t\t\t\t<\/div>\n\t\t\t\t\t<\/div>\n\t\t<\/div>\n\t\t\t\t\t<\/div>\n\t\t<\/section>\n\t\t\t\t<div class=\"elementor-element elementor-element-717b9fe elementor-widget elementor-widget-heading\" data-id=\"717b9fe\" data-element_type=\"widget\" data-e-type=\"widget\" data-widget_type=\"heading.default\">\n\t\t\t\t<div class=\"elementor-widget-container\">\n\t\t\t\t\t<div class=\"elementor-heading-title elementor-size-default\">El impacto de la pandemia de COVID-19 en la comunidad latina destac\u00f3 a\u00fan m\u00e1s las brechas en nuestra red de seguridad social y la necesidad de que ampl\u00edemos nuestro trabajo de divulgaci\u00f3n y defensa para acortar estas brechas.<\/div>\t\t\t\t<\/div>\n\t\t\t\t<\/div>\n\t\t\t\t<div class=\"elementor-element elementor-element-260e1f1 elementor-widget elementor-widget-heading\" data-id=\"260e1f1\" data-element_type=\"widget\" data-e-type=\"widget\" data-widget_type=\"heading.default\">\n\t\t\t\t<div class=\"elementor-widget-container\">\n\t\t\t\t\t<div class=\"elementor-heading-title elementor-size-default\">En respuesta, creamos un equipo de Compromiso y Alcance Comunitario (Community Engagement &amp; Outreach, CE&amp;O, por sus siglas en ingl\u00e9s) dedicado a garantizar que la comunidad latina tenga acceso a todos los recursos disponibles. El equipo de CE&amp;O utiliza un modelo de dos niveles para brindar este soporte de manera eficiente y exitosa. <\/div>\t\t\t\t<\/div>\n\t\t\t\t<\/div>\n\t\t\t\t<div class=\"elementor-element elementor-element-fe6d10f elementor-widget elementor-widget-heading\" data-id=\"fe6d10f\" data-element_type=\"widget\" data-e-type=\"widget\" data-widget_type=\"heading.default\">\n\t\t\t\t<div class=\"elementor-widget-container\">\n\t\t\t\t\t<div class=\"elementor-heading-title elementor-size-default\">El primer nivel brinda alcance y acceso a los recursos disponibles a trav\u00e9s de The Concilio, as\u00ed como a las instituciones asociadas locales y nacionales. El segundo nivel garantiza que los recursos disponibles a trav\u00e9s de nuestros socios locales y nacionales sean culturalmente competentes y lleguen a los m\u00e1s necesitados. Caminamos junto a estas organizaciones y funcionamos como su gu\u00eda biling\u00fce y cultural. En combinaci\u00f3n, The Concilio asegura que la comunidad latina tenga un mayor acceso a m\u00e1s recursos que se ajusten a sus necesidades.    <\/div>\t\t\t\t<\/div>\n\t\t\t\t<\/div>\n\t\t\t\t<div class=\"elementor-element elementor-element-23d81df elementor-widget elementor-widget-heading\" data-id=\"23d81df\" data-element_type=\"widget\" data-e-type=\"widget\" data-widget_type=\"heading.default\">\n\t\t\t\t<div class=\"elementor-widget-container\">\n\t\t\t\t\t<h2 class=\"elementor-heading-title elementor-size-default\">Recursos familiares <\/h2>\t\t\t\t<\/div>\n\t\t\t\t<\/div>\n\t\t\t\t<section class=\"elementor-section elementor-inner-section elementor-element elementor-element-de456b3 elementor-section-boxed elementor-section-height-default elementor-section-height-default\" data-id=\"de456b3\" data-element_type=\"section\" data-e-type=\"section\">\n\t\t\t\t\t\t<div class=\"elementor-container elementor-column-gap-default\">\n\t\t\t\t\t<div class=\"elementor-column elementor-col-50 elementor-inner-column elementor-element elementor-element-84ce2ef\" data-id=\"84ce2ef\" data-element_type=\"column\" data-e-type=\"column\">\n\t\t\t<div class=\"elementor-widget-wrap elementor-element-populated\">\n\t\t\t\t\t\t<div class=\"elementor-element elementor-element-0978e8a elementor-widget elementor-widget-image\" data-id=\"0978e8a\" data-element_type=\"widget\" data-e-type=\"widget\" data-widget_type=\"image.default\">\n\t\t\t\t<div class=\"elementor-widget-container\">\n\t\t\t\t\t\t\t\t\t\t\t\t\t\t\t<img loading=\"lazy\" decoding=\"async\" width=\"1024\" height=\"799\" src=\"https:\/\/theconcilio.org\/wp-content\/uploads\/2023\/04\/Programs-All_Community-Outreach-Vacunas_11-1024x799.jpg\" class=\"attachment-large size-large wp-image-2332\" alt=\"\" srcset=\"https:\/\/theconcilio.org\/wp-content\/uploads\/2023\/04\/Programs-All_Community-Outreach-Vacunas_11-1024x799.jpg 1024w, https:\/\/theconcilio.org\/wp-content\/uploads\/2023\/04\/Programs-All_Community-Outreach-Vacunas_11-300x234.jpg 300w, https:\/\/theconcilio.org\/wp-content\/uploads\/2023\/04\/Programs-All_Community-Outreach-Vacunas_11-768x599.jpg 768w, https:\/\/theconcilio.org\/wp-content\/uploads\/2023\/04\/Programs-All_Community-Outreach-Vacunas_11.jpg 1122w\" sizes=\"(max-width: 1024px) 100vw, 1024px\" \/>\t\t\t\t\t\t\t\t\t\t\t\t\t\t\t<\/div>\n\t\t\t\t<\/div>\n\t\t\t\t\t<\/div>\n\t\t<\/div>\n\t\t\t\t<div class=\"elementor-column elementor-col-50 elementor-inner-column elementor-element elementor-element-abbc184\" data-id=\"abbc184\" data-element_type=\"column\" data-e-type=\"column\">\n\t\t\t<div class=\"elementor-widget-wrap elementor-element-populated\">\n\t\t\t\t\t\t<div class=\"elementor-element elementor-element-45a2e42 elementor-widget elementor-widget-heading\" data-id=\"45a2e42\" data-element_type=\"widget\" data-e-type=\"widget\" data-widget_type=\"heading.default\">\n\t\t\t\t<div class=\"elementor-widget-container\">\n\t\t\t\t\t<p class=\"elementor-heading-title elementor-size-default\">Cuando las familias de la comunidad latina enfrentan graves desaf\u00edos personales, financieros, de salud mental y relacionados con la salud, ayudamos a las personas a recuperarse. Ayudamos ofreciendo orientaci\u00f3n sobre prevenci\u00f3n de desalojo, recolecci\u00f3n de despensas, SNAP, EBT y m\u00e1s. Empoderamos a las personas para que retomen el control de sus vidas cuando las cosas se ponen dif\u00edciles.   <\/p>\t\t\t\t<\/div>\n\t\t\t\t<\/div>\n\t\t\t\t<div class=\"elementor-element elementor-element-1e7b23c elementor-widget elementor-widget-heading\" data-id=\"1e7b23c\" data-element_type=\"widget\" data-e-type=\"widget\" data-widget_type=\"heading.default\">\n\t\t\t\t<div class=\"elementor-widget-container\">\n\t\t\t\t\t<p class=\"elementor-heading-title elementor-size-default\">Creemos firmemente en ayudar a las personas cuando m\u00e1s lo necesitan, y la comunidad latina necesita un mejor acceso a servicios de salud, crisis y financieros. Al ser socios de Texas Health and Community, The Concilio se destaca en brindar asistencia y recursos a las personas que llegan con nosotros.  <\/p>\t\t\t\t<\/div>\n\t\t\t\t<\/div>\n\t\t\t\t<div class=\"elementor-element elementor-element-f8cc2d9 elementor-widget elementor-widget-heading\" data-id=\"f8cc2d9\" data-element_type=\"widget\" data-e-type=\"widget\" data-widget_type=\"heading.default\">\n\t\t\t\t<div class=\"elementor-widget-container\">\n\t\t\t\t\t<p class=\"elementor-heading-title elementor-size-default\">Nuestros esfuerzos incluyen asistencia telef\u00f3nica y visitas a casa (blockwalking). Servimos al condado de Dallas, Tarrant y Collin conectando a las familias a los servicios comunitarios que se les ofrezcan.  <\/p>\t\t\t\t<\/div>\n\t\t\t\t<\/div>\n\t\t\t\t\t<\/div>\n\t\t<\/div>\n\t\t\t\t\t<\/div>\n\t\t<\/section>\n\t\t\t\t<div class=\"elementor-element elementor-element-17ddeb9 elementor-widget elementor-widget-heading\" data-id=\"17ddeb9\" data-element_type=\"widget\" data-e-type=\"widget\" data-widget_type=\"heading.default\">\n\t\t\t\t<div class=\"elementor-widget-container\">\n\t\t\t\t\t<p class=\"elementor-heading-title elementor-size-default\">La salud mental todav\u00eda est\u00e1 estigmatizada en muchos espacios latinos. Brindamos conciencia, compasi\u00f3n, apoyo y recursos a aquellos que no se sienten escuchados. No importa lo que est\u00e9 sucediendo, hay ayuda disponible.  <\/p>\t\t\t\t<\/div>\n\t\t\t\t<\/div>\n\t\t\t\t<div class=\"elementor-element elementor-element-7c78159 elementor-widget elementor-widget-heading\" data-id=\"7c78159\" data-element_type=\"widget\" data-e-type=\"widget\" data-widget_type=\"heading.default\">\n\t\t\t\t<div class=\"elementor-widget-container\">\n\t\t\t\t\t<p class=\"elementor-heading-title elementor-size-default\">Si es una familia que busca ayuda, por favor haga <a href=\"https:\/\/theconcilio.org\/es\/recursos\/\"><u>clic aqu\u00ed<\/u><\/a>. Si eres una organizaci\u00f3n, haz clic aqu\u00ed para obtener <a href=\"\">\n  <u>ayuda<\/u>\n<\/a><\/p>\t\t\t\t<\/div>\n\t\t\t\t<\/div>\n\t\t\t\t\t<\/div>\n\t\t<\/div>\n\t\t\t\t\t<\/div>\n\t\t<\/section>\n\t\t\t\t<section class=\"elementor-section elementor-top-section elementor-element elementor-element-acd64d2 elementor-section-boxed elementor-section-height-default elementor-section-height-default\" data-id=\"acd64d2\" data-element_type=\"section\" data-e-type=\"section\">\n\t\t\t\t\t\t<div class=\"elementor-container elementor-column-gap-default\">\n\t\t\t\t\t<div class=\"elementor-column elementor-col-100 elementor-top-column elementor-element elementor-element-bbfd1c4 program-tab-content\" data-id=\"bbfd1c4\" data-element_type=\"column\" data-e-type=\"column\" id=\"community-health\">\n\t\t\t<div class=\"elementor-widget-wrap elementor-element-populated\">\n\t\t\t\t\t\t<div class=\"elementor-element elementor-element-d1295d8 elementor-widget elementor-widget-heading\" data-id=\"d1295d8\" data-element_type=\"widget\" data-e-type=\"widget\" data-widget_type=\"heading.default\">\n\t\t\t\t<div class=\"elementor-widget-container\">\n\t\t\t\t\t<h2 class=\"elementor-heading-title elementor-size-default\">Salud de la comunidad<\/h2>\t\t\t\t<\/div>\n\t\t\t\t<\/div>\n\t\t\t\t<div class=\"elementor-element elementor-element-927f2ff elementor-widget elementor-widget-heading\" data-id=\"927f2ff\" data-element_type=\"widget\" data-e-type=\"widget\" data-widget_type=\"heading.default\">\n\t\t\t\t<div class=\"elementor-widget-container\">\n\t\t\t\t\t<h2 class=\"elementor-heading-title elementor-size-default\">La disparidad de salud en las comunidades latinas es terrible. Aparte de las barreras ling\u00fc\u00edsticas y culturales, el sistema de salud est\u00e1 lleno de barreras de acceso. Nos asociamos con trabajadores de salud comunitarios para llevar el conocimiento a donde m\u00e1s se necesita.   El Concilio adopta un enfoque polifac\u00e9tico que incluye la educaci\u00f3n de las familias en h\u00e1bitos saludables y el suministro de informaci\u00f3n y recursos sanitarios. As\u00ed conocemos a la gente all\u00ed donde est\u00e1.  <\/h2>\t\t\t\t<\/div>\n\t\t\t\t<\/div>\n\t\t\t\t<div class=\"elementor-element elementor-element-04e3d68 elementor-widget elementor-widget-heading\" data-id=\"04e3d68\" data-element_type=\"widget\" data-e-type=\"widget\" data-widget_type=\"heading.default\">\n\t\t\t\t<div class=\"elementor-widget-container\">\n\t\t\t\t\t<h2 class=\"elementor-heading-title elementor-size-default\">Los padres tienen una enorme influencia en los h\u00e1bitos de salud de sus hijos. Nuestro programa ense\u00f1a a los padres a crear un estilo de vida saludable y guiar a sus hijos para que tomen decisiones inteligentes que conduzcan a comportamientos saludables. <\/h2>\t\t\t\t<\/div>\n\t\t\t\t<\/div>\n\t\t\t\t<div class=\"elementor-element elementor-element-42825e8 elementor-widget elementor-widget-heading\" data-id=\"42825e8\" data-element_type=\"widget\" data-e-type=\"widget\" data-widget_type=\"heading.default\">\n\t\t\t\t<div class=\"elementor-widget-container\">\n\t\t\t\t\t<h2 class=\"elementor-heading-title elementor-size-default\">Ni\u00f1os Saludables, Familias Saludables <\/h2>\t\t\t\t<\/div>\n\t\t\t\t<\/div>\n\t\t\t\t<section class=\"elementor-section elementor-inner-section elementor-element elementor-element-f69fdd6 elementor-section-boxed elementor-section-height-default elementor-section-height-default\" data-id=\"f69fdd6\" data-element_type=\"section\" data-e-type=\"section\">\n\t\t\t\t\t\t<div class=\"elementor-container elementor-column-gap-default\">\n\t\t\t\t\t<div class=\"elementor-column elementor-col-50 elementor-inner-column elementor-element elementor-element-8cd7aa7\" data-id=\"8cd7aa7\" data-element_type=\"column\" data-e-type=\"column\">\n\t\t\t<div class=\"elementor-widget-wrap elementor-element-populated\">\n\t\t\t\t\t\t<div class=\"elementor-element elementor-element-43e2d47 elementor-widget elementor-widget-image\" data-id=\"43e2d47\" data-element_type=\"widget\" data-e-type=\"widget\" data-widget_type=\"image.default\">\n\t\t\t\t<div class=\"elementor-widget-container\">\n\t\t\t\t\t\t\t\t\t\t\t\t\t\t\t<img loading=\"lazy\" decoding=\"async\" width=\"1024\" height=\"795\" src=\"https:\/\/theconcilio.org\/wp-content\/uploads\/2023\/04\/Programs-All_Community-Health_03-1024x795.jpg\" class=\"attachment-large size-large wp-image-2333\" alt=\"\" srcset=\"https:\/\/theconcilio.org\/wp-content\/uploads\/2023\/04\/Programs-All_Community-Health_03-1024x795.jpg 1024w, https:\/\/theconcilio.org\/wp-content\/uploads\/2023\/04\/Programs-All_Community-Health_03-300x233.jpg 300w, https:\/\/theconcilio.org\/wp-content\/uploads\/2023\/04\/Programs-All_Community-Health_03-768x596.jpg 768w, https:\/\/theconcilio.org\/wp-content\/uploads\/2023\/04\/Programs-All_Community-Health_03.jpg 1118w\" sizes=\"(max-width: 1024px) 100vw, 1024px\" \/>\t\t\t\t\t\t\t\t\t\t\t\t\t\t\t<\/div>\n\t\t\t\t<\/div>\n\t\t\t\t\t<\/div>\n\t\t<\/div>\n\t\t\t\t<div class=\"elementor-column elementor-col-50 elementor-inner-column elementor-element elementor-element-bd730ce\" data-id=\"bd730ce\" data-element_type=\"column\" data-e-type=\"column\">\n\t\t\t<div class=\"elementor-widget-wrap elementor-element-populated\">\n\t\t\t\t\t\t<div class=\"elementor-element elementor-element-dea54c4 elementor-widget elementor-widget-heading\" data-id=\"dea54c4\" data-element_type=\"widget\" data-e-type=\"widget\" data-widget_type=\"heading.default\">\n\t\t\t\t<div class=\"elementor-widget-container\">\n\t\t\t\t\t<p class=\"elementor-heading-title elementor-size-default\">En nuestro programa Ni\u00f1os Saludables, Familias Saludables, ayudamos a las familias vulnerables a la obesidad, presi\u00f3n arterial alta, diabetes y enfermedades card\u00edacas a cambiar de dentro hacia afuera, aprendiendo a nutrir sus cuerpos y mentes de manera saludable. Los participantes tambi\u00e9n reciben asistencia personalizada para inscribirse en programas federales como CHIP\/Medicaid y SNAP. <\/p>\t\t\t\t<\/div>\n\t\t\t\t<\/div>\n\t\t\t\t<div class=\"elementor-element elementor-element-4c333c9 elementor-widget elementor-widget-heading\" data-id=\"4c333c9\" data-element_type=\"widget\" data-e-type=\"widget\" data-widget_type=\"heading.default\">\n\t\t\t\t<div class=\"elementor-widget-container\">\n\t\t\t\t\t<p class=\"elementor-heading-title elementor-size-default\">Nuestro programa de salud de 8 semanas brinda a los participantes acceso a educaci\u00f3n sobre: nutrici\u00f3n, clases de cocina saludable, pruebas de condici\u00f3n f\u00edsica, actividades f\u00edsicas, llamadas semanales del equipo del programa y pl\u00e1ticas grupales sobre los efectos negativos de la obesidad, como la diabetes. Las clases son de una hora y media, virtuales o presenciales; sesiones por la ma\u00f1ana y en la tarde. <\/p>\t\t\t\t<\/div>\n\t\t\t\t<\/div>\n\t\t\t\t\t<\/div>\n\t\t<\/div>\n\t\t\t\t\t<\/div>\n\t\t<\/section>\n\t\t\t\t<section class=\"elementor-section elementor-inner-section elementor-element elementor-element-13b50b1 elementor-section-boxed elementor-section-height-default elementor-section-height-default\" data-id=\"13b50b1\" data-element_type=\"section\" data-e-type=\"section\">\n\t\t\t\t\t\t<div class=\"elementor-container elementor-column-gap-default\">\n\t\t\t\t\t<div class=\"elementor-column elementor-col-33 elementor-inner-column elementor-element elementor-element-a5da02d\" data-id=\"a5da02d\" data-element_type=\"column\" data-e-type=\"column\">\n\t\t\t<div class=\"elementor-widget-wrap elementor-element-populated\">\n\t\t\t\t\t\t<div class=\"elementor-element elementor-element-7e05bd9 elementor-widget elementor-widget-image\" data-id=\"7e05bd9\" data-element_type=\"widget\" data-e-type=\"widget\" data-widget_type=\"image.default\">\n\t\t\t\t<div class=\"elementor-widget-container\">\n\t\t\t\t\t\t\t\t\t\t\t\t\t\t\t<img loading=\"lazy\" decoding=\"async\" width=\"870\" height=\"582\" src=\"https:\/\/theconcilio.org\/wp-content\/uploads\/2023\/04\/Programs-All_Community-Health_10.jpg\" class=\"attachment-large size-large wp-image-2334\" alt=\"\" srcset=\"https:\/\/theconcilio.org\/wp-content\/uploads\/2023\/04\/Programs-All_Community-Health_10.jpg 870w, https:\/\/theconcilio.org\/wp-content\/uploads\/2023\/04\/Programs-All_Community-Health_10-300x201.jpg 300w, https:\/\/theconcilio.org\/wp-content\/uploads\/2023\/04\/Programs-All_Community-Health_10-768x514.jpg 768w\" sizes=\"(max-width: 870px) 100vw, 870px\" \/>\t\t\t\t\t\t\t\t\t\t\t\t\t\t\t<\/div>\n\t\t\t\t<\/div>\n\t\t\t\t\t<\/div>\n\t\t<\/div>\n\t\t\t\t<div class=\"elementor-column elementor-col-33 elementor-inner-column elementor-element elementor-element-5b28850\" data-id=\"5b28850\" data-element_type=\"column\" data-e-type=\"column\" data-settings=\"{&quot;background_background&quot;:&quot;classic&quot;}\">\n\t\t\t<div class=\"elementor-widget-wrap elementor-element-populated\">\n\t\t\t\t\t\t<div class=\"elementor-element elementor-element-2d40861 elementor-widget elementor-widget-heading\" data-id=\"2d40861\" data-element_type=\"widget\" data-e-type=\"widget\" data-widget_type=\"heading.default\">\n\t\t\t\t<div class=\"elementor-widget-container\">\n\t\t\t\t\t<p class=\"elementor-heading-title elementor-size-default\">Una opci\u00f3n para toda la familia. Los estudiantes de 6 a 18 a\u00f1os est\u00e1n invitados a unirse a sesiones grupales, actividades f\u00edsicas y clases de cocina con sus padres. <\/p>\t\t\t\t<\/div>\n\t\t\t\t<\/div>\n\t\t\t\t\t<\/div>\n\t\t<\/div>\n\t\t\t\t<div class=\"elementor-column elementor-col-33 elementor-inner-column elementor-element elementor-element-17dd58c\" data-id=\"17dd58c\" data-element_type=\"column\" data-e-type=\"column\">\n\t\t\t<div class=\"elementor-widget-wrap elementor-element-populated\">\n\t\t\t\t\t\t<div class=\"elementor-element elementor-element-184e824 elementor-widget elementor-widget-image\" data-id=\"184e824\" data-element_type=\"widget\" data-e-type=\"widget\" data-widget_type=\"image.default\">\n\t\t\t\t<div class=\"elementor-widget-container\">\n\t\t\t\t\t\t\t\t\t\t\t\t\t\t\t<img loading=\"lazy\" decoding=\"async\" width=\"881\" height=\"584\" src=\"https:\/\/theconcilio.org\/wp-content\/uploads\/2023\/04\/Programs-All_Community-Health_07.jpg\" class=\"attachment-large size-large wp-image-2335\" alt=\"\" srcset=\"https:\/\/theconcilio.org\/wp-content\/uploads\/2023\/04\/Programs-All_Community-Health_07.jpg 881w, https:\/\/theconcilio.org\/wp-content\/uploads\/2023\/04\/Programs-All_Community-Health_07-300x199.jpg 300w, https:\/\/theconcilio.org\/wp-content\/uploads\/2023\/04\/Programs-All_Community-Health_07-768x509.jpg 768w\" sizes=\"(max-width: 881px) 100vw, 881px\" \/>\t\t\t\t\t\t\t\t\t\t\t\t\t\t\t<\/div>\n\t\t\t\t<\/div>\n\t\t\t\t\t<\/div>\n\t\t<\/div>\n\t\t\t\t\t<\/div>\n\t\t<\/section>\n\t\t\t\t<div class=\"elementor-element elementor-element-3170be7 elementor-widget elementor-widget-heading\" data-id=\"3170be7\" data-element_type=\"widget\" data-e-type=\"widget\" data-widget_type=\"heading.default\">\n\t\t\t\t<div class=\"elementor-widget-container\">\n\t\t\t\t\t<h2 class=\"elementor-heading-title elementor-size-default\">COMPRANDO RICO Y SANO<\/h2>\t\t\t\t<\/div>\n\t\t\t\t<\/div>\n\t\t\t\t<section class=\"elementor-section elementor-inner-section elementor-element elementor-element-8a8ab74 elementor-section-boxed elementor-section-height-default elementor-section-height-default\" data-id=\"8a8ab74\" data-element_type=\"section\" data-e-type=\"section\">\n\t\t\t\t\t\t<div class=\"elementor-container elementor-column-gap-default\">\n\t\t\t\t\t<div class=\"elementor-column elementor-col-50 elementor-inner-column elementor-element elementor-element-75a0c79\" data-id=\"75a0c79\" data-element_type=\"column\" data-e-type=\"column\">\n\t\t\t<div class=\"elementor-widget-wrap elementor-element-populated\">\n\t\t\t\t\t\t<div class=\"elementor-element elementor-element-13a10fd elementor-widget elementor-widget-image\" data-id=\"13a10fd\" data-element_type=\"widget\" data-e-type=\"widget\" data-widget_type=\"image.default\">\n\t\t\t\t<div class=\"elementor-widget-container\">\n\t\t\t\t\t\t\t\t\t\t\t\t\t\t\t<img loading=\"lazy\" decoding=\"async\" width=\"1024\" height=\"798\" src=\"https:\/\/theconcilio.org\/wp-content\/uploads\/2023\/04\/Programs-All_Community-Health_15-1024x798.jpg\" class=\"attachment-large size-large wp-image-2336\" alt=\"\" srcset=\"https:\/\/theconcilio.org\/wp-content\/uploads\/2023\/04\/Programs-All_Community-Health_15-1024x798.jpg 1024w, https:\/\/theconcilio.org\/wp-content\/uploads\/2023\/04\/Programs-All_Community-Health_15-300x234.jpg 300w, https:\/\/theconcilio.org\/wp-content\/uploads\/2023\/04\/Programs-All_Community-Health_15-768x599.jpg 768w, https:\/\/theconcilio.org\/wp-content\/uploads\/2023\/04\/Programs-All_Community-Health_15.jpg 1121w\" sizes=\"(max-width: 1024px) 100vw, 1024px\" \/>\t\t\t\t\t\t\t\t\t\t\t\t\t\t\t<\/div>\n\t\t\t\t<\/div>\n\t\t\t\t\t<\/div>\n\t\t<\/div>\n\t\t\t\t<div class=\"elementor-column elementor-col-50 elementor-inner-column elementor-element elementor-element-f408992\" data-id=\"f408992\" data-element_type=\"column\" data-e-type=\"column\">\n\t\t\t<div class=\"elementor-widget-wrap elementor-element-populated\">\n\t\t\t\t\t\t<div class=\"elementor-element elementor-element-75b86f2 elementor-widget elementor-widget-heading\" data-id=\"75b86f2\" data-element_type=\"widget\" data-e-type=\"widget\" data-widget_type=\"heading.default\">\n\t\t\t\t<div class=\"elementor-widget-container\">\n\t\t\t\t\t<p class=\"elementor-heading-title elementor-size-default\">Comprando Rico Y Sano (traducci\u00f3n al ingl\u00e9s: Buying Healthy and Flavorful Foods) mejora el conocimiento y disciplina de qu\u00e9 alimentos saludables debe comprar a trav\u00e9s de educaci\u00f3n nutricional y le asiste para la inscripci\u00f3n en El Programa Suplementario de Asistencia Nutricional (SNAP).<\/p>\t\t\t\t<\/div>\n\t\t\t\t<\/div>\n\t\t\t\t\t<\/div>\n\t\t<\/div>\n\t\t\t\t\t<\/div>\n\t\t<\/section>\n\t\t\t\t<div class=\"elementor-element elementor-element-5e04134 elementor-widget elementor-widget-heading\" data-id=\"5e04134\" data-element_type=\"widget\" data-e-type=\"widget\" data-widget_type=\"heading.default\">\n\t\t\t\t<div class=\"elementor-widget-container\">\n\t\t\t\t\t<h2 class=\"elementor-heading-title elementor-size-default\">Inscripci\u00f3n a beneficios de salud: SNAP, CHIP, MEDICAID<\/h2>\t\t\t\t<\/div>\n\t\t\t\t<\/div>\n\t\t\t\t<section class=\"elementor-section elementor-inner-section elementor-element elementor-element-4eeb93d elementor-section-boxed elementor-section-height-default elementor-section-height-default\" data-id=\"4eeb93d\" data-element_type=\"section\" data-e-type=\"section\">\n\t\t\t\t\t\t<div class=\"elementor-container elementor-column-gap-default\">\n\t\t\t\t\t<div class=\"elementor-column elementor-col-50 elementor-inner-column elementor-element elementor-element-8966967\" data-id=\"8966967\" data-element_type=\"column\" data-e-type=\"column\">\n\t\t\t<div class=\"elementor-widget-wrap elementor-element-populated\">\n\t\t\t\t\t\t<div class=\"elementor-element elementor-element-e51e284 elementor-widget elementor-widget-image\" data-id=\"e51e284\" data-element_type=\"widget\" data-e-type=\"widget\" data-widget_type=\"image.default\">\n\t\t\t\t<div class=\"elementor-widget-container\">\n\t\t\t\t\t\t\t\t\t\t\t\t\t\t\t<img loading=\"lazy\" decoding=\"async\" width=\"1024\" height=\"799\" src=\"https:\/\/theconcilio.org\/wp-content\/uploads\/2023\/04\/Programs-All_Community-Health_19-1024x799.jpg\" class=\"attachment-large size-large wp-image-2337\" alt=\"\" srcset=\"https:\/\/theconcilio.org\/wp-content\/uploads\/2023\/04\/Programs-All_Community-Health_19-1024x799.jpg 1024w, https:\/\/theconcilio.org\/wp-content\/uploads\/2023\/04\/Programs-All_Community-Health_19-300x234.jpg 300w, https:\/\/theconcilio.org\/wp-content\/uploads\/2023\/04\/Programs-All_Community-Health_19-768x599.jpg 768w, https:\/\/theconcilio.org\/wp-content\/uploads\/2023\/04\/Programs-All_Community-Health_19.jpg 1119w\" sizes=\"(max-width: 1024px) 100vw, 1024px\" \/>\t\t\t\t\t\t\t\t\t\t\t\t\t\t\t<\/div>\n\t\t\t\t<\/div>\n\t\t\t\t\t<\/div>\n\t\t<\/div>\n\t\t\t\t<div class=\"elementor-column elementor-col-50 elementor-inner-column elementor-element elementor-element-de72ef6\" data-id=\"de72ef6\" data-element_type=\"column\" data-e-type=\"column\">\n\t\t\t<div class=\"elementor-widget-wrap elementor-element-populated\">\n\t\t\t\t\t\t<div class=\"elementor-element elementor-element-2a8b062 elementor-widget elementor-widget-heading\" data-id=\"2a8b062\" data-element_type=\"widget\" data-e-type=\"widget\" data-widget_type=\"heading.default\">\n\t\t\t\t<div class=\"elementor-widget-container\">\n\t\t\t\t\t<p class=\"elementor-heading-title elementor-size-default\">Hemos visto en desequilibrio el acceso a la atenci\u00f3n m\u00e9dica para los miembros de la comunidad latina durante la pandemia de COVID-19. Nuestros navegadores biling\u00fces ayudan a las familias con la inscripci\u00f3n de beneficios para SNAP, CHIP y MEDICAID. <\/p>\t\t\t\t<\/div>\n\t\t\t\t<\/div>\n\t\t\t\t\t<\/div>\n\t\t<\/div>\n\t\t\t\t\t<\/div>\n\t\t<\/section>\n\t\t\t\t<div class=\"elementor-element elementor-element-9653474 elementor-widget elementor-widget-heading\" data-id=\"9653474\" data-element_type=\"widget\" data-e-type=\"widget\" data-widget_type=\"heading.default\">\n\t\t\t\t<div class=\"elementor-widget-container\">\n\t\t\t\t\t<h2 class=\"elementor-heading-title elementor-size-default\">Vacunas <\/h2>\t\t\t\t<\/div>\n\t\t\t\t<\/div>\n\t\t\t\t<section class=\"elementor-section elementor-inner-section elementor-element elementor-element-eac3a93 elementor-section-boxed elementor-section-height-default elementor-section-height-default\" data-id=\"eac3a93\" data-element_type=\"section\" data-e-type=\"section\">\n\t\t\t\t\t\t<div class=\"elementor-container elementor-column-gap-default\">\n\t\t\t\t\t<div class=\"elementor-column elementor-col-50 elementor-inner-column elementor-element elementor-element-7dd7bf7\" data-id=\"7dd7bf7\" data-element_type=\"column\" data-e-type=\"column\">\n\t\t\t<div class=\"elementor-widget-wrap elementor-element-populated\">\n\t\t\t\t\t\t<div class=\"elementor-element elementor-element-96c19e0 elementor-widget elementor-widget-image\" data-id=\"96c19e0\" data-element_type=\"widget\" data-e-type=\"widget\" data-widget_type=\"image.default\">\n\t\t\t\t<div class=\"elementor-widget-container\">\n\t\t\t\t\t\t\t\t\t\t\t\t\t\t\t<img loading=\"lazy\" decoding=\"async\" width=\"1024\" height=\"797\" src=\"https:\/\/theconcilio.org\/wp-content\/uploads\/2023\/04\/Programs-All_Community-Health_22-1024x797.jpg\" class=\"attachment-large size-large wp-image-2338\" alt=\"\" srcset=\"https:\/\/theconcilio.org\/wp-content\/uploads\/2023\/04\/Programs-All_Community-Health_22-1024x797.jpg 1024w, https:\/\/theconcilio.org\/wp-content\/uploads\/2023\/04\/Programs-All_Community-Health_22-300x234.jpg 300w, https:\/\/theconcilio.org\/wp-content\/uploads\/2023\/04\/Programs-All_Community-Health_22-768x598.jpg 768w, https:\/\/theconcilio.org\/wp-content\/uploads\/2023\/04\/Programs-All_Community-Health_22.jpg 1121w\" sizes=\"(max-width: 1024px) 100vw, 1024px\" \/>\t\t\t\t\t\t\t\t\t\t\t\t\t\t\t<\/div>\n\t\t\t\t<\/div>\n\t\t\t\t\t<\/div>\n\t\t<\/div>\n\t\t\t\t<div class=\"elementor-column elementor-col-50 elementor-inner-column elementor-element elementor-element-48afad4\" data-id=\"48afad4\" data-element_type=\"column\" data-e-type=\"column\">\n\t\t\t<div class=\"elementor-widget-wrap elementor-element-populated\">\n\t\t\t\t\t\t<div class=\"elementor-element elementor-element-24000bf elementor-widget elementor-widget-heading\" data-id=\"24000bf\" data-element_type=\"widget\" data-e-type=\"widget\" data-widget_type=\"heading.default\">\n\t\t\t\t<div class=\"elementor-widget-container\">\n\t\t\t\t\t<p class=\"elementor-heading-title elementor-size-default\">Las personas en \u00e1reas de bajos recursos y con dificultades de acceso merecen acceso a la vacuna COVID-19. Es por eso que ubicamos cl\u00ednicas de vacunas en estas \u00e1reas. Tambi\u00e9n educamos a las cl\u00ednicas locales para mejorar las tasas de vacunaci\u00f3n y proteger a las familias. Las enfermeras biling\u00fces est\u00e1n siempre disponibles para ayudar a los pacientes.    <\/p>\t\t\t\t<\/div>\n\t\t\t\t<\/div>\n\t\t\t\t<div class=\"elementor-element elementor-element-8f91383 elementor-widget elementor-widget-heading\" data-id=\"8f91383\" data-element_type=\"widget\" data-e-type=\"widget\" data-widget_type=\"heading.default\">\n\t\t\t\t<div class=\"elementor-widget-container\">\n\t\t\t\t\t<p class=\"elementor-heading-title elementor-size-default\">Brindamos asistencia a trav\u00e9s de educaci\u00f3n y recursos para grupos hist\u00f3ricamente marginados, como inmigrantes nuevos, inmigrantes mayores y la comunidad afroestadounidense. Nuestro objetivo es derribar las barreras ling\u00fc\u00edsticas y culturales para generar confianza.  <\/p>\t\t\t\t<\/div>\n\t\t\t\t<\/div>\n\t\t\t\t\t<\/div>\n\t\t<\/div>\n\t\t\t\t\t<\/div>\n\t\t<\/section>\n\t\t\t\t<div class=\"elementor-element elementor-element-60a904f elementor-widget elementor-widget-heading\" data-id=\"60a904f\" data-element_type=\"widget\" data-e-type=\"widget\" data-widget_type=\"heading.default\">\n\t\t\t\t<div class=\"elementor-widget-container\">\n\t\t\t\t\t<h2 class=\"elementor-heading-title elementor-size-default\">Cl\u00ednicas de salud emergentes <\/h2>\t\t\t\t<\/div>\n\t\t\t\t<\/div>\n\t\t\t\t<section class=\"elementor-section elementor-inner-section elementor-element elementor-element-ff3f7e5 elementor-section-boxed elementor-section-height-default elementor-section-height-default\" data-id=\"ff3f7e5\" data-element_type=\"section\" data-e-type=\"section\">\n\t\t\t\t\t\t<div class=\"elementor-container elementor-column-gap-default\">\n\t\t\t\t\t<div class=\"elementor-column elementor-col-50 elementor-inner-column elementor-element elementor-element-832625d\" data-id=\"832625d\" data-element_type=\"column\" data-e-type=\"column\">\n\t\t\t<div class=\"elementor-widget-wrap elementor-element-populated\">\n\t\t\t\t\t\t<div class=\"elementor-element elementor-element-b936818 elementor-widget elementor-widget-image\" data-id=\"b936818\" data-element_type=\"widget\" data-e-type=\"widget\" data-widget_type=\"image.default\">\n\t\t\t\t<div class=\"elementor-widget-container\">\n\t\t\t\t\t\t\t\t\t\t\t\t\t\t\t<img loading=\"lazy\" decoding=\"async\" width=\"1024\" height=\"798\" src=\"https:\/\/theconcilio.org\/wp-content\/uploads\/2023\/04\/Programs-All_Community-Health_24-1024x798.jpg\" class=\"attachment-large size-large wp-image-2339\" alt=\"\" srcset=\"https:\/\/theconcilio.org\/wp-content\/uploads\/2023\/04\/Programs-All_Community-Health_24-1024x798.jpg 1024w, https:\/\/theconcilio.org\/wp-content\/uploads\/2023\/04\/Programs-All_Community-Health_24-300x234.jpg 300w, https:\/\/theconcilio.org\/wp-content\/uploads\/2023\/04\/Programs-All_Community-Health_24-768x599.jpg 768w, https:\/\/theconcilio.org\/wp-content\/uploads\/2023\/04\/Programs-All_Community-Health_24.jpg 1121w\" sizes=\"(max-width: 1024px) 100vw, 1024px\" \/>\t\t\t\t\t\t\t\t\t\t\t\t\t\t\t<\/div>\n\t\t\t\t<\/div>\n\t\t\t\t\t<\/div>\n\t\t<\/div>\n\t\t\t\t<div class=\"elementor-column elementor-col-50 elementor-inner-column elementor-element elementor-element-b634fb1\" data-id=\"b634fb1\" data-element_type=\"column\" data-e-type=\"column\">\n\t\t\t<div class=\"elementor-widget-wrap elementor-element-populated\">\n\t\t\t\t\t\t<div class=\"elementor-element elementor-element-2243b68 elementor-widget elementor-widget-heading\" data-id=\"2243b68\" data-element_type=\"widget\" data-e-type=\"widget\" data-widget_type=\"heading.default\">\n\t\t\t\t<div class=\"elementor-widget-container\">\n\t\t\t\t\t<p class=\"elementor-heading-title elementor-size-default\">Sabemos que existen varios factores que impiden que nuestras comunidades latinas se vacunen: falta de informaci\u00f3n, educaci\u00f3n y conciencia; acceso limitado a cl\u00ednicas, barreras por el idioma, horarios de trabajo y cobertura de atenci\u00f3n de salud limitada o nula. Vimos una oportunidad de facilitar el acceso a la atenci\u00f3n m\u00e9dica al trabajar con iglesias y otras organizaciones comunitarias para proporcionar cl\u00ednicas de salud emergentes y proporcionar informaci\u00f3n, pruebas y vacunas.  <\/p>\t\t\t\t<\/div>\n\t\t\t\t<\/div>\n\t\t\t\t\t<\/div>\n\t\t<\/div>\n\t\t\t\t\t<\/div>\n\t\t<\/section>\n\t\t\t\t\t<\/div>\n\t\t<\/div>\n\t\t\t\t\t<\/div>\n\t\t<\/section>\n\t\t\t\t<section class=\"elementor-section elementor-top-section elementor-element elementor-element-42cd4e8 elementor-section-boxed elementor-section-height-default elementor-section-height-default\" data-id=\"42cd4e8\" data-element_type=\"section\" data-e-type=\"section\">\n\t\t\t\t\t\t<div class=\"elementor-container elementor-column-gap-default\">\n\t\t\t\t\t<div class=\"elementor-column elementor-col-100 elementor-top-column elementor-element elementor-element-230da93 program-tab-content\" data-id=\"230da93\" data-element_type=\"column\" data-e-type=\"column\" id=\"financial-stable\">\n\t\t\t<div class=\"elementor-widget-wrap elementor-element-populated\">\n\t\t\t\t\t\t<div class=\"elementor-element elementor-element-3f446eb elementor-widget elementor-widget-heading\" data-id=\"3f446eb\" data-element_type=\"widget\" data-e-type=\"widget\" data-widget_type=\"heading.default\">\n\t\t\t\t<div class=\"elementor-widget-container\">\n\t\t\t\t\t<h2 class=\"elementor-heading-title elementor-size-default\">Estabilidad financiera &amp; empoderamiento<\/h2>\t\t\t\t<\/div>\n\t\t\t\t<\/div>\n\t\t\t\t<div class=\"elementor-element elementor-element-9414d91 elementor-widget elementor-widget-heading\" data-id=\"9414d91\" data-element_type=\"widget\" data-e-type=\"widget\" data-widget_type=\"heading.default\">\n\t\t\t\t<div class=\"elementor-widget-container\">\n\t\t\t\t\t<h2 class=\"elementor-heading-title elementor-size-default\">La educaci\u00f3n financiera es la clave para el \u00e9xito. Al ense\u00f1arles a las familias latinas habilidades como comprender el sistema de cr\u00e9dito para crear un presupuesto, brindamos las herramientas que necesitan para que dise\u00f1en un futuro brillante y hermoso. La libertad financiera y el sue\u00f1o americano est\u00e1n al alcance de sus manos. <\/h2>\t\t\t\t<\/div>\n\t\t\t\t<\/div>\n\t\t\t\t<div class=\"elementor-element elementor-element-4f7a00f elementor-widget elementor-widget-heading\" data-id=\"4f7a00f\" data-element_type=\"widget\" data-e-type=\"widget\" data-widget_type=\"heading.default\">\n\t\t\t\t<div class=\"elementor-widget-container\">\n\t\t\t\t\t<h2 class=\"elementor-heading-title elementor-size-default\">Talleres Financieros <\/h2>\t\t\t\t<\/div>\n\t\t\t\t<\/div>\n\t\t\t\t<section class=\"elementor-section elementor-inner-section elementor-element elementor-element-9529df7 elementor-section-boxed elementor-section-height-default elementor-section-height-default\" data-id=\"9529df7\" data-element_type=\"section\" data-e-type=\"section\">\n\t\t\t\t\t\t<div class=\"elementor-container elementor-column-gap-default\">\n\t\t\t\t\t<div class=\"elementor-column elementor-col-50 elementor-inner-column elementor-element elementor-element-4d50812\" data-id=\"4d50812\" data-element_type=\"column\" data-e-type=\"column\">\n\t\t\t<div class=\"elementor-widget-wrap elementor-element-populated\">\n\t\t\t\t\t\t<div class=\"elementor-element elementor-element-31a1f9d elementor-widget elementor-widget-image\" data-id=\"31a1f9d\" data-element_type=\"widget\" data-e-type=\"widget\" data-widget_type=\"image.default\">\n\t\t\t\t<div class=\"elementor-widget-container\">\n\t\t\t\t\t\t\t\t\t\t\t\t\t\t\t<img loading=\"lazy\" decoding=\"async\" width=\"1024\" height=\"760\" src=\"https:\/\/theconcilio.org\/wp-content\/uploads\/2023\/04\/Programs-All_Financial-Stability-Empowerment-1024x760.jpg\" class=\"attachment-large size-large wp-image-2340\" alt=\"\" srcset=\"https:\/\/theconcilio.org\/wp-content\/uploads\/2023\/04\/Programs-All_Financial-Stability-Empowerment-1024x760.jpg 1024w, https:\/\/theconcilio.org\/wp-content\/uploads\/2023\/04\/Programs-All_Financial-Stability-Empowerment-300x223.jpg 300w, https:\/\/theconcilio.org\/wp-content\/uploads\/2023\/04\/Programs-All_Financial-Stability-Empowerment-768x570.jpg 768w, https:\/\/theconcilio.org\/wp-content\/uploads\/2023\/04\/Programs-All_Financial-Stability-Empowerment.jpg 1121w\" sizes=\"(max-width: 1024px) 100vw, 1024px\" \/>\t\t\t\t\t\t\t\t\t\t\t\t\t\t\t<\/div>\n\t\t\t\t<\/div>\n\t\t\t\t\t<\/div>\n\t\t<\/div>\n\t\t\t\t<div class=\"elementor-column elementor-col-50 elementor-inner-column elementor-element elementor-element-8f9c23e\" data-id=\"8f9c23e\" data-element_type=\"column\" data-e-type=\"column\">\n\t\t\t<div class=\"elementor-widget-wrap elementor-element-populated\">\n\t\t\t\t\t\t<div class=\"elementor-element elementor-element-b40254a elementor-widget elementor-widget-heading\" data-id=\"b40254a\" data-element_type=\"widget\" data-e-type=\"widget\" data-widget_type=\"heading.default\">\n\t\t\t\t<div class=\"elementor-widget-container\">\n\t\t\t\t\t<p class=\"elementor-heading-title elementor-size-default\">La educaci\u00f3n financiera es la clave para el \u00e9xito. Es por eso que nos hemos asociado con UnidosUS para brindar educaci\u00f3n a las familias. Nuestros talleres ense\u00f1an estrategias importantes como la creaci\u00f3n de un fondo para la universidad, la compra de una casa, el establecimiento de cr\u00e9dito, el manejo de deudas y el presupuesto familiar.   <\/p>\t\t\t\t<\/div>\n\t\t\t\t<\/div>\n\t\t\t\t<div class=\"elementor-element elementor-element-144d184 elementor-widget elementor-widget-button\" data-id=\"144d184\" data-element_type=\"widget\" data-e-type=\"widget\" data-widget_type=\"button.default\">\n\t\t\t\t<div class=\"elementor-widget-container\">\n\t\t\t\t\t\t\t\t\t<div class=\"elementor-button-wrapper\">\n\t\t\t\t\t<a class=\"elementor-button elementor-button-link elementor-size-sm\" href=\"#elementor-action%3Aaction%3Dpopup%3Aopen%26settings%3DeyJpZCI6MzU1NywidG9nZ2xlIjpmYWxzZX0%3D\">\n\t\t\t\t\t\t<span class=\"elementor-button-content-wrapper\">\n\t\t\t\t\t\t\t\t\t<span class=\"elementor-button-text\">INSCR\u00cdBETE<\/span>\n\t\t\t\t\t<\/span>\n\t\t\t\t\t<\/a>\n\t\t\t\t<\/div>\n\t\t\t\t\t\t\t\t<\/div>\n\t\t\t\t<\/div>\n\t\t\t\t\t<\/div>\n\t\t<\/div>\n\t\t\t\t\t<\/div>\n\t\t<\/section>\n\t\t\t\t<section class=\"elementor-section elementor-inner-section elementor-element elementor-element-fbcb780 elementor-section-boxed elementor-section-height-default elementor-section-height-default\" data-id=\"fbcb780\" data-element_type=\"section\" data-e-type=\"section\" data-settings=\"{&quot;background_background&quot;:&quot;classic&quot;}\">\n\t\t\t\t\t\t<div class=\"elementor-container elementor-column-gap-default\">\n\t\t\t\t\t<div class=\"elementor-column elementor-col-100 elementor-inner-column elementor-element elementor-element-986d083\" data-id=\"986d083\" data-element_type=\"column\" data-e-type=\"column\">\n\t\t\t<div class=\"elementor-widget-wrap elementor-element-populated\">\n\t\t\t\t\t\t<div class=\"elementor-element elementor-element-afc3956 elementor-widget elementor-widget-heading\" data-id=\"afc3956\" data-element_type=\"widget\" data-e-type=\"widget\" data-widget_type=\"heading.default\">\n\t\t\t\t<div class=\"elementor-widget-container\">\n\t\t\t\t\t<p class=\"elementor-heading-title elementor-size-default\">Los latinos pueden ser ahora el mayor grupo demogr\u00e1fico de Texas. Se calcula que representan el 40,2% de la poblaci\u00f3n de Texas, y los tejanos blancos no latinos el 39,4%. Estos primeros datos de las estimaciones de poblaci\u00f3n para 2021 de la Oficina del Censo de EE.UU. \"son los primeros en re\ufb02ectar la previsible culminaci\u00f3n de d\u00e9cadas de cambios demogr\u00e1ficos que transforman constantemente el estado\", proclam\u00f3 el Texas Tribune.<\/p>\t\t\t\t<\/div>\n\t\t\t\t<\/div>\n\t\t\t\t<div class=\"elementor-element elementor-element-297ca54 elementor-widget elementor-widget-button\" data-id=\"297ca54\" data-element_type=\"widget\" data-e-type=\"widget\" data-widget_type=\"button.default\">\n\t\t\t\t<div class=\"elementor-widget-container\">\n\t\t\t\t\t\t\t\t\t<div class=\"elementor-button-wrapper\">\n\t\t\t\t\t<a class=\"elementor-button elementor-button-link elementor-size-sm\" href=\"#\">\n\t\t\t\t\t\t<span class=\"elementor-button-content-wrapper\">\n\t\t\t\t\t\t\t\t\t<span class=\"elementor-button-text\">M\u00c1S INFORMACI\u00d3N EN EL INFORME SOBRE EL ESTADO DE LA UNI\u00d3N LATINA 2022<\/span>\n\t\t\t\t\t<\/span>\n\t\t\t\t\t<\/a>\n\t\t\t\t<\/div>\n\t\t\t\t\t\t\t\t<\/div>\n\t\t\t\t<\/div>\n\t\t\t\t\t<\/div>\n\t\t<\/div>\n\t\t\t\t\t<\/div>\n\t\t<\/section>\n\t\t\t\t\t<\/div>\n\t\t<\/div>\n\t\t\t\t\t<\/div>\n\t\t<\/section>\n\t\t\t\t<\/div>\n\t\t","protected":false},"excerpt":{"rendered":"<p>PROGRAMAS Al ofrecer una variedad de programas culturalmente sensibles, El Concilio tiene como objetivo ayudar a la comunidad del Norte de Texas a tener \u00e9xito y prosperar en su vida diaria. EDUCACI\u00d3N INSTITUTO LATINO de ESTRATEGIA COMUNIDAD SALUD PROGRESO EDUCATIVO Nuestros programas, basados en evidencia, son culturalmente sensibles y est\u00e1n dirigidos por facilitadores de confianza, [&hellip;]<\/p>\n","protected":false},"author":2,"featured_media":0,"parent":0,"menu_order":0,"comment_status":"closed","ping_status":"closed","template":"elementor_header_footer","meta":{"_acf_changed":false,"footnotes":""},"class_list":["post-5120","page","type-page","status-publish","hentry"],"acf":[],"yoast_head":"<!-- This site is optimized with the Yoast SEO plugin v27.5 - https:\/\/yoast.com\/product\/yoast-seo-wordpress\/ -->\n<title>Programas -<\/title>\n<meta name=\"robots\" content=\"index, follow, max-snippet:-1, max-image-preview:large, max-video-preview:-1\" \/>\n<link rel=\"canonical\" href=\"https:\/\/theconcilio.org\/programs-2\/\" \/>\n<meta property=\"og:locale\" content=\"es_ES\" \/>\n<meta property=\"og:type\" content=\"article\" \/>\n<meta property=\"og:title\" content=\"Programas -\" \/>\n<meta property=\"og:description\" content=\"PROGRAMAS Al ofrecer una variedad de programas culturalmente sensibles, El Concilio tiene como objetivo ayudar a la comunidad del Norte de Texas a tener \u00e9xito y prosperar en su vida diaria. EDUCACI\u00d3N INSTITUTO LATINO de ESTRATEGIA COMUNIDAD SALUD PROGRESO EDUCATIVO Nuestros programas, basados en evidencia, son culturalmente sensibles y est\u00e1n dirigidos por facilitadores de confianza, [&hellip;]\" \/>\n<meta property=\"og:url\" content=\"https:\/\/theconcilio.org\/programs-2\/\" \/>\n<meta property=\"article:publisher\" content=\"https:\/\/www.facebook.com\/theconcilio\" \/>\n<meta property=\"article:modified_time\" content=\"2025-01-08T22:06:11+00:00\" \/>\n<meta property=\"og:image\" content=\"https:\/\/theconcilio.org\/wp-content\/uploads\/2023\/04\/parent-engage-icon.png\" \/>\n<meta name=\"twitter:card\" content=\"summary_large_image\" \/>\n<meta name=\"twitter:label1\" content=\"Tiempo de lectura\" \/>\n\t<meta name=\"twitter:data1\" content=\"15 minutos\" \/>\n<script type=\"application\/ld+json\" class=\"yoast-schema-graph\">{\"@context\":\"https:\\\/\\\/schema.org\",\"@graph\":[{\"@type\":\"WebPage\",\"@id\":\"https:\\\/\\\/theconcilio.org\\\/programs-2\\\/\",\"url\":\"https:\\\/\\\/theconcilio.org\\\/programs-2\\\/\",\"name\":\"Programas -\",\"isPartOf\":{\"@id\":\"https:\\\/\\\/theconcilio.org\\\/#website\"},\"primaryImageOfPage\":{\"@id\":\"https:\\\/\\\/theconcilio.org\\\/programs-2\\\/#primaryimage\"},\"image\":{\"@id\":\"https:\\\/\\\/theconcilio.org\\\/programs-2\\\/#primaryimage\"},\"thumbnailUrl\":\"https:\\\/\\\/theconcilio.org\\\/wp-content\\\/uploads\\\/2023\\\/04\\\/parent-engage-icon.png\",\"datePublished\":\"2023-04-12T15:20:42+00:00\",\"dateModified\":\"2025-01-08T22:06:11+00:00\",\"breadcrumb\":{\"@id\":\"https:\\\/\\\/theconcilio.org\\\/programs-2\\\/#breadcrumb\"},\"inLanguage\":\"es\",\"potentialAction\":[{\"@type\":\"ReadAction\",\"target\":[\"https:\\\/\\\/theconcilio.org\\\/programs-2\\\/\"]}]},{\"@type\":\"ImageObject\",\"inLanguage\":\"es\",\"@id\":\"https:\\\/\\\/theconcilio.org\\\/programs-2\\\/#primaryimage\",\"url\":\"https:\\\/\\\/theconcilio.org\\\/wp-content\\\/uploads\\\/2023\\\/04\\\/parent-engage-icon.png\",\"contentUrl\":\"https:\\\/\\\/theconcilio.org\\\/wp-content\\\/uploads\\\/2023\\\/04\\\/parent-engage-icon.png\"},{\"@type\":\"BreadcrumbList\",\"@id\":\"https:\\\/\\\/theconcilio.org\\\/programs-2\\\/#breadcrumb\",\"itemListElement\":[{\"@type\":\"ListItem\",\"position\":1,\"name\":\"Home\",\"item\":\"https:\\\/\\\/theconcilio.org\\\/es\\\/\"},{\"@type\":\"ListItem\",\"position\":2,\"name\":\"Programas\"}]},{\"@type\":\"WebSite\",\"@id\":\"https:\\\/\\\/theconcilio.org\\\/#website\",\"url\":\"https:\\\/\\\/theconcilio.org\\\/\",\"name\":\"The Concilio\",\"description\":\"\",\"publisher\":{\"@id\":\"https:\\\/\\\/theconcilio.org\\\/#organization\"},\"potentialAction\":[{\"@type\":\"SearchAction\",\"target\":{\"@type\":\"EntryPoint\",\"urlTemplate\":\"https:\\\/\\\/theconcilio.org\\\/?s={search_term_string}\"},\"query-input\":{\"@type\":\"PropertyValueSpecification\",\"valueRequired\":true,\"valueName\":\"search_term_string\"}}],\"inLanguage\":\"es\"},{\"@type\":\"Organization\",\"@id\":\"https:\\\/\\\/theconcilio.org\\\/#organization\",\"name\":\"The Concilio\",\"url\":\"https:\\\/\\\/theconcilio.org\\\/\",\"logo\":{\"@type\":\"ImageObject\",\"inLanguage\":\"es\",\"@id\":\"https:\\\/\\\/theconcilio.org\\\/#\\\/schema\\\/logo\\\/image\\\/\",\"url\":\"https:\\\/\\\/theconcilio.org\\\/wp-content\\\/uploads\\\/2023\\\/05\\\/Stacked_Logo_RGB_transparent_bkgd.jpeg\",\"contentUrl\":\"https:\\\/\\\/theconcilio.org\\\/wp-content\\\/uploads\\\/2023\\\/05\\\/Stacked_Logo_RGB_transparent_bkgd.jpeg\",\"width\":500,\"height\":312,\"caption\":\"The Concilio\"},\"image\":{\"@id\":\"https:\\\/\\\/theconcilio.org\\\/#\\\/schema\\\/logo\\\/image\\\/\"},\"sameAs\":[\"https:\\\/\\\/www.facebook.com\\\/theconcilio\",\"https:\\\/\\\/www.instagram.com\\\/theconcilio\",\"https:\\\/\\\/www.linkedin.com\\\/company\\\/the-concilio\\\/\"]}]}<\/script>\n<!-- \/ Yoast SEO plugin. -->","yoast_head_json":{"title":"Programas -","robots":{"index":"index","follow":"follow","max-snippet":"max-snippet:-1","max-image-preview":"max-image-preview:large","max-video-preview":"max-video-preview:-1"},"canonical":"https:\/\/theconcilio.org\/programs-2\/","og_locale":"es_ES","og_type":"article","og_title":"Programas -","og_description":"PROGRAMAS Al ofrecer una variedad de programas culturalmente sensibles, El Concilio tiene como objetivo ayudar a la comunidad del Norte de Texas a tener \u00e9xito y prosperar en su vida diaria. EDUCACI\u00d3N INSTITUTO LATINO de ESTRATEGIA COMUNIDAD SALUD PROGRESO EDUCATIVO Nuestros programas, basados en evidencia, son culturalmente sensibles y est\u00e1n dirigidos por facilitadores de confianza, [&hellip;]","og_url":"https:\/\/theconcilio.org\/programs-2\/","article_publisher":"https:\/\/www.facebook.com\/theconcilio","article_modified_time":"2025-01-08T22:06:11+00:00","og_image":[{"url":"https:\/\/theconcilio.org\/wp-content\/uploads\/2023\/04\/parent-engage-icon.png","type":"","width":"","height":""}],"twitter_card":"summary_large_image","twitter_misc":{"Tiempo de lectura":"15 minutos"},"schema":{"@context":"https:\/\/schema.org","@graph":[{"@type":"WebPage","@id":"https:\/\/theconcilio.org\/programs-2\/","url":"https:\/\/theconcilio.org\/programs-2\/","name":"Programas -","isPartOf":{"@id":"https:\/\/theconcilio.org\/#website"},"primaryImageOfPage":{"@id":"https:\/\/theconcilio.org\/programs-2\/#primaryimage"},"image":{"@id":"https:\/\/theconcilio.org\/programs-2\/#primaryimage"},"thumbnailUrl":"https:\/\/theconcilio.org\/wp-content\/uploads\/2023\/04\/parent-engage-icon.png","datePublished":"2023-04-12T15:20:42+00:00","dateModified":"2025-01-08T22:06:11+00:00","breadcrumb":{"@id":"https:\/\/theconcilio.org\/programs-2\/#breadcrumb"},"inLanguage":"es","potentialAction":[{"@type":"ReadAction","target":["https:\/\/theconcilio.org\/programs-2\/"]}]},{"@type":"ImageObject","inLanguage":"es","@id":"https:\/\/theconcilio.org\/programs-2\/#primaryimage","url":"https:\/\/theconcilio.org\/wp-content\/uploads\/2023\/04\/parent-engage-icon.png","contentUrl":"https:\/\/theconcilio.org\/wp-content\/uploads\/2023\/04\/parent-engage-icon.png"},{"@type":"BreadcrumbList","@id":"https:\/\/theconcilio.org\/programs-2\/#breadcrumb","itemListElement":[{"@type":"ListItem","position":1,"name":"Home","item":"https:\/\/theconcilio.org\/es\/"},{"@type":"ListItem","position":2,"name":"Programas"}]},{"@type":"WebSite","@id":"https:\/\/theconcilio.org\/#website","url":"https:\/\/theconcilio.org\/","name":"The Concilio","description":"","publisher":{"@id":"https:\/\/theconcilio.org\/#organization"},"potentialAction":[{"@type":"SearchAction","target":{"@type":"EntryPoint","urlTemplate":"https:\/\/theconcilio.org\/?s={search_term_string}"},"query-input":{"@type":"PropertyValueSpecification","valueRequired":true,"valueName":"search_term_string"}}],"inLanguage":"es"},{"@type":"Organization","@id":"https:\/\/theconcilio.org\/#organization","name":"The Concilio","url":"https:\/\/theconcilio.org\/","logo":{"@type":"ImageObject","inLanguage":"es","@id":"https:\/\/theconcilio.org\/#\/schema\/logo\/image\/","url":"https:\/\/theconcilio.org\/wp-content\/uploads\/2023\/05\/Stacked_Logo_RGB_transparent_bkgd.jpeg","contentUrl":"https:\/\/theconcilio.org\/wp-content\/uploads\/2023\/05\/Stacked_Logo_RGB_transparent_bkgd.jpeg","width":500,"height":312,"caption":"The Concilio"},"image":{"@id":"https:\/\/theconcilio.org\/#\/schema\/logo\/image\/"},"sameAs":["https:\/\/www.facebook.com\/theconcilio","https:\/\/www.instagram.com\/theconcilio","https:\/\/www.linkedin.com\/company\/the-concilio\/"]}]}},"_links":{"self":[{"href":"https:\/\/theconcilio.org\/es\/wp-json\/wp\/v2\/pages\/5120","targetHints":{"allow":["GET"]}}],"collection":[{"href":"https:\/\/theconcilio.org\/es\/wp-json\/wp\/v2\/pages"}],"about":[{"href":"https:\/\/theconcilio.org\/es\/wp-json\/wp\/v2\/types\/page"}],"author":[{"embeddable":true,"href":"https:\/\/theconcilio.org\/es\/wp-json\/wp\/v2\/users\/2"}],"replies":[{"embeddable":true,"href":"https:\/\/theconcilio.org\/es\/wp-json\/wp\/v2\/comments?post=5120"}],"version-history":[{"count":16,"href":"https:\/\/theconcilio.org\/es\/wp-json\/wp\/v2\/pages\/5120\/revisions"}],"predecessor-version":[{"id":6837,"href":"https:\/\/theconcilio.org\/es\/wp-json\/wp\/v2\/pages\/5120\/revisions\/6837"}],"wp:attachment":[{"href":"https:\/\/theconcilio.org\/es\/wp-json\/wp\/v2\/media?parent=5120"}],"curies":[{"name":"wp","href":"https:\/\/api.w.org\/{rel}","templated":true}]}}