{"id":5895,"date":"2024-07-26T20:22:39","date_gmt":"2024-07-26T20:22:39","guid":{"rendered":"https:\/\/theconcilio.org\/circulo-de-campeones-copia\/"},"modified":"2025-09-03T21:58:03","modified_gmt":"2025-09-03T21:58:03","slug":"circulo-de-campeones-copia","status":"publish","type":"page","link":"https:\/\/theconcilio.org\/es\/circulo-de-campeones-copia\/","title":{"rendered":"D\u00eda de Acci\u00f3n Solidaria del Norte de Texas"},"content":{"rendered":"\t\t<div data-elementor-type=\"wp-page\" data-elementor-id=\"5895\" class=\"elementor elementor-5895 elementor-5870\" data-elementor-post-type=\"page\">\n\t\t\t\t\t\t<section class=\"elementor-section elementor-top-section elementor-element elementor-element-973f9ea elementor-section-boxed elementor-section-height-default elementor-section-height-default\" data-id=\"973f9ea\" data-element_type=\"section\" data-e-type=\"section\">\n\t\t\t\t\t\t<div class=\"elementor-container elementor-column-gap-default\">\n\t\t\t\t\t<div class=\"elementor-column elementor-col-100 elementor-top-column elementor-element elementor-element-585cce1\" data-id=\"585cce1\" data-element_type=\"column\" data-e-type=\"column\">\n\t\t\t<div class=\"elementor-widget-wrap elementor-element-populated\">\n\t\t\t\t\t\t<div class=\"elementor-element elementor-element-17d0cda elementor-widget elementor-widget-image\" data-id=\"17d0cda\" data-element_type=\"widget\" data-e-type=\"widget\" data-widget_type=\"image.default\">\n\t\t\t\t<div class=\"elementor-widget-container\">\n\t\t\t\t\t\t\t\t\t\t\t\t\t\t\t<img fetchpriority=\"high\" decoding=\"async\" width=\"1768\" height=\"586\" src=\"https:\/\/theconcilio.org\/wp-content\/uploads\/2025\/08\/2-1.png\" class=\"attachment-full size-full wp-image-8129\" alt=\"\" srcset=\"https:\/\/theconcilio.org\/wp-content\/uploads\/2025\/08\/2-1.png 1768w, https:\/\/theconcilio.org\/wp-content\/uploads\/2025\/08\/2-1-300x99.png 300w, https:\/\/theconcilio.org\/wp-content\/uploads\/2025\/08\/2-1-1024x339.png 1024w, https:\/\/theconcilio.org\/wp-content\/uploads\/2025\/08\/2-1-768x255.png 768w, https:\/\/theconcilio.org\/wp-content\/uploads\/2025\/08\/2-1-1536x509.png 1536w, https:\/\/theconcilio.org\/wp-content\/uploads\/2025\/08\/2-1-600x199.png 600w\" sizes=\"(max-width: 1768px) 100vw, 1768px\" \/>\t\t\t\t\t\t\t\t\t\t\t\t\t\t\t<\/div>\n\t\t\t\t<\/div>\n\t\t\t\t<section class=\"elementor-section elementor-inner-section elementor-element elementor-element-0d63774 elementor-section-boxed elementor-section-height-default elementor-section-height-default\" data-id=\"0d63774\" data-element_type=\"section\" data-e-type=\"section\">\n\t\t\t\t\t\t<div class=\"elementor-container elementor-column-gap-default\">\n\t\t\t\t\t<div class=\"elementor-column elementor-col-50 elementor-inner-column elementor-element elementor-element-6741b0a\" data-id=\"6741b0a\" data-element_type=\"column\" data-e-type=\"column\">\n\t\t\t<div class=\"elementor-widget-wrap elementor-element-populated\">\n\t\t\t\t\t\t<div class=\"elementor-element elementor-element-2ac0f36 elementor-widget elementor-widget-text-editor\" data-id=\"2ac0f36\" data-element_type=\"widget\" data-e-type=\"widget\" data-widget_type=\"text-editor.default\">\n\t\t\t\t<div class=\"elementor-widget-container\">\n\t\t\t\t\t\t\t\t\t<p>Este D\u00eda de Dar del Norte de Texas, El Concilio te invita a ayudar a Escribir el Futuro de las familias latinas del Norte de Texas. Nuestros programas de educaci\u00f3n y salud dan a los padres las herramientas, los conocimientos y la confianza para guiar el aprendizaje de sus hijos, fomentar una vida m\u00e1s sana y abrir las puertas a nuevas oportunidades. <\/p>\t\t\t\t\t\t\t\t<\/div>\n\t\t\t\t<\/div>\n\t\t\t\t\t<\/div>\n\t\t<\/div>\n\t\t\t\t<div class=\"elementor-column elementor-col-50 elementor-inner-column elementor-element elementor-element-d8e7d3e\" data-id=\"d8e7d3e\" data-element_type=\"column\" data-e-type=\"column\">\n\t\t\t<div class=\"elementor-widget-wrap elementor-element-populated\">\n\t\t\t\t\t\t<div class=\"elementor-element elementor-element-89a6082 elementor-widget elementor-widget-text-editor\" data-id=\"89a6082\" data-element_type=\"widget\" data-e-type=\"widget\" data-widget_type=\"text-editor.default\">\n\t\t\t\t<div class=\"elementor-widget-container\">\n\t\t\t\t\t\t\t\t\t<p>El 18 de septiembre de 2025, tu donativo apoyar\u00e1 directamente programas que fortalecen a las familias y crean futuros m\u00e1s brillantes para las generaciones venideras. Cada contribuci\u00f3n a\u00f1ade un nuevo cap\u00edtulo a una historia de logros, resistencia y esperanza. <\/p>\t\t\t\t\t\t\t\t<\/div>\n\t\t\t\t<\/div>\n\t\t\t\t\t<\/div>\n\t\t<\/div>\n\t\t\t\t\t<\/div>\n\t\t<\/section>\n\t\t\t\t<div class=\"elementor-element elementor-element-6df0ad0 elementor-align-center elementor-widget elementor-widget-button\" data-id=\"6df0ad0\" data-element_type=\"widget\" data-e-type=\"widget\" data-widget_type=\"button.default\">\n\t\t\t\t<div class=\"elementor-widget-container\">\n\t\t\t\t\t\t\t\t\t<div class=\"elementor-button-wrapper\">\n\t\t\t\t\t<a class=\"elementor-button elementor-button-link elementor-size-sm\" href=\"https:\/\/www.northtexasgivingday.org\/organization\/the-concilio\">\n\t\t\t\t\t\t<span class=\"elementor-button-content-wrapper\">\n\t\t\t\t\t\t\t\t\t<span class=\"elementor-button-text\">Nuestra p\u00e1gina oficial NTXGD<\/span>\n\t\t\t\t\t<\/span>\n\t\t\t\t\t<\/a>\n\t\t\t\t<\/div>\n\t\t\t\t\t\t\t\t<\/div>\n\t\t\t\t<\/div>\n\t\t\t\t<div class=\"elementor-element elementor-element-c77b64e elementor-widget elementor-widget-spacer\" data-id=\"c77b64e\" data-element_type=\"widget\" data-e-type=\"widget\" data-widget_type=\"spacer.default\">\n\t\t\t\t<div class=\"elementor-widget-container\">\n\t\t\t\t\t\t\t<div class=\"elementor-spacer\">\n\t\t\t<div class=\"elementor-spacer-inner\"><\/div>\n\t\t<\/div>\n\t\t\t\t\t\t<\/div>\n\t\t\t\t<\/div>\n\t\t\t\t\t<\/div>\n\t\t<\/div>\n\t\t\t\t\t<\/div>\n\t\t<\/section>\n\t\t\t\t<section class=\"elementor-section elementor-top-section elementor-element elementor-element-7b19662 elementor-section-boxed elementor-section-height-default elementor-section-height-default\" data-id=\"7b19662\" data-element_type=\"section\" data-e-type=\"section\">\n\t\t\t\t\t\t<div class=\"elementor-container elementor-column-gap-default\">\n\t\t\t\t\t<div class=\"elementor-column elementor-col-100 elementor-top-column elementor-element elementor-element-5db9ef5\" data-id=\"5db9ef5\" data-element_type=\"column\" data-e-type=\"column\">\n\t\t\t<div class=\"elementor-widget-wrap elementor-element-populated\">\n\t\t\t\t\t\t<div class=\"elementor-element elementor-element-5d4cd3b elementor-widget elementor-widget-heading\" data-id=\"5d4cd3b\" data-element_type=\"widget\" data-e-type=\"widget\" data-widget_type=\"heading.default\">\n\t\t\t\t<div class=\"elementor-widget-container\">\n\t\t\t\t\t<h3 class=\"elementor-heading-title elementor-size-default\">Gracias a nuestro socio colaborador<\/h3>\t\t\t\t<\/div>\n\t\t\t\t<\/div>\n\t\t\t\t<div class=\"elementor-element elementor-element-ea16300 elementor-widget elementor-widget-image\" data-id=\"ea16300\" data-element_type=\"widget\" data-e-type=\"widget\" data-widget_type=\"image.default\">\n\t\t\t\t<div class=\"elementor-widget-container\">\n\t\t\t\t\t\t\t\t\t\t\t\t\t\t\t<img decoding=\"async\" width=\"300\" height=\"43\" src=\"https:\/\/theconcilio.org\/wp-content\/uploads\/2025\/08\/Screenshot-2025-08-13-115154-300x43.png\" class=\"attachment-medium size-medium wp-image-8134\" alt=\"The Morris Foundation\" srcset=\"https:\/\/theconcilio.org\/wp-content\/uploads\/2025\/08\/Screenshot-2025-08-13-115154-300x43.png 300w, https:\/\/theconcilio.org\/wp-content\/uploads\/2025\/08\/Screenshot-2025-08-13-115154-1024x145.png 1024w, https:\/\/theconcilio.org\/wp-content\/uploads\/2025\/08\/Screenshot-2025-08-13-115154-768x109.png 768w, https:\/\/theconcilio.org\/wp-content\/uploads\/2025\/08\/Screenshot-2025-08-13-115154-600x85.png 600w, https:\/\/theconcilio.org\/wp-content\/uploads\/2025\/08\/Screenshot-2025-08-13-115154.png 1162w\" sizes=\"(max-width: 300px) 100vw, 300px\" \/>\t\t\t\t\t\t\t\t\t\t\t\t\t\t\t<\/div>\n\t\t\t\t<\/div>\n\t\t\t\t<div class=\"elementor-element elementor-element-1363d00 elementor-widget elementor-widget-text-editor\" data-id=\"1363d00\" data-element_type=\"widget\" data-e-type=\"widget\" data-widget_type=\"text-editor.default\">\n\t\t\t\t<div class=\"elementor-widget-container\">\n\t\t\t\t\t\t\t\t\t<p>Estamos profundamente agradecidos a la Fundaci\u00f3n Morris por su incre\u00edble generosidad y compromiso con las familias del Norte de Texas. Este D\u00eda de Dar del Norte de Texas, la Fundaci\u00f3n Morris se ha comprometido a igualar cada donaci\u00f3n al Concilio, d\u00f3lar por d\u00f3lar, hasta 20.000 d\u00f3lares. <\/p><p><br>Esto significa que cuando das, tu impacto se duplica. Juntos, podemos ayudar a m\u00e1s familias a acceder a las herramientas, recursos y oportunidades que necesitan para prosperar. <\/p><p><br>Gracias, Fundaci\u00f3n Morris, por ayudarnos a Escribir el Futuro con las familias a las que servimos.<\/p>\t\t\t\t\t\t\t\t<\/div>\n\t\t\t\t<\/div>\n\t\t\t\t<div class=\"elementor-element elementor-element-4a6957e elementor-widget elementor-widget-spacer\" data-id=\"4a6957e\" data-element_type=\"widget\" data-e-type=\"widget\" data-widget_type=\"spacer.default\">\n\t\t\t\t<div class=\"elementor-widget-container\">\n\t\t\t\t\t\t\t<div class=\"elementor-spacer\">\n\t\t\t<div class=\"elementor-spacer-inner\"><\/div>\n\t\t<\/div>\n\t\t\t\t\t\t<\/div>\n\t\t\t\t<\/div>\n\t\t\t\t<section class=\"elementor-section elementor-inner-section elementor-element elementor-element-0484fba elementor-section-boxed elementor-section-height-default elementor-section-height-default\" data-id=\"0484fba\" data-element_type=\"section\" data-e-type=\"section\">\n\t\t\t\t\t\t<div class=\"elementor-container elementor-column-gap-default\">\n\t\t\t\t\t<div class=\"elementor-column elementor-col-100 elementor-inner-column elementor-element elementor-element-a74cc32\" data-id=\"a74cc32\" data-element_type=\"column\" data-e-type=\"column\">\n\t\t\t<div class=\"elementor-widget-wrap\">\n\t\t\t\t\t\t\t<\/div>\n\t\t<\/div>\n\t\t\t\t\t<\/div>\n\t\t<\/section>\n\t\t\t\t\t<\/div>\n\t\t<\/div>\n\t\t\t\t\t<\/div>\n\t\t<\/section>\n\t\t\t\t<section class=\"elementor-section elementor-top-section elementor-element elementor-element-682ea13c elementor-section-boxed elementor-section-height-default elementor-section-height-default\" data-id=\"682ea13c\" data-element_type=\"section\" data-e-type=\"section\" data-settings=\"{&quot;background_background&quot;:&quot;classic&quot;}\">\n\t\t\t\t\t\t<div class=\"elementor-container elementor-column-gap-default\">\n\t\t\t\t\t<div class=\"elementor-column elementor-col-100 elementor-top-column elementor-element elementor-element-423af1b9\" data-id=\"423af1b9\" data-element_type=\"column\" data-e-type=\"column\">\n\t\t\t<div class=\"elementor-widget-wrap elementor-element-populated\">\n\t\t\t\t\t\t<div class=\"elementor-element elementor-element-2cde04d8 elementor-widget elementor-widget-heading\" data-id=\"2cde04d8\" data-element_type=\"widget\" data-e-type=\"widget\" data-widget_type=\"heading.default\">\n\t\t\t\t<div class=\"elementor-widget-container\">\n\t\t\t\t\t<h3 class=\"elementor-heading-title elementor-size-default\">Comienza la cuenta atr\u00e1s<\/h3>\t\t\t\t<\/div>\n\t\t\t\t<\/div>\n\t\t\t\t<div class=\"elementor-element elementor-element-88e5c7f elementor-widget elementor-widget-text-editor\" data-id=\"88e5c7f\" data-element_type=\"widget\" data-e-type=\"widget\" data-widget_type=\"text-editor.default\">\n\t\t\t\t<div class=\"elementor-widget-container\">\n\t\t\t\t\t\t\t\t\t<p>Reserva la fecha del 18.9.25 y \u00fanete a nosotros para escribir el pr\u00f3ximo cap\u00edtulo de nuestra comunidad. Juntos podemos garantizar que m\u00e1s familias tengan el apoyo que necesitan para prosperar en la escuela, en la salud y en la vida. <\/p>\t\t\t\t\t\t\t\t<\/div>\n\t\t\t\t<\/div>\n\t\t\t\t<div class=\"elementor-element elementor-element-3e7c1d1 elementor-countdown--label-block elementor-widget elementor-widget-countdown\" data-id=\"3e7c1d1\" data-element_type=\"widget\" data-e-type=\"widget\" data-widget_type=\"countdown.default\">\n\t\t\t\t<div class=\"elementor-widget-container\">\n\t\t\t\t\t\t\t<div class=\"elementor-countdown-wrapper\" data-date=\"1758267000\">\n\t\t\t<div class=\"elementor-countdown-item\"><span class=\"elementor-countdown-digits elementor-countdown-days\"><\/span> <span class=\"elementor-countdown-label\">D\u00edas<\/span><\/div><div class=\"elementor-countdown-item\"><span class=\"elementor-countdown-digits elementor-countdown-hours\"><\/span> <span class=\"elementor-countdown-label\">Horas<\/span><\/div><div class=\"elementor-countdown-item\"><span class=\"elementor-countdown-digits elementor-countdown-minutes\"><\/span> <span class=\"elementor-countdown-label\">Minutos<\/span><\/div><div class=\"elementor-countdown-item\"><span class=\"elementor-countdown-digits elementor-countdown-seconds\"><\/span> <span class=\"elementor-countdown-label\">Segundos<\/span><\/div>\t\t<\/div>\n\t\t\t\t\t\t<\/div>\n\t\t\t\t<\/div>\n\t\t\t\t\t<\/div>\n\t\t<\/div>\n\t\t\t\t\t<\/div>\n\t\t<\/section>\n\t\t\t\t<section class=\"elementor-section elementor-top-section elementor-element elementor-element-b63d2f3 elementor-section-boxed elementor-section-height-default elementor-section-height-default\" data-id=\"b63d2f3\" data-element_type=\"section\" data-e-type=\"section\">\n\t\t\t\t\t\t<div class=\"elementor-container elementor-column-gap-default\">\n\t\t\t\t\t<div class=\"elementor-column elementor-col-100 elementor-top-column elementor-element elementor-element-69266ea\" data-id=\"69266ea\" data-element_type=\"column\" data-e-type=\"column\">\n\t\t\t<div class=\"elementor-widget-wrap elementor-element-populated\">\n\t\t\t\t\t\t<div class=\"elementor-element elementor-element-d875970 elementor-widget elementor-widget-spacer\" data-id=\"d875970\" data-element_type=\"widget\" data-e-type=\"widget\" data-widget_type=\"spacer.default\">\n\t\t\t\t<div class=\"elementor-widget-container\">\n\t\t\t\t\t\t\t<div class=\"elementor-spacer\">\n\t\t\t<div class=\"elementor-spacer-inner\"><\/div>\n\t\t<\/div>\n\t\t\t\t\t\t<\/div>\n\t\t\t\t<\/div>\n\t\t\t\t<div class=\"elementor-element elementor-element-635632d elementor-widget elementor-widget-heading\" data-id=\"635632d\" data-element_type=\"widget\" data-e-type=\"widget\" data-widget_type=\"heading.default\">\n\t\t\t\t<div class=\"elementor-widget-container\">\n\t\t\t\t\t<h3 class=\"elementor-heading-title elementor-size-default\">Cada regalo escribe un nuevo cap\u00edtulo<\/h3>\t\t\t\t<\/div>\n\t\t\t\t<\/div>\n\t\t\t\t<div class=\"elementor-element elementor-element-e982d99 elementor-testimonial--skin-default elementor-testimonial--layout-image_inline elementor-testimonial--align-center elementor-arrows-yes elementor-pagination-type-bullets elementor-widget elementor-widget-testimonial-carousel\" data-id=\"e982d99\" data-element_type=\"widget\" data-e-type=\"widget\" data-settings=\"{&quot;show_arrows&quot;:&quot;yes&quot;,&quot;pagination&quot;:&quot;bullets&quot;,&quot;speed&quot;:500,&quot;autoplay&quot;:&quot;yes&quot;,&quot;autoplay_speed&quot;:5000,&quot;loop&quot;:&quot;yes&quot;,&quot;pause_on_hover&quot;:&quot;yes&quot;,&quot;pause_on_interaction&quot;:&quot;yes&quot;,&quot;space_between&quot;:{&quot;unit&quot;:&quot;px&quot;,&quot;size&quot;:10,&quot;sizes&quot;:[]},&quot;space_between_tablet&quot;:{&quot;unit&quot;:&quot;px&quot;,&quot;size&quot;:10,&quot;sizes&quot;:[]},&quot;space_between_mobile&quot;:{&quot;unit&quot;:&quot;px&quot;,&quot;size&quot;:10,&quot;sizes&quot;:[]}}\" data-widget_type=\"testimonial-carousel.default\">\n\t\t\t\t<div class=\"elementor-widget-container\">\n\t\t\t\t\t\t\t\t\t<div class=\"elementor-swiper\">\n\t\t\t\t\t<div class=\"elementor-main-swiper swiper\" role=\"region\" aria-roledescription=\"carousel\" aria-label=\"Slides\">\n\t\t\t\t<div class=\"swiper-wrapper\">\n\t\t\t\t\t\t\t\t\t\t\t<div class=\"swiper-slide\" role=\"group\" aria-roledescription=\"slide\">\n\t\t\t\t\t\t\t\t\t<div class=\"elementor-testimonial\">\n\t\t\t\t\t\t\t<div class=\"elementor-testimonial__content\">\n\t\t\t\t\t<div class=\"elementor-testimonial__text\">\n\t\t\t\t\t\t<p>\"Participar en el programa Ni\u00f1os sanos, familias sanas me ha capacitado para hacer cambios positivos para mi familia. Ahora, mis hijos son m\u00e1s activos, juegan al aire libre y socializan en lugar de estar aislados por los aparatos electr\u00f3nicos. He aprendido a leer las etiquetas nutricionales, a servir raciones de tama\u00f1o adecuado y a elegir alimentos m\u00e1s sanos. Estos cambios han supuesto una diferencia notable, sobre todo para mi hija menor, que ahora es m\u00e1s feliz y est\u00e1 m\u00e1s sana.\"<\/p>\n\t\t\t\t\t<\/div>\n\t\t\t\t\t\t\t\t\t<\/div>\n\t\t\t\t\t\t<div class=\"elementor-testimonial__footer\">\n\t\t\t\t\t\t\t\t<cite class=\"elementor-testimonial__cite\"><span class=\"elementor-testimonial__name\">Gabriela S.<\/span><span class=\"elementor-testimonial__title\">Ni\u00f1os sanos, familias sanas Graduado para padres<\/span><\/cite>\t\t\t<\/div>\n\t\t<\/div>\n\t\t\t\t\t\t\t\t<\/div>\n\t\t\t\t\t\t\t\t\t\t\t<div class=\"swiper-slide\" role=\"group\" aria-roledescription=\"slide\">\n\t\t\t\t\t\t\t\t\t<div class=\"elementor-testimonial\">\n\t\t\t\t\t\t\t<div class=\"elementor-testimonial__content\">\n\t\t\t\t\t<div class=\"elementor-testimonial__text\">\n\t\t\t\t\t\t<p>\"Como inmigrantes, esperamos alcanzar el sue\u00f1o que tenemos para nuestros hijos y verlos triunfar en este pa\u00eds. El programa PASE del Concilio nos ense\u00f1\u00f3 la importancia de implicarnos en la educaci\u00f3n de nuestros hijos. <\/p>\n<p>Y hemos visto que nuestro duro trabajo ha dado sus frutos. Nuestros hijos mayores se han graduado en el instituto con matr\u00edcula de honor, y uno de ellos ha recibido una beca completa para asistir a la Universidad de Texas en Arlington. Ahora asistimos a PASE para aprender m\u00e1s y ayudar a nuestro hijo menor a tener \u00e9xito tambi\u00e9n.\"<\/p>\n\t\t\t\t\t<\/div>\n\t\t\t\t\t\t\t\t\t<\/div>\n\t\t\t\t\t\t<div class=\"elementor-testimonial__footer\">\n\t\t\t\t\t\t\t\t<cite class=\"elementor-testimonial__cite\"><span class=\"elementor-testimonial__name\">Juana R. y Daniel P.<\/span><span class=\"elementor-testimonial__title\">Padres que abogan por la excelencia de los estudiantes Padres graduados<\/span><\/cite>\t\t\t<\/div>\n\t\t<\/div>\n\t\t\t\t\t\t\t\t<\/div>\n\t\t\t\t\t\t\t\t\t<\/div>\n\t\t\t\t\t\t\t\t\t\t\t\t\t\t\t<div class=\"elementor-swiper-button elementor-swiper-button-prev\" role=\"button\" tabindex=\"0\" aria-label=\"Anterior\">\n\t\t\t\t\t\t\t<i aria-hidden=\"true\" class=\"eicon-chevron-left\"><\/i>\t\t\t\t\t\t<\/div>\n\t\t\t\t\t\t<div class=\"elementor-swiper-button elementor-swiper-button-next\" role=\"button\" tabindex=\"0\" aria-label=\"Siguiente\">\n\t\t\t\t\t\t\t<i aria-hidden=\"true\" class=\"eicon-chevron-right\"><\/i>\t\t\t\t\t\t<\/div>\n\t\t\t\t\t\t\t\t\t\t\t\t\t\t\t\t<div class=\"swiper-pagination\"><\/div>\n\t\t\t\t\t\t\t\t\t\t\t\t<\/div>\n\t\t\t\t<\/div>\n\t\t\t\t\t\t\t\t<\/div>\n\t\t\t\t<\/div>\n\t\t\t\t\t<\/div>\n\t\t<\/div>\n\t\t\t\t\t<\/div>\n\t\t<\/section>\n\t\t\t\t<section class=\"elementor-section elementor-top-section elementor-element elementor-element-69368d5 elementor-section-boxed elementor-section-height-default elementor-section-height-default\" data-id=\"69368d5\" data-element_type=\"section\" data-e-type=\"section\">\n\t\t\t\t\t\t<div class=\"elementor-container elementor-column-gap-default\">\n\t\t\t\t\t<div class=\"elementor-column elementor-col-100 elementor-top-column elementor-element elementor-element-e067ae1\" data-id=\"e067ae1\" data-element_type=\"column\" data-e-type=\"column\">\n\t\t\t<div class=\"elementor-widget-wrap elementor-element-populated\">\n\t\t\t\t\t\t<div class=\"elementor-element elementor-element-2b6d8bc elementor-widget elementor-widget-gallery\" data-id=\"2b6d8bc\" data-element_type=\"widget\" data-e-type=\"widget\" data-settings=\"{&quot;lazyload&quot;:&quot;yes&quot;,&quot;gallery_layout&quot;:&quot;grid&quot;,&quot;columns&quot;:4,&quot;columns_tablet&quot;:2,&quot;columns_mobile&quot;:1,&quot;gap&quot;:{&quot;unit&quot;:&quot;px&quot;,&quot;size&quot;:10,&quot;sizes&quot;:[]},&quot;gap_tablet&quot;:{&quot;unit&quot;:&quot;px&quot;,&quot;size&quot;:10,&quot;sizes&quot;:[]},&quot;gap_mobile&quot;:{&quot;unit&quot;:&quot;px&quot;,&quot;size&quot;:10,&quot;sizes&quot;:[]},&quot;link_to&quot;:&quot;file&quot;,&quot;aspect_ratio&quot;:&quot;3:2&quot;,&quot;overlay_background&quot;:&quot;yes&quot;,&quot;content_hover_animation&quot;:&quot;fade-in&quot;}\" data-widget_type=\"gallery.default\">\n\t\t\t\t<div class=\"elementor-widget-container\">\n\t\t\t\t\t\t\t<div class=\"elementor-gallery__container\">\n\t\t\t\t\t\t\t<a class=\"e-gallery-item elementor-gallery-item elementor-animated-content\" href=\"https:\/\/theconcilio.org\/wp-content\/uploads\/2025\/08\/the-concilio-dallas-nonprofit1-scaled.webp\" data-elementor-open-lightbox=\"yes\" data-elementor-lightbox-slideshow=\"2b6d8bc\" data-elementor-lightbox-title=\"the-concilio-dallas-nonprofit1\" data-e-action-hash=\"#elementor-action%3Aaction%3Dlightbox%26settings%3DeyJpZCI6ODA4NSwidXJsIjoiaHR0cHM6XC9cL3RoZWNvbmNpbGlvLm9yZ1wvd3AtY29udGVudFwvdXBsb2Fkc1wvMjAyNVwvMDhcL3RoZS1jb25jaWxpby1kYWxsYXMtbm9ucHJvZml0MS1zY2FsZWQud2VicCIsInNsaWRlc2hvdyI6IjJiNmQ4YmMifQ%3D%3D\">\n\t\t\t\t\t<div class=\"e-gallery-image elementor-gallery-item__image\" data-thumbnail=\"https:\/\/theconcilio.org\/wp-content\/uploads\/2025\/08\/the-concilio-dallas-nonprofit1-300x200.webp\" data-width=\"300\" data-height=\"200\" aria-label=\"\" role=\"img\" ><\/div>\n\t\t\t\t\t\t\t\t\t\t\t<div class=\"elementor-gallery-item__overlay\"><\/div>\n\t\t\t\t\t\t\t\t\t\t\t\t\t\t<\/a>\n\t\t\t\t\t\t\t<a class=\"e-gallery-item elementor-gallery-item elementor-animated-content\" href=\"https:\/\/theconcilio.org\/wp-content\/uploads\/2025\/08\/the-concilio-dallas-nonprofit10-scaled.webp\" data-elementor-open-lightbox=\"yes\" data-elementor-lightbox-slideshow=\"2b6d8bc\" data-elementor-lightbox-title=\"the-concilio-dallas-nonprofit10\" data-e-action-hash=\"#elementor-action%3Aaction%3Dlightbox%26settings%3DeyJpZCI6ODA4NywidXJsIjoiaHR0cHM6XC9cL3RoZWNvbmNpbGlvLm9yZ1wvd3AtY29udGVudFwvdXBsb2Fkc1wvMjAyNVwvMDhcL3RoZS1jb25jaWxpby1kYWxsYXMtbm9ucHJvZml0MTAtc2NhbGVkLndlYnAiLCJzbGlkZXNob3ciOiIyYjZkOGJjIn0%3D\">\n\t\t\t\t\t<div class=\"e-gallery-image elementor-gallery-item__image\" data-thumbnail=\"https:\/\/theconcilio.org\/wp-content\/uploads\/2025\/08\/the-concilio-dallas-nonprofit10-300x200.webp\" data-width=\"300\" data-height=\"200\" aria-label=\"\" role=\"img\" ><\/div>\n\t\t\t\t\t\t\t\t\t\t\t<div class=\"elementor-gallery-item__overlay\"><\/div>\n\t\t\t\t\t\t\t\t\t\t\t\t\t\t<\/a>\n\t\t\t\t\t\t\t<a class=\"e-gallery-item elementor-gallery-item elementor-animated-content\" href=\"https:\/\/theconcilio.org\/wp-content\/uploads\/2025\/08\/the-concilio-dallas-nonprofit9-scaled.webp\" data-elementor-open-lightbox=\"yes\" data-elementor-lightbox-slideshow=\"2b6d8bc\" data-elementor-lightbox-title=\"the-concilio-dallas-nonprofit9\" data-e-action-hash=\"#elementor-action%3Aaction%3Dlightbox%26settings%3DeyJpZCI6ODA4OSwidXJsIjoiaHR0cHM6XC9cL3RoZWNvbmNpbGlvLm9yZ1wvd3AtY29udGVudFwvdXBsb2Fkc1wvMjAyNVwvMDhcL3RoZS1jb25jaWxpby1kYWxsYXMtbm9ucHJvZml0OS1zY2FsZWQud2VicCIsInNsaWRlc2hvdyI6IjJiNmQ4YmMifQ%3D%3D\">\n\t\t\t\t\t<div class=\"e-gallery-image elementor-gallery-item__image\" data-thumbnail=\"https:\/\/theconcilio.org\/wp-content\/uploads\/2025\/08\/the-concilio-dallas-nonprofit9-300x200.webp\" data-width=\"300\" data-height=\"200\" aria-label=\"\" role=\"img\" ><\/div>\n\t\t\t\t\t\t\t\t\t\t\t<div class=\"elementor-gallery-item__overlay\"><\/div>\n\t\t\t\t\t\t\t\t\t\t\t\t\t\t<\/a>\n\t\t\t\t\t\t\t<a class=\"e-gallery-item elementor-gallery-item elementor-animated-content\" href=\"https:\/\/theconcilio.org\/wp-content\/uploads\/2025\/08\/the-concilio-dallas-nonprofit8-scaled.webp\" data-elementor-open-lightbox=\"yes\" data-elementor-lightbox-slideshow=\"2b6d8bc\" data-elementor-lightbox-title=\"the-concilio-dallas-nonprofit8\" data-e-action-hash=\"#elementor-action%3Aaction%3Dlightbox%26settings%3DeyJpZCI6ODA5MSwidXJsIjoiaHR0cHM6XC9cL3RoZWNvbmNpbGlvLm9yZ1wvd3AtY29udGVudFwvdXBsb2Fkc1wvMjAyNVwvMDhcL3RoZS1jb25jaWxpby1kYWxsYXMtbm9ucHJvZml0OC1zY2FsZWQud2VicCIsInNsaWRlc2hvdyI6IjJiNmQ4YmMifQ%3D%3D\">\n\t\t\t\t\t<div class=\"e-gallery-image elementor-gallery-item__image\" data-thumbnail=\"https:\/\/theconcilio.org\/wp-content\/uploads\/2025\/08\/the-concilio-dallas-nonprofit8-300x200.webp\" data-width=\"300\" data-height=\"200\" aria-label=\"\" role=\"img\" ><\/div>\n\t\t\t\t\t\t\t\t\t\t\t<div class=\"elementor-gallery-item__overlay\"><\/div>\n\t\t\t\t\t\t\t\t\t\t\t\t\t\t<\/a>\n\t\t\t\t\t\t\t<a class=\"e-gallery-item elementor-gallery-item elementor-animated-content\" href=\"https:\/\/theconcilio.org\/wp-content\/uploads\/2025\/08\/the-concilio-dallas-nonprofit7-scaled.webp\" data-elementor-open-lightbox=\"yes\" data-elementor-lightbox-slideshow=\"2b6d8bc\" data-elementor-lightbox-title=\"the-concilio-dallas-nonprofit7\" data-e-action-hash=\"#elementor-action%3Aaction%3Dlightbox%26settings%3DeyJpZCI6ODA5MywidXJsIjoiaHR0cHM6XC9cL3RoZWNvbmNpbGlvLm9yZ1wvd3AtY29udGVudFwvdXBsb2Fkc1wvMjAyNVwvMDhcL3RoZS1jb25jaWxpby1kYWxsYXMtbm9ucHJvZml0Ny1zY2FsZWQud2VicCIsInNsaWRlc2hvdyI6IjJiNmQ4YmMifQ%3D%3D\">\n\t\t\t\t\t<div class=\"e-gallery-image elementor-gallery-item__image\" data-thumbnail=\"https:\/\/theconcilio.org\/wp-content\/uploads\/2025\/08\/the-concilio-dallas-nonprofit7-300x200.webp\" data-width=\"300\" data-height=\"200\" aria-label=\"\" role=\"img\" ><\/div>\n\t\t\t\t\t\t\t\t\t\t\t<div class=\"elementor-gallery-item__overlay\"><\/div>\n\t\t\t\t\t\t\t\t\t\t\t\t\t\t<\/a>\n\t\t\t\t\t\t\t<a class=\"e-gallery-item elementor-gallery-item elementor-animated-content\" href=\"https:\/\/theconcilio.org\/wp-content\/uploads\/2025\/08\/the-concilio-dallas-nonprofit6-scaled.webp\" data-elementor-open-lightbox=\"yes\" data-elementor-lightbox-slideshow=\"2b6d8bc\" data-elementor-lightbox-title=\"the-concilio-dallas-nonprofit6\" data-e-action-hash=\"#elementor-action%3Aaction%3Dlightbox%26settings%3DeyJpZCI6ODA5NSwidXJsIjoiaHR0cHM6XC9cL3RoZWNvbmNpbGlvLm9yZ1wvd3AtY29udGVudFwvdXBsb2Fkc1wvMjAyNVwvMDhcL3RoZS1jb25jaWxpby1kYWxsYXMtbm9ucHJvZml0Ni1zY2FsZWQud2VicCIsInNsaWRlc2hvdyI6IjJiNmQ4YmMifQ%3D%3D\">\n\t\t\t\t\t<div class=\"e-gallery-image elementor-gallery-item__image\" data-thumbnail=\"https:\/\/theconcilio.org\/wp-content\/uploads\/2025\/08\/the-concilio-dallas-nonprofit6-300x200.webp\" data-width=\"300\" data-height=\"200\" aria-label=\"\" role=\"img\" ><\/div>\n\t\t\t\t\t\t\t\t\t\t\t<div class=\"elementor-gallery-item__overlay\"><\/div>\n\t\t\t\t\t\t\t\t\t\t\t\t\t\t<\/a>\n\t\t\t\t\t\t\t<a class=\"e-gallery-item elementor-gallery-item elementor-animated-content\" href=\"https:\/\/theconcilio.org\/wp-content\/uploads\/2025\/08\/the-concilio-dallas-nonprofit5-scaled.webp\" data-elementor-open-lightbox=\"yes\" data-elementor-lightbox-slideshow=\"2b6d8bc\" data-elementor-lightbox-title=\"the-concilio-dallas-nonprofit5\" data-e-action-hash=\"#elementor-action%3Aaction%3Dlightbox%26settings%3DeyJpZCI6ODA5NywidXJsIjoiaHR0cHM6XC9cL3RoZWNvbmNpbGlvLm9yZ1wvd3AtY29udGVudFwvdXBsb2Fkc1wvMjAyNVwvMDhcL3RoZS1jb25jaWxpby1kYWxsYXMtbm9ucHJvZml0NS1zY2FsZWQud2VicCIsInNsaWRlc2hvdyI6IjJiNmQ4YmMifQ%3D%3D\">\n\t\t\t\t\t<div class=\"e-gallery-image elementor-gallery-item__image\" data-thumbnail=\"https:\/\/theconcilio.org\/wp-content\/uploads\/2025\/08\/the-concilio-dallas-nonprofit5-300x200.webp\" data-width=\"300\" data-height=\"200\" aria-label=\"\" role=\"img\" ><\/div>\n\t\t\t\t\t\t\t\t\t\t\t<div class=\"elementor-gallery-item__overlay\"><\/div>\n\t\t\t\t\t\t\t\t\t\t\t\t\t\t<\/a>\n\t\t\t\t\t\t\t<a class=\"e-gallery-item elementor-gallery-item elementor-animated-content\" href=\"https:\/\/theconcilio.org\/wp-content\/uploads\/2025\/08\/the-concilio-dallas-nonprofit4-scaled.webp\" data-elementor-open-lightbox=\"yes\" data-elementor-lightbox-slideshow=\"2b6d8bc\" data-elementor-lightbox-title=\"the-concilio-dallas-nonprofit4\" data-e-action-hash=\"#elementor-action%3Aaction%3Dlightbox%26settings%3DeyJpZCI6ODA5OSwidXJsIjoiaHR0cHM6XC9cL3RoZWNvbmNpbGlvLm9yZ1wvd3AtY29udGVudFwvdXBsb2Fkc1wvMjAyNVwvMDhcL3RoZS1jb25jaWxpby1kYWxsYXMtbm9ucHJvZml0NC1zY2FsZWQud2VicCIsInNsaWRlc2hvdyI6IjJiNmQ4YmMifQ%3D%3D\">\n\t\t\t\t\t<div class=\"e-gallery-image elementor-gallery-item__image\" data-thumbnail=\"https:\/\/theconcilio.org\/wp-content\/uploads\/2025\/08\/the-concilio-dallas-nonprofit4-300x200.webp\" data-width=\"300\" data-height=\"200\" aria-label=\"\" role=\"img\" ><\/div>\n\t\t\t\t\t\t\t\t\t\t\t<div class=\"elementor-gallery-item__overlay\"><\/div>\n\t\t\t\t\t\t\t\t\t\t\t\t\t\t<\/a>\n\t\t\t\t\t\t\t<a class=\"e-gallery-item elementor-gallery-item elementor-animated-content\" href=\"https:\/\/theconcilio.org\/wp-content\/uploads\/2025\/08\/the-concilio-dallas-nonprofit3-scaled.webp\" data-elementor-open-lightbox=\"yes\" data-elementor-lightbox-slideshow=\"2b6d8bc\" data-elementor-lightbox-title=\"the-concilio-dallas-nonprofit3\" data-e-action-hash=\"#elementor-action%3Aaction%3Dlightbox%26settings%3DeyJpZCI6ODEwMSwidXJsIjoiaHR0cHM6XC9cL3RoZWNvbmNpbGlvLm9yZ1wvd3AtY29udGVudFwvdXBsb2Fkc1wvMjAyNVwvMDhcL3RoZS1jb25jaWxpby1kYWxsYXMtbm9ucHJvZml0My1zY2FsZWQud2VicCIsInNsaWRlc2hvdyI6IjJiNmQ4YmMifQ%3D%3D\">\n\t\t\t\t\t<div class=\"e-gallery-image elementor-gallery-item__image\" data-thumbnail=\"https:\/\/theconcilio.org\/wp-content\/uploads\/2025\/08\/the-concilio-dallas-nonprofit3-300x200.webp\" data-width=\"300\" data-height=\"200\" aria-label=\"\" role=\"img\" ><\/div>\n\t\t\t\t\t\t\t\t\t\t\t<div class=\"elementor-gallery-item__overlay\"><\/div>\n\t\t\t\t\t\t\t\t\t\t\t\t\t\t<\/a>\n\t\t\t\t\t\t\t<a class=\"e-gallery-item elementor-gallery-item elementor-animated-content\" href=\"https:\/\/theconcilio.org\/wp-content\/uploads\/2025\/08\/the-concilio-dallas-nonprofit2-scaled.webp\" data-elementor-open-lightbox=\"yes\" data-elementor-lightbox-slideshow=\"2b6d8bc\" data-elementor-lightbox-title=\"the-concilio-dallas-nonprofit2\" data-e-action-hash=\"#elementor-action%3Aaction%3Dlightbox%26settings%3DeyJpZCI6ODEwMywidXJsIjoiaHR0cHM6XC9cL3RoZWNvbmNpbGlvLm9yZ1wvd3AtY29udGVudFwvdXBsb2Fkc1wvMjAyNVwvMDhcL3RoZS1jb25jaWxpby1kYWxsYXMtbm9ucHJvZml0Mi1zY2FsZWQud2VicCIsInNsaWRlc2hvdyI6IjJiNmQ4YmMifQ%3D%3D\">\n\t\t\t\t\t<div class=\"e-gallery-image elementor-gallery-item__image\" data-thumbnail=\"https:\/\/theconcilio.org\/wp-content\/uploads\/2025\/08\/the-concilio-dallas-nonprofit2-300x200.webp\" data-width=\"300\" data-height=\"200\" aria-label=\"\" role=\"img\" ><\/div>\n\t\t\t\t\t\t\t\t\t\t\t<div class=\"elementor-gallery-item__overlay\"><\/div>\n\t\t\t\t\t\t\t\t\t\t\t\t\t\t<\/a>\n\t\t\t\t\t<\/div>\n\t\t\t\t\t<\/div>\n\t\t\t\t<\/div>\n\t\t\t\t\t<\/div>\n\t\t<\/div>\n\t\t\t\t\t<\/div>\n\t\t<\/section>\n\t\t\t\t<\/div>\n\t\t","protected":false},"excerpt":{"rendered":"<p>Este D\u00eda de Dar del Norte de Texas, El Concilio te invita a ayudar a Escribir el Futuro de las familias latinas del Norte de Texas. Nuestros programas de educaci\u00f3n y salud dan a los padres las herramientas, los conocimientos y la confianza para guiar el aprendizaje de sus hijos, fomentar una vida m\u00e1s sana [&hellip;]<\/p>\n","protected":false},"author":6,"featured_media":0,"parent":0,"menu_order":0,"comment_status":"closed","ping_status":"closed","template":"elementor_header_footer","meta":{"_acf_changed":false,"footnotes":""},"class_list":["post-5895","page","type-page","status-publish","hentry"],"acf":[],"yoast_head":"<!-- This site is optimized with the Yoast SEO plugin v27.5 - https:\/\/yoast.com\/product\/yoast-seo-wordpress\/ -->\n<title>D\u00eda de Acci\u00f3n Solidaria del Norte de Texas -<\/title>\n<meta name=\"robots\" content=\"index, follow, max-snippet:-1, max-image-preview:large, max-video-preview:-1\" \/>\n<link rel=\"canonical\" href=\"https:\/\/theconcilio.org\/ntxgd\/\" \/>\n<meta property=\"og:locale\" content=\"es_ES\" \/>\n<meta property=\"og:type\" content=\"article\" \/>\n<meta property=\"og:title\" content=\"D\u00eda de Acci\u00f3n Solidaria del Norte de Texas -\" \/>\n<meta property=\"og:description\" content=\"Este D\u00eda de Dar del Norte de Texas, El Concilio te invita a ayudar a Escribir el Futuro de las familias latinas del Norte de Texas. Nuestros programas de educaci\u00f3n y salud dan a los padres las herramientas, los conocimientos y la confianza para guiar el aprendizaje de sus hijos, fomentar una vida m\u00e1s sana [&hellip;]\" \/>\n<meta property=\"og:url\" content=\"https:\/\/theconcilio.org\/ntxgd\/\" \/>\n<meta property=\"article:publisher\" content=\"https:\/\/www.facebook.com\/theconcilio\" \/>\n<meta property=\"article:modified_time\" content=\"2025-09-03T21:58:03+00:00\" \/>\n<meta property=\"og:image\" content=\"https:\/\/theconcilio.org\/wp-content\/uploads\/2025\/08\/2-1.png\" \/>\n\t<meta property=\"og:image:width\" content=\"1768\" \/>\n\t<meta property=\"og:image:height\" content=\"586\" \/>\n\t<meta property=\"og:image:type\" content=\"image\/png\" \/>\n<meta name=\"twitter:card\" content=\"summary_large_image\" \/>\n<meta name=\"twitter:label1\" content=\"Tiempo de lectura\" \/>\n\t<meta name=\"twitter:data1\" content=\"2 minutos\" \/>\n<script type=\"application\/ld+json\" class=\"yoast-schema-graph\">{\"@context\":\"https:\\\/\\\/schema.org\",\"@graph\":[{\"@type\":\"WebPage\",\"@id\":\"https:\\\/\\\/theconcilio.org\\\/ntxgd\\\/\",\"url\":\"https:\\\/\\\/theconcilio.org\\\/ntxgd\\\/\",\"name\":\"D\u00eda de Acci\u00f3n Solidaria del Norte de Texas -\",\"isPartOf\":{\"@id\":\"https:\\\/\\\/theconcilio.org\\\/#website\"},\"primaryImageOfPage\":{\"@id\":\"https:\\\/\\\/theconcilio.org\\\/ntxgd\\\/#primaryimage\"},\"image\":{\"@id\":\"https:\\\/\\\/theconcilio.org\\\/ntxgd\\\/#primaryimage\"},\"thumbnailUrl\":\"https:\\\/\\\/theconcilio.org\\\/wp-content\\\/uploads\\\/2025\\\/08\\\/2-1.png\",\"datePublished\":\"2024-07-26T20:22:39+00:00\",\"dateModified\":\"2025-09-03T21:58:03+00:00\",\"breadcrumb\":{\"@id\":\"https:\\\/\\\/theconcilio.org\\\/ntxgd\\\/#breadcrumb\"},\"inLanguage\":\"es\",\"potentialAction\":[{\"@type\":\"ReadAction\",\"target\":[\"https:\\\/\\\/theconcilio.org\\\/ntxgd\\\/\"]}]},{\"@type\":\"ImageObject\",\"inLanguage\":\"es\",\"@id\":\"https:\\\/\\\/theconcilio.org\\\/ntxgd\\\/#primaryimage\",\"url\":\"https:\\\/\\\/theconcilio.org\\\/wp-content\\\/uploads\\\/2025\\\/08\\\/2-1.png\",\"contentUrl\":\"https:\\\/\\\/theconcilio.org\\\/wp-content\\\/uploads\\\/2025\\\/08\\\/2-1.png\"},{\"@type\":\"BreadcrumbList\",\"@id\":\"https:\\\/\\\/theconcilio.org\\\/ntxgd\\\/#breadcrumb\",\"itemListElement\":[{\"@type\":\"ListItem\",\"position\":1,\"name\":\"Home\",\"item\":\"https:\\\/\\\/theconcilio.org\\\/es\\\/\"},{\"@type\":\"ListItem\",\"position\":2,\"name\":\"D\u00eda de Acci\u00f3n Solidaria del Norte de Texas\"}]},{\"@type\":\"WebSite\",\"@id\":\"https:\\\/\\\/theconcilio.org\\\/#website\",\"url\":\"https:\\\/\\\/theconcilio.org\\\/\",\"name\":\"The Concilio\",\"description\":\"\",\"publisher\":{\"@id\":\"https:\\\/\\\/theconcilio.org\\\/#organization\"},\"potentialAction\":[{\"@type\":\"SearchAction\",\"target\":{\"@type\":\"EntryPoint\",\"urlTemplate\":\"https:\\\/\\\/theconcilio.org\\\/?s={search_term_string}\"},\"query-input\":{\"@type\":\"PropertyValueSpecification\",\"valueRequired\":true,\"valueName\":\"search_term_string\"}}],\"inLanguage\":\"es\"},{\"@type\":\"Organization\",\"@id\":\"https:\\\/\\\/theconcilio.org\\\/#organization\",\"name\":\"The Concilio\",\"url\":\"https:\\\/\\\/theconcilio.org\\\/\",\"logo\":{\"@type\":\"ImageObject\",\"inLanguage\":\"es\",\"@id\":\"https:\\\/\\\/theconcilio.org\\\/#\\\/schema\\\/logo\\\/image\\\/\",\"url\":\"https:\\\/\\\/theconcilio.org\\\/wp-content\\\/uploads\\\/2023\\\/05\\\/Stacked_Logo_RGB_transparent_bkgd.jpeg\",\"contentUrl\":\"https:\\\/\\\/theconcilio.org\\\/wp-content\\\/uploads\\\/2023\\\/05\\\/Stacked_Logo_RGB_transparent_bkgd.jpeg\",\"width\":500,\"height\":312,\"caption\":\"The Concilio\"},\"image\":{\"@id\":\"https:\\\/\\\/theconcilio.org\\\/#\\\/schema\\\/logo\\\/image\\\/\"},\"sameAs\":[\"https:\\\/\\\/www.facebook.com\\\/theconcilio\",\"https:\\\/\\\/www.instagram.com\\\/theconcilio\",\"https:\\\/\\\/www.linkedin.com\\\/company\\\/the-concilio\\\/\"]}]}<\/script>\n<!-- \/ Yoast SEO plugin. -->","yoast_head_json":{"title":"D\u00eda de Acci\u00f3n Solidaria del Norte de Texas -","robots":{"index":"index","follow":"follow","max-snippet":"max-snippet:-1","max-image-preview":"max-image-preview:large","max-video-preview":"max-video-preview:-1"},"canonical":"https:\/\/theconcilio.org\/ntxgd\/","og_locale":"es_ES","og_type":"article","og_title":"D\u00eda de Acci\u00f3n Solidaria del Norte de Texas -","og_description":"Este D\u00eda de Dar del Norte de Texas, El Concilio te invita a ayudar a Escribir el Futuro de las familias latinas del Norte de Texas. Nuestros programas de educaci\u00f3n y salud dan a los padres las herramientas, los conocimientos y la confianza para guiar el aprendizaje de sus hijos, fomentar una vida m\u00e1s sana [&hellip;]","og_url":"https:\/\/theconcilio.org\/ntxgd\/","article_publisher":"https:\/\/www.facebook.com\/theconcilio","article_modified_time":"2025-09-03T21:58:03+00:00","og_image":[{"width":1768,"height":586,"url":"https:\/\/theconcilio.org\/wp-content\/uploads\/2025\/08\/2-1.png","type":"image\/png"}],"twitter_card":"summary_large_image","twitter_misc":{"Tiempo de lectura":"2 minutos"},"schema":{"@context":"https:\/\/schema.org","@graph":[{"@type":"WebPage","@id":"https:\/\/theconcilio.org\/ntxgd\/","url":"https:\/\/theconcilio.org\/ntxgd\/","name":"D\u00eda de Acci\u00f3n Solidaria del Norte de Texas -","isPartOf":{"@id":"https:\/\/theconcilio.org\/#website"},"primaryImageOfPage":{"@id":"https:\/\/theconcilio.org\/ntxgd\/#primaryimage"},"image":{"@id":"https:\/\/theconcilio.org\/ntxgd\/#primaryimage"},"thumbnailUrl":"https:\/\/theconcilio.org\/wp-content\/uploads\/2025\/08\/2-1.png","datePublished":"2024-07-26T20:22:39+00:00","dateModified":"2025-09-03T21:58:03+00:00","breadcrumb":{"@id":"https:\/\/theconcilio.org\/ntxgd\/#breadcrumb"},"inLanguage":"es","potentialAction":[{"@type":"ReadAction","target":["https:\/\/theconcilio.org\/ntxgd\/"]}]},{"@type":"ImageObject","inLanguage":"es","@id":"https:\/\/theconcilio.org\/ntxgd\/#primaryimage","url":"https:\/\/theconcilio.org\/wp-content\/uploads\/2025\/08\/2-1.png","contentUrl":"https:\/\/theconcilio.org\/wp-content\/uploads\/2025\/08\/2-1.png"},{"@type":"BreadcrumbList","@id":"https:\/\/theconcilio.org\/ntxgd\/#breadcrumb","itemListElement":[{"@type":"ListItem","position":1,"name":"Home","item":"https:\/\/theconcilio.org\/es\/"},{"@type":"ListItem","position":2,"name":"D\u00eda de Acci\u00f3n Solidaria del Norte de Texas"}]},{"@type":"WebSite","@id":"https:\/\/theconcilio.org\/#website","url":"https:\/\/theconcilio.org\/","name":"The Concilio","description":"","publisher":{"@id":"https:\/\/theconcilio.org\/#organization"},"potentialAction":[{"@type":"SearchAction","target":{"@type":"EntryPoint","urlTemplate":"https:\/\/theconcilio.org\/?s={search_term_string}"},"query-input":{"@type":"PropertyValueSpecification","valueRequired":true,"valueName":"search_term_string"}}],"inLanguage":"es"},{"@type":"Organization","@id":"https:\/\/theconcilio.org\/#organization","name":"The Concilio","url":"https:\/\/theconcilio.org\/","logo":{"@type":"ImageObject","inLanguage":"es","@id":"https:\/\/theconcilio.org\/#\/schema\/logo\/image\/","url":"https:\/\/theconcilio.org\/wp-content\/uploads\/2023\/05\/Stacked_Logo_RGB_transparent_bkgd.jpeg","contentUrl":"https:\/\/theconcilio.org\/wp-content\/uploads\/2023\/05\/Stacked_Logo_RGB_transparent_bkgd.jpeg","width":500,"height":312,"caption":"The Concilio"},"image":{"@id":"https:\/\/theconcilio.org\/#\/schema\/logo\/image\/"},"sameAs":["https:\/\/www.facebook.com\/theconcilio","https:\/\/www.instagram.com\/theconcilio","https:\/\/www.linkedin.com\/company\/the-concilio\/"]}]}},"_links":{"self":[{"href":"https:\/\/theconcilio.org\/es\/wp-json\/wp\/v2\/pages\/5895","targetHints":{"allow":["GET"]}}],"collection":[{"href":"https:\/\/theconcilio.org\/es\/wp-json\/wp\/v2\/pages"}],"about":[{"href":"https:\/\/theconcilio.org\/es\/wp-json\/wp\/v2\/types\/page"}],"author":[{"embeddable":true,"href":"https:\/\/theconcilio.org\/es\/wp-json\/wp\/v2\/users\/6"}],"replies":[{"embeddable":true,"href":"https:\/\/theconcilio.org\/es\/wp-json\/wp\/v2\/comments?post=5895"}],"version-history":[{"count":9,"href":"https:\/\/theconcilio.org\/es\/wp-json\/wp\/v2\/pages\/5895\/revisions"}],"predecessor-version":[{"id":8205,"href":"https:\/\/theconcilio.org\/es\/wp-json\/wp\/v2\/pages\/5895\/revisions\/8205"}],"wp:attachment":[{"href":"https:\/\/theconcilio.org\/es\/wp-json\/wp\/v2\/media?parent=5895"}],"curies":[{"name":"wp","href":"https:\/\/api.w.org\/{rel}","templated":true}]}}